{"id":1108,"date":"2022-08-08T11:14:31","date_gmt":"2022-08-08T11:14:31","guid":{"rendered":"https:\/\/cresanka.hr\/willkommen-in-cresanka\/"},"modified":"2026-02-11T09:35:39","modified_gmt":"2026-02-11T09:35:39","slug":"willkommen-in-cresanka","status":"publish","type":"page","link":"https:\/\/cresanka.hr\/de\/","title":{"rendered":"Willkommen in Cresanka"},"content":{"rendered":"<p>[et_pb_section fb_built=&#8220;1&#8243; admin_label=&#8220;Section: Header&#8220; module_class=&#8220;dh-valign-center-section&#8220; _builder_version=&#8220;4.27.4&#8243; background_image=&#8220;https:\/\/cresanka.hr\/wp-content\/uploads\/2022\/08\/dobrodosli-u-cresanku-hero.jpg&#8220; background_position=&#8220;bottom_center&#8220; height=&#8220;80vh&#8220; height_tablet=&#8220;80vh&#8220; height_phone=&#8220;100vh&#8220; height_last_edited=&#8220;on|phone&#8220; custom_margin=&#8220;0px|0px|0px|0px|true|true&#8220; custom_padding=&#8220;0px|0px|0px|0px|true|true&#8220; bottom_divider_style=&#8220;asymmetric&#8220; bottom_divider_color=&#8220;#FFFFFF&#8220; bottom_divider_flip=&#8220;vertical|horizontal&#8220; bottom_divider_height_tablet=&#8220;&#8220; bottom_divider_height_phone=&#8220;50px&#8220; bottom_divider_height_last_edited=&#8220;on|phone&#8220; global_colors_info=&#8220;{}&#8220;][et_pb_row _builder_version=&#8220;4.27.4&#8243; background_size=&#8220;initial&#8220; background_position=&#8220;top_left&#8220; background_repeat=&#8220;repeat&#8220; module_alignment=&#8220;center&#8220; custom_margin=&#8220;0px|0px|0px|0px|true|true&#8220; custom_padding=&#8220;0px|0px|0px|0px|true|true&#8220; global_colors_info=&#8220;{}&#8220;][et_pb_column type=&#8220;4_4&#8243; _builder_version=&#8220;4.16&#8243; custom_padding=&#8220;|||&#8220; global_colors_info=&#8220;{}&#8220; custom_padding__hover=&#8220;|||&#8220;][et_pb_text _builder_version=&#8220;4.18.0&#8243; text_text_color=&#8220;#FFFFFF&#8220; header_font=&#8220;|300|||||||&#8220; header_text_align=&#8220;center&#8220; header_text_color=&#8220;#FFFFFF&#8220; header_font_size=&#8220;4em&#8220; header_letter_spacing=&#8220;1px&#8220; header_6_font=&#8220;|800|||||||&#8220; header_6_text_align=&#8220;center&#8220; header_6_text_color=&#8220;#FFFFFF&#8220; header_6_font_size=&#8220;1em&#8220; header_6_letter_spacing=&#8220;4px&#8220; header_6_line_height=&#8220;1.4em&#8220; background_size=&#8220;initial&#8220; background_position=&#8220;top_left&#8220; background_repeat=&#8220;repeat&#8220; global_colors_info=&#8220;{}&#8220;]<\/p>\n<h6>CRESANKA D.D.<\/h6>\n<h1>Ihr Zuhause in der Ferne<\/h1>\n<p>[\/et_pb_text][\/et_pb_column][\/et_pb_row][\/et_pb_section][et_pb_section fb_built=&#8220;1&#8243; admin_label=&#8220;Section: Smje\u0161taj + Covid-19&#8243; _builder_version=&#8220;4.18.0&#8243; _module_preset=&#8220;default&#8220; background_color=&#8220;RGBA(255,255,255,0)&#8220; custom_margin=&#8220;-150px||||false|false&#8220; custom_margin_tablet=&#8220;-150px||||false|false&#8220; custom_margin_phone=&#8220;-50px||||false|false&#8220; custom_margin_last_edited=&#8220;on|phone&#8220; custom_padding=&#8220;0px||||false|false&#8220; global_colors_info=&#8220;{}&#8220;][et_pb_row column_structure=&#8220;1_4,1_4,1_4,1_4&#8243; use_custom_gutter=&#8220;on&#8220; gutter_width=&#8220;2&#8243; make_equal=&#8220;on&#8220; admin_label=&#8220;Row: Smje\u0161taj&#8220; _builder_version=&#8220;4.18.0&#8243; _module_preset=&#8220;default&#8220; global_colors_info=&#8220;{}&#8220;][et_pb_column type=&#8220;1_4&#8243; _builder_version=&#8220;4.18.0&#8243; _module_preset=&#8220;default&#8220; global_colors_info=&#8220;{}&#8220;][dsm_card subtitle=&#8220;Die Sinne leben&#8220; content_horizontal_alignment=&#8220;flex-start&#8220; image=&#8220;https:\/\/cresanka.hr\/wp-content\/uploads\/2025\/11\/Hotel-Kimen-Cres.webp&#8220; image_as_background=&#8220;off&#8220; image_width=&#8220;307px&#8220; badge_text=&#8220;HOTEL KIMEN&#8220; badge_position=&#8220;top_left&#8220; badge_background_color=&#8220;gcid-eedb5146-9596-4faa-8e53-1b8865338375&#8243; alt=&#8220;Garten und Fassade des Hotels Kimen auf Cres mit Palmen und bl\u00fchenden Alleen&#8220; content_padding=&#8220;25px|20px|40px|25px|false|false&#8220; button_text=&#8220;MEHR ERFAHREN&#8220; button_url=&#8220;https:\/\/www.hotel-kimen.com&#8220; button_url_new_window=&#8220;on&#8220; content_tablet=&#8220;Die Sinne leben<\/p>\n<p><img src=%22https:\/\/cresanka.hr\/wp-content\/uploads\/2022\/08\/Hotel-Kimen-Obiteljski-hotel-na-otoku-Cres-300x169.webp%22 width=%22300%22 height=%22169%22 alt=%22Hotel Kimen - Familienhotel auf der Insel Cres%22 class=%22wp-image-129 alignnone size-medium%22>&#8220; content_phone=&#8220;&#8220; content_last_edited=&#8220;on|phone&#8220; _builder_version=&#8220;4.27.4&#8243; _module_preset=&#8220;default&#8220; badge_font=&#8220;|700|||||||&#8220; badge_text_color=&#8220;gcid-85037172-fba5-40c1-a92b-f6674d6e47fd&#8220; badge_letter_spacing=&#8220;1px&#8220; header_font=&#8220;|800||on|||||&#8220; header_letter_spacing=&#8220;1px&#8220; body_font=&#8220;|300|||||||&#8220; body_font_size=&#8220;2em&#8220; body_line_height=&#8220;1.2em&#8220; subhead_font=&#8220;|300|||||||&#8220; subhead_font_size=&#8220;2em&#8220; background_color=&#8220;#FFFFFF&#8220; hover_transition_duration=&#8220;0ms&#8220; custom_css_free_form=&#8220;selector .dsm_card_image_stretch {||  width: 307px;||  height: 307px;||}&#8220; border_width_top=&#8220;10px&#8220; border_color_top=&#8220;gcid-eedb5146-9596-4faa-8e53-1b8865338375&#8243; border_radii_badge=&#8220;on|0px|0px|0px|0px&#8220; box_shadow_style=&#8220;preset1&#8243; box_shadow_blur=&#8220;30px&#8220; global_colors_info=&#8220;{%22gcid-eedb5146-9596-4faa-8e53-1b8865338375%22:%91%22badge_background_color%22,%22border_color_top%22,%22badge_background_color%22,%22border_color_top%22%93,%22gcid-85037172-fba5-40c1-a92b-f6674d6e47fd%22:%91%22badge_text_color%22,%22badge_text_color%22%93}&#8220; background_color__hover=&#8220;#FFFFFF&#8220; background_enable_color__hover=&#8220;on&#8220; header_text_color__hover_enabled=&#8220;on|desktop&#8220; body_text_color__hover_enabled=&#8220;on|desktop&#8220; box_shadow_horizontal__hover_enabled=&#8220;on|hover&#8220; box_shadow_blur__hover_enabled=&#8220;on|hover&#8220; box_shadow_blur__hover=&#8220;0px&#8220; box_shadow_vertical__hover_enabled=&#8220;on|hover&#8220; box_shadow_vertical__hover=&#8220;0px&#8220; box_shadow_spread__hover_enabled=&#8220;on|hover&#8220; box_shadow_spread__hover=&#8220;0px&#8220; background__hover_enabled=&#8220;on|desktop&#8220;][\/dsm_card][\/et_pb_column][et_pb_column type=&#8220;1_4&#8243; _builder_version=&#8220;4.18.0&#8243; _module_preset=&#8220;default&#8220; global_colors_info=&#8220;{}&#8220;][dsm_card subtitle=&#8220;Mehr als ein Abenteuer&#8220; content_horizontal_alignment=&#8220;flex-start&#8220; image=&#8220;https:\/\/cresanka.hr\/wp-content\/uploads\/2025\/11\/Kamp-Kovacine-Cres-Hrvatska.webp&#8220; image_as_background=&#8220;off&#8220; badge_text=&#8220;CAMPINGPLATZ KOVA\u010cINE&#8220; badge_position=&#8220;top_left&#8220; badge_background_color=&#8220;gcid-eedb5146-9596-4faa-8e53-1b8865338375&#8243; alt=&#8220;Panoramablick auf das Camp Kova\u010dine auf Cres mit t\u00fcrkisfarbenem Meer und gr\u00fcner K\u00fcste&#8220; content_padding=&#8220;25px|20px|40px|25px|false|false&#8220; button_text=&#8220;MEHR ERFAHREN&#8220; button_url=&#8220;https:\/\/camp-kovacine.com&#8220; button_url_new_window=&#8220;on&#8220; content_tablet=&#8220;<\/p>\n<p>Mehr als ein Abenteuer<\/p>\n<\/p>\n<p><img src=%22https:\/\/cresanka.hr\/wp-content\/uploads\/2022\/08\/Kamp-Kovacine-Otok-Cres-300x169.webp%22 width=%22300%22 height=%22169%22 alt=%22Campingplatz Kova\u010dine - Insel Cres%22 class=%22wp-image-130 alignnone size-medium%22><\/p>\n<p>&#8220; content_phone=&#8220;&#8220; content_last_edited=&#8220;on|phone&#8220; _builder_version=&#8220;4.27.4&#8243; _module_preset=&#8220;default&#8220; badge_font=&#8220;|700|||||||&#8220; badge_text_color=&#8220;gcid-85037172-fba5-40c1-a92b-f6674d6e47fd&#8220; badge_letter_spacing=&#8220;1px&#8220; header_font=&#8220;|800||on|||||&#8220; header_letter_spacing=&#8220;1px&#8220; body_font=&#8220;|300|||||||&#8220; body_font_size=&#8220;2em&#8220; body_line_height=&#8220;1.2em&#8220; subhead_font=&#8220;|300|||||||&#8220; subhead_font_size=&#8220;2em&#8220; background_color=&#8220;#FFFFFF&#8220; hover_transition_duration=&#8220;0ms&#8220; custom_css_free_form=&#8220;selector .dsm_card_image_stretch {||  width: 307px;||  height: 307px;||}&#8220; border_width_top=&#8220;10px&#8220; border_color_top=&#8220;gcid-eedb5146-9596-4faa-8e53-1b8865338375&#8243; border_radii_badge=&#8220;on|0px|0px|0px|0px&#8220; box_shadow_style=&#8220;preset1&#8243; box_shadow_blur=&#8220;30px&#8220; global_colors_info=&#8220;{%22gcid-eedb5146-9596-4faa-8e53-1b8865338375%22:%91%22badge_background_color%22,%22border_color_top%22%93,%22gcid-85037172-fba5-40c1-a92b-f6674d6e47fd%22:%91%22badge_text_color%22%93}&#8220; background_color__hover=&#8220;#FFFFFF&#8220; background_enable_color__hover=&#8220;on&#8220; header_text_color__hover_enabled=&#8220;on|desktop&#8220; body_text_color__hover_enabled=&#8220;on|desktop&#8220; box_shadow_horizontal__hover_enabled=&#8220;on|hover&#8220; box_shadow_blur__hover_enabled=&#8220;on|hover&#8220; box_shadow_blur__hover=&#8220;0px&#8220; box_shadow_vertical__hover_enabled=&#8220;on|hover&#8220; box_shadow_vertical__hover=&#8220;0px&#8220; box_shadow_spread__hover_enabled=&#8220;on|hover&#8220; box_shadow_spread__hover=&#8220;0px&#8220; background__hover_enabled=&#8220;on|desktop&#8220;][\/dsm_card][\/et_pb_column][et_pb_column type=&#8220;1_4&#8243; _builder_version=&#8220;4.18.0&#8243; _module_preset=&#8220;default&#8220; global_colors_info=&#8220;{}&#8220;][dsm_card subtitle=&#8220;Idylle im Herzen mediterraner Vegetation&#8220; content_horizontal_alignment=&#8220;flex-start&#8220; image=&#8220;https:\/\/cresanka.hr\/wp-content\/uploads\/2025\/11\/Kamp-zdovica-cres-hrvatska.webp&#8220; image_as_background=&#8220;off&#8220; badge_text=&#8220;Campingplatz Zdovica&#8220; badge_position=&#8220;top_left&#8220; badge_background_color=&#8220;gcid-eedb5146-9596-4faa-8e53-1b8865338375&#8243; alt=&#8220;Panoramablick auf das Camp Zdovica auf Cres mit Kiesstrand und gr\u00fcner mediterraner Umgebung&#8220; content_padding=&#8220;25px|20px|40px|25px|false|false&#8220; button_text=&#8220;MEHR ERFAHREN&#8220; button_url=&#8220;https:\/\/camp-zdovica.com&#8220; button_url_new_window=&#8220;on&#8220; content_tablet=&#8220;<\/p>\n<p>Idylle im Herzen mediterraner Vegetation<\/p>\n<p><img src=%22https:\/\/cresanka.hr\/wp-content\/uploads\/2022\/08\/Kamp-Zdovica-valun-cres-300x169.webp%22 width=%22300%22 height=%22169%22 alt=%22Campingplatz Zdovica, Valun, Cres%22 class=%22wp-image-131 alignnone size-medium%22><\/p>\n<p>&#8220; content_phone=&#8220;&#8220; content_last_edited=&#8220;on|phone&#8220; _builder_version=&#8220;4.27.4&#8243; _module_preset=&#8220;default&#8220; badge_font=&#8220;|700||on|||||&#8220; badge_text_color=&#8220;gcid-85037172-fba5-40c1-a92b-f6674d6e47fd&#8220; badge_letter_spacing=&#8220;1px&#8220; header_font=&#8220;|800||on|||||&#8220; header_letter_spacing=&#8220;1px&#8220; body_font=&#8220;|300|||||||&#8220; body_font_size=&#8220;2em&#8220; body_line_height=&#8220;1.2em&#8220; subhead_font=&#8220;|300|||||||&#8220; subhead_font_size=&#8220;2em&#8220; subhead_line_height=&#8220;1.2em&#8220; background_color=&#8220;#FFFFFF&#8220; hover_transition_duration=&#8220;0ms&#8220; custom_css_free_form=&#8220;selector .dsm_card_image_stretch {||  width: 307px;||  height: 307px;||}&#8220; border_width_top=&#8220;10px&#8220; border_color_top=&#8220;gcid-eedb5146-9596-4faa-8e53-1b8865338375&#8243; border_radii_badge=&#8220;on|0px|0px|0px|0px&#8220; box_shadow_style=&#8220;preset1&#8243; box_shadow_blur=&#8220;30px&#8220; global_colors_info=&#8220;{%22gcid-eedb5146-9596-4faa-8e53-1b8865338375%22:%91%22badge_background_color%22,%22border_color_top%22%93,%22gcid-85037172-fba5-40c1-a92b-f6674d6e47fd%22:%91%22badge_text_color%22%93}&#8220; background_color__hover=&#8220;#FFFFFF&#8220; background_enable_color__hover=&#8220;on&#8220; header_text_color__hover_enabled=&#8220;on|desktop&#8220; body_text_color__hover_enabled=&#8220;on|desktop&#8220; box_shadow_horizontal__hover_enabled=&#8220;on|hover&#8220; box_shadow_blur__hover_enabled=&#8220;on|hover&#8220; box_shadow_blur__hover=&#8220;0px&#8220; box_shadow_vertical__hover_enabled=&#8220;on|hover&#8220; box_shadow_vertical__hover=&#8220;0px&#8220; box_shadow_spread__hover=&#8220;0px&#8220; box_shadow_spread__hover_enabled=&#8220;on|hover&#8220; background__hover_enabled=&#8220;on|desktop&#8220;][\/dsm_card][\/et_pb_column][et_pb_column type=&#8220;1_4&#8243; _builder_version=&#8220;4.18.0&#8243; _module_preset=&#8220;default&#8220; global_colors_info=&#8220;{}&#8220;][dsm_card subtitle=&#8220;Auf Ihre Bed\u00fcrfnisse zugeschnittenes Inselerlebnis&#8220; content_horizontal_alignment=&#8220;flex-start&#8220; image=&#8220;https:\/\/cresanka.hr\/wp-content\/uploads\/2025\/11\/Apartmani-Cres-Cresanka.webp&#8220; image_as_background=&#8220;off&#8220; badge_text=&#8220;Apartments und Zimmer Cres&#8220; badge_position=&#8220;top_left&#8220; badge_background_color=&#8220;gcid-eedb5146-9596-4faa-8e53-1b8865338375&#8243; alt=&#8220;Hafen von Cres mit kleinen Booten und der Altstadtpromenade unter klarem Himmel&#8220; content_padding=&#8220;25px|20px|40px|25px|false|false&#8220; button_text=&#8220;MEHR ERFAHREN&#8220; button_url=&#8220;https:\/\/tbcres.com&#8220; button_url_new_window=&#8220;on&#8220; content_tablet=&#8220;<\/p>\n<p>Auf Ihre Bed\u00fcrfnisse zugeschnittenes Inselerlebnis<\/p>\n<\/p>\n<p><img src=%22https:\/\/cresanka.hr\/wp-content\/uploads\/2022\/08\/Apartmani-Cres-300x169.webp%22 width=%22300%22 height=%22169%22 alt=%22Apartments Cres%22 class=%22wp-image-133 alignnone size-medium%22><\/p>\n<p>&#8220; content_phone=&#8220;&#8220; content_last_edited=&#8220;on|phone&#8220; _builder_version=&#8220;4.27.4&#8243; _module_preset=&#8220;default&#8220; badge_font=&#8220;|700||on|||||&#8220; badge_text_color=&#8220;gcid-85037172-fba5-40c1-a92b-f6674d6e47fd&#8220; badge_letter_spacing=&#8220;1px&#8220; header_font=&#8220;|800||on|||||&#8220; header_letter_spacing=&#8220;1px&#8220; body_font=&#8220;|300|||||||&#8220; body_font_size=&#8220;2em&#8220; body_line_height=&#8220;1.2em&#8220; subhead_font=&#8220;|300|||||||&#8220; subhead_font_size=&#8220;2em&#8220; subhead_line_height=&#8220;1.2em&#8220; background_color=&#8220;#FFFFFF&#8220; hover_transition_duration=&#8220;0ms&#8220; custom_css_free_form=&#8220;selector .dsm_card_image_stretch {||  width: 307px;||  height: 307px;||}&#8220; border_width_top=&#8220;10px&#8220; border_color_top=&#8220;gcid-eedb5146-9596-4faa-8e53-1b8865338375&#8243; border_radii_badge=&#8220;on|0px|0px|0px|0px&#8220; box_shadow_style=&#8220;preset1&#8243; box_shadow_blur=&#8220;30px&#8220; global_colors_info=&#8220;{%22gcid-eedb5146-9596-4faa-8e53-1b8865338375%22:%91%22badge_background_color%22,%22border_color_top%22%93,%22gcid-85037172-fba5-40c1-a92b-f6674d6e47fd%22:%91%22badge_text_color%22%93}&#8220; background_color__hover=&#8220;#FFFFFF&#8220; background_enable_color__hover=&#8220;on&#8220; header_text_color__hover_enabled=&#8220;on|desktop&#8220; body_text_color__hover_enabled=&#8220;on|desktop&#8220; box_shadow_horizontal__hover_enabled=&#8220;on|hover&#8220; box_shadow_blur__hover_enabled=&#8220;on|hover&#8220; box_shadow_blur__hover=&#8220;0px&#8220; box_shadow_vertical__hover_enabled=&#8220;on|hover&#8220; box_shadow_vertical__hover=&#8220;0px&#8220; box_shadow_spread__hover=&#8220;0px&#8220; box_shadow_spread__hover_enabled=&#8220;on|hover&#8220; background__hover_enabled=&#8220;on|desktop&#8220;][\/dsm_card][\/et_pb_column][\/et_pb_row][\/et_pb_section][et_pb_section fb_built=&#8220;1&#8243; custom_padding_last_edited=&#8220;on|phone&#8220; next_background_color=&#8220;#ffffff&#8220; admin_label=&#8220;Section: Na\u0161a misija&#8220; module_class=&#8220;dh-valign-center-section&#8220; _builder_version=&#8220;4.27.5&#8243; _module_preset=&#8220;default&#8220; background_color=&#8220;gcid-85037172-fba5-40c1-a92b-f6674d6e47fd&#8220; background_image=&#8220;https:\/\/cresanka.hr\/wp-content\/uploads\/2022\/08\/Cresanka-misija.webp&#8220; parallax=&#8220;on&#8220; background_blend=&#8220;multiply&#8220; custom_padding=&#8220;150px||150px||true|false&#8220; custom_padding_tablet=&#8220;150px||150px||true|false&#8220; custom_padding_phone=&#8220;0px||50px||false|false&#8220; bottom_divider_style=&#8220;asymmetric&#8220; bottom_divider_flip=&#8220;vertical&#8220; bottom_divider_height_tablet=&#8220;&#8220; bottom_divider_height_phone=&#8220;50px&#8220; bottom_divider_height_last_edited=&#8220;on|phone&#8220; hover_enabled=&#8220;0&#8243; background_color_phone=&#8220;gcid-85037172-fba5-40c1-a92b-f6674d6e47fd&#8220; background_last_edited=&#8220;on|phone&#8220; background_enable_color_phone=&#8220;on&#8220; parallax_phone=&#8220;off&#8220; global_colors_info=&#8220;{%22gcid-85037172-fba5-40c1-a92b-f6674d6e47fd%22:%91%22background_color%22%93}&#8220; sticky_enabled=&#8220;0&#8243;][et_pb_row column_structure=&#8220;1_2,1_2&#8243; _builder_version=&#8220;4.18.0&#8243; _module_preset=&#8220;default&#8220; border_color_bottom=&#8220;gcid-85037172-fba5-40c1-a92b-f6674d6e47fd&#8220; global_colors_info=&#8220;{%22gcid-85037172-fba5-40c1-a92b-f6674d6e47fd%22:%91%22border_color_bottom%22%93}&#8220;][et_pb_column type=&#8220;1_2&#8243; _builder_version=&#8220;4.18.0&#8243; _module_preset=&#8220;default&#8220; global_colors_info=&#8220;{}&#8220;][et_pb_text _builder_version=&#8220;4.18.0&#8243; _module_preset=&#8220;default&#8220; text_font=&#8220;||||||||&#8220; text_font_size=&#8220;1.2em&#8220; text_letter_spacing=&#8220;1px&#8220; text_line_height=&#8220;2em&#8220; background_layout=&#8220;dark&#8220; text_font_size_tablet=&#8220;1.2em&#8220; text_font_size_phone=&#8220;1em&#8220; text_font_size_last_edited=&#8220;on|phone&#8220; text_line_height_tablet=&#8220;2em&#8220; text_line_height_phone=&#8220;1.6em&#8220; text_line_height_last_edited=&#8220;on|phone&#8220; global_colors_info=&#8220;{}&#8220;]<\/p>\n<p>Entdecken Sie mit uns die Sch\u00f6nheit der Natur um uns herum als unersch\u00f6pflicher Kreativit\u00e4tsquelle wieder.<\/p>\n<p>Begeben Sie sich auf ein Abenteuer, bei dem das erste Ziel eine idyllische Insel ist und das ultimative Ziel darin besteht, zu sich selbst zu finden.<\/p>\n<p>[\/et_pb_text][\/et_pb_column][et_pb_column type=&#8220;1_2&#8243; _builder_version=&#8220;4.18.0&#8243; _module_preset=&#8220;default&#8220; global_colors_info=&#8220;{}&#8220;][et_pb_text _builder_version=&#8220;4.18.0&#8243; _module_preset=&#8220;default&#8220; text_font=&#8220;||||||||&#8220; text_font_size=&#8220;1.2em&#8220; text_letter_spacing=&#8220;1px&#8220; text_line_height=&#8220;2em&#8220; background_layout=&#8220;dark&#8220; text_font_size_tablet=&#8220;1.2em&#8220; text_font_size_phone=&#8220;1em&#8220; text_font_size_last_edited=&#8220;on|phone&#8220; text_line_height_tablet=&#8220;2em&#8220; text_line_height_phone=&#8220;1.6em&#8220; text_line_height_last_edited=&#8220;on|phone&#8220; global_colors_info=&#8220;{}&#8220;]<\/p>\n<p>W\u00e4hlen Sie aus dem vielf\u00e4ltigen Angebot unserer Unterkunftskapazit\u00e4ten etwas f\u00fcr sich selbst und begeben Sie sich auf eine Reise der Aktivierung aller Sinne und des Eintauchens in eine nat\u00fcrliche und gesunde Umgebung. Wir bieten Ihnen eine entspannende und anregende Atmosph\u00e4re, die Komfort und ein autochthones Erlebnis von Cres in perfektes Gleichgewicht bringt.<\/p>\n<p>[\/et_pb_text][\/et_pb_column][\/et_pb_row][et_pb_row _builder_version=&#8220;4.18.0&#8243; _module_preset=&#8220;default&#8220; global_colors_info=&#8220;{}&#8220;][et_pb_column type=&#8220;4_4&#8243; _builder_version=&#8220;4.18.0&#8243; _module_preset=&#8220;default&#8220; global_colors_info=&#8220;{}&#8220;][et_pb_button button_url=&#8220;@ET-DC@eyJkeW5hbWljIjp0cnVlLCJjb250ZW50IjoicG9zdF9saW5rX3VybF9wYWdlIiwic2V0dGluZ3MiOnsicG9zdF9pZCI6IjEwIiwiZW5hYmxlX2h0bWwiOiJvZmYifX0=@&#8220; button_text=&#8220;UNSERE MISSION&#8220; button_alignment=&#8220;center&#8220; button_alignment_tablet=&#8220;center&#8220; button_alignment_phone=&#8220;left&#8220; button_alignment_last_edited=&#8220;on|phone&#8220; _builder_version=&#8220;4.18.0&#8243; _dynamic_attributes=&#8220;button_url&#8220; _module_preset=&#8220;default&#8220; custom_button=&#8220;on&#8220; button_text_color=&#8220;#FFFFFF&#8220; global_colors_info=&#8220;{}&#8220;][\/et_pb_button][\/et_pb_column][\/et_pb_row][\/et_pb_section][et_pb_section fb_built=&#8220;1&#8243; admin_label=&#8220;Section: Jeste li znali?&#8220; _builder_version=&#8220;4.18.0&#8243; _module_preset=&#8220;default&#8220; custom_padding=&#8220;0px||0px||true|false&#8220; global_colors_info=&#8220;{}&#8220;][et_pb_row custom_padding_last_edited=&#8220;on|phone&#8220; _builder_version=&#8220;4.18.0&#8243; _module_preset=&#8220;default&#8220; width_tablet=&#8220;&#8220; width_phone=&#8220;100%&#8220; width_last_edited=&#8220;on|phone&#8220; custom_margin=&#8220;||||false|false&#8220; custom_padding=&#8220;0px||||false|false&#8220; custom_padding_tablet=&#8220;0px||||false|false&#8220; custom_padding_phone=&#8220;||||false|true&#8220; global_colors_info=&#8220;{}&#8220;][et_pb_column type=&#8220;4_4&#8243; _builder_version=&#8220;4.18.0&#8243; _module_preset=&#8220;default&#8220; global_colors_info=&#8220;{}&#8220;][et_pb_slider show_image_video_mobile=&#8220;on&#8220; arrows_custom_color=&#8220;gcid-85037172-fba5-40c1-a92b-f6674d6e47fd&#8220; dot_nav_custom_color=&#8220;gcid-eedb5146-9596-4faa-8e53-1b8865338375&#8243; _builder_version=&#8220;4.27.4&#8243; _module_preset=&#8220;default&#8220; header_level=&#8220;h6&#8243; body_line_height=&#8220;1.6em&#8220; background_color=&#8220;#FFFFFF&#8220; custom_margin=&#8220;||||false|false&#8220; custom_padding=&#8220;||||false|false&#8220; animation_style=&#8220;fade&#8220; header_text_align_tablet=&#8220;&#8220; header_text_align_phone=&#8220;&#8220; header_text_align_last_edited=&#8220;on|phone&#8220; body_text_align_tablet=&#8220;&#8220; body_text_align_phone=&#8220;left&#8220; body_text_align_last_edited=&#8220;on|phone&#8220; body_font_size_tablet=&#8220;&#8220; body_font_size_phone=&#8220;1em&#8220; body_font_size_last_edited=&#8220;on|phone&#8220; custom_css_slide_description=&#8220;animation-name:fadeIn;||width: 30%;&#8220; custom_css_slide_title=&#8220;margin-bottom: 25px&#8220; custom_css_slide_image=&#8220;animation-name:fadeIn;||width: 65%;&#8220; global_colors_info=&#8220;{%22gcid-85037172-fba5-40c1-a92b-f6674d6e47fd%22:%91%22arrows_custom_color%22%93,%22gcid-eedb5146-9596-4faa-8e53-1b8865338375%22:%91%22arrows_custom_color__hover%22,%22dot_nav_custom_color__hover%22,%22dot_nav_custom_color%22%93}&#8220; arrows_custom_color__hover_enabled=&#8220;on|hover&#8220; arrows_custom_color__hover=&#8220;#0a465e&#8220; dot_nav_custom_color__hover_enabled=&#8220;on|desktop&#8220; dot_nav_custom_color__hover=&#8220;#0a465e&#8220; custom_css_slide_description_last_edited=&#8220;on|phone&#8220; custom_css_slide_title_last_edited=&#8220;on|phone&#8220; custom_css_slide_description_phone=&#8220;width: 100%;||&#8220; custom_css_slide_title_phone=&#8220; &#8220; custom_css_slide_image_last_edited=&#8220;on|phone&#8220; custom_css_slide_image_phone=&#8220;width: 100%;&#8220; custom_css_slide_description_tablet=&#8220;animation-name:fadeIn;||width: 30%;&#8220; custom_css_slide_title_tablet=&#8220;margin-bottom: 25px&#8220; custom_css_slide_image_tablet=&#8220;animation-name:fadeIn;||width: 65%;&#8220;][et_pb_slide heading=&#8220;WUSSTEN SIE&#8220; image=&#8220;https:\/\/cresanka.hr\/wp-content\/uploads\/2022\/08\/jeste-li-znali-1-najveci-otok.webp&#8220; _builder_version=&#8220;4.18.0&#8243; _module_preset=&#8220;default&#8220; header_level=&#8220;h6&#8243; header_font=&#8220;|800||on|||||&#8220; header_font_size=&#8220;1em&#8220; header_letter_spacing=&#8220;2px&#8220; body_font_size=&#8220;1.2em&#8220; body_letter_spacing=&#8220;1px&#8220; body_line_height=&#8220;2em&#8220; background_enable_color=&#8220;off&#8220; background_layout=&#8220;light&#8220; body_font_size_tablet=&#8220;1.2em&#8220; body_font_size_phone=&#8220;1em&#8220; body_font_size_last_edited=&#8220;on|phone&#8220; global_colors_info=&#8220;{}&#8220; sticky_transition=&#8220;on&#8220;]dass die Insel Cres die gr\u00f6\u00dfte Adriainsel ist und sich im n\u00f6rdlichen Teil der Kvarner-Bucht zwischen der Halbinsel istrien und der Insel Krk befindet?[\/et_pb_slide][et_pb_slide heading=&#8220;WUSSTEN SIE&#8220; image=&#8220;https:\/\/cresanka.hr\/wp-content\/uploads\/2022\/08\/jeste-li-znali-2-mladje-kameno-doba.webp&#8220; _builder_version=&#8220;4.18.0&#8243; _module_preset=&#8220;default&#8220; header_level=&#8220;h6&#8243; header_font=&#8220;|800||on|||||&#8220; header_font_size=&#8220;1em&#8220; header_letter_spacing=&#8220;2px&#8220; body_font_size=&#8220;1.2em&#8220; body_letter_spacing=&#8220;1px&#8220; body_line_height=&#8220;2em&#8220; background_enable_color=&#8220;off&#8220; background_layout=&#8220;light&#8220; global_colors_info=&#8220;{}&#8220; sticky_transition=&#8220;on&#8220;]<\/p>\n<p>dass Cres schon in der Jungsteinzeit bewohnt war und dass liburnische Geb\u00e4ude, \u00dcberreste antiker Festungen, fr\u00fchkatholische Kirchen und Kl\u00f6ster vom reichen historischen und kulturellen Erbe zeugen?<\/p>\n<p>[\/et_pb_slide][et_pb_slide heading=&#8220;WUSSTEN SIE&#8220; image=&#8220;https:\/\/cresanka.hr\/wp-content\/uploads\/2022\/08\/jeste-li-znali-3.webp&#8220; _builder_version=&#8220;4.18.0&#8243; _module_preset=&#8220;default&#8220; header_level=&#8220;h6&#8243; header_font=&#8220;|800||on|||||&#8220; header_font_size=&#8220;1em&#8220; header_letter_spacing=&#8220;2px&#8220; body_font_size=&#8220;1.2em&#8220; body_letter_spacing=&#8220;1px&#8220; body_line_height=&#8220;2em&#8220; background_enable_color=&#8220;off&#8220; background_layout=&#8220;light&#8220; global_colors_info=&#8220;{}&#8220; sticky_transition=&#8220;on&#8220;]<\/p>\n<p><span style=\"font-weight: 400;\">dass die Legende besagt, dass Medea ihrem Bruder Absyrtos die Gliedma\u00dfen abgeschnitten und ins Meer geworfen hat? Aus diesen sind die Inseln des Cres-Lo\u0161inj-Archipels entstanden, die in der Antike nach ihm Apsyrtiden genannt wurden? <\/span><\/p>\n<p>[\/et_pb_slide][et_pb_slide heading=&#8220;G\u00e4nsegeier&#8220; image=&#8220;https:\/\/cresanka.hr\/wp-content\/uploads\/2022\/08\/jeste-li-znali-4-kolonija-bjeloglavih-supova.webp&#8220; image_alt=&#8220;@ET-DC@eyJkeW5hbWljIjp0cnVlLCJjb250ZW50IjoiY3VycmVudF9kYXRlIiwic2V0dGluZ3MiOnsiYmVmb3JlIjoiR1x1MDBlNG5zZWdlaWVyLCBJbnNlbCBDcmVzLiBcdTAwYTkgVXJoZWJlciBXYWx0ZXIgUmVraXJzY2gsIGluIFx1MDBkNnN0ZXJyZWljaCAyMDI1LiAiLCJhZnRlciI6IiIsImRhdGVfZm9ybWF0IjoiY3VzdG9tIiwiY3VzdG9tX2RhdGVfZm9ybWF0IjoiWS4iLCJlbmFibGVfaHRtbCI6Im9mZiJ9fQ==@&#8220; _builder_version=&#8220;4.27.4&#8243; _dynamic_attributes=&#8220;image_alt&#8220; _module_preset=&#8220;default&#8220; header_level=&#8220;h6&#8243; header_font=&#8220;|800||on|||||&#8220; header_font_size=&#8220;1em&#8220; header_letter_spacing=&#8220;2px&#8220; body_font_size=&#8220;1.2em&#8220; body_letter_spacing=&#8220;1px&#8220; body_line_height=&#8220;2em&#8220; background_enable_color=&#8220;off&#8220; background_layout=&#8220;light&#8220; global_colors_info=&#8220;{}&#8220; sticky_transition=&#8220;on&#8220;]<\/p>\n<p>dass die umweltbewusste und unber\u00fchrte Insel Cres von der gr\u00f6\u00dften G\u00e4nsegeierkolonie bewohnt wird, und zwar weil Geier auf Klippen \u00fcber dem Meer nisten?<\/p>\n<p style=\"font-size: 0.6em; letter-spacing: 0.5px;\">G\u00e4nsegeier, Insel Cres.<br \/>\u00a9 Urheber Walter Rekirsch, in \u00d6sterreich 2025.<\/p>\n<p>[\/et_pb_slide][et_pb_slide heading=&#8220;WUSSTEN SIE&#8220; image=&#8220;https:\/\/cresanka.hr\/wp-content\/uploads\/2022\/08\/jeste-li-znali-5.webp&#8220; _builder_version=&#8220;4.27.4&#8243; _module_preset=&#8220;default&#8220; header_level=&#8220;h6&#8243; header_font=&#8220;|800||on|||||&#8220; header_font_size=&#8220;1em&#8220; header_letter_spacing=&#8220;2px&#8220; body_font_size=&#8220;1.2em&#8220; body_letter_spacing=&#8220;1px&#8220; body_line_height=&#8220;2em&#8220; background_enable_color=&#8220;off&#8220; background_layout=&#8220;light&#8220; global_colors_info=&#8220;{}&#8220; sticky_transition=&#8220;on&#8220;]<\/p>\n<p>dass Schafe auf der Insel Cres das ganze Jahr im Freien sind und auf den duftkr\u00e4uterreichen Inselfl\u00e4chen frei grasen, dass also die Inselspezialit\u00e4t \u201eCres-Lamm\u201c schon vor der Zubereitung gew\u00fcrzt wird?<\/p>\n<p>[\/et_pb_slide][et_pb_slide heading=&#8220;WUSSTEN SIE&#8220; image=&#8220;https:\/\/cresanka.hr\/wp-content\/uploads\/2022\/08\/jeste-li-znali-6.webp&#8220; _builder_version=&#8220;4.27.4&#8243; _module_preset=&#8220;default&#8220; header_level=&#8220;h6&#8243; header_font=&#8220;|800||on|||||&#8220; header_font_size=&#8220;1em&#8220; header_letter_spacing=&#8220;2px&#8220; body_font_size=&#8220;1.2em&#8220; body_letter_spacing=&#8220;1px&#8220; body_line_height=&#8220;2em&#8220; background_enable_color=&#8220;off&#8220; background_layout=&#8220;light&#8220; global_colors_info=&#8220;{}&#8220; sticky_transition=&#8220;on&#8220;]<\/p>\n<p>dass die Kryptodepression Vrana-See ein besonderes Ph\u00e4nomen auf der Insel Cres ist, das nicht nur wegen seiner au\u00dfergew\u00f6hnlichen Sch\u00f6nheit, sondern auch wegen seiner geologischen und hydrologischen Eigenschaften und seiner au\u00dfergew\u00f6hnlichen Trinkwasserqualit\u00e4t interessant ist?<\/p>\n<p>[\/et_pb_slide][et_pb_slide heading=&#8220;Sonnenuntergang, Lubenice&#8220; image=&#8220;https:\/\/cresanka.hr\/wp-content\/uploads\/2022\/08\/jeste-li-znali-7-lubenice.webp&#8220; _builder_version=&#8220;4.27.4&#8243; _module_preset=&#8220;default&#8220; header_level=&#8220;h6&#8243; header_font=&#8220;|800||on|||||&#8220; header_font_size=&#8220;1em&#8220; header_letter_spacing=&#8220;2px&#8220; body_font_size=&#8220;1.2em&#8220; body_letter_spacing=&#8220;1px&#8220; body_line_height=&#8220;2em&#8220; background_enable_color=&#8220;off&#8220; background_layout=&#8220;light&#8220; global_colors_info=&#8220;{}&#8220; sticky_transition=&#8220;on&#8220;]<\/p>\n<p>dass sich die sch\u00f6nste Aussicht auf die gesamte Kvarner-Bucht von Lubenice aus erstreckt, einem Ort, der 382 m \u00fcber dem Meeresspiegel liegt und zu Recht das Juwel von Cres genannt wird?<\/p>\n<p style=\"font-size: 0.6em; letter-spacing: 0.5px;\">Sonnenuntergang, Lubenice<br \/>\u00a9 Author Walter Rekirsch, u Austriji 2025.<\/p>\n<p>[\/et_pb_slide][et_pb_slide heading=&#8220;WUSSTEN SIE&#8220; image=&#8220;https:\/\/cresanka.hr\/wp-content\/uploads\/2022\/08\/jeste-li-znali-8.webp&#8220; _builder_version=&#8220;4.18.0&#8243; _module_preset=&#8220;default&#8220; header_level=&#8220;h6&#8243; header_font=&#8220;|800||on|||||&#8220; header_font_size=&#8220;1em&#8220; header_letter_spacing=&#8220;2px&#8220; body_font_size=&#8220;1.2em&#8220; body_letter_spacing=&#8220;1px&#8220; body_line_height=&#8220;2em&#8220; background_enable_color=&#8220;off&#8220; background_layout=&#8220;light&#8220; global_colors_info=&#8220;{}&#8220; sticky_transition=&#8220;on&#8220;]<\/p>\n<p>dass es auf den Inseln Cres und Lo\u0161inj keine Giftschlangen gibt, der Legende nach dank Hl. Gaudentius, dem Schutzpatron des Archipels Cres-Lo\u0161inj und Bischof von Osor aus dem XI. Jahrhundert?  <\/p>\n<p>[\/et_pb_slide][\/et_pb_slider][\/et_pb_column][\/et_pb_row][\/et_pb_section][et_pb_section fb_built=&#8220;1&#8243; admin_label=&#8220;Section: Preuzimanje bro\u0161ure Kimen&#8220; module_class=&#8220;dh-valign-center-section&#8220; _builder_version=&#8220;4.18.0&#8243; _module_preset=&#8220;default&#8220; background_enable_image=&#8220;off&#8220; custom_padding=&#8220;0px||0px||true|false&#8220; top_divider_flip=&#8220;vertical&#8220; bottom_divider_color=&#8220;#E02B20&#8243; global_colors_info=&#8220;{}&#8220;][et_pb_row column_structure=&#8220;1_2,1_2&#8243; use_custom_gutter=&#8220;on&#8220; gutter_width=&#8220;4&#8243; make_equal=&#8220;on&#8220; module_class=&#8220;dh-valign-center-row&#8220; _builder_version=&#8220;4.18.0&#8243; _module_preset=&#8220;default&#8220; background_enable_image=&#8220;off&#8220; global_colors_info=&#8220;{}&#8220;][et_pb_column type=&#8220;1_2&#8243; _builder_version=&#8220;4.18.0&#8243; _module_preset=&#8220;default&#8220; background_enable_image=&#8220;off&#8220; background_size=&#8220;contain&#8220; global_colors_info=&#8220;{}&#8220;][et_pb_image src=&#8220;https:\/\/cresanka.hr\/wp-content\/uploads\/2025\/11\/Preuzimanje-brosure-Hotel-Kimen-Cres-Cresanka.webp&#8220; title_text=&#8220;Download der Brosch\u00fcre Hotel Kimen Cres \u2013 Cresanka&#8220; disabled_on=&#8220;off|on|on&#8220; _builder_version=&#8220;4.27.4&#8243; _module_preset=&#8220;default&#8220; global_colors_info=&#8220;{}&#8220;][\/et_pb_image][et_pb_text _builder_version=&#8220;4.18.0&#8243; _module_preset=&#8220;default&#8220; text_text_color=&#8220;#000000&#8243; text_letter_spacing=&#8220;0.5px&#8220; header_2_font=&#8220;|300|||||||&#8220; header_2_letter_spacing=&#8220;1px&#8220; header_2_line_height=&#8220;1.2em&#8220; global_colors_info=&#8220;{}&#8220;]<\/p>\n<h2>Alles zum Hotel Kimen<br \/>\u2013 an einer Stelle<\/h2>\n<p>Erfahren Sie, was im Angebot unseres Hotels ist und lassen Sie sich von den Fotos f\u00fcr einen Moment auf die Insel Cres entf\u00fchren.<\/p>\n<p>[\/et_pb_text][et_pb_button button_url=&#8220;&lt;!&#8211;&#91;CDATA&#91;https:\/\/cresanka.hr\/wp-content\/uploads\/2025\/07\/Hotel-Kimen-2025-DIGITAL.pdf&#93;&#93;&#8211;&gt;&#8220; button_text=&#8220;HERUNTERLADEN&#8220; _builder_version=&#8220;4.27.4&#8243; _module_preset=&#8220;default&#8220; global_colors_info=&#8220;{}&#8220;][\/et_pb_button][\/et_pb_column][et_pb_column type=&#8220;1_2&#8243; _builder_version=&#8220;4.18.0&#8243; _module_preset=&#8220;default&#8220; background_enable_image=&#8220;off&#8220; background_size=&#8220;contain&#8220; global_colors_info=&#8220;{}&#8220;][et_pb_image src=&#8220;https:\/\/cresanka.hr\/wp-content\/uploads\/2025\/11\/Preuzimanje-brosure-Hotel-Kimen-Cres-Cresanka.webp&#8220; title_text=&#8220;Download der Brosch\u00fcre Hotel Kimen Cres \u2013 Cresanka&#8220; show_bottom_space=&#8220;off&#8220; disabled_on=&#8220;on|off|off&#8220; _builder_version=&#8220;4.27.4&#8243; _module_preset=&#8220;default&#8220; max_width=&#8220;600px&#8220; max_height=&#8220;522px&#8220; global_colors_info=&#8220;{}&#8220;][\/et_pb_image][\/et_pb_column][\/et_pb_row][\/et_pb_section][et_pb_section fb_built=&#8220;1&#8243; admin_label=&#8220;Section: Preuzimanje bro\u0161ure Kova\u010dine&#8220; module_class=&#8220;dh-valign-center-section&#8220; _builder_version=&#8220;4.18.0&#8243; _module_preset=&#8220;default&#8220; background_enable_image=&#8220;off&#8220; custom_padding=&#8220;0px||0px||true|false&#8220; top_divider_flip=&#8220;vertical&#8220; bottom_divider_color=&#8220;#E02B20&#8243; global_colors_info=&#8220;{}&#8220;][et_pb_row column_structure=&#8220;1_2,1_2&#8243; use_custom_gutter=&#8220;on&#8220; gutter_width=&#8220;4&#8243; make_equal=&#8220;on&#8220; module_class=&#8220;dh-valign-center-row&#8220; _builder_version=&#8220;4.18.0&#8243; _module_preset=&#8220;default&#8220; background_enable_image=&#8220;off&#8220; global_colors_info=&#8220;{}&#8220;][et_pb_column type=&#8220;1_2&#8243; _builder_version=&#8220;4.18.0&#8243; _module_preset=&#8220;default&#8220; global_colors_info=&#8220;{}&#8220;][et_pb_image src=&#8220;https:\/\/cresanka.hr\/wp-content\/uploads\/2022\/08\/Preuzimanje-brosure-kamp-kovacine.webp&#8220; title_text=&#8220;Preuzimanje-brosure-kamp-kovacine&#8220; _builder_version=&#8220;4.18.0&#8243; _module_preset=&#8220;default&#8220; global_colors_info=&#8220;{}&#8220;][\/et_pb_image][\/et_pb_column][et_pb_column type=&#8220;1_2&#8243; _builder_version=&#8220;4.18.0&#8243; _module_preset=&#8220;default&#8220; global_colors_info=&#8220;{}&#8220;][et_pb_text _builder_version=&#8220;4.18.0&#8243; _module_preset=&#8220;default&#8220; text_text_color=&#8220;#000000&#8243; text_letter_spacing=&#8220;0.5px&#8220; header_2_font=&#8220;|300|||||||&#8220; header_2_letter_spacing=&#8220;1px&#8220; header_2_line_height=&#8220;1.2em&#8220; global_colors_info=&#8220;{}&#8220;]<\/p>\n<h2>Alles zum Camp Kova\u010dine<br \/>\u2013 an einer Stelle<\/h2>\n<p>Finden Sie heraus, was wir Ihnen in unserem Camp bieten und genie\u00dfen Sie ein bisschen Campingatmosph\u00e4re durch Fotos<\/p>\n<p>[\/et_pb_text][et_pb_button button_url=&#8220;https:\/\/cresanka.hr\/wp-content\/uploads\/2025\/07\/Kamp-Kovacine-2025-DIGITAL.pdf&#8220; button_text=&#8220;HERUNTERLADEN&#8220; _builder_version=&#8220;4.27.4&#8243; _module_preset=&#8220;default&#8220; global_colors_info=&#8220;{}&#8220;][\/et_pb_button][\/et_pb_column][\/et_pb_row][\/et_pb_section]<\/p>\n","protected":false},"excerpt":{"rendered":"<p>CRESANKA D.D. Ihr Zuhause in der Ferne<div class=\"et_pb_with_border et_pb_module dsm_card dsm_card_0 et_pb_section_video_on_hover et_pb_bg_layout_light  dsm_card_layout_stacked\">\n\t\t\t\t\n\t\t\t\t\n\t\t\t\t\n\t\t\t\t\n\t\t\t\t\n\t\t\t\t\n\t\t\t\t<div class=\"et_pb_module_inner\">\n\t\t\t\t\t\n\t\t\t\n\t\t\t<figure class=\"dsm_card_image_wrapper dsm_card_badge_top_left\"><img decoding=\"async\" src=\"https:\/\/cresanka.hr\/wp-content\/uploads\/2025\/11\/Hotel-Kimen-Cres.webp\" alt=\"Garten und Fassade des Hotels Kimen auf Cres mit Palmen und bl\u00fchenden Alleen\" srcset=\"https:\/\/cresanka.hr\/wp-content\/uploads\/2025\/11\/Hotel-Kimen-Cres.webp 307w, https:\/\/cresanka.hr\/wp-content\/uploads\/2025\/11\/Hotel-Kimen-Cres-300x300.webp 300w, https:\/\/cresanka.hr\/wp-content\/uploads\/2025\/11\/Hotel-Kimen-Cres-150x150.webp 150w\" sizes=\"(max-width: 307px) 100vw, 307px\" class=\"dsm_card_img dsm_card_image_stretch\" \/><div class=\"dsm_card_badge_text\">HOTEL KIMEN<\/div><\/figure>\n\t\t\t<div class=\"et_pb_module dsm_card_wrapper et_pb_text_align_left\">\n\t\t\t\t\t\n\t\t\t\t\t\n\t\t\t\t\t<div class=\"dsm_card_subtitle\">Die Sinne leben<\/div>\n\t\t\t\t\t<div class=\"dsm_card_description\" data-et-multi-view=\"{&quot;schema&quot;:{&quot;content&quot;:{&quot;desktop&quot;:&quot;&quot;,&quot;tablet&quot;:&quot;Die Sinne leben &quot;,&quot;phone&quot;:&quot;&quot;}},&quot;slug&quot;:&quot;dsm_card&quot;}\" data-et-multi-view-load-tablet-hidden=\"true\"><\/div>\n\t\t\t\t\t<div class=\"et_pb_button_wrapper\"><a class=\"et_pb_button et_pb_more_button \" href=\"https:\/\/www.hotel-kimen.com\" target=\"_blank\">MEHR ERFAHREN<\/a><\/div>\n\t\t\t\t<\/div>\n\t\t\t\n\t\t\t\t<\/div>\n\t\t\t<\/div><div class=\"et_pb_with_border et_pb_module dsm_card dsm_card_1 et_pb_section_video_on_hover et_pb_bg_layout_light  dsm_card_layout_stacked\">\n\t\t\t\t\n\t\t\t\t\n\t\t\t\t\n\t\t\t\t\n\t\t\t\t\n\t\t\t\t\n\t\t\t\t<div class=\"et_pb_module_inner\">\n\t\t\t\t\t\n\t\t\t\n\t\t\t<figure class=\"dsm_card_image_wrapper dsm_card_badge_top_left\"><img decoding=\"async\" src=\"https:\/\/cresanka.hr\/wp-content\/uploads\/2025\/11\/Kamp-Kovacine-Cres-Hrvatska.webp\" alt=\"Panoramablick auf das Camp Kova\u010dine auf Cres mit t\u00fcrkisfarbenem Meer und gr\u00fcner K\u00fcste\" srcset=\"https:\/\/cresanka.hr\/wp-content\/uploads\/2025\/11\/Kamp-Kovacine-Cres-Hrvatska.webp 307w, https:\/\/cresanka.hr\/wp-content\/uploads\/2025\/11\/Kamp-Kovacine-Cres-Hrvatska-300x300.webp 300w, https:\/\/cresanka.hr\/wp-content\/uploads\/2025\/11\/Kamp-Kovacine-Cres-Hrvatska-150x150.webp 150w\" sizes=\"(max-width: 307px) 100vw, 307px\" class=\"dsm_card_img dsm_card_image_stretch\" \/><div class=\"dsm_card_badge_text\">CAMPINGPLATZ KOVA\u010cINE<\/div><\/figure>\n\t\t\t<div class=\"et_pb_module dsm_card_wrapper et_pb_text_align_left\">\n\t\t\t\t\t\n\t\t\t\t\t\n\t\t\t\t\t<div class=\"dsm_card_subtitle\">Mehr als ein Abenteuer<\/div>\n\t\t\t\t\t<div class=\"dsm_card_description\" data-et-multi-view=\"{&quot;schema&quot;:{&quot;content&quot;:{&quot;desktop&quot;:&quot;&quot;,&quot;tablet&quot;:&quot;Mehr als ein Abenteuer &quot;,&quot;phone&quot;:&quot;&quot;}},&quot;slug&quot;:&quot;dsm_card&quot;}\" data-et-multi-view-load-tablet-hidden=\"true\"><\/div>\n\t\t\t\t\t<div class=\"et_pb_button_wrapper\"><a class=\"et_pb_button et_pb_more_button \" href=\"https:\/\/camp-kovacine.com\" target=\"_blank\">MEHR ERFAHREN<\/a><\/div>\n\t\t\t\t<\/div>\n\t\t\t\n\t\t\t\t<\/div>\n\t\t\t<\/div><div class=\"et_pb_module dsm_card dsm_card_2 et_pb_bg_layout_light  dsm_card_layout_stacked\">\n\t\t\t\t\n\t\t\t\t\n\t\t\t\t\n\t\t\t\t\n\t\t\t\t\n\t\t\t\t\n\t\t\t\t<div class=\"et_pb_module_inner\">\n\t\t\t\t\t\n\t\t\t\n\t\t\t<figure class=\"dsm_card_image_wrapper dsm_card_badge_&#8220;top_left&#8220;\"><img decoding=\"async\" src=\"\" alt=\"&#8220;Panoramablick\" class=\"et_multi_view_hidden_image dsm_card_img dsm_card_image_stretch\" \/><div class=\"dsm_card_badge_text\">&#8220;Campingplatz<\/div><\/figure>\n\t\t\t<div class=\"et_pb_module dsm_card_wrapper et_pb_text_align_left\">\n\t\t\t\t\t\n\t\t\t\t\t\n\t\t\t\t\t<div class=\"dsm_card_subtitle\">&#8220;Idylle<\/div>\n\t\t\t\t\t\n\t\t\t\t\t<div class=\"et_pb_button_wrapper\"><a class=\"et_pb_button et_pb_more_button \" href=\"\">&#8220;MEHR<\/a><\/div>\n\t\t\t\t<\/div>\n\t\t\t\n\t\t\t\t<\/div>\n\t\t\t<\/div><\/p>\n","protected":false},"author":1,"featured_media":0,"parent":0,"menu_order":0,"comment_status":"closed","ping_status":"closed","template":"","meta":{"_et_pb_use_builder":"on","_et_pb_old_content":"","_et_gb_content_width":"","footnotes":""},"class_list":["post-1108","page","type-page","status-publish","hentry"],"_links":{"self":[{"href":"https:\/\/cresanka.hr\/de\/wp-json\/wp\/v2\/pages\/1108","targetHints":{"allow":["GET"]}}],"collection":[{"href":"https:\/\/cresanka.hr\/de\/wp-json\/wp\/v2\/pages"}],"about":[{"href":"https:\/\/cresanka.hr\/de\/wp-json\/wp\/v2\/types\/page"}],"author":[{"embeddable":true,"href":"https:\/\/cresanka.hr\/de\/wp-json\/wp\/v2\/users\/1"}],"replies":[{"embeddable":true,"href":"https:\/\/cresanka.hr\/de\/wp-json\/wp\/v2\/comments?post=1108"}],"version-history":[{"count":29,"href":"https:\/\/cresanka.hr\/de\/wp-json\/wp\/v2\/pages\/1108\/revisions"}],"predecessor-version":[{"id":2627,"href":"https:\/\/cresanka.hr\/de\/wp-json\/wp\/v2\/pages\/1108\/revisions\/2627"}],"wp:attachment":[{"href":"https:\/\/cresanka.hr\/de\/wp-json\/wp\/v2\/media?parent=1108"}],"curies":[{"name":"wp","href":"https:\/\/api.w.org\/{rel}","templated":true}]}}