{"id":1117,"date":"2022-08-08T15:53:31","date_gmt":"2022-08-08T15:53:31","guid":{"rendered":"https:\/\/cresanka.hr\/insel-cres\/"},"modified":"2026-02-19T14:39:04","modified_gmt":"2026-02-19T14:39:04","slug":"insel-cres","status":"publish","type":"page","link":"https:\/\/cresanka.hr\/de\/insel-cres\/","title":{"rendered":"Insel Cres"},"content":{"rendered":"<p>[et_pb_section fb_built=&#8220;1&#8243; next_background_color=&#8220;#ffffff&#8220; module_class=&#8220;dh-valign-center-section&#8220; _builder_version=&#8220;4.18.0&#8243; background_image=&#8220;https:\/\/cresanka.hr\/wp-content\/uploads\/2022\/08\/Otok-Cres.webp&#8220; background_position=&#8220;bottom_center&#8220; height=&#8220;80vh&#8220; height_tablet=&#8220;80vh&#8220; height_phone=&#8220;80vh&#8220; height_last_edited=&#8220;on|phone&#8220; bottom_divider_style=&#8220;asymmetric&#8220; bottom_divider_flip=&#8220;vertical|horizontal&#8220; bottom_divider_height_tablet=&#8220;&#8220; bottom_divider_height_phone=&#8220;50px&#8220; bottom_divider_height_last_edited=&#8220;on|phone&#8220; global_colors_info=&#8220;{}&#8220; admin_label=&#8220;Hero Otok Cres&#8220; collapsed=&#8220;on&#8220;][et_pb_row _builder_version=&#8220;4.18.0&#8243; background_size=&#8220;initial&#8220; background_position=&#8220;top_left&#8220; background_repeat=&#8220;repeat&#8220; width=&#8220;55%&#8220; width_tablet=&#8220;55%&#8220; width_phone=&#8220;80%&#8220; width_last_edited=&#8220;on|phone&#8220; global_colors_info=&#8220;{}&#8220; collapsed=&#8220;on&#8220; admin_label=&#8220;Insel Cres&#8220;][et_pb_column type=&#8220;4_4&#8243; _builder_version=&#8220;4.16&#8243; custom_padding=&#8220;|||&#8220; global_colors_info=&#8220;{}&#8220; custom_padding__hover=&#8220;|||&#8220;][et_pb_text _builder_version=&#8220;4.18.0&#8243; text_text_color=&#8220;#FFFFFF&#8220; header_font=&#8220;|300|||||||&#8220; header_text_color=&#8220;#FFFFFF&#8220; header_font_size=&#8220;4em&#8220; header_letter_spacing=&#8220;1px&#8220; header_5_text_color=&#8220;#FFFFFF&#8220; header_5_letter_spacing=&#8220;1px&#8220; header_5_line_height=&#8220;1.4em&#8220; header_6_font=&#8220;|800|||||||&#8220; header_6_text_align=&#8220;center&#8220; header_6_text_color=&#8220;#FFFFFF&#8220; header_6_font_size=&#8220;1em&#8220; header_6_letter_spacing=&#8220;4px&#8220; header_6_line_height=&#8220;1.4em&#8220; background_size=&#8220;initial&#8220; background_position=&#8220;top_left&#8220; background_repeat=&#8220;repeat&#8220; header_5_font_size_tablet=&#8220;&#8220; header_5_font_size_phone=&#8220;1.2em&#8220; header_5_font_size_last_edited=&#8220;on|phone&#8220; global_colors_info=&#8220;{}&#8220;]<\/p>\n<h1>Insel Cres<\/h1>\n<h5>Diese idyllische Insel wird von vielen als romantische Sch\u00f6nheit oder \u00f6kologisches Kronjuwel der kroatischen K\u00fcste genannt.<\/h5>\n<p>[\/et_pb_text][\/et_pb_column][\/et_pb_row][\/et_pb_section][et_pb_section fb_built=&#8220;1&#8243; _builder_version=&#8220;4.18.0&#8243; _module_preset=&#8220;default&#8220; custom_padding=&#8220;0px||||false|false&#8220; global_colors_info=&#8220;{}&#8220; admin_label=&#8220;Otok Cres&#8220; collapsed=&#8220;on&#8220;][et_pb_row column_structure=&#8220;1_2,1_2&#8243; _builder_version=&#8220;4.18.0&#8243; _module_preset=&#8220;default&#8220; width=&#8220;55%&#8220; width_tablet=&#8220;55%&#8220; width_phone=&#8220;80%&#8220; width_last_edited=&#8220;on|phone&#8220; border_color_bottom=&#8220;gcid-85037172-fba5-40c1-a92b-f6674d6e47fd&#8220; global_colors_info=&#8220;{%22gcid-85037172-fba5-40c1-a92b-f6674d6e47fd%22:%91%22border_color_bottom%22%93}&#8220; collapsed=&#8220;on&#8220;][et_pb_column type=&#8220;1_2&#8243; _builder_version=&#8220;4.18.0&#8243; _module_preset=&#8220;default&#8220; global_colors_info=&#8220;{}&#8220;][et_pb_text _builder_version=&#8220;4.18.0&#8243; _module_preset=&#8220;default&#8220; text_text_color=&#8220;#000000&#8243; text_letter_spacing=&#8220;0.5px&#8220; global_colors_info=&#8220;{}&#8220;]<\/p>\n<p>Cres geh\u00f6rt zu zwei Vegetationszonen \u2013 der submediterranen und der mediterranen. Charakteristisch ist das milde und angenehme submediterrane Klima mit vielen sonnigen Tagen und Stunden, das warme und kristallklare Meer sowie wilde, unber\u00fchrte W\u00e4lder.<\/p>\n<p>Malerische, romantische Str\u00e4nde und sogar ein paar versteckte Buchten sind eine echte Belohnung f\u00fcr jeden, der sich auf ein kleines Abenteuer einl\u00e4sst und einen der vielen rustikalen Wege nimmt, die durch die Insel f\u00fchren.<\/p>\n<p>Die letzten 100 kroatischen G\u00e4nsegeierfamilien haben auf dieser Insel Zuflucht gefunden und bis zu 93 Arten tagaktiver Schmetterlinge fliegen \u00fcber die Insel \u2013 mehr als auf jeder anderen adriatischen Insel! Die \u00fcber Jahrtausende gewachsene Kultur der Ureinwohner durchdringt jede Pore der Insel.<\/p>\n<p>[\/et_pb_text][\/et_pb_column][et_pb_column type=&#8220;1_2&#8243; _builder_version=&#8220;4.18.0&#8243; _module_preset=&#8220;default&#8220; global_colors_info=&#8220;{}&#8220;][et_pb_text _builder_version=&#8220;4.18.0&#8243; _module_preset=&#8220;default&#8220; text_text_color=&#8220;#000000&#8243; text_letter_spacing=&#8220;0.5px&#8220; global_colors_info=&#8220;{}&#8220;]<\/p>\n<p>F\u00fcr ein neues Abenteuer, die Br\u00e4uche der Ureinwohner von Cres kennenzulernen, gen\u00fcgt es, eine der vielen sch\u00f6nen T\u00fcren von Cres zu \u00f6ffnen.<\/p>\n<p>Sp\u00fcren Sie beim Gehen wirklich den Boden unter Ihren F\u00fc\u00dfen und das Wasser an Ihren Zehen, wenn Sie das Meer betreten?<\/p>\n<p>Lassen Sie sich von der langsamen Art und Weise der Insel und der entspannten Berechenbarkeit der Regungen unserer Flora und Fauna zu einer R\u00fcckkehr zu sich selbst f\u00fchren \u2013 einer R\u00fcckkehr zu wahren Werten.<\/p>\n<p>[\/et_pb_text][\/et_pb_column][\/et_pb_row][\/et_pb_section][et_pb_section fb_built=&#8220;1&#8243; next_background_color=&#8220;#ffffff&#8220; module_class=&#8220;dh-valign-center-section&#8220; _builder_version=&#8220;4.18.0&#8243; background_image=&#8220;https:\/\/cresanka.hr\/wp-content\/uploads\/2022\/08\/Grad-Cres-Cres.webp&#8220; background_position=&#8220;bottom_center&#8220; height=&#8220;80vh&#8220; height_tablet=&#8220;80vh&#8220; height_phone=&#8220;50vh&#8220; height_last_edited=&#8220;on|phone&#8220; bottom_divider_style=&#8220;asymmetric&#8220; bottom_divider_flip=&#8220;vertical|horizontal&#8220; bottom_divider_height_tablet=&#8220;&#8220; bottom_divider_height_phone=&#8220;50px&#8220; bottom_divider_height_last_edited=&#8220;on|phone&#8220; locked=&#8220;off&#8220; global_colors_info=&#8220;{}&#8220; admin_label=&#8220;Hero Grad Cres&#8220; collapsed=&#8220;on&#8220;][\/et_pb_section][et_pb_section fb_built=&#8220;1&#8243; _builder_version=&#8220;4.18.0&#8243; _module_preset=&#8220;default&#8220; custom_padding=&#8220;0px||||false|false&#8220; locked=&#8220;off&#8220; global_colors_info=&#8220;{}&#8220; admin_label=&#8220;Grad Cres&#8220; collapsed=&#8220;on&#8220;][et_pb_row column_structure=&#8220;1_2,1_2&#8243; _builder_version=&#8220;4.18.0&#8243; _module_preset=&#8220;default&#8220; width=&#8220;55%&#8220; width_tablet=&#8220;55%&#8220; width_phone=&#8220;80%&#8220; width_last_edited=&#8220;on|phone&#8220; border_color_bottom=&#8220;gcid-85037172-fba5-40c1-a92b-f6674d6e47fd&#8220; global_colors_info=&#8220;{%22gcid-85037172-fba5-40c1-a92b-f6674d6e47fd%22:%91%22border_color_bottom%22%93}&#8220; width__hover_enabled=&#8220;off|desktop&#8220;][et_pb_column type=&#8220;1_2&#8243; _builder_version=&#8220;4.18.0&#8243; _module_preset=&#8220;default&#8220; global_colors_info=&#8220;{}&#8220;][et_pb_text _builder_version=&#8220;4.18.0&#8243; text_text_color=&#8220;#000000&#8243; header_font=&#8220;|300|||||||&#8220; header_font_size=&#8220;4em&#8220; header_letter_spacing=&#8220;1px&#8220; header_6_font=&#8220;|800|||||||&#8220; header_6_text_align=&#8220;center&#8220; header_6_text_color=&#8220;#FFFFFF&#8220; header_6_font_size=&#8220;1em&#8220; header_6_letter_spacing=&#8220;4px&#8220; header_6_line_height=&#8220;1.4em&#8220; background_size=&#8220;initial&#8220; background_position=&#8220;top_left&#8220; background_repeat=&#8220;repeat&#8220; header_font_size_tablet=&#8220;4em&#8220; header_font_size_phone=&#8220;3em&#8220; header_font_size_last_edited=&#8220;on|phone&#8220; global_colors_info=&#8220;{}&#8220;]<\/p>\n<h1>Stadt Cres<\/h1>\n<p>[\/et_pb_text][et_pb_text _builder_version=&#8220;4.18.0&#8243; _module_preset=&#8220;default&#8220; text_text_color=&#8220;#000000&#8243; text_letter_spacing=&#8220;0.5px&#8220; global_colors_info=&#8220;{}&#8220;]<\/p>\n<p>Die Stadt Cres, der gr\u00f6\u00dfte Ort der Insel Cres, liegt am Ende einer gut gesch\u00fctzten Bucht auf der Westseite der Insel.<\/p>\n<p>Die pr\u00e4historischen Geb\u00e4ude und die antike Festung Crepsa zeugen von der langen und reichhaltigen Geschichte der Insel. Die Altstadt, umgeben von rechteckigen Mauern mit f\u00fcnf T\u00fcrmen und mehreren Stadttoren, entstand vor dem Ende der venezianischen Herrschaft und hat, abgesehen von einigen sp\u00e4teren Anbauten, bis heute weitgehend ihr urspr\u00fcngliches Aussehen bewahrt. <\/p>\n<p>Bei einem Spaziergang durch die Altstadt lernen Sie also das Mittelmeer so kennen, wie es einst war, und wandern auf den Spuren unserer Vorfahren \u2013 Menschen, die eine Kultur geschaffen haben, deren Besonderheiten uns heute begeistern.<\/p>\n<p>[\/et_pb_text][\/et_pb_column][et_pb_column type=&#8220;1_2&#8243; _builder_version=&#8220;4.18.0&#8243; _module_preset=&#8220;default&#8220; global_colors_info=&#8220;{}&#8220;][et_pb_text _builder_version=&#8220;4.18.0&#8243; _module_preset=&#8220;default&#8220; text_text_color=&#8220;#000000&#8243; text_letter_spacing=&#8220;0.5px&#8220; global_colors_info=&#8220;{}&#8220;]<\/p>\n<p>Der beste Weg, diese malerische Stadt zu erleben, sind Spazierg\u00e4nge durch die vielen engen Gassen, wo auf Sie hinter jeder Ecke Verzierungen an mittelalterlichen Geb\u00e4uden und das Spiegeln der wundersch\u00f6nen Fassaden zwischen Holzbooten warten, sowie entlang der sonnenverw\u00f6hnten und mit Kaffeebars und offenen Terrassen geschm\u00fcckten Uferpromenade.<\/p>\n<p>Die Einwohner der Stadt Cres unterstreichen ihre Tradition und autochthonen Br\u00e4uche gerne durch K\u00fcche und Spezialit\u00e4ten, die dank des mediterranen Einflusses auf Fisch, Muscheln, Krabben und Kopff\u00fc\u00dfern basieren \u2013 alles frisch gefangen von den \u00f6rtlichen Fischern!<\/p>\n<p>Spezialit\u00e4ten werden aus Insellamm, Pasta, k\u00f6stlichem mediterranem Gem\u00fcse und Obst, Kr\u00e4utern, Oliven und Oliven\u00f6l zubereitet.<\/p>\n<p>[\/et_pb_text][\/et_pb_column][\/et_pb_row][\/et_pb_section][et_pb_section fb_built=&#8220;1&#8243; next_background_color=&#8220;#ffffff&#8220; _builder_version=&#8220;4.27.5&#8243; background_image=&#8220;https:\/\/cresanka.hr\/wp-content\/uploads\/2022\/08\/Lubenice-zalazak-sunca-Kamp-Kovacine-Cres.webp&#8220; background_position=&#8220;bottom_center&#8220; height=&#8220;80vh&#8220; height_tablet=&#8220;80vh&#8220; height_phone=&#8220;50vh&#8220; height_last_edited=&#8220;on|phone&#8220; custom_margin=&#8220;0px|0px|0px|0px|true|true&#8220; custom_padding=&#8220;0px|0px|0px|0px|true|true&#8220; bottom_divider_style=&#8220;asymmetric&#8220; bottom_divider_flip=&#8220;vertical|horizontal&#8220; bottom_divider_height_tablet=&#8220;&#8220; bottom_divider_height_phone=&#8220;50px&#8220; bottom_divider_height_last_edited=&#8220;on|phone&#8220; hover_enabled=&#8220;0&#8243; locked=&#8220;off&#8220; global_colors_info=&#8220;{}&#8220; height__hover_enabled=&#8220;off|desktop&#8220; sticky_enabled=&#8220;0&#8243; admin_label=&#8220;Hero Lubenice&#8220; collapsed=&#8220;on&#8220;][et_pb_row use_custom_gutter=&#8220;on&#8220; gutter_width=&#8220;1&#8243; make_equal=&#8220;on&#8220; _builder_version=&#8220;4.27.5&#8243; _module_preset=&#8220;default&#8220; width=&#8220;100%&#8220; max_width=&#8220;100%&#8220; custom_margin=&#8220;||||false|false&#8220; custom_padding=&#8220;24px|24px|24px|24px|true|true&#8220; global_colors_info=&#8220;{}&#8220;][et_pb_column type=&#8220;4_4&#8243; _builder_version=&#8220;4.27.5&#8243; _module_preset=&#8220;default&#8220; global_colors_info=&#8220;{}&#8220;][et_pb_text _builder_version=&#8220;4.27.5&#8243; _module_preset=&#8220;0ccab5bd-1f26-4a60-9f4d-e8bb2d918e4c&#8220; global_colors_info=&#8220;{}&#8220;]<\/p>\n<p>\u00a9 Urheber Walter Rekirsch, in \u00d6sterreich 2025.<\/p>\n<p>[\/et_pb_text][\/et_pb_column][\/et_pb_row][\/et_pb_section][et_pb_section fb_built=&#8220;1&#8243; _builder_version=&#8220;4.18.0&#8243; _module_preset=&#8220;default&#8220; custom_padding=&#8220;||||false|false&#8220; locked=&#8220;off&#8220; global_colors_info=&#8220;{}&#8220; admin_label=&#8220;Lubenice&#8220; collapsed=&#8220;on&#8220;][et_pb_row column_structure=&#8220;3_5,2_5&#8243; _builder_version=&#8220;4.18.0&#8243; _module_preset=&#8220;default&#8220; width=&#8220;55%&#8220; width_tablet=&#8220;55%&#8220; width_phone=&#8220;80%&#8220; width_last_edited=&#8220;on|phone&#8220; custom_padding=&#8220;0px||||false|false&#8220; border_color_bottom=&#8220;gcid-85037172-fba5-40c1-a92b-f6674d6e47fd&#8220; global_colors_info=&#8220;{%22gcid-85037172-fba5-40c1-a92b-f6674d6e47fd%22:%91%22border_color_bottom%22%93}&#8220;][et_pb_column type=&#8220;3_5&#8243; _builder_version=&#8220;4.18.0&#8243; _module_preset=&#8220;default&#8220; global_colors_info=&#8220;{}&#8220;][et_pb_text _builder_version=&#8220;4.18.0&#8243; text_text_color=&#8220;#000000&#8243; header_font=&#8220;|300|||||||&#8220; header_font_size=&#8220;4em&#8220; header_letter_spacing=&#8220;1px&#8220; header_6_font=&#8220;|800|||||||&#8220; header_6_text_align=&#8220;center&#8220; header_6_text_color=&#8220;#FFFFFF&#8220; header_6_font_size=&#8220;1em&#8220; header_6_letter_spacing=&#8220;4px&#8220; header_6_line_height=&#8220;1.4em&#8220; background_size=&#8220;initial&#8220; background_position=&#8220;top_left&#8220; background_repeat=&#8220;repeat&#8220; header_font_size_tablet=&#8220;4em&#8220; header_font_size_phone=&#8220;3em&#8220; header_font_size_last_edited=&#8220;on|phone&#8220; global_colors_info=&#8220;{}&#8220;]<\/p>\n<h1>Lubenice<\/h1>\n<p>[\/et_pb_text][et_pb_text _builder_version=&#8220;4.18.0&#8243; _module_preset=&#8220;default&#8220; text_text_color=&#8220;#000000&#8243; text_letter_spacing=&#8220;0.5px&#8220; global_colors_info=&#8220;{}&#8220;]<\/p>\n<p>Lubenice liegt auf einer Klippe in einer H\u00f6he von 378 Metern \u00fcber dem Meeresspiegel und ist ein kleiner Ort, der im Mittelalter eine gro\u00dfe strategische Bedeutung hatte.<\/p>\n<p>Was kann einen mehr begeistern als die charmanten verwinkelten Gassen, die zahlreichen Kirchen und die \u00dcberreste der mittelalterlichen Stadtmauer und Stadttore?<\/p>\n<p>Vielleicht nur der spektakul\u00e4re Meerblick, der sich von diesem Ort aus erstreckt.<\/p>\n<p>[\/et_pb_text][\/et_pb_column][et_pb_column type=&#8220;2_5&#8243; _builder_version=&#8220;4.18.0&#8243; _module_preset=&#8220;default&#8220; global_colors_info=&#8220;{}&#8220;][\/et_pb_column][\/et_pb_row][\/et_pb_section][et_pb_section fb_built=&#8220;1&#8243; next_background_color=&#8220;#ffffff&#8220; module_class=&#8220;dh-valign-center-section&#8220; _builder_version=&#8220;4.18.0&#8243; background_image=&#8220;https:\/\/cresanka.hr\/wp-content\/uploads\/2022\/08\/Valun-kao-destinacija-Kamp-Kovacine-Cres.webp&#8220; background_position=&#8220;bottom_center&#8220; height=&#8220;80vh&#8220; height_tablet=&#8220;80vh&#8220; height_phone=&#8220;50vh&#8220; height_last_edited=&#8220;on|phone&#8220; bottom_divider_style=&#8220;asymmetric&#8220; bottom_divider_flip=&#8220;vertical|horizontal&#8220; bottom_divider_height_tablet=&#8220;&#8220; bottom_divider_height_phone=&#8220;50px&#8220; bottom_divider_height_last_edited=&#8220;on|phone&#8220; locked=&#8220;off&#8220; global_colors_info=&#8220;{}&#8220; admin_label=&#8220;Hero Valun&#8220; collapsed=&#8220;on&#8220;][\/et_pb_section][et_pb_section fb_built=&#8220;1&#8243; custom_padding_last_edited=&#8220;on|phone&#8220; _builder_version=&#8220;4.18.0&#8243; _module_preset=&#8220;default&#8220; custom_padding=&#8220;0px||||false|false&#8220; custom_padding_tablet=&#8220;0px||||false|false&#8220; custom_padding_phone=&#8220;30px||||false|false&#8220; locked=&#8220;off&#8220; global_colors_info=&#8220;{}&#8220; admin_label=&#8220;Valun&#8220; collapsed=&#8220;on&#8220;][et_pb_row column_structure=&#8220;3_5,2_5&#8243; _builder_version=&#8220;4.18.0&#8243; _module_preset=&#8220;default&#8220; width=&#8220;55%&#8220; width_tablet=&#8220;55%&#8220; width_phone=&#8220;80%&#8220; width_last_edited=&#8220;on|phone&#8220; custom_padding=&#8220;0px||||false|false&#8220; border_color_bottom=&#8220;gcid-85037172-fba5-40c1-a92b-f6674d6e47fd&#8220; global_colors_info=&#8220;{%22gcid-85037172-fba5-40c1-a92b-f6674d6e47fd%22:%91%22border_color_bottom%22%93}&#8220;][et_pb_column type=&#8220;3_5&#8243; _builder_version=&#8220;4.18.0&#8243; _module_preset=&#8220;default&#8220; global_colors_info=&#8220;{}&#8220;][et_pb_text _builder_version=&#8220;4.18.0&#8243; text_text_color=&#8220;#000000&#8243; header_font=&#8220;|300|||||||&#8220; header_font_size=&#8220;4em&#8220; header_letter_spacing=&#8220;1px&#8220; header_6_font=&#8220;|800|||||||&#8220; header_6_text_align=&#8220;center&#8220; header_6_text_color=&#8220;#FFFFFF&#8220; header_6_font_size=&#8220;1em&#8220; header_6_letter_spacing=&#8220;4px&#8220; header_6_line_height=&#8220;1.4em&#8220; background_size=&#8220;initial&#8220; background_position=&#8220;top_left&#8220; background_repeat=&#8220;repeat&#8220; header_font_size_tablet=&#8220;4em&#8220; header_font_size_phone=&#8220;3em&#8220; header_font_size_last_edited=&#8220;on|phone&#8220; global_colors_info=&#8220;{}&#8220;]<\/p>\n<h1>Valun<\/h1>\n<p>[\/et_pb_text][et_pb_text _builder_version=&#8220;4.18.0&#8243; _module_preset=&#8220;default&#8220; text_text_color=&#8220;#000000&#8243; text_letter_spacing=&#8220;0.5px&#8220; global_colors_info=&#8220;{}&#8220;]<\/p>\n<p>Diese Ortschaft zwischen zwei Kiesstr\u00e4nden wurde von Generationen von Fischern und Bauern der Insel Cres gebaut und bewohnt.<\/p>\n<p>Dieser autochthone Ort erz\u00e4hlt eine jahrhundertealte Geschichte vom Leben am Meer, wobei besonders interessant ist, dass in der Kirche des Hl. Markus die Valun-Platte entdeckt wurde \u2013 eines der \u00e4ltesten glagolitischen Denkm\u00e4ler aus dem XI. Jahrhundert.  <\/p>\n<p>[\/et_pb_text][\/et_pb_column][et_pb_column type=&#8220;2_5&#8243; _builder_version=&#8220;4.18.0&#8243; _module_preset=&#8220;default&#8220; global_colors_info=&#8220;{}&#8220;][\/et_pb_column][\/et_pb_row][\/et_pb_section][et_pb_section fb_built=&#8220;1&#8243; custom_padding_last_edited=&#8220;on|phone&#8220; next_background_color=&#8220;#ffffff&#8220; module_class=&#8220;dh-valign-center-section&#8220; _builder_version=&#8220;4.18.0&#8243; background_image=&#8220;https:\/\/cresanka.hr\/wp-content\/uploads\/2022\/08\/Beli-Cres.webp&#8220; background_position=&#8220;bottom_center&#8220; height=&#8220;80vh&#8220; height_tablet=&#8220;80vh&#8220; height_phone=&#8220;50vh&#8220; height_last_edited=&#8220;on|phone&#8220; custom_padding_tablet=&#8220;&#8220; custom_padding_phone=&#8220;||||false|false&#8220; bottom_divider_style=&#8220;asymmetric&#8220; bottom_divider_flip=&#8220;vertical|horizontal&#8220; bottom_divider_height_tablet=&#8220;&#8220; bottom_divider_height_phone=&#8220;50px&#8220; bottom_divider_height_last_edited=&#8220;on|phone&#8220; locked=&#8220;off&#8220; global_colors_info=&#8220;{}&#8220; admin_label=&#8220;Hero Beli&#8220; collapsed=&#8220;on&#8220;][\/et_pb_section][et_pb_section fb_built=&#8220;1&#8243; custom_padding_last_edited=&#8220;on|phone&#8220; _builder_version=&#8220;4.18.0&#8243; _module_preset=&#8220;default&#8220; custom_padding=&#8220;0px||||false|false&#8220; custom_padding_tablet=&#8220;0px||||false|false&#8220; custom_padding_phone=&#8220;30px||||false|false&#8220; locked=&#8220;off&#8220; global_colors_info=&#8220;{}&#8220; admin_label=&#8220;Beli&#8220; collapsed=&#8220;on&#8220;][et_pb_row column_structure=&#8220;3_5,2_5&#8243; _builder_version=&#8220;4.18.0&#8243; _module_preset=&#8220;default&#8220; width=&#8220;55%&#8220; width_tablet=&#8220;55%&#8220; width_phone=&#8220;80%&#8220; width_last_edited=&#8220;on|phone&#8220; custom_padding=&#8220;0px||||false|false&#8220; border_color_bottom=&#8220;gcid-85037172-fba5-40c1-a92b-f6674d6e47fd&#8220; global_colors_info=&#8220;{%22gcid-85037172-fba5-40c1-a92b-f6674d6e47fd%22:%91%22border_color_bottom%22%93}&#8220;][et_pb_column type=&#8220;3_5&#8243; _builder_version=&#8220;4.18.0&#8243; _module_preset=&#8220;default&#8220; global_colors_info=&#8220;{}&#8220;][et_pb_text _builder_version=&#8220;4.18.0&#8243; text_text_color=&#8220;#000000&#8243; header_font=&#8220;|300|||||||&#8220; header_font_size=&#8220;4em&#8220; header_letter_spacing=&#8220;1px&#8220; header_6_font=&#8220;|800|||||||&#8220; header_6_text_align=&#8220;center&#8220; header_6_text_color=&#8220;#FFFFFF&#8220; header_6_font_size=&#8220;1em&#8220; header_6_letter_spacing=&#8220;4px&#8220; header_6_line_height=&#8220;1.4em&#8220; background_size=&#8220;initial&#8220; background_position=&#8220;top_left&#8220; background_repeat=&#8220;repeat&#8220; header_font_size_tablet=&#8220;4em&#8220; header_font_size_phone=&#8220;3em&#8220; header_font_size_last_edited=&#8220;on|phone&#8220; global_colors_info=&#8220;{}&#8220;]<\/p>\n<h1>Beli<\/h1>\n<p>[\/et_pb_text][et_pb_text _builder_version=&#8220;4.18.0&#8243; _module_preset=&#8220;default&#8220; text_text_color=&#8220;#000000&#8243; text_letter_spacing=&#8220;0.5px&#8220; global_colors_info=&#8220;{}&#8220;]<\/p>\n<p>Wie sieht ein Inselort aus, der vor 4000 Jahren entstanden ist?<\/p>\n<p>Die Ortschaft Beli ist voll von Geb\u00e4uden, die von ihrer reichen Geschichte und den fr\u00fchesten Anzeichen der Kultur zeugen, die diese Region gepr\u00e4gt hat \u2013 von den \u00dcberresten pr\u00e4historischer Festungen und breiten Trockenmauern bis hin zur im Jahr 1018 gegr\u00fcndeten Gemeinde. <\/p>\n<p>Der Ort Beli ist ein Zufluchtsort f\u00fcr pr\u00e4chtige G\u00e4nsegeier. Auch kann die Dauerausstellung \u00fcber die biologische Vielfalt des Cres-Lo\u0161inj-Archipels besucht werden.<\/p>\n<p>[\/et_pb_text][\/et_pb_column][et_pb_column type=&#8220;2_5&#8243; _builder_version=&#8220;4.18.0&#8243; _module_preset=&#8220;default&#8220; global_colors_info=&#8220;{}&#8220;][\/et_pb_column][\/et_pb_row][\/et_pb_section][et_pb_section fb_built=&#8220;1&#8243; next_background_color=&#8220;#ffffff&#8220; module_class=&#8220;dh-valign-center-section&#8220; _builder_version=&#8220;4.18.0&#8243; background_image=&#8220;https:\/\/cresanka.hr\/wp-content\/uploads\/2022\/08\/Martinscica-Cres.webp&#8220; background_position=&#8220;bottom_center&#8220; height=&#8220;80vh&#8220; height_tablet=&#8220;80vh&#8220; height_phone=&#8220;50vh&#8220; height_last_edited=&#8220;on|phone&#8220; bottom_divider_style=&#8220;asymmetric&#8220; bottom_divider_flip=&#8220;vertical|horizontal&#8220; bottom_divider_height_tablet=&#8220;&#8220; bottom_divider_height_phone=&#8220;50px&#8220; bottom_divider_height_last_edited=&#8220;on|phone&#8220; locked=&#8220;off&#8220; global_colors_info=&#8220;{}&#8220; admin_label=&#8220;Hero Martin\u0161\u0107ica&#8220; collapsed=&#8220;on&#8220;][\/et_pb_section][et_pb_section fb_built=&#8220;1&#8243; custom_padding_last_edited=&#8220;on|phone&#8220; _builder_version=&#8220;4.18.0&#8243; _module_preset=&#8220;default&#8220; custom_padding=&#8220;0px||||false|false&#8220; custom_padding_tablet=&#8220;0px||||false|false&#8220; custom_padding_phone=&#8220;30px||||false|false&#8220; locked=&#8220;off&#8220; global_colors_info=&#8220;{}&#8220; admin_label=&#8220;Martin\u0161\u0107ica&#8220; collapsed=&#8220;on&#8220;][et_pb_row column_structure=&#8220;3_5,2_5&#8243; _builder_version=&#8220;4.18.0&#8243; _module_preset=&#8220;default&#8220; width=&#8220;55%&#8220; width_tablet=&#8220;55%&#8220; width_phone=&#8220;80%&#8220; width_last_edited=&#8220;on|phone&#8220; custom_padding=&#8220;0px||||false|false&#8220; border_color_bottom=&#8220;gcid-85037172-fba5-40c1-a92b-f6674d6e47fd&#8220; global_colors_info=&#8220;{%22gcid-85037172-fba5-40c1-a92b-f6674d6e47fd%22:%91%22border_color_bottom%22%93}&#8220;][et_pb_column type=&#8220;3_5&#8243; _builder_version=&#8220;4.18.0&#8243; _module_preset=&#8220;default&#8220; global_colors_info=&#8220;{}&#8220;][et_pb_text _builder_version=&#8220;4.18.0&#8243; text_text_color=&#8220;#000000&#8243; header_font=&#8220;|300|||||||&#8220; header_font_size=&#8220;4em&#8220; header_letter_spacing=&#8220;1px&#8220; header_6_font=&#8220;|800|||||||&#8220; header_6_text_align=&#8220;center&#8220; header_6_text_color=&#8220;#FFFFFF&#8220; header_6_font_size=&#8220;1em&#8220; header_6_letter_spacing=&#8220;4px&#8220; header_6_line_height=&#8220;1.4em&#8220; background_size=&#8220;initial&#8220; background_position=&#8220;top_left&#8220; background_repeat=&#8220;repeat&#8220; header_font_size_tablet=&#8220;4em&#8220; header_font_size_phone=&#8220;3em&#8220; header_font_size_last_edited=&#8220;on|phone&#8220; global_colors_info=&#8220;{}&#8220;]<\/p>\n<h1>Martin\u0161\u0107ica<\/h1>\n<p>[\/et_pb_text][et_pb_text _builder_version=&#8220;4.18.0&#8243; _module_preset=&#8220;default&#8220; text_text_color=&#8220;#000000&#8243; text_letter_spacing=&#8220;0.5px&#8220; global_colors_info=&#8220;{}&#8220;]<\/p>\n<p>Das \u00f6kologische Erbe der Insel Cres schwingt in jeder Ecke des Ortes Martin\u0161\u0107ica mit.<\/p>\n<p>Entlang des Ortes sind wundersch\u00f6ne, wilde Str\u00e4nde inmitten unber\u00fchrter Natur zu entdecken, w\u00e4hrend im Hintergrund H\u00fcgel mit Resten pr\u00e4historischer Geb\u00e4ude und Ruinen der romanischen Kirche des Hl. Christophorus liegen. <\/p>\n<p>[\/et_pb_text][\/et_pb_column][et_pb_column type=&#8220;2_5&#8243; _builder_version=&#8220;4.18.0&#8243; _module_preset=&#8220;default&#8220; global_colors_info=&#8220;{}&#8220;][\/et_pb_column][\/et_pb_row][\/et_pb_section]<\/p>\n","protected":false},"excerpt":{"rendered":"<p>Insel Cres Diese idyllische Insel wird von vielen als romantische Sch\u00f6nheit oder \u00f6kologisches Kronjuwel der kroatischen K\u00fcste genannt.Cres geh\u00f6rt zu zwei Vegetationszonen \u2013 der submediterranen und der mediterranen. Charakteristisch ist das milde und angenehme submediterrane Klima mit vielen sonnigen Tagen und Stunden, das warme und kristallklare Meer sowie wilde, unber\u00fchrte W\u00e4lder. Malerische, romantische Str\u00e4nde und sogar ein paar versteckte Buchten sind eine echte Belohnung f\u00fcr jeden, der sich auf ein kleines Abenteuer einl\u00e4sst und einen der vielen rustikalen Wege nimmt, die durch die Insel f\u00fchren. Die letzten 100 kroatischen G\u00e4nsegeierfamilien haben auf dieser Insel Zuflucht gefunden und bis zu 93 Arten tagaktiver Schmetterlinge fliegen \u00fcber die Insel \u2013 mehr als auf jeder anderen adriatischen Insel! Die \u00fcber Jahrtausende gewachsene Kultur der Ureinwohner durchdringt jede Pore der Insel.F\u00fcr ein neues Abenteuer, die Br\u00e4uche der Ureinwohner von Cres kennenzulernen, gen\u00fcgt es, eine der vielen sch\u00f6nen T\u00fcren von Cres zu \u00f6ffnen. Sp\u00fcren Sie beim Gehen wirklich den Boden unter Ihren F\u00fc\u00dfen und das Wasser an Ihren Zehen, wenn Sie das Meer betreten? Lassen Sie sich von der langsamen Art und Weise der Insel und der entspannten Berechenbarkeit der Regungen unserer Flora und Fauna zu einer R\u00fcckkehr zu sich selbst f\u00fchren \u2013 einer R\u00fcckkehr [&hellip;]<\/p>\n","protected":false},"author":1,"featured_media":0,"parent":0,"menu_order":0,"comment_status":"closed","ping_status":"closed","template":"","meta":{"_et_pb_use_builder":"on","_et_pb_old_content":"","_et_gb_content_width":"","footnotes":""},"class_list":["post-1117","page","type-page","status-publish","hentry"],"_links":{"self":[{"href":"https:\/\/cresanka.hr\/de\/wp-json\/wp\/v2\/pages\/1117","targetHints":{"allow":["GET"]}}],"collection":[{"href":"https:\/\/cresanka.hr\/de\/wp-json\/wp\/v2\/pages"}],"about":[{"href":"https:\/\/cresanka.hr\/de\/wp-json\/wp\/v2\/types\/page"}],"author":[{"embeddable":true,"href":"https:\/\/cresanka.hr\/de\/wp-json\/wp\/v2\/users\/1"}],"replies":[{"embeddable":true,"href":"https:\/\/cresanka.hr\/de\/wp-json\/wp\/v2\/comments?post=1117"}],"version-history":[{"count":14,"href":"https:\/\/cresanka.hr\/de\/wp-json\/wp\/v2\/pages\/1117\/revisions"}],"predecessor-version":[{"id":2727,"href":"https:\/\/cresanka.hr\/de\/wp-json\/wp\/v2\/pages\/1117\/revisions\/2727"}],"wp:attachment":[{"href":"https:\/\/cresanka.hr\/de\/wp-json\/wp\/v2\/media?parent=1117"}],"curies":[{"name":"wp","href":"https:\/\/api.w.org\/{rel}","templated":true}]}}