{"id":1305,"date":"2022-08-08T15:46:01","date_gmt":"2022-08-08T15:46:01","guid":{"rendered":"https:\/\/cresanka.hr\/unterkunft\/"},"modified":"2026-02-19T14:47:59","modified_gmt":"2026-02-19T14:47:59","slug":"unterkunft","status":"publish","type":"page","link":"https:\/\/cresanka.hr\/de\/unterkunft\/","title":{"rendered":"Unterkunft"},"content":{"rendered":"<p>[et_pb_section fb_built=&#8220;1&#8243; next_background_color=&#8220;#ffffff&#8220; admin_label=&#8220;Hero&#8220; module_class=&#8220;dh-valign-center-section&#8220; _builder_version=&#8220;4.18.0&#8243; background_color=&#8220;gcid-85037172-fba5-40c1-a92b-f6674d6e47fd&#8220; background_image=&#8220;https:\/\/cresanka.hr\/wp-content\/uploads\/2022\/08\/Hotel-Kimen-Obiteljski-hotel-na-otoku-Cres.webp&#8220; background_position=&#8220;bottom_center&#8220; height=&#8220;80vh&#8220; bottom_divider_style=&#8220;asymmetric&#8220; bottom_divider_flip=&#8220;vertical|horizontal&#8220; bottom_divider_height_tablet=&#8220;&#8220; bottom_divider_height_phone=&#8220;50px&#8220; bottom_divider_height_last_edited=&#8220;on|phone&#8220; collapsed=&#8220;on&#8220; global_colors_info=&#8220;{%22gcid-85037172-fba5-40c1-a92b-f6674d6e47fd%22:%91%22background_color%22%93}&#8220;][\/et_pb_section][et_pb_section fb_built=&#8220;1&#8243; admin_label=&#8220; Hotel Kimen&#8220; _builder_version=&#8220;4.18.0&#8243; _module_preset=&#8220;default&#8220; custom_padding=&#8220;0px||||false|false&#8220; collapsed=&#8220;on&#8220; global_colors_info=&#8220;{}&#8220;][et_pb_row column_structure=&#8220;2_3,1_3&#8243; admin_label=&#8220;Hotel Kimen &#8211; opis&#8220; _builder_version=&#8220;4.18.0&#8243; _module_preset=&#8220;default&#8220; width=&#8220;55%&#8220; width_tablet=&#8220;55%&#8220; width_phone=&#8220;80%&#8220; width_last_edited=&#8220;on|phone&#8220; border_color_bottom=&#8220;gcid-85037172-fba5-40c1-a92b-f6674d6e47fd&#8220; collapsed=&#8220;on&#8220; global_colors_info=&#8220;{%22gcid-85037172-fba5-40c1-a92b-f6674d6e47fd%22:%91%22border_color_bottom%22%93}&#8220;][et_pb_column type=&#8220;2_3&#8243; _builder_version=&#8220;4.18.0&#8243; _module_preset=&#8220;default&#8220; global_colors_info=&#8220;{}&#8220;][et_pb_image src=&#8220;https:\/\/cresanka.hr\/wp-content\/uploads\/2022\/08\/Hotel-Kimen-logo.svg&#8220; alt=&#8220;Hotel Kimen, Cres&#8220; title_text=&#8220;Hotel Kimen, Cres&#8220; url=&#8220;https:\/\/www.hotel-kimen.com&#8220; url_new_window=&#8220;on&#8220; disabled_on=&#8220;off|on|on&#8220; admin_label=&#8220;Logo Hotel Kimen&#8220; _builder_version=&#8220;4.27.5&#8243; _module_preset=&#8220;default&#8220; locked=&#8220;off&#8220; global_colors_info=&#8220;{}&#8220;][\/et_pb_image][et_pb_text admin_label=&#8220;Naslov&#8220; _builder_version=&#8220;4.27.5&#8243; text_font=&#8220;|300|||||||&#8220; text_font_size=&#8220;2em&#8220; header_font=&#8220;|300|||||||&#8220; header_font_size=&#8220;3.13em&#8220; header_letter_spacing=&#8220;1px&#8220; header_2_font=&#8220;|300|||||||&#8220; header_2_font_size=&#8220;2em&#8220; header_5_font=&#8220;|300|||||||&#8220; header_6_font=&#8220;|800|||||||&#8220; header_6_text_color=&#8220;#FFFFFF&#8220; header_6_letter_spacing=&#8220;4px&#8220; header_6_line_height=&#8220;1.4em&#8220; background_size=&#8220;initial&#8220; background_position=&#8220;top_left&#8220; background_repeat=&#8220;repeat&#8220; text_font_size_tablet=&#8220;2em&#8220; text_font_size_phone=&#8220;2em&#8220; text_font_size_last_edited=&#8220;on|phone&#8220; header_2_font_size_tablet=&#8220;2em&#8220; header_2_font_size_phone=&#8220;1.5em&#8220; header_2_font_size_last_edited=&#8220;on|phone&#8220; header_2_letter_spacing_tablet=&#8220;&#8220; header_2_letter_spacing_phone=&#8220;-1px&#8220; header_2_letter_spacing_last_edited=&#8220;on|phone&#8220; global_colors_info=&#8220;{}&#8220;]<\/p>\n<h2>Hotel Kimen<\/h2>\n<h5>Die Sinne leben<\/h5>\n<p>[\/et_pb_text][et_pb_text admin_label=&#8220;Text&#8220; _builder_version=&#8220;4.27.5&#8243; _module_preset=&#8220;default&#8220; text_font=&#8220;||||||||&#8220; text_text_color=&#8220;#000000&#8243; text_letter_spacing=&#8220;1px&#8220; text_line_height=&#8220;2em&#8220; global_colors_info=&#8220;{}&#8220;]<\/p>\n<p>Das Hotel Kimen liegt in einem einzigartigen Naturpark mit mediterraner Vegetation am Rande des Strandes und ist Ihre Oase des Abenteuers, der Vitalit\u00e4t und der Ruhe.<\/p>\n<p>Entdecken Sie die Vorteile unseres breiten Angebots an Dienstleistungen und Behandlungen zur Pflege von K\u00f6rper und Geist, unseres professionellen Personals, das Ihren Aufenthalt gerne individuell gestaltet, und des Eco-Friendly-Ambiente, das Sie ermutigt, die Umgebung mit neuen Augen zu sehen und Ihrem Leben eine ganz neue Dimension zu geben.<\/p>\n<p>[\/et_pb_text][\/et_pb_column][et_pb_column type=&#8220;1_3&#8243; _builder_version=&#8220;4.18.0&#8243; _module_preset=&#8220;default&#8220; background_enable_color=&#8220;off&#8220; global_colors_info=&#8220;{%22gcid-85037172-fba5-40c1-a92b-f6674d6e47fd%22:%91%22background_color%22%93}&#8220;][et_pb_image src=&#8220;https:\/\/cresanka.hr\/wp-content\/uploads\/2022\/08\/Hotel-Kimen-logo.svg&#8220; alt=&#8220;Hotel Kimen, Cres&#8220; title_text=&#8220;Hotel Kimen, Cres&#8220; url=&#8220;https:\/\/www.hotel-kimen.com&#8220; url_new_window=&#8220;on&#8220; align=&#8220;right&#8220; disabled_on=&#8220;on|off|off&#8220; admin_label=&#8220;Logo Hotel KImen&#8220; _builder_version=&#8220;4.27.5&#8243; _module_preset=&#8220;default&#8220; global_colors_info=&#8220;{}&#8220;][\/et_pb_image][\/et_pb_column][\/et_pb_row][et_pb_row column_structure=&#8220;1_3,1_3,1_3&#8243; use_custom_gutter=&#8220;on&#8220; gutter_width=&#8220;2&#8243; admin_label=&#8220;Smje\u0161tajne jedinice&#8220; _builder_version=&#8220;4.18.0&#8243; _module_preset=&#8220;default&#8220; width=&#8220;55%&#8220; width_tablet=&#8220;55%&#8220; width_phone=&#8220;80%&#8220; width_last_edited=&#8220;on|phone&#8220; collapsed=&#8220;on&#8220; global_colors_info=&#8220;{}&#8220;][et_pb_column type=&#8220;1_3&#8243; _builder_version=&#8220;4.18.0&#8243; _module_preset=&#8220;default&#8220; global_colors_info=&#8220;{}&#8220;][et_pb_text admin_label=&#8220;Hotel Kimen&#8220; _builder_version=&#8220;4.18.0&#8243; _module_preset=&#8220;default&#8220; text_font=&#8220;|||on|||||&#8220; text_text_color=&#8220;#000000&#8243; text_font_size=&#8220;11px&#8220; text_letter_spacing=&#8220;0.5px&#8220; header_6_font=&#8220;|800|||||||&#8220; header_6_letter_spacing=&#8220;2px&#8220; background_enable_color=&#8220;off&#8220; custom_margin=&#8220;||0px||false|false&#8220; custom_padding=&#8220;25px|25px|10px|25px|false|true&#8220; border_width_all=&#8220;1px&#8220; border_color_all=&#8220;gcid-85037172-fba5-40c1-a92b-f6674d6e47fd&#8220; global_colors_info=&#8220;{%22gcid-85037172-fba5-40c1-a92b-f6674d6e47fd%22:%91%22background_color%22,%22border_color_all%22,%22background_color%22,%22background_color%22,%22border_color_all%22%93}&#8220;]<\/p>\n<h6>HOTEL KIMEN<\/h6>\n<p>[\/et_pb_text][et_pb_image src=&#8220;https:\/\/cresanka.hr\/wp-content\/uploads\/2022\/08\/Hotel-Kimen-Cres-Cresanka-e1763733013729.webp&#8220; alt=&#8220;Hotel Kimen, Cres &#8211; Cresanka d.d.&#8220; title_text=&#8220;Hotel Kimen, Cres &#8211; Cresanka d.d.&#8220; show_bottom_space=&#8220;off&#8220; _builder_version=&#8220;4.18.0&#8243; _module_preset=&#8220;default&#8220; global_colors_info=&#8220;{}&#8220;][\/et_pb_image][et_pb_text admin_label=&#8220;Zna\u010dajke&#8220; _builder_version=&#8220;4.18.0&#8243; _module_preset=&#8220;default&#8220; text_font=&#8220;|||on|||||&#8220; text_text_color=&#8220;#000000&#8243; text_font_size=&#8220;11px&#8220; text_letter_spacing=&#8220;0.5px&#8220; header_6_font=&#8220;|800|||||||&#8220; header_6_letter_spacing=&#8220;2px&#8220; background_enable_color=&#8220;off&#8220; custom_margin=&#8220;||0px||false|false&#8220; custom_padding=&#8220;25px|25px|25px|25px|true|true&#8220; border_width_all=&#8220;1px&#8220; border_color_all=&#8220;gcid-85037172-fba5-40c1-a92b-f6674d6e47fd&#8220; global_colors_info=&#8220;{%22gcid-85037172-fba5-40c1-a92b-f6674d6e47fd%22:%91%22background_color%22,%22border_color_all%22,%22background_color%22,%22background_color%22,%22border_color_all%22%93}&#8220;]<\/p>\n<ul>\n<li>128 Zimmer mit Balkon<\/li>\n<li>6 Einzelzimmer zur Meerseite<\/li>\n<li>116 Doppelzimmer:<br \/>teilweise zur Meerseite, teilweise zur Parkseite<\/li>\n<li>17 Zimmer mit getrennten Betten (Twin-Betten)<\/li>\n<li>Alle Doppelzimmer verf\u00fcgen \u00fcber die M\u00f6glichkeit eines Zustellbetts<\/li>\n<li>2 Suiten<\/li>\n<li>3 barrierefreie Zimmer<\/li>\n<li>7 Familienzimmer<\/li>\n<\/ul>\n<p>[\/et_pb_text][et_pb_button button_url=&#8220;https:\/\/www.hotel-kimen.com\/de\/hotel-kimen\/&#8220; url_new_window=&#8220;on&#8220; button_text=&#8220;MEHR ERFAHNREN&#8220; _builder_version=&#8220;4.18.0&#8243; _module_preset=&#8220;4435dd2a-dbe5-467f-80b4-2130759d3057&#8243; button_text_color=&#8220;gcid-eedb5146-9596-4faa-8e53-1b8865338375&#8243; button_bg_color=&#8220;gcid-85037172-fba5-40c1-a92b-f6674d6e47fd&#8220; locked=&#8220;off&#8220; global_colors_info=&#8220;{%22gcid-85037172-fba5-40c1-a92b-f6674d6e47fd%22:%91%22button_text_color%22,%22button_text_color%22,%22button_text_color%22,%22button_bg_color%22,%22button_text_color__hover%22%93,%22gcid-eedb5146-9596-4faa-8e53-1b8865338375%22:%91%22button_bg_color%22,%22button_text_color__hover%22,%22button_bg_color%22,%22button_text_color%22,%22button_bg_color__hover%22%93}&#8220; button_text_color__hover=&#8220;#c2d1d7&#8243; button_bg_color__hover=&#8220;#0a465e&#8220; button_bg_enable_color__hover=&#8220;on&#8220;][\/et_pb_button][\/et_pb_column][et_pb_column type=&#8220;1_3&#8243; _builder_version=&#8220;4.18.0&#8243; _module_preset=&#8220;default&#8220; global_colors_info=&#8220;{}&#8220;][et_pb_text admin_label=&#8220;Depadansa&#8220; _builder_version=&#8220;4.18.0&#8243; _module_preset=&#8220;default&#8220; text_font=&#8220;|||on|||||&#8220; text_text_color=&#8220;#000000&#8243; text_font_size=&#8220;11px&#8220; text_letter_spacing=&#8220;0.5px&#8220; header_6_font=&#8220;|800|||||||&#8220; header_6_letter_spacing=&#8220;2px&#8220; background_enable_color=&#8220;off&#8220; custom_margin=&#8220;||0px||false|false&#8220; custom_padding=&#8220;25px|25px|10px|25px|false|true&#8220; border_width_all=&#8220;1px&#8220; border_color_all=&#8220;gcid-85037172-fba5-40c1-a92b-f6674d6e47fd&#8220; global_colors_info=&#8220;{%22gcid-85037172-fba5-40c1-a92b-f6674d6e47fd%22:%91%22background_color%22,%22border_color_all%22,%22background_color%22,%22background_color%22,%22background_color%22,%22border_color_all%22,%22background_color%22,%22background_color%22%93}&#8220;]<\/p>\n<h6>NEBENGEB\u00c4UDE<\/h6>\n<p>[\/et_pb_text][et_pb_image src=&#8220;https:\/\/cresanka.hr\/wp-content\/uploads\/2022\/08\/depadansa-hotel-kimen.webp&#8220; alt=&#8220;Hotel Kimen, Cres &#8211; Cresanka d.d.&#8220; title_text=&#8220;depadansa-hotel-kimen&#8220; show_bottom_space=&#8220;off&#8220; _builder_version=&#8220;4.18.0&#8243; _module_preset=&#8220;default&#8220; global_colors_info=&#8220;{}&#8220;][\/et_pb_image][et_pb_text admin_label=&#8220;Zna\u010dajke&#8220; _builder_version=&#8220;4.18.0&#8243; _module_preset=&#8220;default&#8220; text_font=&#8220;|||on|||||&#8220; text_text_color=&#8220;#000000&#8243; text_font_size=&#8220;11px&#8220; text_letter_spacing=&#8220;0.5px&#8220; header_6_font=&#8220;|800|||||||&#8220; header_6_letter_spacing=&#8220;2px&#8220; background_enable_color=&#8220;off&#8220; custom_margin=&#8220;||0px||false|false&#8220; custom_padding=&#8220;25px|25px|25px|25px|true|true&#8220; border_width_all=&#8220;1px&#8220; border_color_all=&#8220;gcid-85037172-fba5-40c1-a92b-f6674d6e47fd&#8220; global_colors_info=&#8220;{%22gcid-85037172-fba5-40c1-a92b-f6674d6e47fd%22:%91%22background_color%22,%22border_color_all%22,%22background_color%22,%22background_color%22,%22background_color%22,%22border_color_all%22,%22background_color%22,%22background_color%22%93}&#8220;]<\/p>\n<ul>\n<li>Ca. 70 m vom Hauptgeb\u00e4ude entfernt<\/li>\n<li>54 Doppelzimmer mit Zustellbett<\/li>\n<li>18 Zimmer mit Zugang zum Garten<\/li>\n<li>36 Zimmer verf\u00fcgen \u00fcber einen Balkon<\/li>\n<li>Alle Zimmer sind zur Meerseite ausgerichtet<\/li>\n<li>15 Juniorsuiten und Familienzimmer im neuen Design, mit franz\u00f6sischem Balkon zur Parkseite<\/li>\n<\/ul>\n<p>[\/et_pb_text][et_pb_button button_url=&#8220;https:\/\/www.hotel-kimen.com\/de\/nebengebaeude\/&#8220; url_new_window=&#8220;on&#8220; button_text=&#8220;MEHR ERFAHNREN&#8220; _builder_version=&#8220;4.18.0&#8243; _module_preset=&#8220;4435dd2a-dbe5-467f-80b4-2130759d3057&#8243; button_text_color=&#8220;gcid-eedb5146-9596-4faa-8e53-1b8865338375&#8243; button_bg_color=&#8220;gcid-85037172-fba5-40c1-a92b-f6674d6e47fd&#8220; locked=&#8220;off&#8220; global_colors_info=&#8220;{%22gcid-85037172-fba5-40c1-a92b-f6674d6e47fd%22:%91%22button_text_color%22,%22button_bg_color__hover%22,%22button_text_color%22,%22button_text_color%22,%22button_text_color%22,%22button_bg_color%22,%22button_text_color__hover%22%93,%22gcid-eedb5146-9596-4faa-8e53-1b8865338375%22:%91%22button_bg_color%22,%22button_bg_color%22,%22button_bg_color%22,%22button_text_color%22,%22button_bg_color__hover%22%93}&#8220; button_text_color__hover=&#8220;#c2d1d7&#8243; button_bg_color__hover=&#8220;#0a465e&#8220; button_bg_enable_color__hover=&#8220;on&#8220; button_text_color__hover_enabled=&#8220;on|desktop&#8220;][\/et_pb_button][\/et_pb_column][et_pb_column type=&#8220;1_3&#8243; _builder_version=&#8220;4.18.0&#8243; _module_preset=&#8220;default&#8220; global_colors_info=&#8220;{}&#8220;][et_pb_text admin_label=&#8220;Ku\u0107a Kimen&#8220; _builder_version=&#8220;4.18.0&#8243; _module_preset=&#8220;default&#8220; text_font=&#8220;|||on|||||&#8220; text_text_color=&#8220;#000000&#8243; text_font_size=&#8220;11px&#8220; text_letter_spacing=&#8220;0.5px&#8220; header_6_font=&#8220;|800|||||||&#8220; header_6_letter_spacing=&#8220;2px&#8220; background_enable_color=&#8220;off&#8220; custom_margin=&#8220;||0px||false|false&#8220; custom_padding=&#8220;25px|25px|10px|25px|false|true&#8220; border_width_all=&#8220;1px&#8220; border_color_all=&#8220;gcid-85037172-fba5-40c1-a92b-f6674d6e47fd&#8220; global_colors_info=&#8220;{%22gcid-85037172-fba5-40c1-a92b-f6674d6e47fd%22:%91%22background_color%22,%22border_color_all%22,%22background_color%22,%22background_color%22%93}&#8220;]<\/p>\n<h6>Haus Kimen<\/h6>\n<p>[\/et_pb_text][et_pb_image src=&#8220;https:\/\/cresanka.hr\/wp-content\/uploads\/2022\/08\/kuca-kimen-hotel-kimen.webp&#8220; alt=&#8220;House Kimen &#8211; Hotel Kimen&#8220; title_text=&#8220;House Kimen &#8211; Hotel Kimen&#8220; show_bottom_space=&#8220;off&#8220; _builder_version=&#8220;4.18.0&#8243; _module_preset=&#8220;default&#8220; global_colors_info=&#8220;{}&#8220;][\/et_pb_image][et_pb_text admin_label=&#8220;Zna\u010dajke&#8220; _builder_version=&#8220;4.18.0&#8243; _module_preset=&#8220;default&#8220; text_font=&#8220;|||on|||||&#8220; text_text_color=&#8220;#000000&#8243; text_font_size=&#8220;11px&#8220; text_letter_spacing=&#8220;0.5px&#8220; header_6_font=&#8220;|800|||||||&#8220; header_6_letter_spacing=&#8220;2px&#8220; background_enable_color=&#8220;off&#8220; custom_margin=&#8220;||0px||false|false&#8220; custom_padding=&#8220;25px|25px|25px|25px|true|true&#8220; border_width_all=&#8220;1px&#8220; border_color_all=&#8220;gcid-85037172-fba5-40c1-a92b-f6674d6e47fd&#8220; global_colors_info=&#8220;{%22gcid-85037172-fba5-40c1-a92b-f6674d6e47fd%22:%91%22button_text_color%22,%22button_bg_color__hover%22,%22button_text_color%22,%22button_text_color%22,%22button_text_color%22,%22button_bg_color%22,%22button_text_color__hover%22,%22background_color%22,%22border_color_all%22,%22background_color%22,%22background_color%22%93,%22gcid-eedb5146-9596-4faa-8e53-1b8865338375%22:%91%22button_bg_color%22,%22button_bg_color%22,%22button_bg_color%22,%22button_text_color%22,%22button_bg_color__hover%22%93}&#8220; button_text_color__hover=&#8220;#c2d1d7&#8243; button_text_color__hover_enabled=&#8220;on|desktop&#8220;]<\/p>\n<ul>\n<li>Ca. 200 m vom Hauptgeb\u00e4ude entfernt, direkt am Strand gelegen<\/li>\n<li>Gesamtkapazit\u00e4t: 10 Zimmer<\/li>\n<li>4 Doppelzimmer mit Zustellbett, Meerblick<\/li>\n<li>1 Doppelzimmer mit Meerblick<\/li>\n<li>4 Doppelzimmer mit Parkblick<\/li>\n<li>Alle Zimmer mit SAT-TV<\/li>\n<li>Alle Zimmer ohne Balkon<\/li>\n<li>M\u00f6glichkeit zur Nutzung eines Babybetts<\/li>\n<li>Haustiere sind willkommen<\/li>\n<\/ul>\n<p>[\/et_pb_text][et_pb_button button_url=&#8220;https:\/\/www.hotel-kimen.com\/de\/haus-kimen\/&#8220; url_new_window=&#8220;on&#8220; button_text=&#8220;MEHR ERFAHNREN&#8220; _builder_version=&#8220;4.18.0&#8243; _module_preset=&#8220;4435dd2a-dbe5-467f-80b4-2130759d3057&#8243; button_text_color=&#8220;gcid-eedb5146-9596-4faa-8e53-1b8865338375&#8243; button_bg_color=&#8220;gcid-85037172-fba5-40c1-a92b-f6674d6e47fd&#8220; locked=&#8220;off&#8220; global_colors_info=&#8220;{%22gcid-85037172-fba5-40c1-a92b-f6674d6e47fd%22:%91%22button_text_color%22,%22button_bg_color__hover%22,%22button_text_color%22,%22button_text_color%22,%22button_text_color%22,%22button_text_color%22,%22button_bg_color%22,%22button_text_color__hover%22%93,%22gcid-eedb5146-9596-4faa-8e53-1b8865338375%22:%91%22button_bg_color%22,%22button_bg_color%22,%22button_bg_color%22,%22button_bg_color%22,%22button_text_color%22,%22button_bg_color__hover%22%93}&#8220; button_text_color__hover=&#8220;#c2d1d7&#8243; button_text_color__hover_enabled=&#8220;on|desktop&#8220; button_bg_color__hover=&#8220;#0a465e&#8220; button_bg_enable_color__hover=&#8220;on&#8220;][\/et_pb_button][\/et_pb_column][\/et_pb_row][\/et_pb_section][et_pb_section fb_built=&#8220;1&#8243; next_background_color=&#8220;#ffffff&#8220; admin_label=&#8220;Hero &#8211; Kamp Kova\u010dine&#8220; module_class=&#8220;dh-valign-center-section&#8220; _builder_version=&#8220;4.18.0&#8243; background_image=&#8220;https:\/\/cresanka.hr\/wp-content\/uploads\/2022\/08\/Kamp-Kovacine-Otok-Cres.webp&#8220; background_position=&#8220;bottom_center&#8220; height=&#8220;80vh&#8220; bottom_divider_style=&#8220;asymmetric&#8220; bottom_divider_flip=&#8220;vertical|horizontal&#8220; bottom_divider_height_tablet=&#8220;&#8220; bottom_divider_height_phone=&#8220;50px&#8220; bottom_divider_height_last_edited=&#8220;on|phone&#8220; collapsed=&#8220;on&#8220; global_colors_info=&#8220;{}&#8220;][\/et_pb_section][et_pb_section fb_built=&#8220;1&#8243; admin_label=&#8220;Kamp Kova\u010dine&#8220; _builder_version=&#8220;4.18.0&#8243; _module_preset=&#8220;default&#8220; background_size=&#8220;initial&#8220; background_position=&#8220;top_left&#8220; background_repeat=&#8220;repeat&#8220; locked=&#8220;off&#8220; collapsed=&#8220;on&#8220; global_colors_info=&#8220;{}&#8220; text_font_size_last_edited=&#8220;on|phone&#8220; header_2_font_size_tablet=&#8220;2em&#8220; header_2_font_size_phone=&#8220;1.5em&#8220; header_2_font_size_last_edited=&#8220;on|phone&#8220; header_2_letter_spacing_phone=&#8220;-1px&#8220; header_2_letter_spacing_last_edited=&#8220;on|phone&#8220; text_font_size_tablet=&#8220;2em&#8220; text_font_size_phone=&#8220;2em&#8220;][et_pb_row column_structure=&#8220;2_3,1_3&#8243; admin_label=&#8220;Kamp Kova\u010dine &#8211; Opis&#8220; _builder_version=&#8220;4.18.0&#8243; _module_preset=&#8220;default&#8220; width=&#8220;55%&#8220; width_tablet=&#8220;55%&#8220; width_phone=&#8220;80%&#8220; width_last_edited=&#8220;on|phone&#8220; border_color_bottom=&#8220;gcid-85037172-fba5-40c1-a92b-f6674d6e47fd&#8220; collapsed=&#8220;on&#8220; global_colors_info=&#8220;{%22gcid-85037172-fba5-40c1-a92b-f6674d6e47fd%22:%91%22border_color_bottom%22%93}&#8220;][et_pb_column type=&#8220;2_3&#8243; _builder_version=&#8220;4.18.0&#8243; _module_preset=&#8220;default&#8220; global_colors_info=&#8220;{}&#8220;][et_pb_image src=&#8220;https:\/\/cresanka.hr\/wp-content\/uploads\/2022\/08\/Kamp_Kovac\u030cine_Logotip_pozitiv.svg&#8220; alt=&#8220;Campingplatz Kova\u010dine&#8220; title_text=&#8220;Campingplatz Kova\u010dine&#8220; url=&#8220;https:\/\/www.camp-kovacine.com&#8220; url_new_window=&#8220;on&#8220; align_tablet=&#8220;&#8220; align_phone=&#8220;left&#8220; align_last_edited=&#8220;on|phone&#8220; disabled_on=&#8220;off|on|on&#8220; admin_label=&#8220;Logo&#8220; _builder_version=&#8220;4.18.0&#8243; _module_preset=&#8220;default&#8220; width=&#8220;70%&#8220; width_tablet=&#8220;70%&#8220; width_phone=&#8220;60%&#8220; width_last_edited=&#8220;on|phone&#8220; module_alignment=&#8220;right&#8220; module_alignment_tablet=&#8220;right&#8220; module_alignment_phone=&#8220;left&#8220; module_alignment_last_edited=&#8220;on|phone&#8220; locked=&#8220;off&#8220; global_colors_info=&#8220;{}&#8220;][\/et_pb_image][et_pb_text admin_label=&#8220;Naslov&#8220; _builder_version=&#8220;4.18.0&#8243; text_font=&#8220;|300|||||||&#8220; text_font_size=&#8220;2em&#8220; header_font=&#8220;|300|||||||&#8220; header_font_size=&#8220;3.13em&#8220; header_letter_spacing=&#8220;1px&#8220; header_2_font=&#8220;|300|||||||&#8220; header_2_font_size=&#8220;2em&#8220; header_5_font=&#8220;|300|||||||&#8220; header_6_font=&#8220;|800|||||||&#8220; header_6_text_color=&#8220;#FFFFFF&#8220; header_6_letter_spacing=&#8220;4px&#8220; header_6_line_height=&#8220;1.4em&#8220; background_size=&#8220;initial&#8220; background_position=&#8220;top_left&#8220; background_repeat=&#8220;repeat&#8220; text_font_size_tablet=&#8220;2em&#8220; text_font_size_phone=&#8220;2em&#8220; text_font_size_last_edited=&#8220;on|phone&#8220; header_2_font_size_tablet=&#8220;2em&#8220; header_2_font_size_phone=&#8220;1.5em&#8220; header_2_font_size_last_edited=&#8220;on|phone&#8220; header_2_letter_spacing_tablet=&#8220;&#8220; header_2_letter_spacing_phone=&#8220;-1px&#8220; header_2_letter_spacing_last_edited=&#8220;on|phone&#8220; global_colors_info=&#8220;{}&#8220;]<\/p>\n<h2>Campingplatz Kova\u010dine<\/h2>\n<h5>Mehr als ein Abenteuer<\/h5>\n<p>[\/et_pb_text][et_pb_text admin_label=&#8220;Opis&#8220; _builder_version=&#8220;4.18.0&#8243; _module_preset=&#8220;default&#8220; text_font=&#8220;||||||||&#8220; text_text_color=&#8220;#000000&#8243; text_letter_spacing=&#8220;1px&#8220; text_line_height=&#8220;2em&#8220; global_colors_info=&#8220;{}&#8220;]<\/p>\n<p>Unter Pinien und Olivenb\u00e4umen und vom Meer umgeben, k\u00f6nnen Sie im Campingplatz Kova\u010dine die Freiheit und das rustikale Leben der Insel erleben, ohne auf Komfort verzichten zu m\u00fcssen.<\/p>\n<p>Ausgestattet mit hervorragenden Einrichtungen f\u00fcr Ihren Komfort und mit reichhaltigem Angebot und Aktivit\u00e4ten, bietet Ihnen der Campingplatz Kova\u010dine das Beste aus beiden Welten \u2013 Reaktivierung der Sinne durch die Einwirkung von Naturkr\u00e4ften mit wahrer Entspannung sowie Revitalisierung durch kraftvolle autochthone Erfahrungen und Erlebnisse.<\/p>\n<p>[\/et_pb_text][\/et_pb_column][et_pb_column type=&#8220;1_3&#8243; _builder_version=&#8220;4.18.0&#8243; _module_preset=&#8220;default&#8220; background_enable_color=&#8220;off&#8220; global_colors_info=&#8220;{%22gcid-85037172-fba5-40c1-a92b-f6674d6e47fd%22:%91%22background_color%22%93}&#8220;][et_pb_image src=&#8220;https:\/\/cresanka.hr\/wp-content\/uploads\/2022\/08\/Kamp_Kovac\u030cine_Logotip_pozitiv.svg&#8220; alt=&#8220;Campingplatz Kova\u010dine&#8220; title_text=&#8220;Campingplatz Kova\u010dine&#8220; url=&#8220;https:\/\/www.camp-kovacine.com&#8220; url_new_window=&#8220;on&#8220; disabled_on=&#8220;on|off|off&#8220; admin_label=&#8220;Logo&#8220; _builder_version=&#8220;4.18.0&#8243; _module_preset=&#8220;default&#8220; width=&#8220;70%&#8220; module_alignment=&#8220;right&#8220; global_colors_info=&#8220;{}&#8220;][\/et_pb_image][\/et_pb_column][\/et_pb_row][et_pb_row column_structure=&#8220;1_3,1_3,1_3&#8243; use_custom_gutter=&#8220;on&#8220; gutter_width=&#8220;2&#8243; admin_label=&#8220;Smje\u0161tajne jedinice&#8220; _builder_version=&#8220;4.18.0&#8243; _module_preset=&#8220;default&#8220; width=&#8220;55%&#8220; width_tablet=&#8220;55%&#8220; width_phone=&#8220;80%&#8220; width_last_edited=&#8220;on|phone&#8220; border_color_bottom=&#8220;gcid-85037172-fba5-40c1-a92b-f6674d6e47fd&#8220; collapsed=&#8220;on&#8220; global_colors_info=&#8220;{%22gcid-85037172-fba5-40c1-a92b-f6674d6e47fd%22:%91%22border_color_bottom%22%93}&#8220;][et_pb_column type=&#8220;1_3&#8243; _builder_version=&#8220;4.18.0&#8243; _module_preset=&#8220;default&#8220; global_colors_info=&#8220;{}&#8220;][et_pb_text admin_label=&#8220;Mobilne ku\u0107ice&#8220; _builder_version=&#8220;4.18.0&#8243; _module_preset=&#8220;default&#8220; text_font=&#8220;|||on|||||&#8220; text_text_color=&#8220;#000000&#8243; text_font_size=&#8220;11px&#8220; text_letter_spacing=&#8220;0.5px&#8220; header_6_font=&#8220;|800|||||||&#8220; header_6_letter_spacing=&#8220;2px&#8220; background_enable_color=&#8220;off&#8220; custom_margin=&#8220;||0px||false|false&#8220; custom_padding=&#8220;25px|25px|10px|25px|false|true&#8220; border_width_all=&#8220;1px&#8220; border_color_all=&#8220;gcid-85037172-fba5-40c1-a92b-f6674d6e47fd&#8220; global_colors_info=&#8220;{%22gcid-85037172-fba5-40c1-a92b-f6674d6e47fd%22:%91%22background_color%22,%22border_color_all%22,%22background_color%22%93}&#8220;]<\/p>\n<h6>MOBILHEIME<\/h6>\n<p>[\/et_pb_text][et_pb_image src=&#8220;https:\/\/cresanka.hr\/wp-content\/uploads\/2022\/08\/Mobilne-kucice-Kamp-Kovacine-Otok-Cres.webp&#8220; alt=&#8220;Mobilheime &#8211; Campingplatz Kova\u010dine&#8220; title_text=&#8220;Mobilheime &#8211; Campingplatz Kova\u010dine&#8220; show_bottom_space=&#8220;off&#8220; _builder_version=&#8220;4.18.0&#8243; _module_preset=&#8220;default&#8220; locked=&#8220;off&#8220; global_colors_info=&#8220;{}&#8220;][\/et_pb_image][et_pb_text _builder_version=&#8220;4.27.5&#8243; _module_preset=&#8220;default&#8220; text_font=&#8220;|||on|||||&#8220; text_text_color=&#8220;#000000&#8243; text_font_size=&#8220;11px&#8220; text_letter_spacing=&#8220;0.5px&#8220; header_6_font=&#8220;|800|||||||&#8220; header_6_letter_spacing=&#8220;2px&#8220; background_enable_color=&#8220;off&#8220; custom_margin=&#8220;||0px||false|false&#8220; custom_padding=&#8220;25px|25px|25px|25px|true|true&#8220; hover_enabled=&#8220;0&#8243; border_width_all=&#8220;1px&#8220; border_color_all=&#8220;gcid-85037172-fba5-40c1-a92b-f6674d6e47fd&#8220; global_colors_info=&#8220;{%22gcid-85037172-fba5-40c1-a92b-f6674d6e47fd%22:%91%22background_color%22,%22border_color_all%22,%22background_color%22%93}&#8220; sticky_enabled=&#8220;0&#8243;]<\/p>\n<ul>\n<li>309 Mobilheime<\/li>\n<li>In einem Pinienwald gelegen, direkt am Meer<\/li>\n<li>Klimaanlage<\/li>\n<li>Bettw\u00e4sche<\/li>\n<li>K\u00fcchenutensilien<\/li>\n<li>Safe f\u00fcr Wertsachen<\/li>\n<li>Gartentisch und St\u00fchle (vor dem Mobilheim)<\/li>\n<li>Handt\u00fccher sind nicht im Angebot enthalten<\/li>\n<\/ul>\n<p>[\/et_pb_text][et_pb_button button_url=&#8220;https:\/\/camp-kovacine.com\/de\/unterkunft\/mobilheime-campingplatz-kovacine-insel-cres\/&#8220; url_new_window=&#8220;on&#8220; button_text=&#8220;MEHR ERFAHNREN&#8220; _builder_version=&#8220;4.18.0&#8243; _module_preset=&#8220;4435dd2a-dbe5-467f-80b4-2130759d3057&#8243; button_text_color=&#8220;gcid-eedb5146-9596-4faa-8e53-1b8865338375&#8243; button_bg_color=&#8220;gcid-85037172-fba5-40c1-a92b-f6674d6e47fd&#8220; global_colors_info=&#8220;{%22gcid-85037172-fba5-40c1-a92b-f6674d6e47fd%22:%91%22button_text_color%22,%22button_text_color%22,%22button_text_color%22,%22button_bg_color%22,%22button_text_color__hover%22%93,%22gcid-eedb5146-9596-4faa-8e53-1b8865338375%22:%91%22button_bg_color%22,%22button_text_color__hover%22,%22button_bg_color%22,%22button_text_color%22,%22button_bg_color__hover%22%93}&#8220; button_text_color__hover=&#8220;#c2d1d7&#8243; button_bg_color__hover=&#8220;#0a465e&#8220; button_bg_enable_color__hover=&#8220;on&#8220;][\/et_pb_button][\/et_pb_column][et_pb_column type=&#8220;1_3&#8243; _builder_version=&#8220;4.18.0&#8243; _module_preset=&#8220;default&#8220; background_enable_color=&#8220;off&#8220; global_colors_info=&#8220;{%22gcid-85037172-fba5-40c1-a92b-f6674d6e47fd%22:%91%22background_color%22%93}&#8220;][et_pb_text admin_label=&#8220;Parcele&#8220; _builder_version=&#8220;4.18.0&#8243; _module_preset=&#8220;default&#8220; text_font=&#8220;|||on|||||&#8220; text_text_color=&#8220;#000000&#8243; text_font_size=&#8220;11px&#8220; text_letter_spacing=&#8220;0.5px&#8220; header_6_font=&#8220;|800|||||||&#8220; header_6_letter_spacing=&#8220;2px&#8220; background_enable_color=&#8220;off&#8220; custom_margin=&#8220;||0px||false|false&#8220; custom_padding=&#8220;25px|25px|10px|25px|false|true&#8220; border_width_all=&#8220;1px&#8220; border_color_all=&#8220;gcid-85037172-fba5-40c1-a92b-f6674d6e47fd&#8220; global_colors_info=&#8220;{%22gcid-85037172-fba5-40c1-a92b-f6674d6e47fd%22:%91%22background_color%22,%22border_color_all%22,%22background_color%22,%22background_color%22,%22border_color_all%22,%22background_color%22%93}&#8220;]<\/p>\n<h6>STELLPL\u00c4TZE<\/h6>\n<p>[\/et_pb_text][et_pb_image src=&#8220;https:\/\/cresanka.hr\/wp-content\/uploads\/2022\/08\/Parcele-autokamp-Kamp-Kovacine-Otok-Cres.webp&#8220; alt=&#8220;Stellpl\u00e4tze im Campingplatz Kova\u010dine&#8220; title_text=&#8220;Stellpl\u00e4tze im Campingplatz Kova\u010dine&#8220; show_bottom_space=&#8220;off&#8220; _builder_version=&#8220;4.18.0&#8243; _module_preset=&#8220;default&#8220; locked=&#8220;off&#8220; global_colors_info=&#8220;{}&#8220;][\/et_pb_image][et_pb_text _builder_version=&#8220;4.18.0&#8243; _module_preset=&#8220;default&#8220; text_font=&#8220;|||on|||||&#8220; text_text_color=&#8220;#000000&#8243; text_font_size=&#8220;11px&#8220; text_letter_spacing=&#8220;0.5px&#8220; header_6_font=&#8220;|800|||||||&#8220; header_6_letter_spacing=&#8220;2px&#8220; background_enable_color=&#8220;off&#8220; custom_margin=&#8220;||0px||false|false&#8220; custom_padding=&#8220;25px|25px|25px|25px|true|true&#8220; border_width_all=&#8220;1px&#8220; border_color_all=&#8220;gcid-85037172-fba5-40c1-a92b-f6674d6e47fd&#8220; global_colors_info=&#8220;{%22gcid-85037172-fba5-40c1-a92b-f6674d6e47fd%22:%91%22background_color%22,%22border_color_all%22,%22background_color%22,%22background_color%22,%22border_color_all%22,%22background_color%22%93}&#8220;]<\/p>\n<ul>\n<li>950+ Stellpl\u00e4tze und Campingpl\u00e4tze<\/li>\n<li>Ca. 700 Parzellen &gt;Textilbereich des Campingplatzes<\/li>\n<li>Ca. 250 Parzellen &gt; FKK-Bereich<\/li>\n<li>Parzellengr\u00f6\u00dfe: 60\u2013120 m<sup>\u00b2<\/sup><\/li>\n<li>Gemeinschaftsverteiler \u2013 Stromanschluss und 2 Wasserh\u00e4hne pro Verteiler<\/li>\n<\/ul>\n<p>[\/et_pb_text][et_pb_button button_url=&#8220;https:\/\/camp-kovacine.com\/de\/unterkunft\/stellplaetze-campingplatz-kovacine-insle-cres\/&#8220; url_new_window=&#8220;on&#8220; button_text=&#8220;MEHR ERFAHNREN&#8220; _builder_version=&#8220;4.18.0&#8243; _module_preset=&#8220;4435dd2a-dbe5-467f-80b4-2130759d3057&#8243; button_text_color=&#8220;gcid-eedb5146-9596-4faa-8e53-1b8865338375&#8243; button_bg_color=&#8220;gcid-85037172-fba5-40c1-a92b-f6674d6e47fd&#8220; global_colors_info=&#8220;{%22gcid-85037172-fba5-40c1-a92b-f6674d6e47fd%22:%91%22button_text_color%22,%22button_text_color%22,%22button_text_color%22,%22button_bg_color%22,%22button_text_color__hover%22%93,%22gcid-eedb5146-9596-4faa-8e53-1b8865338375%22:%91%22button_bg_color%22,%22button_text_color__hover%22,%22button_bg_color%22,%22button_text_color%22,%22button_bg_color__hover%22%93}&#8220; button_text_color__hover=&#8220;#c2d1d7&#8243; button_bg_color__hover=&#8220;#0a465e&#8220; button_bg_enable_color__hover=&#8220;on&#8220;][\/et_pb_button][\/et_pb_column][et_pb_column type=&#8220;1_3&#8243; _builder_version=&#8220;4.18.0&#8243; _module_preset=&#8220;default&#8220; background_enable_color=&#8220;off&#8220; global_colors_info=&#8220;{%22gcid-85037172-fba5-40c1-a92b-f6674d6e47fd%22:%91%22background_color%22%93}&#8220;][et_pb_text admin_label=&#8220;Ku\u0107a Tamaris&#8220; _builder_version=&#8220;4.18.0&#8243; _module_preset=&#8220;default&#8220; text_font=&#8220;|||on|||||&#8220; text_text_color=&#8220;#000000&#8243; text_font_size=&#8220;11px&#8220; text_letter_spacing=&#8220;0.5px&#8220; header_6_font=&#8220;|800|||||||&#8220; header_6_letter_spacing=&#8220;2px&#8220; background_enable_color=&#8220;off&#8220; custom_margin=&#8220;||0px||false|false&#8220; custom_padding=&#8220;25px|25px|10px|25px|false|true&#8220; border_width_all=&#8220;1px&#8220; border_color_all=&#8220;gcid-85037172-fba5-40c1-a92b-f6674d6e47fd&#8220; global_colors_info=&#8220;{%22gcid-85037172-fba5-40c1-a92b-f6674d6e47fd%22:%91%22background_color%22,%22border_color_all%22,%22background_color%22,%22background_color%22,%22border_color_all%22,%22background_color%22%93}&#8220;]<\/p>\n<h6>HAUS TAMARIS<\/h6>\n<p>[\/et_pb_text][et_pb_image src=&#8220;https:\/\/cresanka.hr\/wp-content\/uploads\/2022\/08\/Kuca-Tamaris-Kamp-Kovacine-Otok-Cres.webp&#8220; alt=&#8220;Haus Tamaris &#8211; Campingplatz Kova\u010dine&#8220; title_text=&#8220;Haus Tamaris &#8211; Campingplatz Kova\u010dine&#8220; show_bottom_space=&#8220;off&#8220; _builder_version=&#8220;4.18.0&#8243; _module_preset=&#8220;default&#8220; locked=&#8220;off&#8220; global_colors_info=&#8220;{}&#8220;][\/et_pb_image][et_pb_text _builder_version=&#8220;4.18.0&#8243; _module_preset=&#8220;default&#8220; text_font=&#8220;|||on|||||&#8220; text_text_color=&#8220;#000000&#8243; text_font_size=&#8220;11px&#8220; text_letter_spacing=&#8220;0.5px&#8220; header_6_font=&#8220;|800|||||||&#8220; header_6_letter_spacing=&#8220;2px&#8220; background_enable_color=&#8220;off&#8220; custom_margin=&#8220;||0px||false|false&#8220; custom_padding=&#8220;25px|25px|25px|25px|true|true&#8220; border_width_all=&#8220;1px&#8220; border_color_all=&#8220;gcid-85037172-fba5-40c1-a92b-f6674d6e47fd&#8220; global_colors_info=&#8220;{%22gcid-85037172-fba5-40c1-a92b-f6674d6e47fd%22:%91%22background_color%22,%22border_color_all%22,%22background_color%22,%22background_color%22,%22border_color_all%22,%22background_color%22%93}&#8220;]<\/p>\n<ul>\n<li>13 liebevoll eingerichtete Zimmer<\/li>\n<li>Restaurant im Erdgeschoss (\u00c0-la-carte)<\/li>\n<li>Gesch\u00e4ft<\/li>\n<li>Sommerterrasse direkt am Meer<\/li>\n<li>Eigenes Badezimmer und WC<\/li>\n<li>Klimaanlage<\/li>\n<li>Minibar<\/li>\n<li>Telefon<\/li>\n<li>SAT i TV<\/li>\n<\/ul>\n<p>[\/et_pb_text][et_pb_button button_url=&#8220;https:\/\/camp-kovacine.com\/de\/unterkunft\/haus-tamaris-kampingplatz-kovacine-insel-cres\/&#8220; url_new_window=&#8220;on&#8220; button_text=&#8220;MEHR ERFAHNREN&#8220; _builder_version=&#8220;4.18.0&#8243; _module_preset=&#8220;4435dd2a-dbe5-467f-80b4-2130759d3057&#8243; button_text_color=&#8220;gcid-eedb5146-9596-4faa-8e53-1b8865338375&#8243; button_bg_color=&#8220;gcid-85037172-fba5-40c1-a92b-f6674d6e47fd&#8220; global_colors_info=&#8220;{%22gcid-85037172-fba5-40c1-a92b-f6674d6e47fd%22:%91%22button_text_color%22,%22button_text_color%22,%22button_text_color%22,%22button_bg_color%22,%22button_text_color__hover%22%93,%22gcid-eedb5146-9596-4faa-8e53-1b8865338375%22:%91%22button_bg_color%22,%22button_text_color__hover%22,%22button_bg_color%22,%22button_text_color%22,%22button_bg_color__hover%22%93}&#8220; button_text_color__hover=&#8220;#c2d1d7&#8243; button_bg_color__hover=&#8220;#0a465e&#8220; button_bg_enable_color__hover=&#8220;on&#8220;][\/et_pb_button][\/et_pb_column][\/et_pb_row][\/et_pb_section][et_pb_section fb_built=&#8220;1&#8243; next_background_color=&#8220;#ffffff&#8220; admin_label=&#8220;Hero Kamp Zdovica&#8220; module_class=&#8220;dh-valign-center-section&#8220; _builder_version=&#8220;4.18.0&#8243; background_image=&#8220;https:\/\/cresanka.hr\/wp-content\/uploads\/2022\/08\/Kamp-Zdovica-valun-cres.webp&#8220; background_position=&#8220;bottom_center&#8220; height=&#8220;80vh&#8220; bottom_divider_style=&#8220;asymmetric&#8220; bottom_divider_flip=&#8220;vertical|horizontal&#8220; bottom_divider_height_tablet=&#8220;&#8220; bottom_divider_height_phone=&#8220;50px&#8220; bottom_divider_height_last_edited=&#8220;on|phone&#8220; locked=&#8220;off&#8220; collapsed=&#8220;on&#8220; global_colors_info=&#8220;{}&#8220;][\/et_pb_section][et_pb_section fb_built=&#8220;1&#8243; admin_label=&#8220;Kamp Zdovica&#8220; _builder_version=&#8220;4.18.0&#8243; _module_preset=&#8220;default&#8220; custom_padding=&#8220;0px||||false|false&#8220; locked=&#8220;off&#8220; collapsed=&#8220;on&#8220; global_colors_info=&#8220;{}&#8220;][et_pb_row column_structure=&#8220;2_3,1_3&#8243; admin_label=&#8220;Kamp Zdovica &#8211; Opis&#8220; _builder_version=&#8220;4.18.0&#8243; _module_preset=&#8220;default&#8220; width=&#8220;55%&#8220; width_tablet=&#8220;55%&#8220; width_phone=&#8220;80%&#8220; width_last_edited=&#8220;on|phone&#8220; border_color_bottom=&#8220;gcid-85037172-fba5-40c1-a92b-f6674d6e47fd&#8220; collapsed=&#8220;off&#8220; global_colors_info=&#8220;{%22gcid-85037172-fba5-40c1-a92b-f6674d6e47fd%22:%91%22border_color_bottom%22%93}&#8220;][et_pb_column type=&#8220;2_3&#8243; _builder_version=&#8220;4.18.0&#8243; _module_preset=&#8220;default&#8220; global_colors_info=&#8220;{}&#8220;][et_pb_image src=&#8220;https:\/\/cresanka.hr\/wp-content\/uploads\/2022\/08\/Kamp-Zdovica-otok-Cres-logo.svg&#8220; alt=&#8220;Campingplatz Zdovica&#8220; title_text=&#8220;Campingplatz Zdovica&#8220; url=&#8220;https:\/\/www.camp-zdovica.com&#8220; url_new_window=&#8220;on&#8220; align=&#8220;right&#8220; align_tablet=&#8220;right&#8220; align_phone=&#8220;left&#8220; align_last_edited=&#8220;on|phone&#8220; disabled_on=&#8220;off|on|on&#8220; admin_label=&#8220;Logo&#8220; _builder_version=&#8220;4.18.0&#8243; _module_preset=&#8220;default&#8220; height=&#8220;50px&#8220; locked=&#8220;off&#8220; global_colors_info=&#8220;{}&#8220;][\/et_pb_image][et_pb_text admin_label=&#8220;Naslov&#8220; _builder_version=&#8220;4.18.0&#8243; text_font=&#8220;|300|||||||&#8220; text_font_size=&#8220;2em&#8220; header_font=&#8220;|300|||||||&#8220; header_font_size=&#8220;3.13em&#8220; header_letter_spacing=&#8220;1px&#8220; header_2_font=&#8220;|300|||||||&#8220; header_2_font_size=&#8220;2em&#8220; header_5_font=&#8220;|300|||||||&#8220; header_6_font=&#8220;|800|||||||&#8220; header_6_text_color=&#8220;#FFFFFF&#8220; header_6_letter_spacing=&#8220;4px&#8220; header_6_line_height=&#8220;1.4em&#8220; background_size=&#8220;initial&#8220; background_position=&#8220;top_left&#8220; background_repeat=&#8220;repeat&#8220; text_font_size_tablet=&#8220;2em&#8220; text_font_size_phone=&#8220;2em&#8220; text_font_size_last_edited=&#8220;on|phone&#8220; header_2_font_size_tablet=&#8220;2em&#8220; header_2_font_size_phone=&#8220;1.5em&#8220; header_2_font_size_last_edited=&#8220;on|phone&#8220; header_2_letter_spacing_tablet=&#8220;&#8220; header_2_letter_spacing_phone=&#8220;-1px&#8220; header_2_letter_spacing_last_edited=&#8220;on|phone&#8220; header_5_line_height_tablet=&#8220;&#8220; header_5_line_height_phone=&#8220;1.2em&#8220; header_5_line_height_last_edited=&#8220;on|phone&#8220; global_colors_info=&#8220;{}&#8220;]<\/p>\n<h2>Campingplatz Zdovica<\/h2>\n<h5>Idylle im Herzen mediterraner Vegetation<\/h5>\n<p>[\/et_pb_text][et_pb_text admin_label=&#8220;Opis&#8220; _builder_version=&#8220;4.27.5&#8243; _module_preset=&#8220;default&#8220; text_font=&#8220;||||||||&#8220; text_text_color=&#8220;#000000&#8243; text_letter_spacing=&#8220;1px&#8220; text_line_height=&#8220;2em&#8220; global_colors_info=&#8220;{}&#8220;]<\/p>\n<p>Dieser kleine, aber perfekt idyllische Campingplatz liegt im Herzen der Cres-Vegetation in der malerischen Bucht von Valun. Die Stille wird nur durch Wellenrauschen und Knarren der \u00c4ste in der Sommerbrise gest\u00f6rt. Wenn Sie mehr \u00fcber die Geschichte und Kultur der Insel und ihrer lebenslustigen Bewohner erfahren m\u00f6chten, m\u00fcssen Sie nicht weit gehen. Das Dorf Valun ist ein wahrer historischer Schatz und ein idealer Ausgangspunkt, um alle Besonderheiten der Insel Cres zu erkunden. F\u00fcr alle, die einen rustikalen Urlaub, eine echte Auszeit von der st\u00e4dtischen Umgebung und dem allt\u00e4glichen Leben w\u00fcnschen, ist Camp Zdovica der perfekte R\u00fcckzugsort am Rande der K\u00fcste.<\/p>\n<p>[\/et_pb_text][\/et_pb_column][et_pb_column type=&#8220;1_3&#8243; _builder_version=&#8220;4.18.0&#8243; _module_preset=&#8220;default&#8220; background_enable_color=&#8220;off&#8220; global_colors_info=&#8220;{%22gcid-85037172-fba5-40c1-a92b-f6674d6e47fd%22:%91%22background_color%22%93}&#8220;][et_pb_image src=&#8220;https:\/\/cresanka.hr\/wp-content\/uploads\/2022\/08\/Kamp-Zdovica-otok-Cres-logo.svg&#8220; alt=&#8220;Campingplatz Zdovica&#8220; title_text=&#8220;Campingplatz Zdovica&#8220; url=&#8220;https:\/\/www.camp-zdovica.com&#8220; url_new_window=&#8220;on&#8220; align=&#8220;right&#8220; disabled_on=&#8220;on|off|off&#8220; admin_label=&#8220;Logo&#8220; _builder_version=&#8220;4.18.0&#8243; _module_preset=&#8220;default&#8220; height=&#8220;50px&#8220; global_colors_info=&#8220;{}&#8220;][\/et_pb_image][\/et_pb_column][\/et_pb_row][et_pb_row column_structure=&#8220;1_3,1_3,1_3&#8243; use_custom_gutter=&#8220;on&#8220; gutter_width=&#8220;2&#8243; admin_label=&#8220;Smje\u0161tajne jedinice&#8220; _builder_version=&#8220;4.18.0&#8243; _module_preset=&#8220;default&#8220; width=&#8220;55%&#8220; width_tablet=&#8220;55%&#8220; width_phone=&#8220;80%&#8220; width_last_edited=&#8220;on|phone&#8220; border_color_bottom=&#8220;gcid-85037172-fba5-40c1-a92b-f6674d6e47fd&#8220; locked=&#8220;off&#8220; collapsed=&#8220;on&#8220; global_colors_info=&#8220;{%22gcid-85037172-fba5-40c1-a92b-f6674d6e47fd%22:%91%22border_color_bottom%22%93}&#8220;][et_pb_column type=&#8220;1_3&#8243; _builder_version=&#8220;4.18.0&#8243; _module_preset=&#8220;default&#8220; global_colors_info=&#8220;{}&#8220;][et_pb_text admin_label=&#8220;Kamp mjesta&#8220; _builder_version=&#8220;4.18.0&#8243; _module_preset=&#8220;default&#8220; text_font=&#8220;|||on|||||&#8220; text_text_color=&#8220;#000000&#8243; text_font_size=&#8220;11px&#8220; text_letter_spacing=&#8220;0.5px&#8220; header_6_font=&#8220;|800|||||||&#8220; header_6_letter_spacing=&#8220;2px&#8220; background_enable_color=&#8220;off&#8220; custom_margin=&#8220;||0px||false|false&#8220; custom_padding=&#8220;25px|25px|10px|25px|false|true&#8220; border_width_all=&#8220;1px&#8220; border_color_all=&#8220;gcid-85037172-fba5-40c1-a92b-f6674d6e47fd&#8220; global_colors_info=&#8220;{%22gcid-85037172-fba5-40c1-a92b-f6674d6e47fd%22:%91%22background_color%22,%22border_color_all%22,%22background_color%22,%22background_color%22%93}&#8220;]<\/p>\n<h6>Stellpl\u00e4tze<\/h6>\n<p>[\/et_pb_text][et_pb_image src=&#8220;https:\/\/cresanka.hr\/wp-content\/uploads\/2022\/08\/Kamp-zdovica-cres.webp&#8220; alt=&#8220;Campingplatz Zdovica &#8211; Cres&#8220; title_text=&#8220;Campingplatz Zdovica &#8211; Cres&#8220; show_bottom_space=&#8220;off&#8220; _builder_version=&#8220;4.18.0&#8243; _module_preset=&#8220;default&#8220; locked=&#8220;off&#8220; global_colors_info=&#8220;{}&#8220;][\/et_pb_image][et_pb_text _builder_version=&#8220;4.18.0&#8243; _module_preset=&#8220;default&#8220; text_font=&#8220;|||on|||||&#8220; text_text_color=&#8220;#000000&#8243; text_font_size=&#8220;11px&#8220; text_letter_spacing=&#8220;0.5px&#8220; header_6_font=&#8220;|800|||||||&#8220; header_6_letter_spacing=&#8220;2px&#8220; background_enable_color=&#8220;off&#8220; custom_margin=&#8220;||0px||false|false&#8220; custom_padding=&#8220;25px|25px|25px|25px|true|true&#8220; border_width_all=&#8220;1px&#8220; border_color_all=&#8220;gcid-85037172-fba5-40c1-a92b-f6674d6e47fd&#8220; global_colors_info=&#8220;{%22gcid-85037172-fba5-40c1-a92b-f6674d6e47fd%22:%91%22background_color%22,%22border_color_all%22,%22background_color%22,%22background_color%22%93}&#8220;]<\/p>\n<ul>\n<li>Direkt am Strand gelegen<\/li>\n<li>Kapazit\u00e4t f\u00fcr 250 Personen<\/li>\n<li>Beachvolleyballplatz<\/li>\n<li>Boccia-Bahn<\/li>\n<li>Basketballplatz<\/li>\n<li>Kinderspielplatz<\/li>\n<\/ul>\n<p>[\/et_pb_text][et_pb_button button_url=&#8220;https:\/\/camp-zdovica.com\/de\/campingplaetze\/&#8220; url_new_window=&#8220;on&#8220; button_text=&#8220;MEHR ERFAHNREN&#8220; _builder_version=&#8220;4.18.0&#8243; _module_preset=&#8220;4435dd2a-dbe5-467f-80b4-2130759d3057&#8243; button_text_color=&#8220;gcid-eedb5146-9596-4faa-8e53-1b8865338375&#8243; button_bg_color=&#8220;gcid-85037172-fba5-40c1-a92b-f6674d6e47fd&#8220; global_colors_info=&#8220;{%22gcid-85037172-fba5-40c1-a92b-f6674d6e47fd%22:%91%22button_text_color%22,%22button_text_color%22,%22button_text_color%22,%22button_bg_color%22,%22button_text_color__hover%22%93,%22gcid-eedb5146-9596-4faa-8e53-1b8865338375%22:%91%22button_bg_color%22,%22button_text_color__hover%22,%22button_bg_color%22,%22button_text_color%22,%22button_bg_color__hover%22%93}&#8220; button_text_color__hover=&#8220;#c2d1d7&#8243; button_bg_color__hover=&#8220;#0a465e&#8220; button_bg_enable_color__hover=&#8220;on&#8220;][\/et_pb_button][\/et_pb_column][et_pb_column type=&#8220;1_3&#8243; _builder_version=&#8220;4.18.0&#8243; _module_preset=&#8220;default&#8220; background_enable_color=&#8220;off&#8220; global_colors_info=&#8220;{%22gcid-85037172-fba5-40c1-a92b-f6674d6e47fd%22:%91%22background_color%22%93}&#8220;][\/et_pb_column][et_pb_column type=&#8220;1_3&#8243; _builder_version=&#8220;4.18.0&#8243; _module_preset=&#8220;default&#8220; background_enable_color=&#8220;off&#8220; global_colors_info=&#8220;{%22gcid-85037172-fba5-40c1-a92b-f6674d6e47fd%22:%91%22background_color%22%93}&#8220;][\/et_pb_column][\/et_pb_row][\/et_pb_section][et_pb_section fb_built=&#8220;1&#8243; next_background_color=&#8220;#ffffff&#8220; admin_label=&#8220;Hero &#8211; Apartmani i sobe&#8220; module_class=&#8220;dh-valign-center-section&#8220; _builder_version=&#8220;4.18.0&#8243; background_image=&#8220;https:\/\/cresanka.hr\/wp-content\/uploads\/2022\/08\/Apartmani-Cres.webp&#8220; background_position=&#8220;bottom_center&#8220; height=&#8220;80vh&#8220; bottom_divider_style=&#8220;asymmetric&#8220; bottom_divider_flip=&#8220;vertical|horizontal&#8220; bottom_divider_height_tablet=&#8220;&#8220; bottom_divider_height_phone=&#8220;50px&#8220; bottom_divider_height_last_edited=&#8220;on|phone&#8220; locked=&#8220;off&#8220; collapsed=&#8220;on&#8220; global_colors_info=&#8220;{}&#8220;][\/et_pb_section][et_pb_section fb_built=&#8220;1&#8243; admin_label=&#8220;Apartmani i sobe &#8211; Opis&#8220; _builder_version=&#8220;4.18.0&#8243; _module_preset=&#8220;default&#8220; custom_padding=&#8220;0px||0px||true|false&#8220; locked=&#8220;off&#8220; collapsed=&#8220;on&#8220; global_colors_info=&#8220;{}&#8220;][et_pb_row column_structure=&#8220;2_3,1_3&#8243; admin_label=&#8220;Apartmani i sobe&#8220; _builder_version=&#8220;4.18.0&#8243; _module_preset=&#8220;default&#8220; width=&#8220;55%&#8220; width_tablet=&#8220;55%&#8220; width_phone=&#8220;80%&#8220; width_last_edited=&#8220;on|phone&#8220; border_color_bottom=&#8220;gcid-85037172-fba5-40c1-a92b-f6674d6e47fd&#8220; collapsed=&#8220;on&#8220; global_colors_info=&#8220;{%22gcid-85037172-fba5-40c1-a92b-f6674d6e47fd%22:%91%22border_color_bottom%22%93}&#8220;][et_pb_column type=&#8220;2_3&#8243; _builder_version=&#8220;4.18.0&#8243; _module_preset=&#8220;default&#8220; global_colors_info=&#8220;{}&#8220;][et_pb_image src=&#8220;https:\/\/cresanka.hr\/wp-content\/uploads\/2022\/08\/Apartmani_Cres_Cresanka.svg&#8220; alt=&#8220;Apartments Cres&#8220; title_text=&#8220;Apartments Cres&#8220; url=&#8220;https:\/\/www.tbcres.com&#8220; url_new_window=&#8220;on&#8220; align=&#8220;right&#8220; align_tablet=&#8220;right&#8220; align_phone=&#8220;left&#8220; align_last_edited=&#8220;on|phone&#8220; disabled_on=&#8220;off|on|on&#8220; admin_label=&#8220;Logo&#8220; _builder_version=&#8220;4.18.0&#8243; _module_preset=&#8220;default&#8220; height=&#8220;100px&#8220; locked=&#8220;off&#8220; global_colors_info=&#8220;{}&#8220;][\/et_pb_image][et_pb_text admin_label=&#8220;Naslov&#8220; _builder_version=&#8220;4.18.0&#8243; text_font=&#8220;|300|||||||&#8220; text_font_size=&#8220;2em&#8220; header_font=&#8220;|300|||||||&#8220; header_font_size=&#8220;3.13em&#8220; header_letter_spacing=&#8220;1px&#8220; header_2_font=&#8220;|300|||||||&#8220; header_2_font_size=&#8220;2em&#8220; header_5_font=&#8220;|300|||||||&#8220; header_6_font=&#8220;|800|||||||&#8220; header_6_text_color=&#8220;#FFFFFF&#8220; header_6_letter_spacing=&#8220;4px&#8220; header_6_line_height=&#8220;1.4em&#8220; background_size=&#8220;initial&#8220; background_position=&#8220;top_left&#8220; background_repeat=&#8220;repeat&#8220; text_font_size_tablet=&#8220;2em&#8220; text_font_size_phone=&#8220;2em&#8220; text_font_size_last_edited=&#8220;on|phone&#8220; header_2_font_size_tablet=&#8220;2em&#8220; header_2_font_size_phone=&#8220;1.5em&#8220; header_2_font_size_last_edited=&#8220;on|phone&#8220; header_2_letter_spacing_tablet=&#8220;&#8220; header_2_letter_spacing_phone=&#8220;-1px&#8220; header_2_letter_spacing_last_edited=&#8220;on|phone&#8220; global_colors_info=&#8220;{}&#8220;]<\/p>\n<h2>Apartments Cres<\/h2>\n<h5>Auf Ihre Bed\u00fcrfnisse zugeschnittenes Inselerlebnis<\/h5>\n<p>[\/et_pb_text][et_pb_text admin_label=&#8220;Opis&#8220; _builder_version=&#8220;4.18.0&#8243; _module_preset=&#8220;default&#8220; text_font=&#8220;||||||||&#8220; text_text_color=&#8220;#000000&#8243; text_letter_spacing=&#8220;1px&#8220; text_line_height=&#8220;2em&#8220; global_colors_info=&#8220;{}&#8220;]<\/p>\n<p>Die Stadt Cres verf\u00fcgt \u00fcber viele Privatunterk\u00fcnfte. Um Ihnen ein unvergessliches Erlebnis auf der Insel zu erm\u00f6glichen, haben wir autochthone Unterk\u00fcnfte auserlesen, in denen Sie mit freundlichen und herzlichen Gastgebern die Kultur der Insel Cres richtig kennenlernen und dank dem Eco-Friendly-Ambiente und der N\u00e4he der wilden, unber\u00fchrten Natur Ihre Umgebung mit ganz neuen Augen betrachten werden.<\/p>\n<p>In unseren Appartements und Zimmern in Privatunterk\u00fcnften sind Sie das ganze Jahr \u00fcber willkommen \u2013 probieren Sie die einzigartige Kombination aus angenehmem Ambiente und autochthonem Ausdruck der Insel Cres!<\/p>\n<p>[\/et_pb_text][\/et_pb_column][et_pb_column type=&#8220;1_3&#8243; _builder_version=&#8220;4.18.0&#8243; _module_preset=&#8220;default&#8220; background_enable_color=&#8220;off&#8220; global_colors_info=&#8220;{%22gcid-85037172-fba5-40c1-a92b-f6674d6e47fd%22:%91%22background_color%22%93}&#8220;][et_pb_image src=&#8220;https:\/\/cresanka.hr\/wp-content\/uploads\/2022\/08\/Apartmani_Cres_Cresanka.svg&#8220; alt=&#8220;Apartments Cres&#8220; title_text=&#8220;Apartments Cres&#8220; url=&#8220;https:\/\/www.tbcres.com&#8220; url_new_window=&#8220;on&#8220; align=&#8220;right&#8220; disabled_on=&#8220;on|off|off&#8220; admin_label=&#8220;Logo&#8220; _builder_version=&#8220;4.18.0&#8243; _module_preset=&#8220;default&#8220; height=&#8220;100px&#8220; global_colors_info=&#8220;{}&#8220;][\/et_pb_image][\/et_pb_column][\/et_pb_row][et_pb_row column_structure=&#8220;1_3,1_3,1_3&#8243; use_custom_gutter=&#8220;on&#8220; gutter_width=&#8220;2&#8243; make_equal=&#8220;on&#8220; admin_label=&#8220;Smje\u0161tajne jedinice&#8220; _builder_version=&#8220;4.18.0&#8243; _module_preset=&#8220;default&#8220; width=&#8220;55%&#8220; width_tablet=&#8220;55%&#8220; width_phone=&#8220;80%&#8220; width_last_edited=&#8220;on|phone&#8220; border_color_bottom=&#8220;gcid-85037172-fba5-40c1-a92b-f6674d6e47fd&#8220; locked=&#8220;off&#8220; global_colors_info=&#8220;{%22gcid-85037172-fba5-40c1-a92b-f6674d6e47fd%22:%91%22border_color_bottom%22%93}&#8220;][et_pb_column type=&#8220;1_3&#8243; _builder_version=&#8220;4.18.0&#8243; _module_preset=&#8220;default&#8220; global_colors_info=&#8220;{}&#8220;][et_pb_text admin_label=&#8220;Apartmani&#8220; _builder_version=&#8220;4.18.0&#8243; _module_preset=&#8220;default&#8220; text_font=&#8220;|||on|||||&#8220; text_text_color=&#8220;#000000&#8243; text_font_size=&#8220;11px&#8220; text_letter_spacing=&#8220;0.5px&#8220; header_6_font=&#8220;|800|||||||&#8220; header_6_letter_spacing=&#8220;2px&#8220; background_enable_color=&#8220;off&#8220; custom_margin=&#8220;||0px||false|false&#8220; custom_padding=&#8220;25px|25px|10px|25px|false|true&#8220; border_width_all=&#8220;1px&#8220; border_color_all=&#8220;gcid-85037172-fba5-40c1-a92b-f6674d6e47fd&#8220; global_colors_info=&#8220;{%22gcid-85037172-fba5-40c1-a92b-f6674d6e47fd%22:%91%22background_color%22,%22border_color_all%22,%22background_color%22,%22background_color%22%93}&#8220;]<\/p>\n<h6>APARTMENTS<\/h6>\n<p>[\/et_pb_text][et_pb_image src=&#8220;https:\/\/cresanka.hr\/wp-content\/uploads\/2022\/08\/Apartmani-Cres-1.webp&#8220; alt=&#8220;Apartments Cres&#8220; title_text=&#8220;Apartments Cres&#8220; show_bottom_space=&#8220;off&#8220; _builder_version=&#8220;4.18.0&#8243; _module_preset=&#8220;default&#8220; locked=&#8220;off&#8220; global_colors_info=&#8220;{}&#8220;][\/et_pb_image][et_pb_text _builder_version=&#8220;4.18.0&#8243; _module_preset=&#8220;default&#8220; text_font=&#8220;|||on|||||&#8220; text_text_color=&#8220;#000000&#8243; text_font_size=&#8220;11px&#8220; text_letter_spacing=&#8220;0.5px&#8220; header_6_font=&#8220;|800|||||||&#8220; header_6_letter_spacing=&#8220;2px&#8220; background_enable_color=&#8220;off&#8220; custom_margin=&#8220;||0px||false|false&#8220; custom_padding=&#8220;25px|25px|25px|25px|true|true&#8220; border_width_all=&#8220;1px&#8220; border_color_all=&#8220;gcid-85037172-fba5-40c1-a92b-f6674d6e47fd&#8220; global_colors_info=&#8220;{%22gcid-85037172-fba5-40c1-a92b-f6674d6e47fd%22:%91%22background_color%22,%22border_color_all%22,%22background_color%22,%22background_color%22%93}&#8220;]<\/p>\n<ul>\n<li>K\u00fcche und Essbereich<\/li>\n<li>Zwei Schlafzimmer<\/li>\n<li>Badezimmer und WC<\/li>\n<li>Terrasse oder Zugang zum Garten<\/li>\n<\/ul>\n<p>[\/et_pb_text][et_pb_button button_url=&#8220;https:\/\/tbcres.com\/de\/privatapartments-cres\/&#8220; url_new_window=&#8220;on&#8220; button_text=&#8220;MEHR ERFAHNREN&#8220; _builder_version=&#8220;4.18.0&#8243; _module_preset=&#8220;4435dd2a-dbe5-467f-80b4-2130759d3057&#8243; button_text_color=&#8220;gcid-eedb5146-9596-4faa-8e53-1b8865338375&#8243; button_bg_color=&#8220;gcid-85037172-fba5-40c1-a92b-f6674d6e47fd&#8220; global_colors_info=&#8220;{%22gcid-85037172-fba5-40c1-a92b-f6674d6e47fd%22:%91%22button_text_color%22,%22button_text_color%22,%22button_text_color%22,%22button_bg_color%22,%22button_text_color__hover%22%93,%22gcid-eedb5146-9596-4faa-8e53-1b8865338375%22:%91%22button_bg_color%22,%22button_text_color__hover%22,%22button_bg_color%22,%22button_text_color%22,%22button_bg_color__hover%22%93}&#8220; button_text_color__hover=&#8220;#c2d1d7&#8243; button_bg_color__hover=&#8220;#0a465e&#8220; button_bg_enable_color__hover=&#8220;on&#8220;][\/et_pb_button][\/et_pb_column][et_pb_column type=&#8220;1_3&#8243; _builder_version=&#8220;4.18.0&#8243; _module_preset=&#8220;default&#8220; background_enable_color=&#8220;off&#8220; global_colors_info=&#8220;{%22gcid-85037172-fba5-40c1-a92b-f6674d6e47fd%22:%91%22background_color%22%93}&#8220;][et_pb_text admin_label=&#8220;Sobe&#8220; _builder_version=&#8220;4.18.0&#8243; _module_preset=&#8220;default&#8220; text_font=&#8220;|||on|||||&#8220; text_text_color=&#8220;#000000&#8243; text_font_size=&#8220;11px&#8220; text_letter_spacing=&#8220;0.5px&#8220; header_6_font=&#8220;|800|||||||&#8220; header_6_letter_spacing=&#8220;2px&#8220; background_enable_color=&#8220;off&#8220; custom_margin=&#8220;||0px||false|false&#8220; custom_padding=&#8220;25px|25px|10px|25px|false|true&#8220; border_width_all=&#8220;1px&#8220; border_color_all=&#8220;gcid-85037172-fba5-40c1-a92b-f6674d6e47fd&#8220; global_colors_info=&#8220;{%22gcid-85037172-fba5-40c1-a92b-f6674d6e47fd%22:%91%22background_color%22,%22border_color_all%22,%22background_color%22,%22background_color%22,%22border_color_all%22,%22background_color%22,%22background_color%22%93}&#8220;]<\/p>\n<h6>ZIMMER<\/h6>\n<p>[\/et_pb_text][et_pb_image src=&#8220;https:\/\/cresanka.hr\/wp-content\/uploads\/2022\/08\/Privatne-sobe-cres.webp&#8220; alt=&#8220;Privatzimmer &#8211; Cres&#8220; title_text=&#8220;Privatzimmer &#8211; Cres&#8220; show_bottom_space=&#8220;off&#8220; _builder_version=&#8220;4.18.0&#8243; _module_preset=&#8220;default&#8220; locked=&#8220;off&#8220; global_colors_info=&#8220;{}&#8220;][\/et_pb_image][et_pb_text _builder_version=&#8220;4.18.0&#8243; _module_preset=&#8220;default&#8220; text_font=&#8220;|||on|||||&#8220; text_text_color=&#8220;#000000&#8243; text_font_size=&#8220;11px&#8220; text_letter_spacing=&#8220;0.5px&#8220; header_6_font=&#8220;|800|||||||&#8220; header_6_letter_spacing=&#8220;2px&#8220; background_enable_color=&#8220;off&#8220; custom_margin=&#8220;||0px||false|false&#8220; custom_padding=&#8220;25px|25px|25px|25px|true|true&#8220; border_width_all=&#8220;1px&#8220; border_color_all=&#8220;gcid-85037172-fba5-40c1-a92b-f6674d6e47fd&#8220; global_colors_info=&#8220;{%22gcid-85037172-fba5-40c1-a92b-f6674d6e47fd%22:%91%22background_color%22,%22border_color_all%22,%22background_color%22,%22background_color%22,%22border_color_all%22,%22background_color%22,%22background_color%22%93}&#8220;]<\/p>\n<ul>\n<li>Privates Badezimmer<\/li>\n<li>Handt\u00fccher<\/li>\n<li>Bettw\u00e4sche<\/li>\n<\/ul>\n<p>[\/et_pb_text][et_pb_button button_url=&#8220;https:\/\/tbcres.com\/privatne-sobe-cres\/&#8220; url_new_window=&#8220;on&#8220; button_text=&#8220;MEHR ERFAHNREN&#8220; _builder_version=&#8220;4.18.0&#8243; _module_preset=&#8220;4435dd2a-dbe5-467f-80b4-2130759d3057&#8243; button_text_color=&#8220;gcid-eedb5146-9596-4faa-8e53-1b8865338375&#8243; button_bg_color=&#8220;gcid-85037172-fba5-40c1-a92b-f6674d6e47fd&#8220; locked=&#8220;off&#8220; global_colors_info=&#8220;{%22gcid-85037172-fba5-40c1-a92b-f6674d6e47fd%22:%91%22button_text_color%22,%22button_text_color%22,%22button_text_color%22,%22button_bg_color%22,%22button_text_color__hover%22%93,%22gcid-eedb5146-9596-4faa-8e53-1b8865338375%22:%91%22button_bg_color%22,%22button_text_color__hover%22,%22button_bg_color%22,%22button_text_color%22,%22button_bg_color__hover%22%93}&#8220; button_text_color__hover=&#8220;#c2d1d7&#8243; button_bg_color__hover=&#8220;#0a465e&#8220; button_bg_enable_color__hover=&#8220;on&#8220;][\/et_pb_button][\/et_pb_column][et_pb_column type=&#8220;1_3&#8243; _builder_version=&#8220;4.18.0&#8243; _module_preset=&#8220;default&#8220; background_enable_color=&#8220;off&#8220; global_colors_info=&#8220;{%22gcid-85037172-fba5-40c1-a92b-f6674d6e47fd%22:%91%22background_color%22%93}&#8220;][\/et_pb_column][\/et_pb_row][\/et_pb_section]<\/p>\n","protected":false},"excerpt":{"rendered":"<p>Hotel Kimen Die Sinne lebenDas Hotel Kimen liegt in einem einzigartigen Naturpark mit mediterraner Vegetation am Rande des Strandes und ist Ihre Oase des Abenteuers, der Vitalit\u00e4t und der Ruhe. Entdecken Sie die Vorteile unseres breiten Angebots an Dienstleistungen und Behandlungen zur Pflege von K\u00f6rper und Geist, unseres professionellen Personals, das Ihren Aufenthalt gerne individuell gestaltet, und des Eco-Friendly-Ambiente, das Sie ermutigt, die Umgebung mit neuen Augen zu sehen und Ihrem Leben eine ganz neue Dimension zu geben.HOTEL KIMEN 128 Zimmer mit Balkon 6 Einzelzimmer zur Meerseite 116 Doppelzimmer:teilweise zur Meerseite, teilweise zur Parkseite 17 Zimmer mit getrennten Betten (Twin-Betten) Alle Doppelzimmer verf\u00fcgen \u00fcber die M\u00f6glichkeit eines Zustellbetts 2 Suiten 3 barrierefreie Zimmer 7 Familienzimmer NEBENGEB\u00c4UDE Ca. 70 m vom Hauptgeb\u00e4ude entfernt 54 Doppelzimmer mit Zustellbett 18 Zimmer mit Zugang zum Garten 36 Zimmer verf\u00fcgen \u00fcber einen Balkon Alle Zimmer sind zur Meerseite ausgerichtet 15 Juniorsuiten und Familienzimmer im neuen Design, mit franz\u00f6sischem Balkon zur Parkseite Haus Kimen Ca. 200 m vom Hauptgeb\u00e4ude entfernt, direkt am Strand gelegen Gesamtkapazit\u00e4t: 10 Zimmer 4 Doppelzimmer mit Zustellbett, Meerblick 1 Doppelzimmer mit Meerblick 4 Doppelzimmer mit Parkblick Alle Zimmer mit SAT-TV Alle Zimmer ohne Balkon M\u00f6glichkeit zur Nutzung eines Babybetts Haustiere sind willkommen [&hellip;]<\/p>\n","protected":false},"author":1,"featured_media":0,"parent":0,"menu_order":0,"comment_status":"closed","ping_status":"closed","template":"","meta":{"_et_pb_use_builder":"on","_et_pb_old_content":"","_et_gb_content_width":"","footnotes":""},"class_list":["post-1305","page","type-page","status-publish","hentry"],"_links":{"self":[{"href":"https:\/\/cresanka.hr\/de\/wp-json\/wp\/v2\/pages\/1305","targetHints":{"allow":["GET"]}}],"collection":[{"href":"https:\/\/cresanka.hr\/de\/wp-json\/wp\/v2\/pages"}],"about":[{"href":"https:\/\/cresanka.hr\/de\/wp-json\/wp\/v2\/types\/page"}],"author":[{"embeddable":true,"href":"https:\/\/cresanka.hr\/de\/wp-json\/wp\/v2\/users\/1"}],"replies":[{"embeddable":true,"href":"https:\/\/cresanka.hr\/de\/wp-json\/wp\/v2\/comments?post=1305"}],"version-history":[{"count":24,"href":"https:\/\/cresanka.hr\/de\/wp-json\/wp\/v2\/pages\/1305\/revisions"}],"predecessor-version":[{"id":2735,"href":"https:\/\/cresanka.hr\/de\/wp-json\/wp\/v2\/pages\/1305\/revisions\/2735"}],"wp:attachment":[{"href":"https:\/\/cresanka.hr\/de\/wp-json\/wp\/v2\/media?parent=1305"}],"curies":[{"name":"wp","href":"https:\/\/api.w.org\/{rel}","templated":true}]}}