{"id":1168,"date":"2022-08-08T11:14:31","date_gmt":"2022-08-08T11:14:31","guid":{"rendered":"https:\/\/cresanka.hr\/benvenuto-a-cresanka\/"},"modified":"2026-02-11T09:24:12","modified_gmt":"2026-02-11T09:24:12","slug":"benvenuto-a-cresanka","status":"publish","type":"page","link":"https:\/\/cresanka.hr\/it\/","title":{"rendered":"Benvenuto a Cresanka"},"content":{"rendered":"<p>[et_pb_section fb_built=&#8221;1&#8243; admin_label=&#8221;Section: Header&#8221; module_class=&#8221;dh-valign-center-section&#8221; _builder_version=&#8221;4.27.4&#8243; background_image=&#8221;https:\/\/cresanka.hr\/wp-content\/uploads\/2022\/08\/dobrodosli-u-cresanku-hero.jpg&#8221; background_position=&#8221;bottom_center&#8221; height=&#8221;80vh&#8221; height_tablet=&#8221;80vh&#8221; height_phone=&#8221;100vh&#8221; height_last_edited=&#8221;on|phone&#8221; custom_margin=&#8221;0px|0px|0px|0px|true|true&#8221; custom_padding=&#8221;0px|0px|0px|0px|true|true&#8221; bottom_divider_style=&#8221;asymmetric&#8221; bottom_divider_color=&#8221;#FFFFFF&#8221; bottom_divider_flip=&#8221;vertical|horizontal&#8221; bottom_divider_height_tablet=&#8221;&#8221; bottom_divider_height_phone=&#8221;50px&#8221; bottom_divider_height_last_edited=&#8221;on|phone&#8221; global_colors_info=&#8221;{}&#8221;][et_pb_row _builder_version=&#8221;4.27.4&#8243; background_size=&#8221;initial&#8221; background_position=&#8221;top_left&#8221; background_repeat=&#8221;repeat&#8221; module_alignment=&#8221;center&#8221; custom_margin=&#8221;0px|0px|0px|0px|true|true&#8221; custom_padding=&#8221;0px|0px|0px|0px|true|true&#8221; global_colors_info=&#8221;{}&#8221;][et_pb_column type=&#8221;4_4&#8243; _builder_version=&#8221;4.16&#8243; custom_padding=&#8221;|||&#8221; global_colors_info=&#8221;{}&#8221; custom_padding__hover=&#8221;|||&#8221;][et_pb_text _builder_version=&#8221;4.18.0&#8243; text_text_color=&#8221;#FFFFFF&#8221; header_font=&#8221;|300|||||||&#8221; header_text_align=&#8221;center&#8221; header_text_color=&#8221;#FFFFFF&#8221; header_font_size=&#8221;4em&#8221; header_letter_spacing=&#8221;1px&#8221; header_6_font=&#8221;|800|||||||&#8221; header_6_text_align=&#8221;center&#8221; header_6_text_color=&#8221;#FFFFFF&#8221; header_6_font_size=&#8221;1em&#8221; header_6_letter_spacing=&#8221;4px&#8221; header_6_line_height=&#8221;1.4em&#8221; background_size=&#8221;initial&#8221; background_position=&#8221;top_left&#8221; background_repeat=&#8221;repeat&#8221; global_colors_info=&#8221;{}&#8221;]<\/p>\n<h6>CRESANKA D.D.<\/h6>\n<h1>La vostra casa lontano da casa<\/h1>\n<p>[\/et_pb_text][\/et_pb_column][\/et_pb_row][\/et_pb_section][et_pb_section fb_built=&#8221;1&#8243; admin_label=&#8221;Section: Smje\u0161taj + Covid-19&#8243; _builder_version=&#8221;4.18.0&#8243; _module_preset=&#8221;default&#8221; background_color=&#8221;RGBA(255,255,255,0)&#8221; custom_margin=&#8221;-150px||||false|false&#8221; custom_margin_tablet=&#8221;-150px||||false|false&#8221; custom_margin_phone=&#8221;-50px||||false|false&#8221; custom_margin_last_edited=&#8221;on|phone&#8221; custom_padding=&#8221;0px||||false|false&#8221; global_colors_info=&#8221;{}&#8221;][et_pb_row column_structure=&#8221;1_4,1_4,1_4,1_4&#8243; use_custom_gutter=&#8221;on&#8221; gutter_width=&#8221;2&#8243; make_equal=&#8221;on&#8221; admin_label=&#8221;Row: Smje\u0161taj&#8221; _builder_version=&#8221;4.18.0&#8243; _module_preset=&#8221;default&#8221; global_colors_info=&#8221;{}&#8221;][et_pb_column type=&#8221;1_4&#8243; _builder_version=&#8221;4.18.0&#8243; _module_preset=&#8221;default&#8221; global_colors_info=&#8221;{}&#8221;][dsm_card subtitle=&#8221;Riscoprite i vostri sensi&#8221; content_horizontal_alignment=&#8221;flex-start&#8221; image=&#8221;https:\/\/cresanka.hr\/wp-content\/uploads\/2025\/11\/Hotel-Kimen-Cres.webp&#8221; image_as_background=&#8221;off&#8221; image_width=&#8221;307px&#8221; badge_text=&#8221;HOTEL KIMEN&#8221; badge_position=&#8221;top_left&#8221; badge_background_color=&#8221;gcid-eedb5146-9596-4faa-8e53-1b8865338375&#8243; alt=&#8221;Vrt i fasada Hotela Kimen na Cresu s palmom i cvjetnim alejama&#8221; content_padding=&#8221;25px|20px|40px|25px|false|false&#8221; button_text=&#8221;Scopri di pi\u00f9&#8221; button_url=&#8221;https:\/\/www.hotel-kimen.com&#8221; button_url_new_window=&#8221;on&#8221; content_tablet=&#8221;Riscoprite i vostri sensi<\/p>\n<p><img src=%22https:\/\/cresanka.hr\/wp-content\/uploads\/2022\/08\/Hotel-Kimen-Obiteljski-hotel-na-otoku-Cres-300x169.webp%22 width=%22300%22 height=%22169%22 alt=%22Hotel Kimen - Hotel per famiglie sull&apos;isola di Cherso%22 class=%22wp-image-129 alignnone size-medium%22>&#8221; content_phone=&#8221;&#8221; content_last_edited=&#8221;on|phone&#8221; _builder_version=&#8221;4.27.4&#8243; _module_preset=&#8221;default&#8221; badge_font=&#8221;|700|||||||&#8221; badge_text_color=&#8221;gcid-85037172-fba5-40c1-a92b-f6674d6e47fd&#8221; badge_letter_spacing=&#8221;1px&#8221; header_font=&#8221;|800||on|||||&#8221; header_letter_spacing=&#8221;1px&#8221; body_font=&#8221;|300|||||||&#8221; body_font_size=&#8221;2em&#8221; body_line_height=&#8221;1.2em&#8221; subhead_font=&#8221;|300|||||||&#8221; subhead_font_size=&#8221;2em&#8221; background_color=&#8221;#FFFFFF&#8221; hover_transition_duration=&#8221;0ms&#8221; custom_css_free_form=&#8221;selector .dsm_card_image_stretch {||  width: 307px;||  height: 307px;||}&#8221; border_width_top=&#8221;10px&#8221; border_color_top=&#8221;gcid-eedb5146-9596-4faa-8e53-1b8865338375&#8243; border_radii_badge=&#8221;on|0px|0px|0px|0px&#8221; box_shadow_style=&#8221;preset1&#8243; box_shadow_blur=&#8221;30px&#8221; global_colors_info=&#8221;{%22gcid-eedb5146-9596-4faa-8e53-1b8865338375%22:%91%22badge_background_color%22,%22border_color_top%22,%22badge_background_color%22,%22border_color_top%22%93,%22gcid-85037172-fba5-40c1-a92b-f6674d6e47fd%22:%91%22badge_text_color%22,%22badge_text_color%22%93}&#8221; background_color__hover=&#8221;#FFFFFF&#8221; background_enable_color__hover=&#8221;on&#8221; header_text_color__hover_enabled=&#8221;on|desktop&#8221; body_text_color__hover_enabled=&#8221;on|desktop&#8221; box_shadow_horizontal__hover_enabled=&#8221;on|hover&#8221; box_shadow_blur__hover_enabled=&#8221;on|hover&#8221; box_shadow_blur__hover=&#8221;0px&#8221; box_shadow_vertical__hover_enabled=&#8221;on|hover&#8221; box_shadow_vertical__hover=&#8221;0px&#8221; box_shadow_spread__hover_enabled=&#8221;on|hover&#8221; box_shadow_spread__hover=&#8221;0px&#8221; background__hover_enabled=&#8221;on|desktop&#8221;][\/dsm_card][\/et_pb_column][et_pb_column type=&#8221;1_4&#8243; _builder_version=&#8221;4.18.0&#8243; _module_preset=&#8221;default&#8221; global_colors_info=&#8221;{}&#8221;][dsm_card subtitle=&#8221;Molto pi\u00f9 di un\u2019avventura&#8221; content_horizontal_alignment=&#8221;flex-start&#8221; image=&#8221;https:\/\/cresanka.hr\/wp-content\/uploads\/2025\/11\/Kamp-Kovacine-Cres-Hrvatska.webp&#8221; image_as_background=&#8221;off&#8221; badge_text=&#8221;CAMPEGGIO KOVA\u010cINE&#8221; badge_position=&#8221;top_left&#8221; badge_background_color=&#8221;gcid-eedb5146-9596-4faa-8e53-1b8865338375&#8243; alt=&#8221;Panoramski pogled na Kamp Kova\u010dine na Cresu s tirkiznim morem i zelenom obalom&#8221; content_padding=&#8221;25px|20px|40px|25px|false|false&#8221; button_text=&#8221;Scopri di pi\u00f9&#8221; button_url=&#8221;https:\/\/camp-kovacine.com&#8221; button_url_new_window=&#8221;on&#8221; content_tablet=&#8221;<\/p>\n<p>Molto pi\u00f9 di un\u2019avventura<\/p>\n<\/p>\n<p><img src=%22https:\/\/cresanka.hr\/wp-content\/uploads\/2022\/08\/Kamp-Kovacine-Otok-Cres-300x169.webp%22 width=%22300%22 height=%22169%22 alt=%22Campeggio Kova\u010dine - Isola di Cherso%22 class=%22wp-image-130 alignnone size-medium%22><\/p>\n<p>&#8221; content_phone=&#8221;&#8221; content_last_edited=&#8221;on|phone&#8221; _builder_version=&#8221;4.27.4&#8243; _module_preset=&#8221;default&#8221; badge_font=&#8221;|700|||||||&#8221; badge_text_color=&#8221;gcid-85037172-fba5-40c1-a92b-f6674d6e47fd&#8221; badge_letter_spacing=&#8221;1px&#8221; header_font=&#8221;|800||on|||||&#8221; header_letter_spacing=&#8221;1px&#8221; body_font=&#8221;|300|||||||&#8221; body_font_size=&#8221;2em&#8221; body_line_height=&#8221;1.2em&#8221; subhead_font=&#8221;|300|||||||&#8221; subhead_font_size=&#8221;2em&#8221; background_color=&#8221;#FFFFFF&#8221; hover_transition_duration=&#8221;0ms&#8221; custom_css_free_form=&#8221;selector .dsm_card_image_stretch {||  width: 307px;||  height: 307px;||}&#8221; border_width_top=&#8221;10px&#8221; border_color_top=&#8221;gcid-eedb5146-9596-4faa-8e53-1b8865338375&#8243; border_radii_badge=&#8221;on|0px|0px|0px|0px&#8221; box_shadow_style=&#8221;preset1&#8243; box_shadow_blur=&#8221;30px&#8221; global_colors_info=&#8221;{%22gcid-eedb5146-9596-4faa-8e53-1b8865338375%22:%91%22badge_background_color%22,%22border_color_top%22%93,%22gcid-85037172-fba5-40c1-a92b-f6674d6e47fd%22:%91%22badge_text_color%22%93}&#8221; background_color__hover=&#8221;#FFFFFF&#8221; background_enable_color__hover=&#8221;on&#8221; header_text_color__hover_enabled=&#8221;on|desktop&#8221; body_text_color__hover_enabled=&#8221;on|desktop&#8221; box_shadow_horizontal__hover_enabled=&#8221;on|hover&#8221; box_shadow_blur__hover_enabled=&#8221;on|hover&#8221; box_shadow_blur__hover=&#8221;0px&#8221; box_shadow_vertical__hover_enabled=&#8221;on|hover&#8221; box_shadow_vertical__hover=&#8221;0px&#8221; box_shadow_spread__hover_enabled=&#8221;on|hover&#8221; box_shadow_spread__hover=&#8221;0px&#8221; background__hover_enabled=&#8221;on|desktop&#8221;][\/dsm_card][\/et_pb_column][et_pb_column type=&#8221;1_4&#8243; _builder_version=&#8221;4.18.0&#8243; _module_preset=&#8221;default&#8221; global_colors_info=&#8221;{}&#8221;][dsm_card subtitle=&#8221;Un soggiorno idilliaco nel cuore della vegetazione mediterranea&#8221; content_horizontal_alignment=&#8221;flex-start&#8221; image=&#8221;https:\/\/cresanka.hr\/wp-content\/uploads\/2025\/11\/Kamp-zdovica-cres-hrvatska.webp&#8221; image_as_background=&#8221;off&#8221; badge_text=&#8221;Campeggio Zdovica&#8221; badge_position=&#8221;top_left&#8221; badge_background_color=&#8221;gcid-eedb5146-9596-4faa-8e53-1b8865338375&#8243; alt=&#8221;%22Panoramski pogled na Kamp Zdovica na Cresu uz \u0161ljun\u010danu pla\u017eu i zeleno mediteransko okru\u017eenje%22&#8243; content_padding=&#8221;25px|20px|40px|25px|false|false&#8221; button_text=&#8221;Scopri di pi\u00f9&#8221; button_url=&#8221;https:\/\/camp-zdovica.com&#8221; button_url_new_window=&#8221;on&#8221; content_tablet=&#8221;<\/p>\n<p>Un soggiorno idilliaco nel cuore della vegetazione mediterranea<\/p>\n<p><img src=%22https:\/\/cresanka.hr\/wp-content\/uploads\/2022\/08\/Kamp-Zdovica-valun-cres-300x169.webp%22 width=%22300%22 height=%22169%22 alt=%22Campeggio Zdovica, Valun, Cherso%22 class=%22wp-image-131 alignnone size-medium%22><\/p>\n<p>&#8221; content_phone=&#8221;&#8221; content_last_edited=&#8221;on|phone&#8221; _builder_version=&#8221;4.27.4&#8243; _module_preset=&#8221;default&#8221; badge_font=&#8221;|700||on|||||&#8221; badge_text_color=&#8221;gcid-85037172-fba5-40c1-a92b-f6674d6e47fd&#8221; badge_letter_spacing=&#8221;1px&#8221; header_font=&#8221;|800||on|||||&#8221; header_letter_spacing=&#8221;1px&#8221; body_font=&#8221;|300|||||||&#8221; body_font_size=&#8221;2em&#8221; body_line_height=&#8221;1.2em&#8221; subhead_font=&#8221;|300|||||||&#8221; subhead_font_size=&#8221;2em&#8221; subhead_line_height=&#8221;1.2em&#8221; background_color=&#8221;#FFFFFF&#8221; hover_transition_duration=&#8221;0ms&#8221; custom_css_free_form=&#8221;selector .dsm_card_image_stretch {||  width: 307px;||  height: 307px;||}&#8221; border_width_top=&#8221;10px&#8221; border_color_top=&#8221;gcid-eedb5146-9596-4faa-8e53-1b8865338375&#8243; border_radii_badge=&#8221;on|0px|0px|0px|0px&#8221; box_shadow_style=&#8221;preset1&#8243; box_shadow_blur=&#8221;30px&#8221; global_colors_info=&#8221;{%22gcid-eedb5146-9596-4faa-8e53-1b8865338375%22:%91%22badge_background_color%22,%22border_color_top%22%93,%22gcid-85037172-fba5-40c1-a92b-f6674d6e47fd%22:%91%22badge_text_color%22%93}&#8221; background_color__hover=&#8221;#FFFFFF&#8221; background_enable_color__hover=&#8221;on&#8221; header_text_color__hover_enabled=&#8221;on|desktop&#8221; body_text_color__hover_enabled=&#8221;on|desktop&#8221; box_shadow_horizontal__hover_enabled=&#8221;on|hover&#8221; box_shadow_blur__hover_enabled=&#8221;on|hover&#8221; box_shadow_blur__hover=&#8221;0px&#8221; box_shadow_vertical__hover_enabled=&#8221;on|hover&#8221; box_shadow_vertical__hover=&#8221;0px&#8221; box_shadow_spread__hover=&#8221;0px&#8221; box_shadow_spread__hover_enabled=&#8221;on|hover&#8221; background__hover_enabled=&#8221;on|desktop&#8221;][\/dsm_card][\/et_pb_column][et_pb_column type=&#8221;1_4&#8243; _builder_version=&#8221;4.18.0&#8243; _module_preset=&#8221;default&#8221; global_colors_info=&#8221;{}&#8221;][dsm_card subtitle=&#8221;Un\u2019esperienza isolana creata su misura per voi&#8221; content_horizontal_alignment=&#8221;flex-start&#8221; image=&#8221;https:\/\/cresanka.hr\/wp-content\/uploads\/2025\/11\/Apartmani-Cres-Cresanka.webp&#8221; image_as_background=&#8221;off&#8221; badge_text=&#8221;Appartamenti e camere Cres&#8221; badge_position=&#8221;top_left&#8221; badge_background_color=&#8221;gcid-eedb5146-9596-4faa-8e53-1b8865338375&#8243; alt=&#8221;Luka u Cresu s brodicama i starogradskom rivom pod vedrim nebom&#8221; content_padding=&#8221;25px|20px|40px|25px|false|false&#8221; button_text=&#8221;Scopri di pi\u00f9&#8221; button_url=&#8221;https:\/\/tbcres.com&#8221; button_url_new_window=&#8221;on&#8221; content_tablet=&#8221;<\/p>\n<p>Un\u2019esperienza isolana creata su misura per voi<\/p>\n<\/p>\n<p><img src=%22https:\/\/cresanka.hr\/wp-content\/uploads\/2022\/08\/Apartmani-Cres-300x169.webp%22 width=%22300%22 height=%22169%22 alt=%22APPARTAMENTI CRES%22 class=%22wp-image-133 alignnone size-medium%22><\/p>\n<p>&#8221; content_phone=&#8221;&#8221; content_last_edited=&#8221;on|phone&#8221; _builder_version=&#8221;4.27.4&#8243; _module_preset=&#8221;default&#8221; badge_font=&#8221;|700||on|||||&#8221; badge_text_color=&#8221;gcid-85037172-fba5-40c1-a92b-f6674d6e47fd&#8221; badge_letter_spacing=&#8221;1px&#8221; header_font=&#8221;|800||on|||||&#8221; header_letter_spacing=&#8221;1px&#8221; body_font=&#8221;|300|||||||&#8221; body_font_size=&#8221;2em&#8221; body_line_height=&#8221;1.2em&#8221; subhead_font=&#8221;|300|||||||&#8221; subhead_font_size=&#8221;2em&#8221; subhead_line_height=&#8221;1.2em&#8221; background_color=&#8221;#FFFFFF&#8221; hover_transition_duration=&#8221;0ms&#8221; custom_css_free_form=&#8221;selector .dsm_card_image_stretch {||  width: 307px;||  height: 307px;||}&#8221; border_width_top=&#8221;10px&#8221; border_color_top=&#8221;gcid-eedb5146-9596-4faa-8e53-1b8865338375&#8243; border_radii_badge=&#8221;on|0px|0px|0px|0px&#8221; box_shadow_style=&#8221;preset1&#8243; box_shadow_blur=&#8221;30px&#8221; global_colors_info=&#8221;{%22gcid-eedb5146-9596-4faa-8e53-1b8865338375%22:%91%22badge_background_color%22,%22border_color_top%22%93,%22gcid-85037172-fba5-40c1-a92b-f6674d6e47fd%22:%91%22badge_text_color%22%93}&#8221; background_color__hover=&#8221;#FFFFFF&#8221; background_enable_color__hover=&#8221;on&#8221; header_text_color__hover_enabled=&#8221;on|desktop&#8221; body_text_color__hover_enabled=&#8221;on|desktop&#8221; box_shadow_horizontal__hover_enabled=&#8221;on|hover&#8221; box_shadow_blur__hover_enabled=&#8221;on|hover&#8221; box_shadow_blur__hover=&#8221;0px&#8221; box_shadow_vertical__hover_enabled=&#8221;on|hover&#8221; box_shadow_vertical__hover=&#8221;0px&#8221; box_shadow_spread__hover=&#8221;0px&#8221; box_shadow_spread__hover_enabled=&#8221;on|hover&#8221; background__hover_enabled=&#8221;on|desktop&#8221;][\/dsm_card][\/et_pb_column][\/et_pb_row][\/et_pb_section][et_pb_section fb_built=&#8221;1&#8243; custom_padding_last_edited=&#8221;on|phone&#8221; next_background_color=&#8221;#ffffff&#8221; admin_label=&#8221;Section: Na\u0161a misija&#8221; module_class=&#8221;dh-valign-center-section&#8221; _builder_version=&#8221;4.27.5&#8243; _module_preset=&#8221;default&#8221; background_color=&#8221;gcid-85037172-fba5-40c1-a92b-f6674d6e47fd&#8221; background_image=&#8221;https:\/\/cresanka.hr\/wp-content\/uploads\/2022\/08\/Cresanka-misija.webp&#8221; parallax=&#8221;on&#8221; background_blend=&#8221;multiply&#8221; custom_padding=&#8221;150px||150px||true|false&#8221; custom_padding_tablet=&#8221;150px||150px||true|false&#8221; custom_padding_phone=&#8221;0px||50px||false|false&#8221; bottom_divider_style=&#8221;asymmetric&#8221; bottom_divider_flip=&#8221;vertical&#8221; bottom_divider_height_tablet=&#8221;&#8221; bottom_divider_height_phone=&#8221;50px&#8221; bottom_divider_height_last_edited=&#8221;on|phone&#8221; hover_enabled=&#8221;0&#8243; background_color_phone=&#8221;gcid-85037172-fba5-40c1-a92b-f6674d6e47fd&#8221; background_last_edited=&#8221;on|phone&#8221; background_enable_color_phone=&#8221;on&#8221; parallax_phone=&#8221;off&#8221; global_colors_info=&#8221;{%22gcid-85037172-fba5-40c1-a92b-f6674d6e47fd%22:%91%22background_color%22%93}&#8221; sticky_enabled=&#8221;0&#8243;][et_pb_row column_structure=&#8221;1_2,1_2&#8243; _builder_version=&#8221;4.18.0&#8243; _module_preset=&#8221;default&#8221; border_color_bottom=&#8221;gcid-85037172-fba5-40c1-a92b-f6674d6e47fd&#8221; global_colors_info=&#8221;{%22gcid-85037172-fba5-40c1-a92b-f6674d6e47fd%22:%91%22border_color_bottom%22%93}&#8221;][et_pb_column type=&#8221;1_2&#8243; _builder_version=&#8221;4.18.0&#8243; _module_preset=&#8221;default&#8221; global_colors_info=&#8221;{}&#8221;][et_pb_text _builder_version=&#8221;4.18.0&#8243; _module_preset=&#8221;default&#8221; text_font=&#8221;||||||||&#8221; text_font_size=&#8221;1.2em&#8221; text_letter_spacing=&#8221;1px&#8221; text_line_height=&#8221;2em&#8221; background_layout=&#8221;dark&#8221; text_font_size_tablet=&#8221;1.2em&#8221; text_font_size_phone=&#8221;1em&#8221; text_font_size_last_edited=&#8221;on|phone&#8221; text_line_height_tablet=&#8221;2em&#8221; text_line_height_phone=&#8221;1.6em&#8221; text_line_height_last_edited=&#8221;on|phone&#8221; global_colors_info=&#8221;{}&#8221;]<\/p>\n<p>Permetteteci di farvi riscoprire tutte le bellezze di quella fonte inesauribile di creativit\u00e0 che \u00e8 la natura che ci circonda.<\/p>\n<p>Imbarcatevi in un\u2019avventura nella quale la prima destinazione \u00e8 un\u2019isola idilliaca e la meta finale ritrovare voi stessi.<\/p>\n<p>[\/et_pb_text][\/et_pb_column][et_pb_column type=&#8221;1_2&#8243; _builder_version=&#8221;4.18.0&#8243; _module_preset=&#8221;default&#8221; global_colors_info=&#8221;{}&#8221;][et_pb_text _builder_version=&#8221;4.18.0&#8243; _module_preset=&#8221;default&#8221; text_font=&#8221;||||||||&#8221; text_font_size=&#8221;1.2em&#8221; text_letter_spacing=&#8221;1px&#8221; text_line_height=&#8221;2em&#8221; background_layout=&#8221;dark&#8221; text_font_size_tablet=&#8221;1.2em&#8221; text_font_size_phone=&#8221;1em&#8221; text_font_size_last_edited=&#8221;on|phone&#8221; text_line_height_tablet=&#8221;2em&#8221; text_line_height_phone=&#8221;1.6em&#8221; text_line_height_last_edited=&#8221;on|phone&#8221; global_colors_info=&#8221;{}&#8221;]<\/p>\n<p>Dalla ricca selezione delle nostre strutture ricettive scegliete quella che vi si addice di pi\u00f9 e intraprendete il viaggio del risveglio di tutti i sensi immergendovi in un ambiente naturale e sano, mentre noi vi forniremo un\u2019atmosfera rilassante e stimolante, la quale offre la giusta proporzione di comfort ed esperienza autentica di Cherso (Cres).<\/p>\n<p>[\/et_pb_text][\/et_pb_column][\/et_pb_row][et_pb_row _builder_version=&#8221;4.18.0&#8243; _module_preset=&#8221;default&#8221; global_colors_info=&#8221;{}&#8221;][et_pb_column type=&#8221;4_4&#8243; _builder_version=&#8221;4.18.0&#8243; _module_preset=&#8221;default&#8221; global_colors_info=&#8221;{}&#8221;][et_pb_button button_url=&#8221;@ET-DC@eyJkeW5hbWljIjp0cnVlLCJjb250ZW50IjoicG9zdF9saW5rX3VybF9wYWdlIiwic2V0dGluZ3MiOnsicG9zdF9pZCI6IjEwIiwiZW5hYmxlX2h0bWwiOiJvZmYifX0=@&#8221; button_text=&#8221;LA NOSTRA MISSIONE&#8221; button_alignment=&#8221;center&#8221; button_alignment_tablet=&#8221;center&#8221; button_alignment_phone=&#8221;left&#8221; button_alignment_last_edited=&#8221;on|phone&#8221; _builder_version=&#8221;4.18.0&#8243; _dynamic_attributes=&#8221;button_url&#8221; _module_preset=&#8221;default&#8221; custom_button=&#8221;on&#8221; button_text_color=&#8221;#FFFFFF&#8221; global_colors_info=&#8221;{}&#8221;][\/et_pb_button][\/et_pb_column][\/et_pb_row][\/et_pb_section][et_pb_section fb_built=&#8221;1&#8243; admin_label=&#8221;Section: Jeste li znali?&#8221; _builder_version=&#8221;4.18.0&#8243; _module_preset=&#8221;default&#8221; custom_padding=&#8221;0px||0px||true|false&#8221; global_colors_info=&#8221;{}&#8221;][et_pb_row custom_padding_last_edited=&#8221;on|phone&#8221; _builder_version=&#8221;4.18.0&#8243; _module_preset=&#8221;default&#8221; width_tablet=&#8221;&#8221; width_phone=&#8221;100%&#8221; width_last_edited=&#8221;on|phone&#8221; custom_margin=&#8221;||||false|false&#8221; custom_padding=&#8221;0px||||false|false&#8221; custom_padding_tablet=&#8221;0px||||false|false&#8221; custom_padding_phone=&#8221;||||false|true&#8221; global_colors_info=&#8221;{}&#8221;][et_pb_column type=&#8221;4_4&#8243; _builder_version=&#8221;4.18.0&#8243; _module_preset=&#8221;default&#8221; global_colors_info=&#8221;{}&#8221;][et_pb_slider show_image_video_mobile=&#8221;on&#8221; arrows_custom_color=&#8221;gcid-85037172-fba5-40c1-a92b-f6674d6e47fd&#8221; dot_nav_custom_color=&#8221;gcid-eedb5146-9596-4faa-8e53-1b8865338375&#8243; _builder_version=&#8221;4.27.4&#8243; _module_preset=&#8221;default&#8221; header_level=&#8221;h6&#8243; body_line_height=&#8221;1.6em&#8221; background_color=&#8221;#FFFFFF&#8221; custom_margin=&#8221;||||false|false&#8221; custom_padding=&#8221;||||false|false&#8221; animation_style=&#8221;fade&#8221; header_text_align_tablet=&#8221;&#8221; header_text_align_phone=&#8221;&#8221; header_text_align_last_edited=&#8221;on|phone&#8221; body_text_align_tablet=&#8221;&#8221; body_text_align_phone=&#8221;left&#8221; body_text_align_last_edited=&#8221;on|phone&#8221; body_font_size_tablet=&#8221;&#8221; body_font_size_phone=&#8221;1em&#8221; body_font_size_last_edited=&#8221;on|phone&#8221; custom_css_slide_description=&#8221;animation-name:fadeIn;||width: 30%;&#8221; custom_css_slide_title=&#8221;margin-bottom: 25px&#8221; custom_css_slide_image=&#8221;animation-name:fadeIn;||width: 65%;&#8221; global_colors_info=&#8221;{%22gcid-85037172-fba5-40c1-a92b-f6674d6e47fd%22:%91%22arrows_custom_color%22%93,%22gcid-eedb5146-9596-4faa-8e53-1b8865338375%22:%91%22arrows_custom_color__hover%22,%22dot_nav_custom_color__hover%22,%22dot_nav_custom_color%22%93}&#8221; arrows_custom_color__hover_enabled=&#8221;on|hover&#8221; arrows_custom_color__hover=&#8221;#0a465e&#8221; dot_nav_custom_color__hover_enabled=&#8221;on|desktop&#8221; dot_nav_custom_color__hover=&#8221;#0a465e&#8221; custom_css_slide_description_last_edited=&#8221;on|phone&#8221; custom_css_slide_title_last_edited=&#8221;on|phone&#8221; custom_css_slide_description_phone=&#8221;width: 100%;||&#8221; custom_css_slide_title_phone=&#8221; &#8221; custom_css_slide_image_last_edited=&#8221;on|phone&#8221; custom_css_slide_image_phone=&#8221;width: 100%;&#8221; custom_css_slide_description_tablet=&#8221;animation-name:fadeIn;||width: 30%;&#8221; custom_css_slide_title_tablet=&#8221;margin-bottom: 25px&#8221; custom_css_slide_image_tablet=&#8221;animation-name:fadeIn;||width: 65%;&#8221;][et_pb_slide heading=&#8221;LO SAPEVATE&#8221; image=&#8221;https:\/\/cresanka.hr\/wp-content\/uploads\/2022\/08\/jeste-li-znali-1-najveci-otok.webp&#8221; _builder_version=&#8221;4.18.0&#8243; _module_preset=&#8221;default&#8221; header_level=&#8221;h6&#8243; header_font=&#8221;|800||on|||||&#8221; header_font_size=&#8221;1em&#8221; header_letter_spacing=&#8221;2px&#8221; body_font_size=&#8221;1.2em&#8221; body_letter_spacing=&#8221;1px&#8221; body_line_height=&#8221;2em&#8221; background_enable_color=&#8221;off&#8221; background_layout=&#8221;light&#8221; body_font_size_tablet=&#8221;1.2em&#8221; body_font_size_phone=&#8221;1em&#8221; body_font_size_last_edited=&#8221;on|phone&#8221; global_colors_info=&#8221;{}&#8221; sticky_transition=&#8221;on&#8221;]Che l\u2019isola di Cherso (Cres) \u00e8 l\u2019isola pi\u00f9 grande dell\u2019Adriatico e che \u00e8 situata nella parte settentrionale del golfo del Quarnero, il quale si trova tra la penisola istriana e l\u2019isola di Krk (Veglia)?[\/et_pb_slide][et_pb_slide heading=&#8221;LO SAPEVATE&#8221; image=&#8221;https:\/\/cresanka.hr\/wp-content\/uploads\/2022\/08\/jeste-li-znali-2-mladje-kameno-doba.webp&#8221; _builder_version=&#8221;4.18.0&#8243; _module_preset=&#8221;default&#8221; header_level=&#8221;h6&#8243; header_font=&#8221;|800||on|||||&#8221; header_font_size=&#8221;1em&#8221; header_letter_spacing=&#8221;2px&#8221; body_font_size=&#8221;1.2em&#8221; body_letter_spacing=&#8221;1px&#8221; body_line_height=&#8221;2em&#8221; background_enable_color=&#8221;off&#8221; background_layout=&#8221;light&#8221; global_colors_info=&#8221;{}&#8221; sticky_transition=&#8221;on&#8221;]<\/p>\n<p>Che Cherso era abitata gi\u00e0 nel Neolitico e che la ricchezza del patrimonio storico-culturale dell\u2019isola \u00e8 testimoniata dagli edifici costruiti dai Liburni, dai resti delle fortezze risalenti al periodo antico, dalle chiesette e dai monasteri del primo cristianesimo?<\/p>\n<p>[\/et_pb_slide][et_pb_slide heading=&#8221;LO SAPEVATE&#8221; image=&#8221;https:\/\/cresanka.hr\/wp-content\/uploads\/2022\/08\/jeste-li-znali-3.webp&#8221; _builder_version=&#8221;4.18.0&#8243; _module_preset=&#8221;default&#8221; header_level=&#8221;h6&#8243; header_font=&#8221;|800||on|||||&#8221; header_font_size=&#8221;1em&#8221; header_letter_spacing=&#8221;2px&#8221; body_font_size=&#8221;1.2em&#8221; body_letter_spacing=&#8221;1px&#8221; body_line_height=&#8221;2em&#8221; background_enable_color=&#8221;off&#8221; background_layout=&#8221;light&#8221; global_colors_info=&#8221;{}&#8221; sticky_transition=&#8221;on&#8221;]<\/p>\n<p><span style=\"font-weight: 400;\">Che la leggenda narra che Medea tagli\u00f2 gli arti di suo fratello Apsirto e li gett\u00f2 in mare? Da loro si sono formate le isole dell\u2019arcipelago di Cherso e Lussino (Lo\u0161inj), le quali gi\u00e0 nell&#8217;antichit\u00e0 furono chiamate Absirtidi in suo onore? <\/span><\/p>\n<p>[\/et_pb_slide][et_pb_slide heading=&#8221;Un grifone&#8221; image=&#8221;https:\/\/cresanka.hr\/wp-content\/uploads\/2022\/08\/jeste-li-znali-4-kolonija-bjeloglavih-supova.webp&#8221; image_alt=&#8221;@ET-DC@eyJkeW5hbWljIjp0cnVlLCJjb250ZW50IjoiY3VycmVudF9kYXRlIiwic2V0dGluZ3MiOnsiYmVmb3JlIjoiQmplbG9nbGF2aSBzdXAsIG90b2sgQ3Jlcy4gXHUwMGE5IEF1dG9yZSBXYWx0ZXIgUmVraXJzY2gsIGluIEF1c3RyaWEgMjAyNS4gIiwiYWZ0ZXIiOiIiLCJkYXRlX2Zvcm1hdCI6ImN1c3RvbSIsImN1c3RvbV9kYXRlX2Zvcm1hdCI6IlkuIiwiZW5hYmxlX2h0bWwiOiJvZmYifX0=@&#8221; _builder_version=&#8221;4.27.4&#8243; _dynamic_attributes=&#8221;image_alt&#8221; _module_preset=&#8221;default&#8221; header_level=&#8221;h6&#8243; header_font=&#8221;|800||on|||||&#8221; header_font_size=&#8221;1em&#8221; header_letter_spacing=&#8221;2px&#8221; body_font_size=&#8221;1.2em&#8221; body_letter_spacing=&#8221;1px&#8221; body_line_height=&#8221;2em&#8221; background_enable_color=&#8221;off&#8221; background_layout=&#8221;light&#8221; global_colors_info=&#8221;{}&#8221; sticky_transition=&#8221;on&#8221;]<\/p>\n<p>Che proprio sull\u2019isola ecologicamente consapevole e incontaminata di Cherso vive una nutrita colonia di grifoni, la cui specificit\u00e0 risiede nel fatto che i grifoni fanno i propri nidi sulle scogliere a picco sul mare?<\/p>\n<p style=\"font-size: 0.6em; letter-spacing: 0.5px;\">Bjeloglavi sup, otok Cres.<br \/>\u00a9 Author Walter Rekirsch, u Austriji 2025.<\/p>\n<p>[\/et_pb_slide][et_pb_slide heading=&#8221;LO SAPEVATE&#8221; image=&#8221;https:\/\/cresanka.hr\/wp-content\/uploads\/2022\/08\/jeste-li-znali-5.webp&#8221; _builder_version=&#8221;4.27.4&#8243; _module_preset=&#8221;default&#8221; header_level=&#8221;h6&#8243; header_font=&#8221;|800||on|||||&#8221; header_font_size=&#8221;1em&#8221; header_letter_spacing=&#8221;2px&#8221; body_font_size=&#8221;1.2em&#8221; body_letter_spacing=&#8221;1px&#8221; body_line_height=&#8221;2em&#8221; background_enable_color=&#8221;off&#8221; background_layout=&#8221;light&#8221; global_colors_info=&#8221;{}&#8221; sticky_transition=&#8221;on&#8221;]<\/p>\n<p>Che le pecore di Cherso vivono libere all\u2019aperto durante tutto l&#8217;anno, che pascolano indisturbate sulle distese ricche di erbe aromatiche dell\u2019isola e che quindi la specialit\u00e0 isolana della \u201ccarne d\u2019agnello\u201d \u00e8 speziata gi\u00e0 molto prima della cottura?<\/p>\n<p>[\/et_pb_slide][et_pb_slide heading=&#8221;LO SAPEVATE&#8221; image=&#8221;https:\/\/cresanka.hr\/wp-content\/uploads\/2022\/08\/jeste-li-znali-6.webp&#8221; _builder_version=&#8221;4.27.4&#8243; _module_preset=&#8221;default&#8221; header_level=&#8221;h6&#8243; header_font=&#8221;|800||on|||||&#8221; header_font_size=&#8221;1em&#8221; header_letter_spacing=&#8221;2px&#8221; body_font_size=&#8221;1.2em&#8221; body_letter_spacing=&#8221;1px&#8221; body_line_height=&#8221;2em&#8221; background_enable_color=&#8221;off&#8221; background_layout=&#8221;light&#8221; global_colors_info=&#8221;{}&#8221; sticky_transition=&#8221;on&#8221;]<\/p>\n<p>Che sull\u2019isola di Cherso sorge anche la criptodepressione del Lago di Vrana (Vransko jezero), un fenomeno particolare che, oltre alla sua eccezionale bellezza, \u00e8 interessante anche per le sue caratteristiche idro-geologiche nonch\u00e9 per l\u2019eccezionale qualit\u00e0 dell\u2019acqua potabile?<\/p>\n<p>[\/et_pb_slide][et_pb_slide heading=&#8221;Tramonto&#8221; image=&#8221;https:\/\/cresanka.hr\/wp-content\/uploads\/2022\/08\/jeste-li-znali-7-lubenice.webp&#8221; _builder_version=&#8221;4.27.4&#8243; _module_preset=&#8221;default&#8221; header_level=&#8221;h6&#8243; header_font=&#8221;|800||on|||||&#8221; header_font_size=&#8221;1em&#8221; header_letter_spacing=&#8221;2px&#8221; body_font_size=&#8221;1.2em&#8221; body_letter_spacing=&#8221;1px&#8221; body_line_height=&#8221;2em&#8221; background_enable_color=&#8221;off&#8221; background_layout=&#8221;light&#8221; global_colors_info=&#8221;{}&#8221; sticky_transition=&#8221;on&#8221;]<\/p>\n<p>Che la vista pi\u00f9 bella sull\u2019intero Quarnero si apre da Lubenice, un luogo che si trova a 378 m sul livello del mare ed \u00e8 giustamente chiamato \u201cil gioiello di Cherso\u201d?<\/p>\n<p style=\"font-size: 0.6em; letter-spacing: 0.5px;\">Lubenice zalazak sunca, otok Cres.<br \/>\u00a9 Author Walter Rekirsch, u Austriji 2025.<\/p>\n<p>[\/et_pb_slide][et_pb_slide heading=&#8221;LO SAPEVATE&#8221; image=&#8221;https:\/\/cresanka.hr\/wp-content\/uploads\/2022\/08\/jeste-li-znali-8.webp&#8221; _builder_version=&#8221;4.18.0&#8243; _module_preset=&#8221;default&#8221; header_level=&#8221;h6&#8243; header_font=&#8221;|800||on|||||&#8221; header_font_size=&#8221;1em&#8221; header_letter_spacing=&#8221;2px&#8221; body_font_size=&#8221;1.2em&#8221; body_letter_spacing=&#8221;1px&#8221; body_line_height=&#8221;2em&#8221; background_enable_color=&#8221;off&#8221; background_layout=&#8221;light&#8221; global_colors_info=&#8221;{}&#8221; sticky_transition=&#8221;on&#8221;]<\/p>\n<p>Che sulle isole di Cherso e Lussino (Lo\u0161inj) non ci sono serpenti velenosi, secondo una leggenda grazie a San Gaudenzio, protettore dell\u2019arcipelago di Cherso e Lussino nonch\u00e9 vescovo di Osor dell\u2019XI secolo?  <\/p>\n<p>[\/et_pb_slide][\/et_pb_slider][\/et_pb_column][\/et_pb_row][\/et_pb_section][et_pb_section fb_built=&#8221;1&#8243; admin_label=&#8221;Section: Preuzimanje bro\u0161ure Kimen&#8221; module_class=&#8221;dh-valign-center-section&#8221; _builder_version=&#8221;4.18.0&#8243; _module_preset=&#8221;default&#8221; background_enable_image=&#8221;off&#8221; custom_padding=&#8221;0px||0px||true|false&#8221; top_divider_flip=&#8221;vertical&#8221; bottom_divider_color=&#8221;#E02B20&#8243; global_colors_info=&#8221;{}&#8221;][et_pb_row column_structure=&#8221;1_2,1_2&#8243; use_custom_gutter=&#8221;on&#8221; gutter_width=&#8221;4&#8243; make_equal=&#8221;on&#8221; module_class=&#8221;dh-valign-center-row&#8221; _builder_version=&#8221;4.18.0&#8243; _module_preset=&#8221;default&#8221; background_enable_image=&#8221;off&#8221; global_colors_info=&#8221;{}&#8221;][et_pb_column type=&#8221;1_2&#8243; _builder_version=&#8221;4.18.0&#8243; _module_preset=&#8221;default&#8221; background_enable_image=&#8221;off&#8221; background_size=&#8221;contain&#8221; global_colors_info=&#8221;{}&#8221;][et_pb_image src=&#8221;https:\/\/cresanka.hr\/wp-content\/uploads\/2025\/11\/Preuzimanje-brosure-Hotel-Kimen-Cres-Cresanka.webp&#8221; title_text=&#8221;Preuzimanje-brosure-Hotel-Kimen-Cres-Cresanka&#8221; disabled_on=&#8221;off|on|on&#8221; _builder_version=&#8221;4.27.4&#8243; _module_preset=&#8221;default&#8221; global_colors_info=&#8221;{}&#8221;][\/et_pb_image][et_pb_text _builder_version=&#8221;4.18.0&#8243; _module_preset=&#8221;default&#8221; text_text_color=&#8221;#000000&#8243; text_letter_spacing=&#8221;0.5px&#8221; header_2_font=&#8221;|300|||||||&#8221; header_2_letter_spacing=&#8221;1px&#8221; header_2_line_height=&#8221;1.2em&#8221; global_colors_info=&#8221;{}&#8221;]<\/p>\n<h2>Tutto sull\u2019Hotel Kimen<br \/>\u2013 in un unico luogo.<\/h2>\n<p>Scoprite tutto ci\u00f2 che offriamo nell\u2019ambito del nostro hotel e lasciate che le foto vi trasportino per un momento sull\u2019isola di Cherso (Cres)<\/p>\n<p>[\/et_pb_text][et_pb_button button_url=&#8221;https:\/\/cresanka.hr\/wp-content\/uploads\/2025\/07\/Hotel-Kimen-2025-DIGITAL.pdf&#8221; button_text=&#8221;SCARICA&#8221; _builder_version=&#8221;4.27.4&#8243; _module_preset=&#8221;default&#8221; global_colors_info=&#8221;{}&#8221;][\/et_pb_button][\/et_pb_column][et_pb_column type=&#8221;1_2&#8243; _builder_version=&#8221;4.18.0&#8243; _module_preset=&#8221;default&#8221; background_enable_image=&#8221;off&#8221; background_size=&#8221;contain&#8221; global_colors_info=&#8221;{}&#8221;][et_pb_image src=&#8221;https:\/\/cresanka.hr\/wp-content\/uploads\/2025\/11\/Preuzimanje-brosure-Hotel-Kimen-Cres-Cresanka.webp&#8221; title_text=&#8221;Preuzimanje-brosure-Hotel-Kimen-Cres-Cresanka&#8221; show_bottom_space=&#8221;off&#8221; disabled_on=&#8221;on|off|off&#8221; _builder_version=&#8221;4.27.4&#8243; _module_preset=&#8221;default&#8221; max_width=&#8221;600px&#8221; max_height=&#8221;522px&#8221; global_colors_info=&#8221;{}&#8221;][\/et_pb_image][\/et_pb_column][\/et_pb_row][\/et_pb_section][et_pb_section fb_built=&#8221;1&#8243; admin_label=&#8221;Section: Preuzimanje bro\u0161ure Kova\u010dine&#8221; module_class=&#8221;dh-valign-center-section&#8221; _builder_version=&#8221;4.18.0&#8243; _module_preset=&#8221;default&#8221; background_enable_image=&#8221;off&#8221; custom_padding=&#8221;0px||0px||true|false&#8221; top_divider_flip=&#8221;vertical&#8221; bottom_divider_color=&#8221;#E02B20&#8243; global_colors_info=&#8221;{}&#8221;][et_pb_row column_structure=&#8221;1_2,1_2&#8243; use_custom_gutter=&#8221;on&#8221; gutter_width=&#8221;4&#8243; make_equal=&#8221;on&#8221; module_class=&#8221;dh-valign-center-row&#8221; _builder_version=&#8221;4.18.0&#8243; _module_preset=&#8221;default&#8221; background_enable_image=&#8221;off&#8221; global_colors_info=&#8221;{}&#8221;][et_pb_column type=&#8221;1_2&#8243; _builder_version=&#8221;4.18.0&#8243; _module_preset=&#8221;default&#8221; global_colors_info=&#8221;{}&#8221;][et_pb_image src=&#8221;https:\/\/cresanka.hr\/wp-content\/uploads\/2022\/08\/Preuzimanje-brosure-kamp-kovacine.webp&#8221; title_text=&#8221;Download&#8221; _builder_version=&#8221;4.18.0&#8243; _module_preset=&#8221;default&#8221; global_colors_info=&#8221;{}&#8221;][\/et_pb_image][\/et_pb_column][et_pb_column type=&#8221;1_2&#8243; _builder_version=&#8221;4.18.0&#8243; _module_preset=&#8221;default&#8221; global_colors_info=&#8221;{}&#8221;][et_pb_text _builder_version=&#8221;4.18.0&#8243; _module_preset=&#8221;default&#8221; text_text_color=&#8221;#000000&#8243; text_letter_spacing=&#8221;0.5px&#8221; header_2_font=&#8221;|300|||||||&#8221; header_2_letter_spacing=&#8221;1px&#8221; header_2_line_height=&#8221;1.2em&#8221; global_colors_info=&#8221;{}&#8221;]<\/p>\n<h2>Tutto sul campeggio Kova\u010dine<br \/>\u2013 in un unico luogo.<\/h2>\n<p>Scoprite che cosa vi offriamo nell\u2019ambito del nostro campeggio e attraverso le fotografie godetevi un pizzico dell\u2019atmosfera che si respira in campeggio<\/p>\n<p>[\/et_pb_text][et_pb_button button_url=&#8221;https:\/\/cresanka.hr\/wp-content\/uploads\/2025\/07\/Kamp-Kovacine-2025-DIGITAL.pdf&#8221; button_text=&#8221;SCARICA&#8221; _builder_version=&#8221;4.27.4&#8243; _module_preset=&#8221;default&#8221; global_colors_info=&#8221;{}&#8221;][\/et_pb_button][\/et_pb_column][\/et_pb_row][\/et_pb_section]<\/p>\n","protected":false},"excerpt":{"rendered":"<p>CRESANKA D.D. La vostra casa lontano da casa<div class=\"et_pb_with_border et_pb_module dsm_card dsm_card_0 et_pb_section_video_on_hover et_pb_bg_layout_light  dsm_card_layout_stacked\">\n\t\t\t\t\n\t\t\t\t\n\t\t\t\t\n\t\t\t\t\n\t\t\t\t\n\t\t\t\t\n\t\t\t\t<div class=\"et_pb_module_inner\">\n\t\t\t\t\t\n\t\t\t\n\t\t\t<figure class=\"dsm_card_image_wrapper dsm_card_badge_top_left\"><img decoding=\"async\" src=\"https:\/\/cresanka.hr\/wp-content\/uploads\/2025\/11\/Hotel-Kimen-Cres.webp\" alt=\"Vrt i fasada Hotela Kimen na Cresu s palmom i cvjetnim alejama\" srcset=\"https:\/\/cresanka.hr\/wp-content\/uploads\/2025\/11\/Hotel-Kimen-Cres.webp 307w, https:\/\/cresanka.hr\/wp-content\/uploads\/2025\/11\/Hotel-Kimen-Cres-300x300.webp 300w, https:\/\/cresanka.hr\/wp-content\/uploads\/2025\/11\/Hotel-Kimen-Cres-150x150.webp 150w\" sizes=\"(max-width: 307px) 100vw, 307px\" class=\"dsm_card_img dsm_card_image_stretch\" \/><div class=\"dsm_card_badge_text\">HOTEL KIMEN<\/div><\/figure>\n\t\t\t<div class=\"et_pb_module dsm_card_wrapper et_pb_text_align_left\">\n\t\t\t\t\t\n\t\t\t\t\t\n\t\t\t\t\t<div class=\"dsm_card_subtitle\">Riscoprite i vostri sensi<\/div>\n\t\t\t\t\t<div class=\"dsm_card_description\" data-et-multi-view=\"{&quot;schema&quot;:{&quot;content&quot;:{&quot;desktop&quot;:&quot;&quot;,&quot;tablet&quot;:&quot;Riscoprite i vostri sensi &quot;,&quot;phone&quot;:&quot;&quot;}},&quot;slug&quot;:&quot;dsm_card&quot;}\" data-et-multi-view-load-tablet-hidden=\"true\"><\/div>\n\t\t\t\t\t<div class=\"et_pb_button_wrapper\"><a class=\"et_pb_button et_pb_more_button \" href=\"https:\/\/www.hotel-kimen.com\" target=\"_blank\">Scopri di pi\u00f9<\/a><\/div>\n\t\t\t\t<\/div>\n\t\t\t\n\t\t\t\t<\/div>\n\t\t\t<\/div><div class=\"et_pb_with_border et_pb_module dsm_card dsm_card_1 et_pb_section_video_on_hover et_pb_bg_layout_light  dsm_card_layout_stacked\">\n\t\t\t\t\n\t\t\t\t\n\t\t\t\t\n\t\t\t\t\n\t\t\t\t\n\t\t\t\t\n\t\t\t\t<div class=\"et_pb_module_inner\">\n\t\t\t\t\t\n\t\t\t\n\t\t\t<figure class=\"dsm_card_image_wrapper dsm_card_badge_top_left\"><img decoding=\"async\" src=\"https:\/\/cresanka.hr\/wp-content\/uploads\/2025\/11\/Kamp-Kovacine-Cres-Hrvatska.webp\" alt=\"Panoramski pogled na Kamp Kova\u010dine na Cresu s tirkiznim morem i zelenom obalom\" srcset=\"https:\/\/cresanka.hr\/wp-content\/uploads\/2025\/11\/Kamp-Kovacine-Cres-Hrvatska.webp 307w, https:\/\/cresanka.hr\/wp-content\/uploads\/2025\/11\/Kamp-Kovacine-Cres-Hrvatska-300x300.webp 300w, https:\/\/cresanka.hr\/wp-content\/uploads\/2025\/11\/Kamp-Kovacine-Cres-Hrvatska-150x150.webp 150w\" sizes=\"(max-width: 307px) 100vw, 307px\" class=\"dsm_card_img dsm_card_image_stretch\" \/><div class=\"dsm_card_badge_text\">CAMPEGGIO KOVA\u010cINE<\/div><\/figure>\n\t\t\t<div class=\"et_pb_module dsm_card_wrapper et_pb_text_align_left\">\n\t\t\t\t\t\n\t\t\t\t\t\n\t\t\t\t\t<div class=\"dsm_card_subtitle\">Molto pi\u00f9 di un\u2019avventura<\/div>\n\t\t\t\t\t<div class=\"dsm_card_description\" data-et-multi-view=\"{&quot;schema&quot;:{&quot;content&quot;:{&quot;desktop&quot;:&quot;&quot;,&quot;tablet&quot;:&quot;Molto pi\\u00f9 di un\\u2019avventura &quot;,&quot;phone&quot;:&quot;&quot;}},&quot;slug&quot;:&quot;dsm_card&quot;}\" data-et-multi-view-load-tablet-hidden=\"true\"><\/div>\n\t\t\t\t\t<div class=\"et_pb_button_wrapper\"><a class=\"et_pb_button et_pb_more_button \" href=\"https:\/\/camp-kovacine.com\" target=\"_blank\">Scopri di pi\u00f9<\/a><\/div>\n\t\t\t\t<\/div>\n\t\t\t\n\t\t\t\t<\/div>\n\t\t\t<\/div><div class=\"et_pb_module dsm_card dsm_card_2 et_pb_bg_layout_light  dsm_card_layout_stacked\">\n\t\t\t\t\n\t\t\t\t\n\t\t\t\t\n\t\t\t\t\n\t\t\t\t\n\t\t\t\t\n\t\t\t\t<div class=\"et_pb_module_inner\">\n\t\t\t\t\t\n\t\t\t\n\t\t\t<figure class=\"dsm_card_image_wrapper dsm_card_badge_&#8221;top_left&#8221;\"><img decoding=\"async\" src=\"\" alt=\"&#8221;&quot;Panoramski\" class=\"et_multi_view_hidden_image dsm_card_img dsm_card_image_stretch\" \/><div class=\"dsm_card_badge_text\">&#8221;Campeggio<\/div><\/figure>\n\t\t\t<div class=\"et_pb_module dsm_card_wrapper et_pb_text_align_left\">\n\t\t\t\t\t\n\t\t\t\t\t\n\t\t\t\t\t<div class=\"dsm_card_subtitle\">&#8221;Un<\/div>\n\t\t\t\t\t\n\t\t\t\t\t<div class=\"et_pb_button_wrapper\"><a class=\"et_pb_button et_pb_more_button \" href=\"\">&#8221;Scopri<\/a><\/div>\n\t\t\t\t<\/div>\n\t\t\t\n\t\t\t\t<\/div>\n\t\t\t<\/div><\/p>\n","protected":false},"author":1,"featured_media":0,"parent":0,"menu_order":0,"comment_status":"closed","ping_status":"closed","template":"","meta":{"_et_pb_use_builder":"on","_et_pb_old_content":"","_et_gb_content_width":"","footnotes":""},"class_list":["post-1168","page","type-page","status-publish","hentry"],"_links":{"self":[{"href":"https:\/\/cresanka.hr\/it\/wp-json\/wp\/v2\/pages\/1168","targetHints":{"allow":["GET"]}}],"collection":[{"href":"https:\/\/cresanka.hr\/it\/wp-json\/wp\/v2\/pages"}],"about":[{"href":"https:\/\/cresanka.hr\/it\/wp-json\/wp\/v2\/types\/page"}],"author":[{"embeddable":true,"href":"https:\/\/cresanka.hr\/it\/wp-json\/wp\/v2\/users\/1"}],"replies":[{"embeddable":true,"href":"https:\/\/cresanka.hr\/it\/wp-json\/wp\/v2\/comments?post=1168"}],"version-history":[{"count":45,"href":"https:\/\/cresanka.hr\/it\/wp-json\/wp\/v2\/pages\/1168\/revisions"}],"predecessor-version":[{"id":2617,"href":"https:\/\/cresanka.hr\/it\/wp-json\/wp\/v2\/pages\/1168\/revisions\/2617"}],"wp:attachment":[{"href":"https:\/\/cresanka.hr\/it\/wp-json\/wp\/v2\/media?parent=1168"}],"curies":[{"name":"wp","href":"https:\/\/api.w.org\/{rel}","templated":true}]}}