{"id":1180,"date":"2022-08-08T15:46:01","date_gmt":"2022-08-08T15:46:01","guid":{"rendered":"https:\/\/cresanka.hr\/alloggio\/"},"modified":"2026-02-11T17:20:48","modified_gmt":"2026-02-11T17:20:48","slug":"alloggio","status":"publish","type":"page","link":"https:\/\/cresanka.hr\/it\/alloggio\/","title":{"rendered":"Alloggio"},"content":{"rendered":"<p>[et_pb_section fb_built=&#8221;1&#8243; next_background_color=&#8221;#ffffff&#8221; admin_label=&#8221;Hero&#8221; module_class=&#8221;dh-valign-center-section&#8221; _builder_version=&#8221;4.18.0&#8243; background_color=&#8221;gcid-85037172-fba5-40c1-a92b-f6674d6e47fd&#8221; background_image=&#8221;https:\/\/cresanka.hr\/wp-content\/uploads\/2022\/08\/Hotel-Kimen-Obiteljski-hotel-na-otoku-Cres.webp&#8221; background_position=&#8221;bottom_center&#8221; height=&#8221;80vh&#8221; bottom_divider_style=&#8221;asymmetric&#8221; bottom_divider_flip=&#8221;vertical|horizontal&#8221; bottom_divider_height_tablet=&#8221;&#8221; bottom_divider_height_phone=&#8221;50px&#8221; bottom_divider_height_last_edited=&#8221;on|phone&#8221; collapsed=&#8221;on&#8221; global_colors_info=&#8221;{%22gcid-85037172-fba5-40c1-a92b-f6674d6e47fd%22:%91%22background_color%22%93}&#8221;][\/et_pb_section][et_pb_section fb_built=&#8221;1&#8243; admin_label=&#8221; Hotel Kimen&#8221; _builder_version=&#8221;4.18.0&#8243; _module_preset=&#8221;default&#8221; custom_padding=&#8221;0px||||false|false&#8221; collapsed=&#8221;on&#8221; global_colors_info=&#8221;{}&#8221;][et_pb_row column_structure=&#8221;2_3,1_3&#8243; admin_label=&#8221;Hotel Kimen &#8211; opis&#8221; _builder_version=&#8221;4.18.0&#8243; _module_preset=&#8221;default&#8221; width=&#8221;55%&#8221; width_tablet=&#8221;55%&#8221; width_phone=&#8221;80%&#8221; width_last_edited=&#8221;on|phone&#8221; border_color_bottom=&#8221;gcid-85037172-fba5-40c1-a92b-f6674d6e47fd&#8221; collapsed=&#8221;on&#8221; global_colors_info=&#8221;{%22gcid-85037172-fba5-40c1-a92b-f6674d6e47fd%22:%91%22border_color_bottom%22%93}&#8221;][et_pb_column type=&#8221;2_3&#8243; _builder_version=&#8221;4.18.0&#8243; _module_preset=&#8221;default&#8221; global_colors_info=&#8221;{}&#8221;][et_pb_image src=&#8221;https:\/\/cresanka.hr\/wp-content\/uploads\/2022\/08\/Hotel-Kimen-logo.svg&#8221; alt=&#8221;Hotel Kimen, Cres&#8221; title_text=&#8221;Hotel Kimen, Cres&#8221; url=&#8221;https:\/\/www.hotel-kimen.com&#8221; url_new_window=&#8221;on&#8221; disabled_on=&#8221;off|on|on&#8221; admin_label=&#8221;Logo Hotel Kimen&#8221; _builder_version=&#8221;4.27.5&#8243; _module_preset=&#8221;default&#8221; locked=&#8221;off&#8221; global_colors_info=&#8221;{}&#8221;][\/et_pb_image][et_pb_text admin_label=&#8221;Naslov&#8221; _builder_version=&#8221;4.27.5&#8243; text_font=&#8221;|300|||||||&#8221; text_font_size=&#8221;2em&#8221; header_font=&#8221;|300|||||||&#8221; header_font_size=&#8221;3.13em&#8221; header_letter_spacing=&#8221;1px&#8221; header_2_font=&#8221;|300|||||||&#8221; header_2_font_size=&#8221;2em&#8221; header_5_font=&#8221;|300|||||||&#8221; header_6_font=&#8221;|800|||||||&#8221; header_6_text_color=&#8221;#FFFFFF&#8221; header_6_letter_spacing=&#8221;4px&#8221; header_6_line_height=&#8221;1.4em&#8221; background_size=&#8221;initial&#8221; background_position=&#8221;top_left&#8221; background_repeat=&#8221;repeat&#8221; text_font_size_tablet=&#8221;2em&#8221; text_font_size_phone=&#8221;2em&#8221; text_font_size_last_edited=&#8221;on|phone&#8221; header_2_font_size_tablet=&#8221;2em&#8221; header_2_font_size_phone=&#8221;1.5em&#8221; header_2_font_size_last_edited=&#8221;on|phone&#8221; header_2_letter_spacing_tablet=&#8221;&#8221; header_2_letter_spacing_phone=&#8221;-1px&#8221; header_2_letter_spacing_last_edited=&#8221;on|phone&#8221; global_colors_info=&#8221;{}&#8221;]<\/p>\n<h2>Hotel Kimen<\/h2>\n<h5>Riscoprite i vostri sensi<\/h5>\n<p>[\/et_pb_text][et_pb_text admin_label=&#8221;Text&#8221; _builder_version=&#8221;4.27.5&#8243; _module_preset=&#8221;default&#8221; text_font=&#8221;||||||||&#8221; text_text_color=&#8221;#000000&#8243; text_letter_spacing=&#8221;1px&#8221; text_line_height=&#8221;2em&#8221; global_colors_info=&#8221;{}&#8221;]<\/p>\n<p>Situato in un parco naturale di piante mediterranee unico nel suo genere, proprio ai margini della spiaggia, l&#8217;Hotel Kimen sar\u00e0 la vostra oasi di avventura, vitalit\u00e0 e pace.<\/p>\n<p>Scoprite i benefici della nostra ampia gamma di servizi e trattamenti orientati alla cura del corpo e dello spirito, dell\u2019avere a disposizione il nostro personale qualificato che con piacere personalizzer\u00e0 il vostro soggiorno e dell\u2019ambiente eco-friendly che vi incoragger\u00e0 a osservare ci\u00f2 che vi circonda con occhi nuovi e a donare alla vostra vita una dimensione completamente inedita.<\/p>\n<p>[\/et_pb_text][\/et_pb_column][et_pb_column type=&#8221;1_3&#8243; _builder_version=&#8221;4.18.0&#8243; _module_preset=&#8221;default&#8221; background_enable_color=&#8221;off&#8221; global_colors_info=&#8221;{%22gcid-85037172-fba5-40c1-a92b-f6674d6e47fd%22:%91%22background_color%22%93}&#8221;][et_pb_image src=&#8221;https:\/\/cresanka.hr\/wp-content\/uploads\/2022\/08\/Hotel-Kimen-logo.svg&#8221; alt=&#8221;Hotel Kimen, Cres&#8221; title_text=&#8221;Hotel Kimen, Cres&#8221; url=&#8221;https:\/\/www.hotel-kimen.com&#8221; url_new_window=&#8221;on&#8221; align=&#8221;right&#8221; disabled_on=&#8221;on|off|off&#8221; admin_label=&#8221;Logo Hotel KImen&#8221; _builder_version=&#8221;4.27.5&#8243; _module_preset=&#8221;default&#8221; global_colors_info=&#8221;{}&#8221;][\/et_pb_image][\/et_pb_column][\/et_pb_row][et_pb_row column_structure=&#8221;1_3,1_3,1_3&#8243; use_custom_gutter=&#8221;on&#8221; gutter_width=&#8221;2&#8243; admin_label=&#8221;Smje\u0161tajne jedinice&#8221; _builder_version=&#8221;4.18.0&#8243; _module_preset=&#8221;default&#8221; width=&#8221;55%&#8221; width_tablet=&#8221;55%&#8221; width_phone=&#8221;80%&#8221; width_last_edited=&#8221;on|phone&#8221; collapsed=&#8221;on&#8221; global_colors_info=&#8221;{}&#8221;][et_pb_column type=&#8221;1_3&#8243; _builder_version=&#8221;4.18.0&#8243; _module_preset=&#8221;default&#8221; global_colors_info=&#8221;{}&#8221;][et_pb_text admin_label=&#8221;Hotel Kimen&#8221; _builder_version=&#8221;4.18.0&#8243; _module_preset=&#8221;default&#8221; text_font=&#8221;|||on|||||&#8221; text_text_color=&#8221;#000000&#8243; text_font_size=&#8221;11px&#8221; text_letter_spacing=&#8221;0.5px&#8221; header_6_font=&#8221;|800|||||||&#8221; header_6_letter_spacing=&#8221;2px&#8221; background_enable_color=&#8221;off&#8221; custom_margin=&#8221;||0px||false|false&#8221; custom_padding=&#8221;25px|25px|10px|25px|false|true&#8221; border_width_all=&#8221;1px&#8221; border_color_all=&#8221;gcid-85037172-fba5-40c1-a92b-f6674d6e47fd&#8221; global_colors_info=&#8221;{%22gcid-85037172-fba5-40c1-a92b-f6674d6e47fd%22:%91%22background_color%22,%22border_color_all%22,%22background_color%22,%22background_color%22,%22border_color_all%22%93}&#8221;]<\/p>\n<h6>HOTEL KIMEN<\/h6>\n<p>[\/et_pb_text][et_pb_image src=&#8221;https:\/\/cresanka.hr\/wp-content\/uploads\/2022\/08\/Hotel-Kimen-Cres-Cresanka-e1763733013729.webp&#8221; alt=&#8221;Hotel Kimen, Cres &#8211; Cresanka d.d.&#8221; title_text=&#8221;Hotel Kimen, Cres &#8211; Cresanka d.d.&#8221; show_bottom_space=&#8221;off&#8221; _builder_version=&#8221;4.18.0&#8243; _module_preset=&#8221;default&#8221; global_colors_info=&#8221;{}&#8221;][\/et_pb_image][et_pb_text admin_label=&#8221;Zna\u010dajke&#8221; _builder_version=&#8221;4.18.0&#8243; _module_preset=&#8221;default&#8221; text_font=&#8221;|||on|||||&#8221; text_text_color=&#8221;#000000&#8243; text_font_size=&#8221;11px&#8221; text_letter_spacing=&#8221;0.5px&#8221; header_6_font=&#8221;|800|||||||&#8221; header_6_letter_spacing=&#8221;2px&#8221; background_enable_color=&#8221;off&#8221; custom_margin=&#8221;||0px||false|false&#8221; custom_padding=&#8221;25px|25px|25px|25px|true|true&#8221; border_width_all=&#8221;1px&#8221; border_color_all=&#8221;gcid-85037172-fba5-40c1-a92b-f6674d6e47fd&#8221; global_colors_info=&#8221;{%22gcid-85037172-fba5-40c1-a92b-f6674d6e47fd%22:%91%22background_color%22,%22border_color_all%22,%22background_color%22,%22background_color%22,%22border_color_all%22%93}&#8221;]<\/p>\n<ul>\n<li>128 camere con balcone<\/li>\n<li>6 camere singole lato mare<\/li>\n<li>116 camere doppie:<br \/>in parte lato mare, in parte lato parco<\/li>\n<li>17 con possibilit\u00e0 di separare il cuscinetto<\/li>\n<li>Tutte le camere doppie hanno la possibilit\u00e0 di un letto supplementare<\/li>\n<li>2 suite<\/li>\n<li>3 camere per disabili<\/li>\n<li>7 camere familiari<\/li>\n<\/ul>\n<p>[\/et_pb_text][et_pb_button button_url=&#8221;https:\/\/www.hotel-kimen.com\/smjestaj\/hotel-kimen\/&#8221; url_new_window=&#8221;on&#8221; button_text=&#8221;scopri di pi\u00f9&#8221; _builder_version=&#8221;4.18.0&#8243; _module_preset=&#8221;4435dd2a-dbe5-467f-80b4-2130759d3057&#8243; button_text_color=&#8221;gcid-eedb5146-9596-4faa-8e53-1b8865338375&#8243; button_bg_color=&#8221;gcid-85037172-fba5-40c1-a92b-f6674d6e47fd&#8221; locked=&#8221;off&#8221; global_colors_info=&#8221;{%22gcid-85037172-fba5-40c1-a92b-f6674d6e47fd%22:%91%22button_text_color%22,%22button_text_color%22,%22button_text_color%22,%22button_bg_color%22,%22button_text_color__hover%22%93,%22gcid-eedb5146-9596-4faa-8e53-1b8865338375%22:%91%22button_bg_color%22,%22button_text_color__hover%22,%22button_bg_color%22,%22button_text_color%22,%22button_bg_color__hover%22%93}&#8221; button_text_color__hover=&#8221;#c2d1d7&#8243; button_bg_color__hover=&#8221;#0a465e&#8221; button_bg_enable_color__hover=&#8221;on&#8221;][\/et_pb_button][\/et_pb_column][et_pb_column type=&#8221;1_3&#8243; _builder_version=&#8221;4.18.0&#8243; _module_preset=&#8221;default&#8221; global_colors_info=&#8221;{}&#8221;][et_pb_text admin_label=&#8221;Depadansa&#8221; _builder_version=&#8221;4.18.0&#8243; _module_preset=&#8221;default&#8221; text_font=&#8221;|||on|||||&#8221; text_text_color=&#8221;#000000&#8243; text_font_size=&#8221;11px&#8221; text_letter_spacing=&#8221;0.5px&#8221; header_6_font=&#8221;|800|||||||&#8221; header_6_letter_spacing=&#8221;2px&#8221; background_enable_color=&#8221;off&#8221; custom_margin=&#8221;||0px||false|false&#8221; custom_padding=&#8221;25px|25px|10px|25px|false|true&#8221; border_width_all=&#8221;1px&#8221; border_color_all=&#8221;gcid-85037172-fba5-40c1-a92b-f6674d6e47fd&#8221; global_colors_info=&#8221;{%22gcid-85037172-fba5-40c1-a92b-f6674d6e47fd%22:%91%22background_color%22,%22border_color_all%22,%22background_color%22,%22background_color%22,%22background_color%22,%22border_color_all%22,%22background_color%22,%22background_color%22%93}&#8221;]<\/p>\n<h6>D\u00c9PENDANCE<\/h6>\n<p>[\/et_pb_text][et_pb_image src=&#8221;https:\/\/cresanka.hr\/wp-content\/uploads\/2022\/08\/depadansa-hotel-kimen.webp&#8221; alt=&#8221;Hotel Kimen, Cres &#8211; Cresanka d.d.&#8221; title_text=&#8221;depadansa-hotel-kimen&#8221; show_bottom_space=&#8221;off&#8221; _builder_version=&#8221;4.18.0&#8243; _module_preset=&#8221;default&#8221; global_colors_info=&#8221;{}&#8221;][\/et_pb_image][et_pb_text admin_label=&#8221;Zna\u010dajke&#8221; _builder_version=&#8221;4.18.0&#8243; _module_preset=&#8221;default&#8221; text_font=&#8221;|||on|||||&#8221; text_text_color=&#8221;#000000&#8243; text_font_size=&#8221;11px&#8221; text_letter_spacing=&#8221;0.5px&#8221; header_6_font=&#8221;|800|||||||&#8221; header_6_letter_spacing=&#8221;2px&#8221; background_enable_color=&#8221;off&#8221; custom_margin=&#8221;||0px||false|false&#8221; custom_padding=&#8221;25px|25px|25px|25px|true|true&#8221; border_width_all=&#8221;1px&#8221; border_color_all=&#8221;gcid-85037172-fba5-40c1-a92b-f6674d6e47fd&#8221; global_colors_info=&#8221;{%22gcid-85037172-fba5-40c1-a92b-f6674d6e47fd%22:%91%22background_color%22,%22border_color_all%22,%22background_color%22,%22background_color%22,%22background_color%22,%22border_color_all%22,%22background_color%22,%22background_color%22%93}&#8221;]<\/p>\n<ul>\n<li>a circa 70 m dall&#8217;edificio principale<\/li>\n<li>54 camere doppie con letti aggiunti<\/li>\n<li>18 vani con uscita sul giardino<\/li>\n<li>36 camere sono dotate di balcone<\/li>\n<li>tutte le camere si affacciano sul lato mare<\/li>\n<li>15 junior suite e camere familiari dal nuovo design, con balcone alla francese lato parco<\/li>\n<\/ul>\n<p>[\/et_pb_text][et_pb_button button_url=&#8221;https:\/\/www.hotel-kimen.com\/smjestaj\/depadansa\/&#8221; url_new_window=&#8221;on&#8221; button_text=&#8221;scopri di pi\u00f9&#8221; _builder_version=&#8221;4.18.0&#8243; _module_preset=&#8221;4435dd2a-dbe5-467f-80b4-2130759d3057&#8243; button_text_color=&#8221;gcid-eedb5146-9596-4faa-8e53-1b8865338375&#8243; button_bg_color=&#8221;gcid-85037172-fba5-40c1-a92b-f6674d6e47fd&#8221; locked=&#8221;off&#8221; global_colors_info=&#8221;{%22gcid-85037172-fba5-40c1-a92b-f6674d6e47fd%22:%91%22button_text_color%22,%22button_bg_color__hover%22,%22button_text_color%22,%22button_text_color%22,%22button_text_color%22,%22button_bg_color%22,%22button_text_color__hover%22%93,%22gcid-eedb5146-9596-4faa-8e53-1b8865338375%22:%91%22button_bg_color%22,%22button_bg_color%22,%22button_bg_color%22,%22button_text_color%22,%22button_bg_color__hover%22%93}&#8221; button_text_color__hover=&#8221;#c2d1d7&#8243; button_bg_color__hover=&#8221;#0a465e&#8221; button_bg_enable_color__hover=&#8221;on&#8221; button_text_color__hover_enabled=&#8221;on|desktop&#8221;][\/et_pb_button][\/et_pb_column][et_pb_column type=&#8221;1_3&#8243; _builder_version=&#8221;4.18.0&#8243; _module_preset=&#8221;default&#8221; global_colors_info=&#8221;{}&#8221;][et_pb_text admin_label=&#8221;Ku\u0107a Kimen&#8221; _builder_version=&#8221;4.18.0&#8243; _module_preset=&#8221;default&#8221; text_font=&#8221;|||on|||||&#8221; text_text_color=&#8221;#000000&#8243; text_font_size=&#8221;11px&#8221; text_letter_spacing=&#8221;0.5px&#8221; header_6_font=&#8221;|800|||||||&#8221; header_6_letter_spacing=&#8221;2px&#8221; background_enable_color=&#8221;off&#8221; custom_margin=&#8221;||0px||false|false&#8221; custom_padding=&#8221;25px|25px|10px|25px|false|true&#8221; border_width_all=&#8221;1px&#8221; border_color_all=&#8221;gcid-85037172-fba5-40c1-a92b-f6674d6e47fd&#8221; global_colors_info=&#8221;{%22gcid-85037172-fba5-40c1-a92b-f6674d6e47fd%22:%91%22background_color%22,%22border_color_all%22,%22background_color%22,%22background_color%22%93}&#8221;]<\/p>\n<h6>Casa Kimen<\/h6>\n<p>[\/et_pb_text][et_pb_image src=&#8221;https:\/\/cresanka.hr\/wp-content\/uploads\/2022\/08\/kuca-kimen-hotel-kimen.webp&#8221; alt=&#8221;Casa Kimen &#8211; Hotel Kimen&#8221; title_text=&#8221;Casa Kimen &#8211; Hotel Kimen&#8221; show_bottom_space=&#8221;off&#8221; _builder_version=&#8221;4.18.0&#8243; _module_preset=&#8221;default&#8221; global_colors_info=&#8221;{}&#8221;][\/et_pb_image][et_pb_text admin_label=&#8221;Zna\u010dajke&#8221; _builder_version=&#8221;4.18.0&#8243; _module_preset=&#8221;default&#8221; text_font=&#8221;|||on|||||&#8221; text_text_color=&#8221;#000000&#8243; text_font_size=&#8221;11px&#8221; text_letter_spacing=&#8221;0.5px&#8221; header_6_font=&#8221;|800|||||||&#8221; header_6_letter_spacing=&#8221;2px&#8221; background_enable_color=&#8221;off&#8221; custom_margin=&#8221;||0px||false|false&#8221; custom_padding=&#8221;25px|25px|25px|25px|true|true&#8221; border_width_all=&#8221;1px&#8221; border_color_all=&#8221;gcid-85037172-fba5-40c1-a92b-f6674d6e47fd&#8221; global_colors_info=&#8221;{%22gcid-85037172-fba5-40c1-a92b-f6674d6e47fd%22:%91%22button_text_color%22,%22button_bg_color__hover%22,%22button_text_color%22,%22button_text_color%22,%22button_text_color%22,%22button_bg_color%22,%22button_text_color__hover%22,%22background_color%22,%22border_color_all%22,%22background_color%22,%22background_color%22%93,%22gcid-eedb5146-9596-4faa-8e53-1b8865338375%22:%91%22button_bg_color%22,%22button_bg_color%22,%22button_bg_color%22,%22button_text_color%22,%22button_bg_color__hover%22%93}&#8221; button_text_color__hover=&#8221;#c2d1d7&#8243; button_text_color__hover_enabled=&#8221;on|desktop&#8221;]<\/p>\n<ul>\n<li>a circa 200 metri dall&#8217;edificio principale, proprio accanto alla spiaggia<\/li>\n<li>capacit\u00e0 totale di 10 camere<\/li>\n<li>4 camere doppie con letto aggiunto, vista mare<\/li>\n<li>1 camera doppia con vista mare<\/li>\n<li>4 camere doppie con vista parco<\/li>\n<li>tutte le camere con SAT-TV<\/li>\n<li>tutte le stanze senza balcone<\/li>\n<li>la possibilit\u00e0 di utilizzare un lettino per bambini<\/li>\n<li>gli animali domestici sono i benvenuti<\/li>\n<\/ul>\n<p>[\/et_pb_text][et_pb_button button_url=&#8221;https:\/\/www.hotel-kimen.com\/smjestaj\/kuca-kimen\/&#8221; url_new_window=&#8221;on&#8221; button_text=&#8221;scopri di pi\u00f9&#8221; _builder_version=&#8221;4.18.0&#8243; _module_preset=&#8221;4435dd2a-dbe5-467f-80b4-2130759d3057&#8243; button_text_color=&#8221;gcid-eedb5146-9596-4faa-8e53-1b8865338375&#8243; button_bg_color=&#8221;gcid-85037172-fba5-40c1-a92b-f6674d6e47fd&#8221; locked=&#8221;off&#8221; global_colors_info=&#8221;{%22gcid-85037172-fba5-40c1-a92b-f6674d6e47fd%22:%91%22button_text_color%22,%22button_bg_color__hover%22,%22button_text_color%22,%22button_text_color%22,%22button_text_color%22,%22button_text_color%22,%22button_bg_color%22,%22button_text_color__hover%22%93,%22gcid-eedb5146-9596-4faa-8e53-1b8865338375%22:%91%22button_bg_color%22,%22button_bg_color%22,%22button_bg_color%22,%22button_bg_color%22,%22button_text_color%22,%22button_bg_color__hover%22%93}&#8221; button_text_color__hover=&#8221;#c2d1d7&#8243; button_text_color__hover_enabled=&#8221;on|desktop&#8221; button_bg_color__hover=&#8221;#0a465e&#8221; button_bg_enable_color__hover=&#8221;on&#8221;][\/et_pb_button][\/et_pb_column][\/et_pb_row][\/et_pb_section][et_pb_section fb_built=&#8221;1&#8243; next_background_color=&#8221;#ffffff&#8221; admin_label=&#8221;Hero &#8211; Kamp Kova\u010dine&#8221; module_class=&#8221;dh-valign-center-section&#8221; _builder_version=&#8221;4.18.0&#8243; background_image=&#8221;https:\/\/cresanka.hr\/wp-content\/uploads\/2022\/08\/Kamp-Kovacine-Otok-Cres.webp&#8221; background_position=&#8221;bottom_center&#8221; height=&#8221;80vh&#8221; bottom_divider_style=&#8221;asymmetric&#8221; bottom_divider_flip=&#8221;vertical|horizontal&#8221; bottom_divider_height_tablet=&#8221;&#8221; bottom_divider_height_phone=&#8221;50px&#8221; bottom_divider_height_last_edited=&#8221;on|phone&#8221; collapsed=&#8221;on&#8221; global_colors_info=&#8221;{}&#8221;][\/et_pb_section][et_pb_section fb_built=&#8221;1&#8243; admin_label=&#8221;Kamp Kova\u010dine&#8221; _builder_version=&#8221;4.18.0&#8243; _module_preset=&#8221;default&#8221; background_size=&#8221;initial&#8221; background_position=&#8221;top_left&#8221; background_repeat=&#8221;repeat&#8221; locked=&#8221;off&#8221; collapsed=&#8221;on&#8221; global_colors_info=&#8221;{}&#8221; text_font_size_last_edited=&#8221;on|phone&#8221; header_2_font_size_tablet=&#8221;2em&#8221; header_2_font_size_phone=&#8221;1.5em&#8221; header_2_font_size_last_edited=&#8221;on|phone&#8221; header_2_letter_spacing_phone=&#8221;-1px&#8221; header_2_letter_spacing_last_edited=&#8221;on|phone&#8221; text_font_size_tablet=&#8221;2em&#8221; text_font_size_phone=&#8221;2em&#8221;][et_pb_row column_structure=&#8221;2_3,1_3&#8243; admin_label=&#8221;Kamp Kova\u010dine &#8211; Opis&#8221; _builder_version=&#8221;4.18.0&#8243; _module_preset=&#8221;default&#8221; width=&#8221;55%&#8221; width_tablet=&#8221;55%&#8221; width_phone=&#8221;80%&#8221; width_last_edited=&#8221;on|phone&#8221; border_color_bottom=&#8221;gcid-85037172-fba5-40c1-a92b-f6674d6e47fd&#8221; collapsed=&#8221;on&#8221; global_colors_info=&#8221;{%22gcid-85037172-fba5-40c1-a92b-f6674d6e47fd%22:%91%22border_color_bottom%22%93}&#8221;][et_pb_column type=&#8221;2_3&#8243; _builder_version=&#8221;4.18.0&#8243; _module_preset=&#8221;default&#8221; global_colors_info=&#8221;{}&#8221;][et_pb_image src=&#8221;https:\/\/cresanka.hr\/wp-content\/uploads\/2022\/08\/Kamp_Kovac\u030cine_Logotip_pozitiv.svg&#8221; alt=&#8221;Campeggio Kovac\u030cine&#8221; title_text=&#8221;Campeggio Kovac\u030cine&#8221; url=&#8221;https:\/\/www.camp-kovacine.com&#8221; url_new_window=&#8221;on&#8221; align_tablet=&#8221;&#8221; align_phone=&#8221;left&#8221; align_last_edited=&#8221;on|phone&#8221; disabled_on=&#8221;off|on|on&#8221; admin_label=&#8221;Logo&#8221; _builder_version=&#8221;4.18.0&#8243; _module_preset=&#8221;default&#8221; width=&#8221;70%&#8221; width_tablet=&#8221;70%&#8221; width_phone=&#8221;60%&#8221; width_last_edited=&#8221;on|phone&#8221; module_alignment=&#8221;right&#8221; module_alignment_tablet=&#8221;right&#8221; module_alignment_phone=&#8221;left&#8221; module_alignment_last_edited=&#8221;on|phone&#8221; locked=&#8221;off&#8221; global_colors_info=&#8221;{}&#8221;][\/et_pb_image][et_pb_text admin_label=&#8221;Naslov&#8221; _builder_version=&#8221;4.18.0&#8243; text_font=&#8221;|300|||||||&#8221; text_font_size=&#8221;2em&#8221; header_font=&#8221;|300|||||||&#8221; header_font_size=&#8221;3.13em&#8221; header_letter_spacing=&#8221;1px&#8221; header_2_font=&#8221;|300|||||||&#8221; header_2_font_size=&#8221;2em&#8221; header_5_font=&#8221;|300|||||||&#8221; header_6_font=&#8221;|800|||||||&#8221; header_6_text_color=&#8221;#FFFFFF&#8221; header_6_letter_spacing=&#8221;4px&#8221; header_6_line_height=&#8221;1.4em&#8221; background_size=&#8221;initial&#8221; background_position=&#8221;top_left&#8221; background_repeat=&#8221;repeat&#8221; text_font_size_tablet=&#8221;2em&#8221; text_font_size_phone=&#8221;2em&#8221; text_font_size_last_edited=&#8221;on|phone&#8221; header_2_font_size_tablet=&#8221;2em&#8221; header_2_font_size_phone=&#8221;1.5em&#8221; header_2_font_size_last_edited=&#8221;on|phone&#8221; header_2_letter_spacing_tablet=&#8221;&#8221; header_2_letter_spacing_phone=&#8221;-1px&#8221; header_2_letter_spacing_last_edited=&#8221;on|phone&#8221; global_colors_info=&#8221;{}&#8221;]<\/p>\n<h2>Campeggio Kova\u010dine<\/h2>\n<h5>Molto pi\u00f9 di un\u2019avventura<\/h5>\n<p>[\/et_pb_text][et_pb_text admin_label=&#8221;Opis&#8221; _builder_version=&#8221;4.18.0&#8243; _module_preset=&#8221;default&#8221; text_font=&#8221;||||||||&#8221; text_text_color=&#8221;#000000&#8243; text_letter_spacing=&#8221;1px&#8221; text_line_height=&#8221;2em&#8221; global_colors_info=&#8221;{}&#8221;]<\/p>\n<p>Protetti dalle fronde dei pini e degli olivi e abbracciati dal mare, al campeggio Kova\u010dine potrete vivere tutta la libert\u00e0 e lo stile di vita rustico tipico delle isole, senza per\u00f2 rinunciare al vostro comfort.<\/p>\n<p>Attrezzato con contenuti eccellenti per la vostra comodit\u00e0 e con un\u2019ampia gamma di offerte e attivit\u00e0, il campeggio Kova\u010dine vi offre il meglio di due mondi: il risveglio dei sensi grazie all\u2019esposizione alle forze della natura, assieme al riposo e alla rivitalizzazione attraverso potenti esperienze autoctone.<\/p>\n<p>[\/et_pb_text][\/et_pb_column][et_pb_column type=&#8221;1_3&#8243; _builder_version=&#8221;4.18.0&#8243; _module_preset=&#8221;default&#8221; background_enable_color=&#8221;off&#8221; global_colors_info=&#8221;{%22gcid-85037172-fba5-40c1-a92b-f6674d6e47fd%22:%91%22background_color%22%93}&#8221;][et_pb_image src=&#8221;https:\/\/cresanka.hr\/wp-content\/uploads\/2022\/08\/Kamp_Kovac\u030cine_Logotip_pozitiv.svg&#8221; alt=&#8221;Campeggio Kovac\u030cine&#8221; title_text=&#8221;Campeggio Kovac\u030cine&#8221; url=&#8221;https:\/\/www.camp-kovacine.com&#8221; url_new_window=&#8221;on&#8221; disabled_on=&#8221;on|off|off&#8221; admin_label=&#8221;Logo&#8221; _builder_version=&#8221;4.18.0&#8243; _module_preset=&#8221;default&#8221; width=&#8221;70%&#8221; module_alignment=&#8221;right&#8221; global_colors_info=&#8221;{}&#8221;][\/et_pb_image][\/et_pb_column][\/et_pb_row][et_pb_row column_structure=&#8221;1_3,1_3,1_3&#8243; use_custom_gutter=&#8221;on&#8221; gutter_width=&#8221;2&#8243; admin_label=&#8221;Smje\u0161tajne jedinice&#8221; _builder_version=&#8221;4.18.0&#8243; _module_preset=&#8221;default&#8221; width=&#8221;55%&#8221; width_tablet=&#8221;55%&#8221; width_phone=&#8221;80%&#8221; width_last_edited=&#8221;on|phone&#8221; border_color_bottom=&#8221;gcid-85037172-fba5-40c1-a92b-f6674d6e47fd&#8221; collapsed=&#8221;on&#8221; global_colors_info=&#8221;{%22gcid-85037172-fba5-40c1-a92b-f6674d6e47fd%22:%91%22border_color_bottom%22%93}&#8221;][et_pb_column type=&#8221;1_3&#8243; _builder_version=&#8221;4.18.0&#8243; _module_preset=&#8221;default&#8221; global_colors_info=&#8221;{}&#8221;][et_pb_text admin_label=&#8221;Mobilne ku\u0107ice&#8221; _builder_version=&#8221;4.18.0&#8243; _module_preset=&#8221;default&#8221; text_font=&#8221;|||on|||||&#8221; text_text_color=&#8221;#000000&#8243; text_font_size=&#8221;11px&#8221; text_letter_spacing=&#8221;0.5px&#8221; header_6_font=&#8221;|800|||||||&#8221; header_6_letter_spacing=&#8221;2px&#8221; background_enable_color=&#8221;off&#8221; custom_margin=&#8221;||0px||false|false&#8221; custom_padding=&#8221;25px|25px|10px|25px|false|true&#8221; border_width_all=&#8221;1px&#8221; border_color_all=&#8221;gcid-85037172-fba5-40c1-a92b-f6674d6e47fd&#8221; global_colors_info=&#8221;{%22gcid-85037172-fba5-40c1-a92b-f6674d6e47fd%22:%91%22background_color%22,%22border_color_all%22,%22background_color%22%93}&#8221;]<\/p>\n<h6>Case mobile<\/h6>\n<p>[\/et_pb_text][et_pb_image src=&#8221;https:\/\/cresanka.hr\/wp-content\/uploads\/2022\/08\/Mobilne-kucice-Kamp-Kovacine-Otok-Cres.webp&#8221; alt=&#8221;Case mobile &#8211; Campeggio Kova\u010dine&#8221; title_text=&#8221;Case mobile &#8211; Campeggio Kova\u010dine&#8221; show_bottom_space=&#8221;off&#8221; _builder_version=&#8221;4.18.0&#8243; _module_preset=&#8221;default&#8221; locked=&#8221;off&#8221; global_colors_info=&#8221;{}&#8221;][\/et_pb_image][et_pb_text _builder_version=&#8221;4.27.5&#8243; _module_preset=&#8221;default&#8221; text_font=&#8221;|||on|||||&#8221; text_text_color=&#8221;#000000&#8243; text_font_size=&#8221;11px&#8221; text_letter_spacing=&#8221;0.5px&#8221; header_6_font=&#8221;|800|||||||&#8221; header_6_letter_spacing=&#8221;2px&#8221; background_enable_color=&#8221;off&#8221; custom_margin=&#8221;||0px||false|false&#8221; custom_padding=&#8221;25px|25px|25px|25px|true|true&#8221; hover_enabled=&#8221;0&#8243; border_width_all=&#8221;1px&#8221; border_color_all=&#8221;gcid-85037172-fba5-40c1-a92b-f6674d6e47fd&#8221; global_colors_info=&#8221;{%22gcid-85037172-fba5-40c1-a92b-f6674d6e47fd%22:%91%22background_color%22,%22border_color_all%22,%22background_color%22%93}&#8221; sticky_enabled=&#8221;0&#8243;]<\/p>\n<ul>\n<li>309 case mobili<\/li>\n<li>situato in una pineta, proprio accanto al mare.<\/li>\n<li>aria condizionata<\/li>\n<li>lenzuolo<\/li>\n<li>stoviglie<\/li>\n<li>sicuro per gli oggetti di valore<\/li>\n<li>tavolo e sedie da giardino (davanti casa)<\/li>\n<li>gli asciugamani non sono offerti<\/li>\n<\/ul>\n<p>[\/et_pb_text][et_pb_button button_url=&#8221;https:\/\/camp-kovacine.com\/smjestaj\/mobilne-kucice-kamp-kovacine-otok-cres\/&#8221; url_new_window=&#8221;on&#8221; button_text=&#8221;scopri di pi\u00f9&#8221; _builder_version=&#8221;4.18.0&#8243; _module_preset=&#8221;4435dd2a-dbe5-467f-80b4-2130759d3057&#8243; button_text_color=&#8221;gcid-eedb5146-9596-4faa-8e53-1b8865338375&#8243; button_bg_color=&#8221;gcid-85037172-fba5-40c1-a92b-f6674d6e47fd&#8221; global_colors_info=&#8221;{%22gcid-85037172-fba5-40c1-a92b-f6674d6e47fd%22:%91%22button_text_color%22,%22button_text_color%22,%22button_text_color%22,%22button_bg_color%22,%22button_text_color__hover%22%93,%22gcid-eedb5146-9596-4faa-8e53-1b8865338375%22:%91%22button_bg_color%22,%22button_text_color__hover%22,%22button_bg_color%22,%22button_text_color%22,%22button_bg_color__hover%22%93}&#8221; button_text_color__hover=&#8221;#c2d1d7&#8243; button_bg_color__hover=&#8221;#0a465e&#8221; button_bg_enable_color__hover=&#8221;on&#8221;][\/et_pb_button][\/et_pb_column][et_pb_column type=&#8221;1_3&#8243; _builder_version=&#8221;4.18.0&#8243; _module_preset=&#8221;default&#8221; background_enable_color=&#8221;off&#8221; global_colors_info=&#8221;{%22gcid-85037172-fba5-40c1-a92b-f6674d6e47fd%22:%91%22background_color%22%93}&#8221;][et_pb_text admin_label=&#8221;Parcele&#8221; _builder_version=&#8221;4.18.0&#8243; _module_preset=&#8221;default&#8221; text_font=&#8221;|||on|||||&#8221; text_text_color=&#8221;#000000&#8243; text_font_size=&#8221;11px&#8221; text_letter_spacing=&#8221;0.5px&#8221; header_6_font=&#8221;|800|||||||&#8221; header_6_letter_spacing=&#8221;2px&#8221; background_enable_color=&#8221;off&#8221; custom_margin=&#8221;||0px||false|false&#8221; custom_padding=&#8221;25px|25px|10px|25px|false|true&#8221; border_width_all=&#8221;1px&#8221; border_color_all=&#8221;gcid-85037172-fba5-40c1-a92b-f6674d6e47fd&#8221; global_colors_info=&#8221;{%22gcid-85037172-fba5-40c1-a92b-f6674d6e47fd%22:%91%22background_color%22,%22border_color_all%22,%22background_color%22,%22background_color%22,%22border_color_all%22,%22background_color%22%93}&#8221;]<\/p>\n<h6>Piazzole<\/h6>\n<p>[\/et_pb_text][et_pb_image src=&#8221;https:\/\/cresanka.hr\/wp-content\/uploads\/2022\/08\/Parcele-autokamp-Kamp-Kovacine-Otok-Cres.webp&#8221; alt=&#8221;Piazzole Campeggio Kova\u010dine&#8221; title_text=&#8221;Piazzole Campeggio Kova\u010dine&#8221; show_bottom_space=&#8221;off&#8221; _builder_version=&#8221;4.18.0&#8243; _module_preset=&#8221;default&#8221; locked=&#8221;off&#8221; global_colors_info=&#8221;{}&#8221;][\/et_pb_image][et_pb_text _builder_version=&#8221;4.18.0&#8243; _module_preset=&#8221;default&#8221; text_font=&#8221;|||on|||||&#8221; text_text_color=&#8221;#000000&#8243; text_font_size=&#8221;11px&#8221; text_letter_spacing=&#8221;0.5px&#8221; header_6_font=&#8221;|800|||||||&#8221; header_6_letter_spacing=&#8221;2px&#8221; background_enable_color=&#8221;off&#8221; custom_margin=&#8221;||0px||false|false&#8221; custom_padding=&#8221;25px|25px|25px|25px|true|true&#8221; border_width_all=&#8221;1px&#8221; border_color_all=&#8221;gcid-85037172-fba5-40c1-a92b-f6674d6e47fd&#8221; global_colors_info=&#8221;{%22gcid-85037172-fba5-40c1-a92b-f6674d6e47fd%22:%91%22background_color%22,%22border_color_all%22,%22background_color%22,%22background_color%22,%22border_color_all%22,%22background_color%22%93}&#8221;]<\/p>\n<ul>\n<li>Oltre 950 piazzole e campeggi<\/li>\n<li>circa 700 piazzole &gt; parte tessile del campo<\/li>\n<li>circa 250 piazzole &gt; FKK<\/li>\n<li>dimensione del terreno 60-120 m<sup>2<\/sup><\/li>\n<li>armadietto comune \u2013 allacciamento elettrico e 2 rubinetti acqua su 1 armadietto<\/li>\n<\/ul>\n<p>[\/et_pb_text][et_pb_button button_url=&#8221;https:\/\/camp-kovacine.com\/smjestaj\/parcele-kamp-kovacine-otok-cres\/&#8221; url_new_window=&#8221;on&#8221; button_text=&#8221;scopri di pi\u00f9&#8221; _builder_version=&#8221;4.18.0&#8243; _module_preset=&#8221;4435dd2a-dbe5-467f-80b4-2130759d3057&#8243; button_text_color=&#8221;gcid-eedb5146-9596-4faa-8e53-1b8865338375&#8243; button_bg_color=&#8221;gcid-85037172-fba5-40c1-a92b-f6674d6e47fd&#8221; global_colors_info=&#8221;{%22gcid-85037172-fba5-40c1-a92b-f6674d6e47fd%22:%91%22button_text_color%22,%22button_text_color%22,%22button_text_color%22,%22button_bg_color%22,%22button_text_color__hover%22%93,%22gcid-eedb5146-9596-4faa-8e53-1b8865338375%22:%91%22button_bg_color%22,%22button_text_color__hover%22,%22button_bg_color%22,%22button_text_color%22,%22button_bg_color__hover%22%93}&#8221; button_text_color__hover=&#8221;#c2d1d7&#8243; button_bg_color__hover=&#8221;#0a465e&#8221; button_bg_enable_color__hover=&#8221;on&#8221;][\/et_pb_button][\/et_pb_column][et_pb_column type=&#8221;1_3&#8243; _builder_version=&#8221;4.18.0&#8243; _module_preset=&#8221;default&#8221; background_enable_color=&#8221;off&#8221; global_colors_info=&#8221;{%22gcid-85037172-fba5-40c1-a92b-f6674d6e47fd%22:%91%22background_color%22%93}&#8221;][et_pb_text admin_label=&#8221;Ku\u0107a Tamaris&#8221; _builder_version=&#8221;4.18.0&#8243; _module_preset=&#8221;default&#8221; text_font=&#8221;|||on|||||&#8221; text_text_color=&#8221;#000000&#8243; text_font_size=&#8221;11px&#8221; text_letter_spacing=&#8221;0.5px&#8221; header_6_font=&#8221;|800|||||||&#8221; header_6_letter_spacing=&#8221;2px&#8221; background_enable_color=&#8221;off&#8221; custom_margin=&#8221;||0px||false|false&#8221; custom_padding=&#8221;25px|25px|10px|25px|false|true&#8221; border_width_all=&#8221;1px&#8221; border_color_all=&#8221;gcid-85037172-fba5-40c1-a92b-f6674d6e47fd&#8221; global_colors_info=&#8221;{%22gcid-85037172-fba5-40c1-a92b-f6674d6e47fd%22:%91%22background_color%22,%22border_color_all%22,%22background_color%22,%22background_color%22,%22border_color_all%22,%22background_color%22%93}&#8221;]<\/p>\n<h6>CASA TAMARIS<\/h6>\n<p>[\/et_pb_text][et_pb_image src=&#8221;https:\/\/cresanka.hr\/wp-content\/uploads\/2022\/08\/Kuca-Tamaris-Kamp-Kovacine-Otok-Cres.webp&#8221; alt=&#8221;Casa Tamaris &#8211; Campeggio Kova\u010dine&#8221; title_text=&#8221;Casa Tamaris &#8211; Campeggio Kova\u010dine&#8221; show_bottom_space=&#8221;off&#8221; _builder_version=&#8221;4.18.0&#8243; _module_preset=&#8221;default&#8221; locked=&#8221;off&#8221; global_colors_info=&#8221;{}&#8221;][\/et_pb_image][et_pb_text _builder_version=&#8221;4.18.0&#8243; _module_preset=&#8221;default&#8221; text_font=&#8221;|||on|||||&#8221; text_text_color=&#8221;#000000&#8243; text_font_size=&#8221;11px&#8221; text_letter_spacing=&#8221;0.5px&#8221; header_6_font=&#8221;|800|||||||&#8221; header_6_letter_spacing=&#8221;2px&#8221; background_enable_color=&#8221;off&#8221; custom_margin=&#8221;||0px||false|false&#8221; custom_padding=&#8221;25px|25px|25px|25px|true|true&#8221; border_width_all=&#8221;1px&#8221; border_color_all=&#8221;gcid-85037172-fba5-40c1-a92b-f6674d6e47fd&#8221; global_colors_info=&#8221;{%22gcid-85037172-fba5-40c1-a92b-f6674d6e47fd%22:%91%22background_color%22,%22border_color_all%22,%22background_color%22,%22background_color%22,%22border_color_all%22,%22background_color%22%93}&#8221;]<\/p>\n<ul>\n<li>13 camere arredate con gusto<\/li>\n<li>Ristorante al piano terra (a-la-carte)<\/li>\n<li>Negozio<\/li>\n<li>Terrazza estiva direttamente sul mare<\/li>\n<li>Bagno e servizi igienici propri<\/li>\n<li>Aria condizionata<\/li>\n<li>Minibar<\/li>\n<li>Telefono<\/li>\n<li>SAT e TV<\/li>\n<\/ul>\n<p>[\/et_pb_text][et_pb_button button_url=&#8221;https:\/\/camp-kovacine.com\/smjestaj\/kuca-tamaris-kamp-kovacine-otok-cres\/&#8221; url_new_window=&#8221;on&#8221; button_text=&#8221;scopri di pi\u00f9&#8221; _builder_version=&#8221;4.18.0&#8243; _module_preset=&#8221;4435dd2a-dbe5-467f-80b4-2130759d3057&#8243; button_text_color=&#8221;gcid-eedb5146-9596-4faa-8e53-1b8865338375&#8243; button_bg_color=&#8221;gcid-85037172-fba5-40c1-a92b-f6674d6e47fd&#8221; global_colors_info=&#8221;{%22gcid-85037172-fba5-40c1-a92b-f6674d6e47fd%22:%91%22button_text_color%22,%22button_text_color%22,%22button_text_color%22,%22button_bg_color%22,%22button_text_color__hover%22%93,%22gcid-eedb5146-9596-4faa-8e53-1b8865338375%22:%91%22button_bg_color%22,%22button_text_color__hover%22,%22button_bg_color%22,%22button_text_color%22,%22button_bg_color__hover%22%93}&#8221; button_text_color__hover=&#8221;#c2d1d7&#8243; button_bg_color__hover=&#8221;#0a465e&#8221; button_bg_enable_color__hover=&#8221;on&#8221;][\/et_pb_button][\/et_pb_column][\/et_pb_row][\/et_pb_section][et_pb_section fb_built=&#8221;1&#8243; next_background_color=&#8221;#ffffff&#8221; admin_label=&#8221;Hero Kamp Zdovica&#8221; module_class=&#8221;dh-valign-center-section&#8221; _builder_version=&#8221;4.18.0&#8243; background_image=&#8221;https:\/\/cresanka.hr\/wp-content\/uploads\/2022\/08\/Kamp-Zdovica-valun-cres.webp&#8221; background_position=&#8221;bottom_center&#8221; height=&#8221;80vh&#8221; bottom_divider_style=&#8221;asymmetric&#8221; bottom_divider_flip=&#8221;vertical|horizontal&#8221; bottom_divider_height_tablet=&#8221;&#8221; bottom_divider_height_phone=&#8221;50px&#8221; bottom_divider_height_last_edited=&#8221;on|phone&#8221; locked=&#8221;off&#8221; collapsed=&#8221;on&#8221; global_colors_info=&#8221;{}&#8221;][\/et_pb_section][et_pb_section fb_built=&#8221;1&#8243; admin_label=&#8221;Kamp Zdovica&#8221; _builder_version=&#8221;4.18.0&#8243; _module_preset=&#8221;default&#8221; custom_padding=&#8221;0px||||false|false&#8221; locked=&#8221;off&#8221; collapsed=&#8221;on&#8221; global_colors_info=&#8221;{}&#8221;][et_pb_row column_structure=&#8221;2_3,1_3&#8243; admin_label=&#8221;Kamp Zdovica &#8211; Opis&#8221; _builder_version=&#8221;4.18.0&#8243; _module_preset=&#8221;default&#8221; width=&#8221;55%&#8221; width_tablet=&#8221;55%&#8221; width_phone=&#8221;80%&#8221; width_last_edited=&#8221;on|phone&#8221; border_color_bottom=&#8221;gcid-85037172-fba5-40c1-a92b-f6674d6e47fd&#8221; collapsed=&#8221;off&#8221; global_colors_info=&#8221;{%22gcid-85037172-fba5-40c1-a92b-f6674d6e47fd%22:%91%22border_color_bottom%22%93}&#8221;][et_pb_column type=&#8221;2_3&#8243; _builder_version=&#8221;4.18.0&#8243; _module_preset=&#8221;default&#8221; global_colors_info=&#8221;{}&#8221;][et_pb_image src=&#8221;https:\/\/cresanka.hr\/wp-content\/uploads\/2022\/08\/Kamp-Zdovica-otok-Cres-logo.svg&#8221; alt=&#8221;Campeggio Zdovica, Cres&#8221; title_text=&#8221;Campeggio Zdovica, Cres&#8221; url=&#8221;https:\/\/www.camp-zdovica.com&#8221; url_new_window=&#8221;on&#8221; align=&#8221;right&#8221; align_tablet=&#8221;right&#8221; align_phone=&#8221;left&#8221; align_last_edited=&#8221;on|phone&#8221; disabled_on=&#8221;off|on|on&#8221; admin_label=&#8221;Logo&#8221; _builder_version=&#8221;4.18.0&#8243; _module_preset=&#8221;default&#8221; height=&#8221;50px&#8221; locked=&#8221;off&#8221; global_colors_info=&#8221;{}&#8221;][\/et_pb_image][et_pb_text admin_label=&#8221;Naslov&#8221; _builder_version=&#8221;4.18.0&#8243; text_font=&#8221;|300|||||||&#8221; text_font_size=&#8221;2em&#8221; header_font=&#8221;|300|||||||&#8221; header_font_size=&#8221;3.13em&#8221; header_letter_spacing=&#8221;1px&#8221; header_2_font=&#8221;|300|||||||&#8221; header_2_font_size=&#8221;2em&#8221; header_5_font=&#8221;|300|||||||&#8221; header_6_font=&#8221;|800|||||||&#8221; header_6_text_color=&#8221;#FFFFFF&#8221; header_6_letter_spacing=&#8221;4px&#8221; header_6_line_height=&#8221;1.4em&#8221; background_size=&#8221;initial&#8221; background_position=&#8221;top_left&#8221; background_repeat=&#8221;repeat&#8221; text_font_size_tablet=&#8221;2em&#8221; text_font_size_phone=&#8221;2em&#8221; text_font_size_last_edited=&#8221;on|phone&#8221; header_2_font_size_tablet=&#8221;2em&#8221; header_2_font_size_phone=&#8221;1.5em&#8221; header_2_font_size_last_edited=&#8221;on|phone&#8221; header_2_letter_spacing_tablet=&#8221;&#8221; header_2_letter_spacing_phone=&#8221;-1px&#8221; header_2_letter_spacing_last_edited=&#8221;on|phone&#8221; header_5_line_height_tablet=&#8221;&#8221; header_5_line_height_phone=&#8221;1.2em&#8221; header_5_line_height_last_edited=&#8221;on|phone&#8221; global_colors_info=&#8221;{}&#8221;]<\/p>\n<h2>Campeggio Zdovica<\/h2>\n<h5>Un soggiorno idilliaco nel cuore della vegetazione mediterranea<\/h5>\n<p>[\/et_pb_text][et_pb_text admin_label=&#8221;Opis&#8221; _builder_version=&#8221;4.27.5&#8243; _module_preset=&#8221;default&#8221; text_font=&#8221;||||||||&#8221; text_text_color=&#8221;#000000&#8243; text_letter_spacing=&#8221;1px&#8221; text_line_height=&#8221;2em&#8221; global_colors_info=&#8221;{}&#8221;]<\/p>\n<p>Questo piccolo campeggio dall\u2019ambiente idilliaco \u00e8 situato nel cuore della vegetazione chersina, nella pittoresca baia di Valun. Qui il silenzio \u00e8 turbato soltanto dallo sciabordio delle onde e dal fruscio dei rami che danzano mossi dalla brezza estiva e, se vorrete scoprire di pi\u00f9 sulla storia e sulla cultura dell\u2019isola e dei suoi interessanti abitanti, non dovrete andare lontano. La localit\u00e0 di Valun \u00e8 un vero e proprio forziere nel quale \u00e8 racchiusa la storia del luogo nonch\u00e9 la destinazione ideale da cui partire alla scoperta di tutte le peculiarit\u00e0 dell\u2019isola di Cherso (Cres). Per tutti coloro che desiderano trascorrere delle vacanze rustiche, prendersi una vera pausa dall\u2019ambiente urbano e dalla vita di tutti i giorni, il campeggio Zdovica, situato a due passi della costa, sar\u00e0 il rifugio perfetto.<\/p>\n<p>[\/et_pb_text][\/et_pb_column][et_pb_column type=&#8221;1_3&#8243; _builder_version=&#8221;4.18.0&#8243; _module_preset=&#8221;default&#8221; background_enable_color=&#8221;off&#8221; global_colors_info=&#8221;{%22gcid-85037172-fba5-40c1-a92b-f6674d6e47fd%22:%91%22background_color%22%93}&#8221;][et_pb_image src=&#8221;https:\/\/cresanka.hr\/wp-content\/uploads\/2022\/08\/Kamp-Zdovica-otok-Cres-logo.svg&#8221; alt=&#8221;Campeggio Zdovica, Cres&#8221; title_text=&#8221;Campeggio Zdovica, Cres&#8221; url=&#8221;https:\/\/www.camp-zdovica.com&#8221; url_new_window=&#8221;on&#8221; align=&#8221;right&#8221; disabled_on=&#8221;on|off|off&#8221; admin_label=&#8221;Logo&#8221; _builder_version=&#8221;4.18.0&#8243; _module_preset=&#8221;default&#8221; height=&#8221;50px&#8221; global_colors_info=&#8221;{}&#8221;][\/et_pb_image][\/et_pb_column][\/et_pb_row][et_pb_row column_structure=&#8221;1_3,1_3,1_3&#8243; use_custom_gutter=&#8221;on&#8221; gutter_width=&#8221;2&#8243; admin_label=&#8221;Smje\u0161tajne jedinice&#8221; _builder_version=&#8221;4.18.0&#8243; _module_preset=&#8221;default&#8221; width=&#8221;55%&#8221; width_tablet=&#8221;55%&#8221; width_phone=&#8221;80%&#8221; width_last_edited=&#8221;on|phone&#8221; border_color_bottom=&#8221;gcid-85037172-fba5-40c1-a92b-f6674d6e47fd&#8221; locked=&#8221;off&#8221; collapsed=&#8221;on&#8221; global_colors_info=&#8221;{%22gcid-85037172-fba5-40c1-a92b-f6674d6e47fd%22:%91%22border_color_bottom%22%93}&#8221;][et_pb_column type=&#8221;1_3&#8243; _builder_version=&#8221;4.18.0&#8243; _module_preset=&#8221;default&#8221; global_colors_info=&#8221;{}&#8221;][et_pb_text admin_label=&#8221;Kamp mjesta&#8221; _builder_version=&#8221;4.18.0&#8243; _module_preset=&#8221;default&#8221; text_font=&#8221;|||on|||||&#8221; text_text_color=&#8221;#000000&#8243; text_font_size=&#8221;11px&#8221; text_letter_spacing=&#8221;0.5px&#8221; header_6_font=&#8221;|800|||||||&#8221; header_6_letter_spacing=&#8221;2px&#8221; background_enable_color=&#8221;off&#8221; custom_margin=&#8221;||0px||false|false&#8221; custom_padding=&#8221;25px|25px|10px|25px|false|true&#8221; border_width_all=&#8221;1px&#8221; border_color_all=&#8221;gcid-85037172-fba5-40c1-a92b-f6674d6e47fd&#8221; global_colors_info=&#8221;{%22gcid-85037172-fba5-40c1-a92b-f6674d6e47fd%22:%91%22background_color%22,%22border_color_all%22,%22background_color%22,%22background_color%22%93}&#8221;]<\/p>\n<h6>POSTI PER CAMPEGGIARE<\/h6>\n<p>[\/et_pb_text][et_pb_image src=&#8221;https:\/\/cresanka.hr\/wp-content\/uploads\/2022\/08\/Kamp-zdovica-cres.webp&#8221; alt=&#8221;Campeggio Zdovica &#8211; Cherso&#8221; title_text=&#8221;Campeggio Zdovica &#8211; Cherso&#8221; show_bottom_space=&#8221;off&#8221; _builder_version=&#8221;4.18.0&#8243; _module_preset=&#8221;default&#8221; locked=&#8221;off&#8221; global_colors_info=&#8221;{}&#8221;][\/et_pb_image][et_pb_text _builder_version=&#8221;4.18.0&#8243; _module_preset=&#8221;default&#8221; text_font=&#8221;|||on|||||&#8221; text_text_color=&#8221;#000000&#8243; text_font_size=&#8221;11px&#8221; text_letter_spacing=&#8221;0.5px&#8221; header_6_font=&#8221;|800|||||||&#8221; header_6_letter_spacing=&#8221;2px&#8221; background_enable_color=&#8221;off&#8221; custom_margin=&#8221;||0px||false|false&#8221; custom_padding=&#8221;25px|25px|25px|25px|true|true&#8221; border_width_all=&#8221;1px&#8221; border_color_all=&#8221;gcid-85037172-fba5-40c1-a92b-f6674d6e47fd&#8221; global_colors_info=&#8221;{%22gcid-85037172-fba5-40c1-a92b-f6674d6e47fd%22:%91%22background_color%22,%22border_color_all%22,%22background_color%22,%22background_color%22%93}&#8221;]<\/p>\n<ul>\n<li>situato sulla spiaggia stessa<\/li>\n<li>capienza di 250 persone<\/li>\n<li>Beach volley<\/li>\n<li>campo da bocce<\/li>\n<li>campo da basket<\/li>\n<li>parco giochi per bambini<\/li>\n<\/ul>\n<p>[\/et_pb_text][et_pb_button button_url=&#8221;https:\/\/camp-zdovica.com\/kamp-mjesta\/&#8221; url_new_window=&#8221;on&#8221; button_text=&#8221;scopri di pi\u00f9&#8221; _builder_version=&#8221;4.18.0&#8243; _module_preset=&#8221;4435dd2a-dbe5-467f-80b4-2130759d3057&#8243; button_text_color=&#8221;gcid-eedb5146-9596-4faa-8e53-1b8865338375&#8243; button_bg_color=&#8221;gcid-85037172-fba5-40c1-a92b-f6674d6e47fd&#8221; global_colors_info=&#8221;{%22gcid-85037172-fba5-40c1-a92b-f6674d6e47fd%22:%91%22button_text_color%22,%22button_text_color%22,%22button_text_color%22,%22button_bg_color%22,%22button_text_color__hover%22%93,%22gcid-eedb5146-9596-4faa-8e53-1b8865338375%22:%91%22button_bg_color%22,%22button_text_color__hover%22,%22button_bg_color%22,%22button_text_color%22,%22button_bg_color__hover%22%93}&#8221; button_text_color__hover=&#8221;#c2d1d7&#8243; button_bg_color__hover=&#8221;#0a465e&#8221; button_bg_enable_color__hover=&#8221;on&#8221;][\/et_pb_button][\/et_pb_column][et_pb_column type=&#8221;1_3&#8243; _builder_version=&#8221;4.18.0&#8243; _module_preset=&#8221;default&#8221; background_enable_color=&#8221;off&#8221; global_colors_info=&#8221;{%22gcid-85037172-fba5-40c1-a92b-f6674d6e47fd%22:%91%22background_color%22%93}&#8221;][\/et_pb_column][et_pb_column type=&#8221;1_3&#8243; _builder_version=&#8221;4.18.0&#8243; _module_preset=&#8221;default&#8221; background_enable_color=&#8221;off&#8221; global_colors_info=&#8221;{%22gcid-85037172-fba5-40c1-a92b-f6674d6e47fd%22:%91%22background_color%22%93}&#8221;][\/et_pb_column][\/et_pb_row][\/et_pb_section][et_pb_section fb_built=&#8221;1&#8243; next_background_color=&#8221;#ffffff&#8221; admin_label=&#8221;Hero &#8211; Apartmani i sobe&#8221; module_class=&#8221;dh-valign-center-section&#8221; _builder_version=&#8221;4.18.0&#8243; background_image=&#8221;https:\/\/cresanka.hr\/wp-content\/uploads\/2022\/08\/Apartmani-Cres.webp&#8221; background_position=&#8221;bottom_center&#8221; height=&#8221;80vh&#8221; bottom_divider_style=&#8221;asymmetric&#8221; bottom_divider_flip=&#8221;vertical|horizontal&#8221; bottom_divider_height_tablet=&#8221;&#8221; bottom_divider_height_phone=&#8221;50px&#8221; bottom_divider_height_last_edited=&#8221;on|phone&#8221; locked=&#8221;off&#8221; collapsed=&#8221;on&#8221; global_colors_info=&#8221;{}&#8221;][\/et_pb_section][et_pb_section fb_built=&#8221;1&#8243; admin_label=&#8221;Apartmani i sobe &#8211; Opis&#8221; _builder_version=&#8221;4.18.0&#8243; _module_preset=&#8221;default&#8221; custom_padding=&#8221;0px||0px||true|false&#8221; locked=&#8221;off&#8221; collapsed=&#8221;on&#8221; global_colors_info=&#8221;{}&#8221;][et_pb_row column_structure=&#8221;2_3,1_3&#8243; admin_label=&#8221;Apartmani i sobe&#8221; _builder_version=&#8221;4.18.0&#8243; _module_preset=&#8221;default&#8221; width=&#8221;55%&#8221; width_tablet=&#8221;55%&#8221; width_phone=&#8221;80%&#8221; width_last_edited=&#8221;on|phone&#8221; border_color_bottom=&#8221;gcid-85037172-fba5-40c1-a92b-f6674d6e47fd&#8221; collapsed=&#8221;on&#8221; global_colors_info=&#8221;{%22gcid-85037172-fba5-40c1-a92b-f6674d6e47fd%22:%91%22border_color_bottom%22%93}&#8221;][et_pb_column type=&#8221;2_3&#8243; _builder_version=&#8221;4.18.0&#8243; _module_preset=&#8221;default&#8221; global_colors_info=&#8221;{}&#8221;][et_pb_image src=&#8221;https:\/\/cresanka.hr\/wp-content\/uploads\/2022\/08\/Apartmani_Cres_Cresanka.svg&#8221; alt=&#8221;Appartamenti Cres&#8221; title_text=&#8221;Appartamenti Cres&#8221; url=&#8221;https:\/\/www.tbcres.com&#8221; url_new_window=&#8221;on&#8221; align=&#8221;right&#8221; align_tablet=&#8221;right&#8221; align_phone=&#8221;left&#8221; align_last_edited=&#8221;on|phone&#8221; disabled_on=&#8221;off|on|on&#8221; admin_label=&#8221;Logo&#8221; _builder_version=&#8221;4.18.0&#8243; _module_preset=&#8221;default&#8221; height=&#8221;100px&#8221; locked=&#8221;off&#8221; global_colors_info=&#8221;{}&#8221;][\/et_pb_image][et_pb_text admin_label=&#8221;Naslov&#8221; _builder_version=&#8221;4.18.0&#8243; text_font=&#8221;|300|||||||&#8221; text_font_size=&#8221;2em&#8221; header_font=&#8221;|300|||||||&#8221; header_font_size=&#8221;3.13em&#8221; header_letter_spacing=&#8221;1px&#8221; header_2_font=&#8221;|300|||||||&#8221; header_2_font_size=&#8221;2em&#8221; header_5_font=&#8221;|300|||||||&#8221; header_6_font=&#8221;|800|||||||&#8221; header_6_text_color=&#8221;#FFFFFF&#8221; header_6_letter_spacing=&#8221;4px&#8221; header_6_line_height=&#8221;1.4em&#8221; background_size=&#8221;initial&#8221; background_position=&#8221;top_left&#8221; background_repeat=&#8221;repeat&#8221; text_font_size_tablet=&#8221;2em&#8221; text_font_size_phone=&#8221;2em&#8221; text_font_size_last_edited=&#8221;on|phone&#8221; header_2_font_size_tablet=&#8221;2em&#8221; header_2_font_size_phone=&#8221;1.5em&#8221; header_2_font_size_last_edited=&#8221;on|phone&#8221; header_2_letter_spacing_tablet=&#8221;&#8221; header_2_letter_spacing_phone=&#8221;-1px&#8221; header_2_letter_spacing_last_edited=&#8221;on|phone&#8221; global_colors_info=&#8221;{}&#8221;]<\/p>\n<h2>APPARTAMENTI CRES<\/h2>\n<h5>Un\u2019esperienza isolana creata su misura per voi<\/h5>\n<p>[\/et_pb_text][et_pb_text admin_label=&#8221;Opis&#8221; _builder_version=&#8221;4.18.0&#8243; _module_preset=&#8221;default&#8221; text_font=&#8221;||||||||&#8221; text_text_color=&#8221;#000000&#8243; text_letter_spacing=&#8221;1px&#8221; text_line_height=&#8221;2em&#8221; global_colors_info=&#8221;{}&#8221;]<\/p>\n<p>La citt\u00e0 di Cherso (Cres) abbonda di alloggi privati. Per offrirvi un\u2019indimenticabile esperienza autoctona dell\u2019isola, abbiamo selezionato per voi degli alloggi tipici nei quali potrete scoprire, accompagnati dai loro gentili e cordiali proprietari, la cultura chersina e imparare a osservare, grazie all\u2019ambiente eco-friendly e alla vicinanza della natura incontaminata pi\u00f9 selvaggia, il paesaggio che vi circonda con occhi nuovi.<\/p>\n<p>Nei nostri appartamenti e nelle nostre camere affittate da privati siete i benvenuti durante tutto l\u2019anno: godetevi il vostro alloggio autoctono in cui si fondono l\u2019ambiente piacevole e l\u2019autenticit\u00e0 di Cherso!<\/p>\n<p>[\/et_pb_text][\/et_pb_column][et_pb_column type=&#8221;1_3&#8243; _builder_version=&#8221;4.18.0&#8243; _module_preset=&#8221;default&#8221; background_enable_color=&#8221;off&#8221; global_colors_info=&#8221;{%22gcid-85037172-fba5-40c1-a92b-f6674d6e47fd%22:%91%22background_color%22%93}&#8221;][et_pb_image src=&#8221;https:\/\/cresanka.hr\/wp-content\/uploads\/2022\/08\/Apartmani_Cres_Cresanka.svg&#8221; alt=&#8221;Appartamenti Cres&#8221; title_text=&#8221;Appartamenti Cres&#8221; url=&#8221;https:\/\/www.tbcres.com&#8221; url_new_window=&#8221;on&#8221; align=&#8221;right&#8221; disabled_on=&#8221;on|off|off&#8221; admin_label=&#8221;Logo&#8221; _builder_version=&#8221;4.18.0&#8243; _module_preset=&#8221;default&#8221; height=&#8221;100px&#8221; global_colors_info=&#8221;{}&#8221;][\/et_pb_image][\/et_pb_column][\/et_pb_row][et_pb_row column_structure=&#8221;1_3,1_3,1_3&#8243; use_custom_gutter=&#8221;on&#8221; gutter_width=&#8221;2&#8243; make_equal=&#8221;on&#8221; admin_label=&#8221;Smje\u0161tajne jedinice&#8221; _builder_version=&#8221;4.18.0&#8243; _module_preset=&#8221;default&#8221; width=&#8221;55%&#8221; width_tablet=&#8221;55%&#8221; width_phone=&#8221;80%&#8221; width_last_edited=&#8221;on|phone&#8221; border_color_bottom=&#8221;gcid-85037172-fba5-40c1-a92b-f6674d6e47fd&#8221; locked=&#8221;off&#8221; global_colors_info=&#8221;{%22gcid-85037172-fba5-40c1-a92b-f6674d6e47fd%22:%91%22border_color_bottom%22%93}&#8221;][et_pb_column type=&#8221;1_3&#8243; _builder_version=&#8221;4.18.0&#8243; _module_preset=&#8221;default&#8221; global_colors_info=&#8221;{}&#8221;][et_pb_text admin_label=&#8221;Apartmani&#8221; _builder_version=&#8221;4.18.0&#8243; _module_preset=&#8221;default&#8221; text_font=&#8221;|||on|||||&#8221; text_text_color=&#8221;#000000&#8243; text_font_size=&#8221;11px&#8221; text_letter_spacing=&#8221;0.5px&#8221; header_6_font=&#8221;|800|||||||&#8221; header_6_letter_spacing=&#8221;2px&#8221; background_enable_color=&#8221;off&#8221; custom_margin=&#8221;||0px||false|false&#8221; custom_padding=&#8221;25px|25px|10px|25px|false|true&#8221; border_width_all=&#8221;1px&#8221; border_color_all=&#8221;gcid-85037172-fba5-40c1-a92b-f6674d6e47fd&#8221; global_colors_info=&#8221;{%22gcid-85037172-fba5-40c1-a92b-f6674d6e47fd%22:%91%22background_color%22,%22border_color_all%22,%22background_color%22,%22background_color%22%93}&#8221;]<\/p>\n<h6>APPARTAMENTI<\/h6>\n<p>[\/et_pb_text][et_pb_image src=&#8221;https:\/\/cresanka.hr\/wp-content\/uploads\/2022\/08\/Apartmani-Cres-1.webp&#8221; alt=&#8221;Appartamenti Cres&#8221; title_text=&#8221;Appartamenti Cres&#8221; show_bottom_space=&#8221;off&#8221; _builder_version=&#8221;4.18.0&#8243; _module_preset=&#8221;default&#8221; locked=&#8221;off&#8221; global_colors_info=&#8221;{}&#8221;][\/et_pb_image][et_pb_text _builder_version=&#8221;4.18.0&#8243; _module_preset=&#8221;default&#8221; text_font=&#8221;|||on|||||&#8221; text_text_color=&#8221;#000000&#8243; text_font_size=&#8221;11px&#8221; text_letter_spacing=&#8221;0.5px&#8221; header_6_font=&#8221;|800|||||||&#8221; header_6_letter_spacing=&#8221;2px&#8221; background_enable_color=&#8221;off&#8221; custom_margin=&#8221;||0px||false|false&#8221; custom_padding=&#8221;25px|25px|25px|25px|true|true&#8221; border_width_all=&#8221;1px&#8221; border_color_all=&#8221;gcid-85037172-fba5-40c1-a92b-f6674d6e47fd&#8221; global_colors_info=&#8221;{%22gcid-85037172-fba5-40c1-a92b-f6674d6e47fd%22:%91%22background_color%22,%22border_color_all%22,%22background_color%22,%22background_color%22%93}&#8221;]<\/p>\n<ul>\n<li>cucina e sala da pranzo<\/li>\n<li>due camere da letto<\/li>\n<li>bagno e wc<\/li>\n<li>terrazza o uscita sul giardino<\/li>\n<\/ul>\n<p>[\/et_pb_text][et_pb_button button_url=&#8221;https:\/\/tbcres.com\/privatni-apartmani-cres\/&#8221; url_new_window=&#8221;on&#8221; button_text=&#8221;scopri di pi\u00f9&#8221; _builder_version=&#8221;4.18.0&#8243; _module_preset=&#8221;4435dd2a-dbe5-467f-80b4-2130759d3057&#8243; button_text_color=&#8221;gcid-eedb5146-9596-4faa-8e53-1b8865338375&#8243; button_bg_color=&#8221;gcid-85037172-fba5-40c1-a92b-f6674d6e47fd&#8221; global_colors_info=&#8221;{%22gcid-85037172-fba5-40c1-a92b-f6674d6e47fd%22:%91%22button_text_color%22,%22button_text_color%22,%22button_text_color%22,%22button_bg_color%22,%22button_text_color__hover%22%93,%22gcid-eedb5146-9596-4faa-8e53-1b8865338375%22:%91%22button_bg_color%22,%22button_text_color__hover%22,%22button_bg_color%22,%22button_text_color%22,%22button_bg_color__hover%22%93}&#8221; button_text_color__hover=&#8221;#c2d1d7&#8243; button_bg_color__hover=&#8221;#0a465e&#8221; button_bg_enable_color__hover=&#8221;on&#8221;][\/et_pb_button][\/et_pb_column][et_pb_column type=&#8221;1_3&#8243; _builder_version=&#8221;4.18.0&#8243; _module_preset=&#8221;default&#8221; background_enable_color=&#8221;off&#8221; global_colors_info=&#8221;{%22gcid-85037172-fba5-40c1-a92b-f6674d6e47fd%22:%91%22background_color%22%93}&#8221;][et_pb_text admin_label=&#8221;Sobe&#8221; _builder_version=&#8221;4.18.0&#8243; _module_preset=&#8221;default&#8221; text_font=&#8221;|||on|||||&#8221; text_text_color=&#8221;#000000&#8243; text_font_size=&#8221;11px&#8221; text_letter_spacing=&#8221;0.5px&#8221; header_6_font=&#8221;|800|||||||&#8221; header_6_letter_spacing=&#8221;2px&#8221; background_enable_color=&#8221;off&#8221; custom_margin=&#8221;||0px||false|false&#8221; custom_padding=&#8221;25px|25px|10px|25px|false|true&#8221; border_width_all=&#8221;1px&#8221; border_color_all=&#8221;gcid-85037172-fba5-40c1-a92b-f6674d6e47fd&#8221; global_colors_info=&#8221;{%22gcid-85037172-fba5-40c1-a92b-f6674d6e47fd%22:%91%22background_color%22,%22border_color_all%22,%22background_color%22,%22background_color%22,%22border_color_all%22,%22background_color%22,%22background_color%22%93}&#8221;]<\/p>\n<h6>CAMERE<\/h6>\n<p>[\/et_pb_text][et_pb_image src=&#8221;https:\/\/cresanka.hr\/wp-content\/uploads\/2022\/08\/Privatne-sobe-cres.webp&#8221; alt=&#8221;Camere private Cres&#8221; title_text=&#8221;Camere private Cres&#8221; show_bottom_space=&#8221;off&#8221; _builder_version=&#8221;4.18.0&#8243; _module_preset=&#8221;default&#8221; locked=&#8221;off&#8221; global_colors_info=&#8221;{}&#8221;][\/et_pb_image][et_pb_text _builder_version=&#8221;4.18.0&#8243; _module_preset=&#8221;default&#8221; text_font=&#8221;|||on|||||&#8221; text_text_color=&#8221;#000000&#8243; text_font_size=&#8221;11px&#8221; text_letter_spacing=&#8221;0.5px&#8221; header_6_font=&#8221;|800|||||||&#8221; header_6_letter_spacing=&#8221;2px&#8221; background_enable_color=&#8221;off&#8221; custom_margin=&#8221;||0px||false|false&#8221; custom_padding=&#8221;25px|25px|25px|25px|true|true&#8221; border_width_all=&#8221;1px&#8221; border_color_all=&#8221;gcid-85037172-fba5-40c1-a92b-f6674d6e47fd&#8221; global_colors_info=&#8221;{%22gcid-85037172-fba5-40c1-a92b-f6674d6e47fd%22:%91%22background_color%22,%22border_color_all%22,%22background_color%22,%22background_color%22,%22border_color_all%22,%22background_color%22,%22background_color%22%93}&#8221;]<\/p>\n<ul>\n<li>bagno privato<\/li>\n<li>asciugamani<\/li>\n<li>lenzuolo<\/li>\n<\/ul>\n<p>[\/et_pb_text][et_pb_button button_url=&#8221;https:\/\/tbcres.com\/privatne-sobe-cres\/&#8221; url_new_window=&#8221;on&#8221; button_text=&#8221;scopri di pi\u00f9&#8221; _builder_version=&#8221;4.18.0&#8243; _module_preset=&#8221;4435dd2a-dbe5-467f-80b4-2130759d3057&#8243; button_text_color=&#8221;gcid-eedb5146-9596-4faa-8e53-1b8865338375&#8243; button_bg_color=&#8221;gcid-85037172-fba5-40c1-a92b-f6674d6e47fd&#8221; locked=&#8221;off&#8221; global_colors_info=&#8221;{%22gcid-85037172-fba5-40c1-a92b-f6674d6e47fd%22:%91%22button_text_color%22,%22button_text_color%22,%22button_text_color%22,%22button_bg_color%22,%22button_text_color__hover%22%93,%22gcid-eedb5146-9596-4faa-8e53-1b8865338375%22:%91%22button_bg_color%22,%22button_text_color__hover%22,%22button_bg_color%22,%22button_text_color%22,%22button_bg_color__hover%22%93}&#8221; button_text_color__hover=&#8221;#c2d1d7&#8243; button_bg_color__hover=&#8221;#0a465e&#8221; button_bg_enable_color__hover=&#8221;on&#8221;][\/et_pb_button][\/et_pb_column][et_pb_column type=&#8221;1_3&#8243; _builder_version=&#8221;4.18.0&#8243; _module_preset=&#8221;default&#8221; background_enable_color=&#8221;off&#8221; global_colors_info=&#8221;{%22gcid-85037172-fba5-40c1-a92b-f6674d6e47fd%22:%91%22background_color%22%93}&#8221;][\/et_pb_column][\/et_pb_row][\/et_pb_section]<\/p>\n","protected":false},"excerpt":{"rendered":"<p>Hotel Kimen Riscoprite i vostri sensiSituato in un parco naturale di piante mediterranee unico nel suo genere, proprio ai margini della spiaggia, l&#8217;Hotel Kimen sar\u00e0 la vostra oasi di avventura, vitalit\u00e0 e pace. Scoprite i benefici della nostra ampia gamma di servizi e trattamenti orientati alla cura del corpo e dello spirito, dell\u2019avere a disposizione il nostro personale qualificato che con piacere personalizzer\u00e0 il vostro soggiorno e dell\u2019ambiente eco-friendly che vi incoragger\u00e0 a osservare ci\u00f2 che vi circonda con occhi nuovi e a donare alla vostra vita una dimensione completamente inedita.HOTEL KIMEN 128 camere con balcone 6 camere singole lato mare 116 camere doppie:in parte lato mare, in parte lato parco 17 con possibilit\u00e0 di separare il cuscinetto Tutte le camere doppie hanno la possibilit\u00e0 di un letto supplementare 2 suite 3 camere per disabili 7 camere familiari D\u00c9PENDANCE a circa 70 m dall&#8217;edificio principale 54 camere doppie con letti aggiunti 18 vani con uscita sul giardino 36 camere sono dotate di balcone tutte le camere si affacciano sul lato mare 15 junior suite e camere familiari dal nuovo design, con balcone alla francese lato parco Casa Kimen a circa 200 metri dall&#8217;edificio principale, proprio accanto alla spiaggia capacit\u00e0 totale [&hellip;]<\/p>\n","protected":false},"author":1,"featured_media":0,"parent":0,"menu_order":0,"comment_status":"closed","ping_status":"closed","template":"","meta":{"_et_pb_use_builder":"on","_et_pb_old_content":"","_et_gb_content_width":"","footnotes":""},"class_list":["post-1180","page","type-page","status-publish","hentry"],"_links":{"self":[{"href":"https:\/\/cresanka.hr\/it\/wp-json\/wp\/v2\/pages\/1180","targetHints":{"allow":["GET"]}}],"collection":[{"href":"https:\/\/cresanka.hr\/it\/wp-json\/wp\/v2\/pages"}],"about":[{"href":"https:\/\/cresanka.hr\/it\/wp-json\/wp\/v2\/types\/page"}],"author":[{"embeddable":true,"href":"https:\/\/cresanka.hr\/it\/wp-json\/wp\/v2\/users\/1"}],"replies":[{"embeddable":true,"href":"https:\/\/cresanka.hr\/it\/wp-json\/wp\/v2\/comments?post=1180"}],"version-history":[{"count":17,"href":"https:\/\/cresanka.hr\/it\/wp-json\/wp\/v2\/pages\/1180\/revisions"}],"predecessor-version":[{"id":2714,"href":"https:\/\/cresanka.hr\/it\/wp-json\/wp\/v2\/pages\/1180\/revisions\/2714"}],"wp:attachment":[{"href":"https:\/\/cresanka.hr\/it\/wp-json\/wp\/v2\/media?parent=1180"}],"curies":[{"name":"wp","href":"https:\/\/api.w.org\/{rel}","templated":true}]}}