{"id":1183,"date":"2022-08-08T15:53:31","date_gmt":"2022-08-08T15:53:31","guid":{"rendered":"https:\/\/cresanka.hr\/lisola-di-cherso\/"},"modified":"2026-02-19T14:39:24","modified_gmt":"2026-02-19T14:39:24","slug":"lisola-di-cherso","status":"publish","type":"page","link":"https:\/\/cresanka.hr\/it\/lisola-di-cherso\/","title":{"rendered":"L\u2019isola di Cherso"},"content":{"rendered":"<p>[et_pb_section fb_built=&#8221;1&#8243; next_background_color=&#8221;#ffffff&#8221; module_class=&#8221;dh-valign-center-section&#8221; _builder_version=&#8221;4.18.0&#8243; background_image=&#8221;https:\/\/cresanka.hr\/wp-content\/uploads\/2022\/08\/Otok-Cres.webp&#8221; background_position=&#8221;bottom_center&#8221; height=&#8221;80vh&#8221; height_tablet=&#8221;80vh&#8221; height_phone=&#8221;80vh&#8221; height_last_edited=&#8221;on|phone&#8221; bottom_divider_style=&#8221;asymmetric&#8221; bottom_divider_flip=&#8221;vertical|horizontal&#8221; bottom_divider_height_tablet=&#8221;&#8221; bottom_divider_height_phone=&#8221;50px&#8221; bottom_divider_height_last_edited=&#8221;on|phone&#8221; global_colors_info=&#8221;{}&#8221; admin_label=&#8221;Hero Otok Cres&#8221; collapsed=&#8221;on&#8221;][et_pb_row _builder_version=&#8221;4.18.0&#8243; background_size=&#8221;initial&#8221; background_position=&#8221;top_left&#8221; background_repeat=&#8221;repeat&#8221; width=&#8221;55%&#8221; width_tablet=&#8221;55%&#8221; width_phone=&#8221;80%&#8221; width_last_edited=&#8221;on|phone&#8221; global_colors_info=&#8221;{}&#8221; collapsed=&#8221;on&#8221; admin_label=&#8221;L\u2019isola di Cherso&#8221;][et_pb_column type=&#8221;4_4&#8243; _builder_version=&#8221;4.16&#8243; custom_padding=&#8221;|||&#8221; global_colors_info=&#8221;{}&#8221; custom_padding__hover=&#8221;|||&#8221;][et_pb_text _builder_version=&#8221;4.18.0&#8243; text_text_color=&#8221;#FFFFFF&#8221; header_font=&#8221;|300|||||||&#8221; header_text_color=&#8221;#FFFFFF&#8221; header_font_size=&#8221;4em&#8221; header_letter_spacing=&#8221;1px&#8221; header_5_text_color=&#8221;#FFFFFF&#8221; header_5_letter_spacing=&#8221;1px&#8221; header_5_line_height=&#8221;1.4em&#8221; header_6_font=&#8221;|800|||||||&#8221; header_6_text_align=&#8221;center&#8221; header_6_text_color=&#8221;#FFFFFF&#8221; header_6_font_size=&#8221;1em&#8221; header_6_letter_spacing=&#8221;4px&#8221; header_6_line_height=&#8221;1.4em&#8221; background_size=&#8221;initial&#8221; background_position=&#8221;top_left&#8221; background_repeat=&#8221;repeat&#8221; header_5_font_size_tablet=&#8221;&#8221; header_5_font_size_phone=&#8221;1.2em&#8221; header_5_font_size_last_edited=&#8221;on|phone&#8221; global_colors_info=&#8221;{}&#8221;]<\/p>\n<h1>L\u2019isola di Cherso<\/h1>\n<h5>Quest\u2019isola idilliaca \u00e8 da molti dolcemente definita una bellezza romantica o l\u2019ecologico fiore all\u2019occhiello del litorale croato.<\/h5>\n<p>[\/et_pb_text][\/et_pb_column][\/et_pb_row][\/et_pb_section][et_pb_section fb_built=&#8221;1&#8243; _builder_version=&#8221;4.18.0&#8243; _module_preset=&#8221;default&#8221; custom_padding=&#8221;0px||||false|false&#8221; global_colors_info=&#8221;{}&#8221; admin_label=&#8221;Otok Cres&#8221; collapsed=&#8221;on&#8221;][et_pb_row column_structure=&#8221;1_2,1_2&#8243; _builder_version=&#8221;4.18.0&#8243; _module_preset=&#8221;default&#8221; width=&#8221;55%&#8221; width_tablet=&#8221;55%&#8221; width_phone=&#8221;80%&#8221; width_last_edited=&#8221;on|phone&#8221; border_color_bottom=&#8221;gcid-85037172-fba5-40c1-a92b-f6674d6e47fd&#8221; global_colors_info=&#8221;{%22gcid-85037172-fba5-40c1-a92b-f6674d6e47fd%22:%91%22border_color_bottom%22%93}&#8221; collapsed=&#8221;on&#8221;][et_pb_column type=&#8221;1_2&#8243; _builder_version=&#8221;4.18.0&#8243; _module_preset=&#8221;default&#8221; global_colors_info=&#8221;{}&#8221;][et_pb_text _builder_version=&#8221;4.18.0&#8243; _module_preset=&#8221;default&#8221; text_text_color=&#8221;#000000&#8243; text_letter_spacing=&#8221;0.5px&#8221; global_colors_info=&#8221;{}&#8221;]<\/p>\n<p>Cherso (Cres) appartiene a due zone di vegetazione \u2013 mediterranea e sub mediterranea \u2013 ed \u00e8 caratterizzata da un piacevole e mite clima sub mediterraneo, da numerosi giorni e ore di sole, dal caldo mare cristallino e dalla foresta incontaminata e selvaggia.<\/p>\n<p>Le pittoresche e romantiche spiagge, ma anche qualche baia nascosta, sono un premio fantastico per chiunque decida di imbarcarsi in una piccola avventura e partire alla scoperta di uno dei numerosi sentieri rustici che attraversano l\u2019isola.<\/p>\n<p>Le ultime 100 famiglie di grifoni in Croazia hanno trovato rifugio proprio su quest\u2019isola e ben 93 specie di farfalle diurne volano sul suo territorio: nessun\u2019altra isola dell\u2019Adriatico pu\u00f2 vantare un numero cos\u00ec nutrito di specie! La cultura dei suoi abitanti originari, plasmatasi nel corso dei millenni, permea ogni poro dell\u2019isola.<\/p>\n<p>[\/et_pb_text][\/et_pb_column][et_pb_column type=&#8221;1_2&#8243; _builder_version=&#8221;4.18.0&#8243; _module_preset=&#8221;default&#8221; global_colors_info=&#8221;{}&#8221;][et_pb_text _builder_version=&#8221;4.18.0&#8243; _module_preset=&#8221;default&#8221; text_text_color=&#8221;#000000&#8243; text_letter_spacing=&#8221;0.5px&#8221; global_colors_info=&#8221;{}&#8221;]<\/p>\n<p>Per vivere una nuova avventura alla scoperta delle usanze autoctone dei nativi chersini sar\u00e0 sufficiente dischiudere un po\u2019 una delle numerose, ma bellissime, porte di Cherso.<\/p>\n<p>Sentite davvero la terra sotto i piedi mentre camminate e l\u2019acqua sulle dita mentre entrate in mare?<\/p>\n<p>Lasciate che la lentezza dell\u2019isola e la rilassata prevedibilit\u00e0 del ritmo della nostra flora e fauna vi spingano a tornare a voi stessi, un ritorno ai valori pi\u00f9 veri e autentici.<\/p>\n<p>[\/et_pb_text][\/et_pb_column][\/et_pb_row][\/et_pb_section][et_pb_section fb_built=&#8221;1&#8243; next_background_color=&#8221;#ffffff&#8221; module_class=&#8221;dh-valign-center-section&#8221; _builder_version=&#8221;4.18.0&#8243; background_image=&#8221;https:\/\/cresanka.hr\/wp-content\/uploads\/2022\/08\/Grad-Cres-Cres.webp&#8221; background_position=&#8221;bottom_center&#8221; height=&#8221;80vh&#8221; height_tablet=&#8221;80vh&#8221; height_phone=&#8221;50vh&#8221; height_last_edited=&#8221;on|phone&#8221; bottom_divider_style=&#8221;asymmetric&#8221; bottom_divider_flip=&#8221;vertical|horizontal&#8221; bottom_divider_height_tablet=&#8221;&#8221; bottom_divider_height_phone=&#8221;50px&#8221; bottom_divider_height_last_edited=&#8221;on|phone&#8221; locked=&#8221;off&#8221; global_colors_info=&#8221;{}&#8221; admin_label=&#8221;Hero Grad Cres&#8221; collapsed=&#8221;on&#8221;][\/et_pb_section][et_pb_section fb_built=&#8221;1&#8243; _builder_version=&#8221;4.18.0&#8243; _module_preset=&#8221;default&#8221; custom_padding=&#8221;0px||||false|false&#8221; locked=&#8221;off&#8221; global_colors_info=&#8221;{}&#8221; admin_label=&#8221;Grad Cres&#8221; collapsed=&#8221;on&#8221;][et_pb_row column_structure=&#8221;1_2,1_2&#8243; _builder_version=&#8221;4.18.0&#8243; _module_preset=&#8221;default&#8221; width=&#8221;55%&#8221; width_tablet=&#8221;55%&#8221; width_phone=&#8221;80%&#8221; width_last_edited=&#8221;on|phone&#8221; border_color_bottom=&#8221;gcid-85037172-fba5-40c1-a92b-f6674d6e47fd&#8221; global_colors_info=&#8221;{%22gcid-85037172-fba5-40c1-a92b-f6674d6e47fd%22:%91%22border_color_bottom%22%93}&#8221; width__hover_enabled=&#8221;off|desktop&#8221;][et_pb_column type=&#8221;1_2&#8243; _builder_version=&#8221;4.18.0&#8243; _module_preset=&#8221;default&#8221; global_colors_info=&#8221;{}&#8221;][et_pb_text _builder_version=&#8221;4.18.0&#8243; text_text_color=&#8221;#000000&#8243; header_font=&#8221;|300|||||||&#8221; header_font_size=&#8221;4em&#8221; header_letter_spacing=&#8221;1px&#8221; header_6_font=&#8221;|800|||||||&#8221; header_6_text_align=&#8221;center&#8221; header_6_text_color=&#8221;#FFFFFF&#8221; header_6_font_size=&#8221;1em&#8221; header_6_letter_spacing=&#8221;4px&#8221; header_6_line_height=&#8221;1.4em&#8221; background_size=&#8221;initial&#8221; background_position=&#8221;top_left&#8221; background_repeat=&#8221;repeat&#8221; header_font_size_tablet=&#8221;4em&#8221; header_font_size_phone=&#8221;3em&#8221; header_font_size_last_edited=&#8221;on|phone&#8221; global_colors_info=&#8221;{}&#8221;]<\/p>\n<h1>Citt\u00e0 di Cherso<\/h1>\n<p>[\/et_pb_text][et_pb_text _builder_version=&#8221;4.18.0&#8243; _module_preset=&#8221;default&#8221; text_text_color=&#8221;#000000&#8243; text_letter_spacing=&#8221;0.5px&#8221; global_colors_info=&#8221;{}&#8221;]<\/p>\n<p>La citt\u00e0 di Cherso (Cres), \u00e8 la localit\u00e0 pi\u00f9 grande dell\u2019isola di Cherso ed \u00e8 situata ai piedi di un golfo ben protetto nella parte occidentale dell\u2019isola.<\/p>\n<p>Gli edifici preistorici e l\u2019antica fortezza di Crepsa sono i testimoni del lungo e ricco passato dell\u2019isola. L\u2019antico centro storico, circondato dalle mura a formare un rettangolo con cinque torri e diverse porte cittadine, si \u00e8 formato prima della fine dell\u2019egemonia veneziana e, eccetto che per alcune modifiche di ampliamento successive, ha mantenuto sino ad oggi per lo pi\u00f9 il suo aspetto originario. <\/p>\n<p>Passeggiando dunque attraverso il centro storico scoprirete il Mediterraneo com\u2019era una volta e ripercorrerete i passi dei nostri antenati \u2013 delle persone che hanno creato la cultura le cui peculiarit\u00e0 ci lasciano ancora oggi senza fiato.<\/p>\n<p>[\/et_pb_text][\/et_pb_column][et_pb_column type=&#8221;1_2&#8243; _builder_version=&#8221;4.18.0&#8243; _module_preset=&#8221;default&#8221; global_colors_info=&#8221;{}&#8221;][et_pb_text _builder_version=&#8221;4.18.0&#8243; _module_preset=&#8221;default&#8221; text_text_color=&#8221;#000000&#8243; text_letter_spacing=&#8221;0.5px&#8221; global_colors_info=&#8221;{}&#8221;]<\/p>\n<p>Il modo migliore per vivere questa citt\u00e0 pittoresca \u00e8 passeggiare attraverso le sue strette calli e viuzze, scoprire le decorazioni degli edifici medievali, notare il riflesso delle facciate tra le barche di legno e fare due passi sulla riva cittadina baciata dal sole e decorata con le terrazze all\u2019aperto dei bar.<\/p>\n<p>Gli abitanti della citt\u00e0 di Cherso amano esaltare la loro tradizione e le usanze autoctone anche attraverso la cucina e le specialit\u00e0 che, grazie all\u2019influenza mediterranea, si basano su pesce, molluschi e crostacei \u2013 tutti appena catturati dai pescatori di Cherso!<\/p>\n<p>Le altre specialit\u00e0 sono preparate con la carne d\u2019agnello dell\u2019isola, la pasta, la deliziosa frutta e verdura mediterranea, le erbe aromatiche, le olive e l\u2019olio di oliva.<\/p>\n<p>[\/et_pb_text][\/et_pb_column][\/et_pb_row][\/et_pb_section][et_pb_section fb_built=&#8221;1&#8243; next_background_color=&#8221;#ffffff&#8221; _builder_version=&#8221;4.27.5&#8243; background_image=&#8221;https:\/\/cresanka.hr\/wp-content\/uploads\/2022\/08\/Lubenice-zalazak-sunca-Kamp-Kovacine-Cres.webp&#8221; background_position=&#8221;bottom_center&#8221; height=&#8221;80vh&#8221; height_tablet=&#8221;80vh&#8221; height_phone=&#8221;50vh&#8221; height_last_edited=&#8221;on|phone&#8221; custom_margin=&#8221;0px|0px|0px|0px|true|true&#8221; custom_padding=&#8221;0px|0px|0px|0px|true|true&#8221; bottom_divider_style=&#8221;asymmetric&#8221; bottom_divider_flip=&#8221;vertical|horizontal&#8221; bottom_divider_height_tablet=&#8221;&#8221; bottom_divider_height_phone=&#8221;50px&#8221; bottom_divider_height_last_edited=&#8221;on|phone&#8221; hover_enabled=&#8221;0&#8243; locked=&#8221;off&#8221; global_colors_info=&#8221;{}&#8221; height__hover_enabled=&#8221;off|desktop&#8221; sticky_enabled=&#8221;0&#8243; admin_label=&#8221;Hero Lubenice&#8221; collapsed=&#8221;on&#8221;][et_pb_row use_custom_gutter=&#8221;on&#8221; gutter_width=&#8221;1&#8243; make_equal=&#8221;on&#8221; _builder_version=&#8221;4.27.5&#8243; _module_preset=&#8221;default&#8221; width=&#8221;100%&#8221; max_width=&#8221;100%&#8221; custom_margin=&#8221;||||false|false&#8221; custom_padding=&#8221;24px|24px|24px|24px|true|true&#8221; global_colors_info=&#8221;{}&#8221;][et_pb_column type=&#8221;4_4&#8243; _builder_version=&#8221;4.27.5&#8243; _module_preset=&#8221;default&#8221; global_colors_info=&#8221;{}&#8221;][et_pb_text _builder_version=&#8221;4.27.5&#8243; _module_preset=&#8221;0ccab5bd-1f26-4a60-9f4d-e8bb2d918e4c&#8221; global_colors_info=&#8221;{}&#8221;]<\/p>\n<p>\u00a9 Autore Walter Rekirsch, in Austria 2025.<\/p>\n<p>[\/et_pb_text][\/et_pb_column][\/et_pb_row][\/et_pb_section][et_pb_section fb_built=&#8221;1&#8243; _builder_version=&#8221;4.18.0&#8243; _module_preset=&#8221;default&#8221; custom_padding=&#8221;||||false|false&#8221; locked=&#8221;off&#8221; global_colors_info=&#8221;{}&#8221; admin_label=&#8221;Lubenice&#8221; collapsed=&#8221;on&#8221;][et_pb_row column_structure=&#8221;3_5,2_5&#8243; _builder_version=&#8221;4.18.0&#8243; _module_preset=&#8221;default&#8221; width=&#8221;55%&#8221; width_tablet=&#8221;55%&#8221; width_phone=&#8221;80%&#8221; width_last_edited=&#8221;on|phone&#8221; custom_padding=&#8221;0px||||false|false&#8221; border_color_bottom=&#8221;gcid-85037172-fba5-40c1-a92b-f6674d6e47fd&#8221; global_colors_info=&#8221;{%22gcid-85037172-fba5-40c1-a92b-f6674d6e47fd%22:%91%22border_color_bottom%22%93}&#8221;][et_pb_column type=&#8221;3_5&#8243; _builder_version=&#8221;4.18.0&#8243; _module_preset=&#8221;default&#8221; global_colors_info=&#8221;{}&#8221;][et_pb_text _builder_version=&#8221;4.18.0&#8243; text_text_color=&#8221;#000000&#8243; header_font=&#8221;|300|||||||&#8221; header_font_size=&#8221;4em&#8221; header_letter_spacing=&#8221;1px&#8221; header_6_font=&#8221;|800|||||||&#8221; header_6_text_align=&#8221;center&#8221; header_6_text_color=&#8221;#FFFFFF&#8221; header_6_font_size=&#8221;1em&#8221; header_6_letter_spacing=&#8221;4px&#8221; header_6_line_height=&#8221;1.4em&#8221; background_size=&#8221;initial&#8221; background_position=&#8221;top_left&#8221; background_repeat=&#8221;repeat&#8221; header_font_size_tablet=&#8221;4em&#8221; header_font_size_phone=&#8221;3em&#8221; header_font_size_last_edited=&#8221;on|phone&#8221; global_colors_info=&#8221;{}&#8221;]<\/p>\n<h1>Lubenice<\/h1>\n<p>[\/et_pb_text][et_pb_text _builder_version=&#8221;4.18.0&#8243; _module_preset=&#8221;default&#8221; text_text_color=&#8221;#000000&#8243; text_letter_spacing=&#8221;0.5px&#8221; global_colors_info=&#8221;{}&#8221;]<\/p>\n<p>Situato in cima a una scogliera a 378 m sul livello del mare, Lubenice \u00e8 un piccolo borgo, il quale ha avuto un\u2019importanza geo-strategica notevole nel Medioevo.<\/p>\n<p>Esiste qualcosa che potrebbe ispirarvi di pi\u00f9 delle affascinanti viuzze tortuose, delle numerose chiesette e dei resti delle mura medievali e della porta cittadina?<\/p>\n<p>Soltanto la spettacolare vista sul mare che si apre da questo luogo.<\/p>\n<p>[\/et_pb_text][\/et_pb_column][et_pb_column type=&#8221;2_5&#8243; _builder_version=&#8221;4.18.0&#8243; _module_preset=&#8221;default&#8221; global_colors_info=&#8221;{}&#8221;][\/et_pb_column][\/et_pb_row][\/et_pb_section][et_pb_section fb_built=&#8221;1&#8243; next_background_color=&#8221;#ffffff&#8221; module_class=&#8221;dh-valign-center-section&#8221; _builder_version=&#8221;4.18.0&#8243; background_image=&#8221;https:\/\/cresanka.hr\/wp-content\/uploads\/2022\/08\/Valun-kao-destinacija-Kamp-Kovacine-Cres.webp&#8221; background_position=&#8221;bottom_center&#8221; height=&#8221;80vh&#8221; height_tablet=&#8221;80vh&#8221; height_phone=&#8221;50vh&#8221; height_last_edited=&#8221;on|phone&#8221; bottom_divider_style=&#8221;asymmetric&#8221; bottom_divider_flip=&#8221;vertical|horizontal&#8221; bottom_divider_height_tablet=&#8221;&#8221; bottom_divider_height_phone=&#8221;50px&#8221; bottom_divider_height_last_edited=&#8221;on|phone&#8221; locked=&#8221;off&#8221; global_colors_info=&#8221;{}&#8221; admin_label=&#8221;Hero Valun&#8221; collapsed=&#8221;on&#8221;][\/et_pb_section][et_pb_section fb_built=&#8221;1&#8243; custom_padding_last_edited=&#8221;on|phone&#8221; _builder_version=&#8221;4.18.0&#8243; _module_preset=&#8221;default&#8221; custom_padding=&#8221;0px||||false|false&#8221; custom_padding_tablet=&#8221;0px||||false|false&#8221; custom_padding_phone=&#8221;30px||||false|false&#8221; locked=&#8221;off&#8221; global_colors_info=&#8221;{}&#8221; admin_label=&#8221;Valun&#8221; collapsed=&#8221;on&#8221;][et_pb_row column_structure=&#8221;3_5,2_5&#8243; _builder_version=&#8221;4.18.0&#8243; _module_preset=&#8221;default&#8221; width=&#8221;55%&#8221; width_tablet=&#8221;55%&#8221; width_phone=&#8221;80%&#8221; width_last_edited=&#8221;on|phone&#8221; custom_padding=&#8221;0px||||false|false&#8221; border_color_bottom=&#8221;gcid-85037172-fba5-40c1-a92b-f6674d6e47fd&#8221; global_colors_info=&#8221;{%22gcid-85037172-fba5-40c1-a92b-f6674d6e47fd%22:%91%22border_color_bottom%22%93}&#8221;][et_pb_column type=&#8221;3_5&#8243; _builder_version=&#8221;4.18.0&#8243; _module_preset=&#8221;default&#8221; global_colors_info=&#8221;{}&#8221;][et_pb_text _builder_version=&#8221;4.18.0&#8243; text_text_color=&#8221;#000000&#8243; header_font=&#8221;|300|||||||&#8221; header_font_size=&#8221;4em&#8221; header_letter_spacing=&#8221;1px&#8221; header_6_font=&#8221;|800|||||||&#8221; header_6_text_align=&#8221;center&#8221; header_6_text_color=&#8221;#FFFFFF&#8221; header_6_font_size=&#8221;1em&#8221; header_6_letter_spacing=&#8221;4px&#8221; header_6_line_height=&#8221;1.4em&#8221; background_size=&#8221;initial&#8221; background_position=&#8221;top_left&#8221; background_repeat=&#8221;repeat&#8221; header_font_size_tablet=&#8221;4em&#8221; header_font_size_phone=&#8221;3em&#8221; header_font_size_last_edited=&#8221;on|phone&#8221; global_colors_info=&#8221;{}&#8221;]<\/p>\n<h1>Valun<\/h1>\n<p>[\/et_pb_text][et_pb_text _builder_version=&#8221;4.18.0&#8243; _module_preset=&#8221;default&#8221; text_text_color=&#8221;#000000&#8243; text_letter_spacing=&#8221;0.5px&#8221; global_colors_info=&#8221;{}&#8221;]<\/p>\n<p>Una localit\u00e0 situata tra due spiagge di ghiaia, Valun \u00e8 stata costruita e abitata da generazioni e generazioni di pescatori e contadini dell\u2019isola di Cherso (Cres).<\/p>\n<p>Questo luogo autoctono racconta da diversi secoli la storia della vita sul mare e ci\u00f2 che \u00e8 particolarmente interessante \u00e8 che nella chiesa di Sveti Marko (San Marco) \u00e8 stata ritrovata la Lapide di Valun: uno dei pi\u00f9 antichi monumenti glagolitici risalente all\u2019XI secolo.  <\/p>\n<p>[\/et_pb_text][\/et_pb_column][et_pb_column type=&#8221;2_5&#8243; _builder_version=&#8221;4.18.0&#8243; _module_preset=&#8221;default&#8221; global_colors_info=&#8221;{}&#8221;][\/et_pb_column][\/et_pb_row][\/et_pb_section][et_pb_section fb_built=&#8221;1&#8243; custom_padding_last_edited=&#8221;on|phone&#8221; next_background_color=&#8221;#ffffff&#8221; module_class=&#8221;dh-valign-center-section&#8221; _builder_version=&#8221;4.18.0&#8243; background_image=&#8221;https:\/\/cresanka.hr\/wp-content\/uploads\/2022\/08\/Beli-Cres.webp&#8221; background_position=&#8221;bottom_center&#8221; height=&#8221;80vh&#8221; height_tablet=&#8221;80vh&#8221; height_phone=&#8221;50vh&#8221; height_last_edited=&#8221;on|phone&#8221; custom_padding_tablet=&#8221;&#8221; custom_padding_phone=&#8221;||||false|false&#8221; bottom_divider_style=&#8221;asymmetric&#8221; bottom_divider_flip=&#8221;vertical|horizontal&#8221; bottom_divider_height_tablet=&#8221;&#8221; bottom_divider_height_phone=&#8221;50px&#8221; bottom_divider_height_last_edited=&#8221;on|phone&#8221; locked=&#8221;off&#8221; global_colors_info=&#8221;{}&#8221; admin_label=&#8221;Hero Beli&#8221; collapsed=&#8221;on&#8221;][\/et_pb_section][et_pb_section fb_built=&#8221;1&#8243; custom_padding_last_edited=&#8221;on|phone&#8221; _builder_version=&#8221;4.18.0&#8243; _module_preset=&#8221;default&#8221; custom_padding=&#8221;0px||||false|false&#8221; custom_padding_tablet=&#8221;0px||||false|false&#8221; custom_padding_phone=&#8221;30px||||false|false&#8221; locked=&#8221;off&#8221; global_colors_info=&#8221;{}&#8221; admin_label=&#8221;Beli&#8221; collapsed=&#8221;on&#8221;][et_pb_row column_structure=&#8221;3_5,2_5&#8243; _builder_version=&#8221;4.18.0&#8243; _module_preset=&#8221;default&#8221; width=&#8221;55%&#8221; width_tablet=&#8221;55%&#8221; width_phone=&#8221;80%&#8221; width_last_edited=&#8221;on|phone&#8221; custom_padding=&#8221;0px||||false|false&#8221; border_color_bottom=&#8221;gcid-85037172-fba5-40c1-a92b-f6674d6e47fd&#8221; global_colors_info=&#8221;{%22gcid-85037172-fba5-40c1-a92b-f6674d6e47fd%22:%91%22border_color_bottom%22%93}&#8221;][et_pb_column type=&#8221;3_5&#8243; _builder_version=&#8221;4.18.0&#8243; _module_preset=&#8221;default&#8221; global_colors_info=&#8221;{}&#8221;][et_pb_text _builder_version=&#8221;4.18.0&#8243; text_text_color=&#8221;#000000&#8243; header_font=&#8221;|300|||||||&#8221; header_font_size=&#8221;4em&#8221; header_letter_spacing=&#8221;1px&#8221; header_6_font=&#8221;|800|||||||&#8221; header_6_text_align=&#8221;center&#8221; header_6_text_color=&#8221;#FFFFFF&#8221; header_6_font_size=&#8221;1em&#8221; header_6_letter_spacing=&#8221;4px&#8221; header_6_line_height=&#8221;1.4em&#8221; background_size=&#8221;initial&#8221; background_position=&#8221;top_left&#8221; background_repeat=&#8221;repeat&#8221; header_font_size_tablet=&#8221;4em&#8221; header_font_size_phone=&#8221;3em&#8221; header_font_size_last_edited=&#8221;on|phone&#8221; global_colors_info=&#8221;{}&#8221;]<\/p>\n<h1>Beli<\/h1>\n<p>[\/et_pb_text][et_pb_text _builder_version=&#8221;4.18.0&#8243; _module_preset=&#8221;default&#8221; text_text_color=&#8221;#000000&#8243; text_letter_spacing=&#8221;0.5px&#8221; global_colors_info=&#8221;{}&#8221;]<\/p>\n<p>Che aspetto ha una localit\u00e0 isolana formatasi 4000 anni fa?<\/p>\n<p>La localit\u00e0 di Beli abbonda di edifici che raccontano la storia del suo ricco passato e dei primi segni della cultura che definisce questo territorio: dai resti delle forti preistoriche agli spessi muri a secco, passando per la parrocchia fondata nel 1018. <\/p>\n<p>La localit\u00e0 di Beli \u00e8 anche il rifugio dei maestosi grifoni e il luogo in cui potrete visitare pure la mostra permanente dedicata alla biodiversit\u00e0 dell\u2019arcipelago di Cherso e Lussino (Lo\u0161inj).<\/p>\n<p>[\/et_pb_text][\/et_pb_column][et_pb_column type=&#8221;2_5&#8243; _builder_version=&#8221;4.18.0&#8243; _module_preset=&#8221;default&#8221; global_colors_info=&#8221;{}&#8221;][\/et_pb_column][\/et_pb_row][\/et_pb_section][et_pb_section fb_built=&#8221;1&#8243; next_background_color=&#8221;#ffffff&#8221; module_class=&#8221;dh-valign-center-section&#8221; _builder_version=&#8221;4.18.0&#8243; background_image=&#8221;https:\/\/cresanka.hr\/wp-content\/uploads\/2022\/08\/Martinscica-Cres.webp&#8221; background_position=&#8221;bottom_center&#8221; height=&#8221;80vh&#8221; height_tablet=&#8221;80vh&#8221; height_phone=&#8221;50vh&#8221; height_last_edited=&#8221;on|phone&#8221; bottom_divider_style=&#8221;asymmetric&#8221; bottom_divider_flip=&#8221;vertical|horizontal&#8221; bottom_divider_height_tablet=&#8221;&#8221; bottom_divider_height_phone=&#8221;50px&#8221; bottom_divider_height_last_edited=&#8221;on|phone&#8221; locked=&#8221;off&#8221; global_colors_info=&#8221;{}&#8221; admin_label=&#8221;Hero Martin\u0161\u0107ica&#8221; collapsed=&#8221;on&#8221;][\/et_pb_section][et_pb_section fb_built=&#8221;1&#8243; custom_padding_last_edited=&#8221;on|phone&#8221; _builder_version=&#8221;4.18.0&#8243; _module_preset=&#8221;default&#8221; custom_padding=&#8221;0px||||false|false&#8221; custom_padding_tablet=&#8221;0px||||false|false&#8221; custom_padding_phone=&#8221;30px||||false|false&#8221; locked=&#8221;off&#8221; global_colors_info=&#8221;{}&#8221; admin_label=&#8221;Martin\u0161\u0107ica&#8221; collapsed=&#8221;on&#8221;][et_pb_row column_structure=&#8221;3_5,2_5&#8243; _builder_version=&#8221;4.18.0&#8243; _module_preset=&#8221;default&#8221; width=&#8221;55%&#8221; width_tablet=&#8221;55%&#8221; width_phone=&#8221;80%&#8221; width_last_edited=&#8221;on|phone&#8221; custom_padding=&#8221;0px||||false|false&#8221; border_color_bottom=&#8221;gcid-85037172-fba5-40c1-a92b-f6674d6e47fd&#8221; global_colors_info=&#8221;{%22gcid-85037172-fba5-40c1-a92b-f6674d6e47fd%22:%91%22border_color_bottom%22%93}&#8221;][et_pb_column type=&#8221;3_5&#8243; _builder_version=&#8221;4.18.0&#8243; _module_preset=&#8221;default&#8221; global_colors_info=&#8221;{}&#8221;][et_pb_text _builder_version=&#8221;4.18.0&#8243; text_text_color=&#8221;#000000&#8243; header_font=&#8221;|300|||||||&#8221; header_font_size=&#8221;4em&#8221; header_letter_spacing=&#8221;1px&#8221; header_6_font=&#8221;|800|||||||&#8221; header_6_text_align=&#8221;center&#8221; header_6_text_color=&#8221;#FFFFFF&#8221; header_6_font_size=&#8221;1em&#8221; header_6_letter_spacing=&#8221;4px&#8221; header_6_line_height=&#8221;1.4em&#8221; background_size=&#8221;initial&#8221; background_position=&#8221;top_left&#8221; background_repeat=&#8221;repeat&#8221; header_font_size_tablet=&#8221;4em&#8221; header_font_size_phone=&#8221;3em&#8221; header_font_size_last_edited=&#8221;on|phone&#8221; global_colors_info=&#8221;{}&#8221;]<\/p>\n<h1>Martin\u0161\u0107ica<\/h1>\n<p>[\/et_pb_text][et_pb_text _builder_version=&#8221;4.18.0&#8243; _module_preset=&#8221;default&#8221; text_text_color=&#8221;#000000&#8243; text_letter_spacing=&#8221;0.5px&#8221; global_colors_info=&#8221;{}&#8221;]<\/p>\n<p>Il patrimonio biologico dell&#8217;isola di Cherso (Cres) si riflette in ogni angolo della localit\u00e0 di Martin\u0161\u0107ica.<\/p>\n<p>In questa localit\u00e0 potrete scoprire tantissime e meravigliose spiagge selvagge immerse nella natura incontaminata, mentre nelle retrovie si ergono le colline sulle quali sorgono i resti degli edifici preistorici e della chiesa romanica di Sveti Kristofor (San Cristoforo). <\/p>\n<p>[\/et_pb_text][\/et_pb_column][et_pb_column type=&#8221;2_5&#8243; _builder_version=&#8221;4.18.0&#8243; _module_preset=&#8221;default&#8221; global_colors_info=&#8221;{}&#8221;][\/et_pb_column][\/et_pb_row][\/et_pb_section]<\/p>\n","protected":false},"excerpt":{"rendered":"<p>L\u2019isola di Cherso Quest\u2019isola idilliaca \u00e8 da molti dolcemente definita una bellezza romantica o l\u2019ecologico fiore all\u2019occhiello del litorale croato.Cherso (Cres) appartiene a due zone di vegetazione \u2013 mediterranea e sub mediterranea \u2013 ed \u00e8 caratterizzata da un piacevole e mite clima sub mediterraneo, da numerosi giorni e ore di sole, dal caldo mare cristallino e dalla foresta incontaminata e selvaggia. Le pittoresche e romantiche spiagge, ma anche qualche baia nascosta, sono un premio fantastico per chiunque decida di imbarcarsi in una piccola avventura e partire alla scoperta di uno dei numerosi sentieri rustici che attraversano l\u2019isola. Le ultime 100 famiglie di grifoni in Croazia hanno trovato rifugio proprio su quest\u2019isola e ben 93 specie di farfalle diurne volano sul suo territorio: nessun\u2019altra isola dell\u2019Adriatico pu\u00f2 vantare un numero cos\u00ec nutrito di specie! La cultura dei suoi abitanti originari, plasmatasi nel corso dei millenni, permea ogni poro dell\u2019isola.Per vivere una nuova avventura alla scoperta delle usanze autoctone dei nativi chersini sar\u00e0 sufficiente dischiudere un po\u2019 una delle numerose, ma bellissime, porte di Cherso. Sentite davvero la terra sotto i piedi mentre camminate e l\u2019acqua sulle dita mentre entrate in mare? Lasciate che la lentezza dell\u2019isola e la rilassata prevedibilit\u00e0 del [&hellip;]<\/p>\n","protected":false},"author":1,"featured_media":0,"parent":0,"menu_order":0,"comment_status":"closed","ping_status":"closed","template":"","meta":{"_et_pb_use_builder":"on","_et_pb_old_content":"","_et_gb_content_width":"","footnotes":""},"class_list":["post-1183","page","type-page","status-publish","hentry"],"_links":{"self":[{"href":"https:\/\/cresanka.hr\/it\/wp-json\/wp\/v2\/pages\/1183","targetHints":{"allow":["GET"]}}],"collection":[{"href":"https:\/\/cresanka.hr\/it\/wp-json\/wp\/v2\/pages"}],"about":[{"href":"https:\/\/cresanka.hr\/it\/wp-json\/wp\/v2\/types\/page"}],"author":[{"embeddable":true,"href":"https:\/\/cresanka.hr\/it\/wp-json\/wp\/v2\/users\/1"}],"replies":[{"embeddable":true,"href":"https:\/\/cresanka.hr\/it\/wp-json\/wp\/v2\/comments?post=1183"}],"version-history":[{"count":15,"href":"https:\/\/cresanka.hr\/it\/wp-json\/wp\/v2\/pages\/1183\/revisions"}],"predecessor-version":[{"id":2729,"href":"https:\/\/cresanka.hr\/it\/wp-json\/wp\/v2\/pages\/1183\/revisions\/2729"}],"wp:attachment":[{"href":"https:\/\/cresanka.hr\/it\/wp-json\/wp\/v2\/media?parent=1183"}],"curies":[{"name":"wp","href":"https:\/\/api.w.org\/{rel}","templated":true}]}}