{"id":1232,"date":"2022-08-08T15:44:55","date_gmt":"2022-08-08T15:44:55","guid":{"rendered":"https:\/\/cresanka.hr\/o-nas\/"},"modified":"2024-08-01T08:33:31","modified_gmt":"2024-08-01T08:33:31","slug":"o-nas","status":"publish","type":"page","link":"https:\/\/cresanka.hr\/sl\/o-nas\/","title":{"rendered":"O nas"},"content":{"rendered":"<p>[et_pb_section fb_built=&#8221;1&#8243; next_background_color=&#8221;#ffffff&#8221; module_class=&#8221;dh-valign-center-section&#8221; _builder_version=&#8221;4.18.0&#8243; background_color=&#8221;gcid-85037172-fba5-40c1-a92b-f6674d6e47fd&#8221; background_image=&#8221;https:\/\/cresanka.hr\/wp-content\/uploads\/2022\/08\/o-nama-cresanka.webp&#8221; background_position=&#8221;bottom_center&#8221; background_blend=&#8221;multiply&#8221; height=&#8221;80vh&#8221; height_tablet=&#8221;80vh&#8221; height_phone=&#8221;100vh&#8221; height_last_edited=&#8221;on|phone&#8221; bottom_divider_style=&#8221;asymmetric&#8221; bottom_divider_flip=&#8221;vertical|horizontal&#8221; bottom_divider_height_tablet=&#8221;&#8221; bottom_divider_height_phone=&#8221;50px&#8221; bottom_divider_height_last_edited=&#8221;on|phone&#8221; collapsed=&#8221;on&#8221; global_colors_info=&#8221;{%22gcid-85037172-fba5-40c1-a92b-f6674d6e47fd%22:%91%22background_color%22%93}&#8221;][et_pb_row _builder_version=&#8221;4.18.0&#8243; background_size=&#8221;initial&#8221; background_position=&#8221;top_left&#8221; background_repeat=&#8221;repeat&#8221; width=&#8221;55%&#8221; width_tablet=&#8221;55%&#8221; width_phone=&#8221;80%&#8221; width_last_edited=&#8221;on|phone&#8221; global_colors_info=&#8221;{}&#8221;][et_pb_column type=&#8221;4_4&#8243; _builder_version=&#8221;4.16&#8243; custom_padding=&#8221;|||&#8221; global_colors_info=&#8221;{}&#8221; custom_padding__hover=&#8221;|||&#8221;][et_pb_text _builder_version=&#8221;4.18.0&#8243; text_text_color=&#8221;#FFFFFF&#8221; header_font=&#8221;|300|||||||&#8221; header_text_color=&#8221;#FFFFFF&#8221; header_font_size=&#8221;4em&#8221; header_letter_spacing=&#8221;1px&#8221; header_4_font=&#8221;||||||||&#8221; header_4_text_color=&#8221;#FFFFFF&#8221; header_4_letter_spacing=&#8221;1px&#8221; header_4_line_height=&#8221;1.8em&#8221; header_5_text_color=&#8221;#FFFFFF&#8221; header_5_letter_spacing=&#8221;0.5px&#8221; header_5_line_height=&#8221;1.8em&#8221; header_6_font=&#8221;|800||on|||||&#8221; header_6_text_align=&#8221;left&#8221; header_6_text_color=&#8221;#FFFFFF&#8221; header_6_font_size=&#8221;1em&#8221; header_6_letter_spacing=&#8221;4px&#8221; header_6_line_height=&#8221;2em&#8221; background_size=&#8221;initial&#8221; background_position=&#8221;top_left&#8221; background_repeat=&#8221;repeat&#8221; header_5_font_size_tablet=&#8221;&#8221; header_5_font_size_phone=&#8221;1.2em&#8221; header_5_font_size_last_edited=&#8221;on|phone&#8221; header_5_line_height_tablet=&#8221;1.8em&#8221; header_5_line_height_phone=&#8221;1.4em&#8221; header_5_line_height_last_edited=&#8221;on|phone&#8221; global_colors_info=&#8221;{}&#8221;]<\/p>\n<h6>O nas<\/h6>\n<h5>Dru\u017eba Cresanka je z ve\u010d kot 50 leti tradicije in dela v turizmu prevzela vodilno vlogo v turisti\u010dni ponudbi na otoku Cres.<\/h5>\n<p>[\/et_pb_text][\/et_pb_column][\/et_pb_row][\/et_pb_section][et_pb_section fb_built=&#8221;1&#8243; _builder_version=&#8221;4.18.0&#8243; _module_preset=&#8221;default&#8221; custom_padding=&#8221;0px||||false|false&#8221; collapsed=&#8221;on&#8221; global_colors_info=&#8221;{}&#8221;][et_pb_row column_structure=&#8221;3_4,1_4&#8243; _builder_version=&#8221;4.18.0&#8243; _module_preset=&#8221;default&#8221; width=&#8221;55%&#8221; width_tablet=&#8221;55%&#8221; width_phone=&#8221;80%&#8221; width_last_edited=&#8221;on|phone&#8221; border_color_bottom=&#8221;gcid-85037172-fba5-40c1-a92b-f6674d6e47fd&#8221; global_colors_info=&#8221;{%22gcid-85037172-fba5-40c1-a92b-f6674d6e47fd%22:%91%22border_color_bottom%22%93}&#8221;][et_pb_column type=&#8221;3_4&#8243; _builder_version=&#8221;4.18.0&#8243; _module_preset=&#8221;default&#8221; global_colors_info=&#8221;{}&#8221;][et_pb_text _builder_version=&#8221;4.18.0&#8243; _module_preset=&#8221;default&#8221; text_text_color=&#8221;#000000&#8243; text_letter_spacing=&#8221;0.5px&#8221; header_4_letter_spacing=&#8221;1px&#8221; header_4_line_height=&#8221;2em&#8221; global_colors_info=&#8221;{}&#8221;]<\/p>\n<p>Sledimo sodobnim trendom in zahtevam turisti\u010dnega trga, medtem ko hkrati negujemo stoletja staro cre\u0161ko tradicijo in avtohtone elemente, zaradi kateri so ta otok in njegovi prebivalci tako posebni.<\/p>\n<p>Samo za vas nenehno izbolj\u0161ujemo kakovost in bogastvo na\u0161ih storitev ter pri tem stremimo k temu, da bi med sredozemskim rastlinjem z razgledom na kristalno morje svak gost na\u0161el aktivnosti, ki bodo njegov dopust kar najbolj oplemenitile.<\/p>\n<p>\u017delimo si, da se z otoka vrnete polni novih do\u017eivetij, na\u0161 cilj pa vam je prek prednosti naravnega okolja in avtohtonega cre\u0161kega okolja omogo\u010diti povsem nov pogled na \u017eivljenje.<\/p>\n<p>Konkuren\u010dnost gradimo tudi na vrhunski kakovosti, zasnovani na naravnih virih in vklju\u010denosti avtohtonih detajlov v va\u0161e do\u017eivetje. Postali smo okolju prijazna oaza, kjer je s ciljem aktiviranja vseh \u010dlove\u0161kih \u010dutov vse podrejeno ohranitvi naravnih virov, \u010dlovekovega zdravja in dobrega po\u010dutja.<\/p>\n<p>[\/et_pb_text][et_pb_text _builder_version=&#8221;4.18.0&#8243; _module_preset=&#8221;default&#8221; text_text_color=&#8221;#000000&#8243; text_font_size=&#8221;2em&#8221; custom_margin=&#8221;100px||||false|false&#8221; text_line_height_tablet=&#8221;&#8221; text_line_height_phone=&#8221;1.4em&#8221; text_line_height_last_edited=&#8221;on|phone&#8221; global_colors_info=&#8221;{}&#8221;]<\/p>\n<p><em>Potopite se v izku\u0161njo, ki bo spremenila va\u0161e \u017eivljenje <\/em><\/p>\n<p>[\/et_pb_text][\/et_pb_column][et_pb_column type=&#8221;1_4&#8243; _builder_version=&#8221;4.18.0&#8243; _module_preset=&#8221;default&#8221; global_colors_info=&#8221;{}&#8221;][\/et_pb_column][\/et_pb_row][\/et_pb_section][et_pb_section fb_built=&#8221;1&#8243; module_id=&#8221;dru\u017eba&#8221; _builder_version=&#8221;4.18.0&#8243; _module_preset=&#8221;default&#8221; collapsed=&#8221;off&#8221; global_colors_info=&#8221;{}&#8221;][et_pb_row column_structure=&#8221;3_4,1_4&#8243; _builder_version=&#8221;4.18.0&#8243; _module_preset=&#8221;default&#8221; width=&#8221;55%&#8221; width_tablet=&#8221;55%&#8221; width_phone=&#8221;80%&#8221; width_last_edited=&#8221;on|phone&#8221; border_color_bottom=&#8221;gcid-85037172-fba5-40c1-a92b-f6674d6e47fd&#8221; locked=&#8221;off&#8221; collapsed=&#8221;off&#8221; global_colors_info=&#8221;{%22gcid-85037172-fba5-40c1-a92b-f6674d6e47fd%22:%91%22border_color_bottom%22%93}&#8221;][et_pb_column type=&#8221;3_4&#8243; _builder_version=&#8221;4.18.0&#8243; _module_preset=&#8221;default&#8221; global_colors_info=&#8221;{}&#8221;][et_pb_text content_tablet=&#8221;<\/p>\n<h1>Podtki o dru\u017ebi<\/h1>\n<div class=%22content_wrap content30%22>\n<p><strong>Cresanka dd<br \/> Delni\u0161ka dru\u017eba za gostinstvo, turizem in trgovino <\/strong><\/p>\n<p><strong>Identifikacijska \u0161tevilka<\/strong> : 3044122<br \/> <strong>OIB<\/strong> : 47639427219<br \/> <strong>Registrsko sodi\u0161\u010de<\/strong> : Gospodarsko sodi\u0161\u010de v Reki<br \/> <strong>Sede\u017e<\/strong> : Cres (mesto Cres)<br \/> Varo\u017eina 25<br \/> <strong>Pravna oblika<\/strong> : delni\u0161ka dru\u017eba<br \/> <strong>Temeljni kapital<\/strong> : 54.188.860,00 HRK<br \/> <strong>\u017diro ra\u010dun &#8211; IBAN:<\/strong> HR0824020061100386896 \/ Erste Steierm\u00e4rkische bank dd.<\/p>\n<p><strong>Predsednik nadzornega sveta<\/strong> :<br \/> Lino Sin\u010di\u0107<\/p>\n<p><strong>\u010clani nadzornega sveta:<br \/><\/strong> Andretta Mario<br \/> Andretta Marco<br \/> Marchesan Francesco<br \/> Benedetti Maurizio<\/p>\n<p><strong>Poobla\u0161\u010dena oseba za zastopanje:<br \/><\/strong> Stevo Filini\u0107<\/p>\n<\/div>\n<p>&#8221; content_phone=&#8221;<\/p>\n<h1>Podtki o dru\u017ebi<\/h1>\n<div class=%22content_wrap content30%22>\n<p><strong><br \/>Cresanka dd<br \/> Delni\u0161ka dru\u017eba za gostinstvo, turizem in trgovino <\/strong><\/p>\n<p><strong>Identifikacijska \u0161tevilka<\/strong> : 3044122<br \/> <strong>OIB<\/strong> : 47639427219<br \/> <strong>Registrsko sodi\u0161\u010de<\/strong> : Gospodarsko sodi\u0161\u010de v Reki<br \/> <strong>Sede\u017e<\/strong> : Cres (Mesto Cres)<br \/> Varo\u017eina 25<br \/> <strong>Pravna oblika<\/strong> : delni\u0161ka dru\u017eba<br \/> <strong>Osnovni kapital<\/strong> : 54.188.860,00 HRK<br \/> <strong>\u017diro ra\u010dun &#8211; IBAN:<\/strong> HR0824020061100386896 \/ Erste Steierm\u00e4rkische bank dd.<\/p>\n<p><strong>Predsednik nadzornega sveta<\/strong> :<br \/> Lino Sin\u010di\u0107<\/p>\n<p><strong>\u010clani nadzornega sveta:<br \/><\/strong> Andretta Mario<br \/> Andretta Marco<br \/> Marchesan Francesco<br \/> Benedetti Maurizio<\/p>\n<p><strong>Poobla\u0161\u010dena oseba za zastopanje:<br \/><\/strong> Stevo Filini\u0107<\/p>\n<\/div>\n<p>&#8221; content_last_edited=&#8221;on|phone&#8221; _builder_version=&#8221;4.27.0&#8243; _module_preset=&#8221;default&#8221; text_text_color=&#8221;#000000&#8243; text_letter_spacing=&#8221;0.5px&#8221; header_4_letter_spacing=&#8221;1px&#8221; header_4_line_height=&#8221;2em&#8221; hover_enabled=&#8221;0&#8243; global_colors_info=&#8221;{}&#8221; sticky_enabled=&#8221;0&#8243;]<\/p>\n<h1>Podtki o dru\u017ebi<\/h1>\n<div class=\"content_wrap content30\">\n<p><strong>Cresanka dd<br \/> Delni\u0161ka dru\u017eba za gostinstvo, turizem in trgovino <\/strong><\/p>\n<p><strong>Identifikacijska \u0161tevilka<\/strong> : 3044122<br \/> <strong>OIB<\/strong> : 47639427219<br \/> <strong>Registrsko sodi\u0161\u010de<\/strong> : Gospodarsko sodi\u0161\u010de v Reki<br \/> <strong>Sede\u017e<\/strong> : Cres (mesto Cres)<br \/> Varo\u017eina 25<br \/> <strong>Pravna oblika<\/strong> : delni\u0161ka dru\u017eba<br \/> <strong>Osnovni kapital<\/strong> : 10.316.168,00 \u20ac<br \/> <strong>\u017diro ra\u010dun &#8211; IBAN:<\/strong> HR0824020061100386896 \/ Erste Steierm\u00e4rkische bank dd.<\/p>\n<p><strong>Predsednik nadzornega sveta<\/strong> :<br \/> Lino Sin\u010di\u0107<\/p>\n<p><strong>\u010clani nadzornega sveta:<br \/><\/strong> Andretta Mario<br \/> Andretta Marco<br \/> Marchesan Francesco<br \/> Andretta Massimiliano<\/p>\n<p><strong>Poobla\u0161\u010dena oseba za zastopanje:<br \/><\/strong> Stevo Filini\u0107<\/p>\n<\/div>\n<p>[\/et_pb_text][\/et_pb_column][et_pb_column type=&#8221;1_4&#8243; _builder_version=&#8221;4.18.0&#8243; _module_preset=&#8221;default&#8221; global_colors_info=&#8221;{}&#8221;][\/et_pb_column][\/et_pb_row][\/et_pb_section]<\/p>\n","protected":false},"excerpt":{"rendered":"<p>O nas Dru\u017eba Cresanka je z ve\u010d kot 50 leti tradicije in dela v turizmu prevzela vodilno vlogo v turisti\u010dni ponudbi na otoku Cres.Sledimo sodobnim trendom in zahtevam turisti\u010dnega trga, medtem ko hkrati negujemo stoletja staro cre\u0161ko tradicijo in avtohtone elemente, zaradi kateri so ta otok in njegovi prebivalci tako posebni. Samo za vas nenehno izbolj\u0161ujemo kakovost in bogastvo na\u0161ih storitev ter pri tem stremimo k temu, da bi med sredozemskim rastlinjem z razgledom na kristalno morje svak gost na\u0161el aktivnosti, ki bodo njegov dopust kar najbolj oplemenitile. \u017delimo si, da se z otoka vrnete polni novih do\u017eivetij, na\u0161 cilj pa vam je prek prednosti naravnega okolja in avtohtonega cre\u0161kega okolja omogo\u010diti povsem nov pogled na \u017eivljenje. Konkuren\u010dnost gradimo tudi na vrhunski kakovosti, zasnovani na naravnih virih in vklju\u010denosti avtohtonih detajlov v va\u0161e do\u017eivetje. Postali smo okolju prijazna oaza, kjer je s ciljem aktiviranja vseh \u010dlove\u0161kih \u010dutov vse podrejeno ohranitvi naravnih virov, \u010dlovekovega zdravja in dobrega po\u010dutja.Potopite se v izku\u0161njo, ki bo spremenila va\u0161e \u017eivljenje Podtki o dru\u017ebi Cresanka dd Delni\u0161ka dru\u017eba za gostinstvo, turizem in trgovino Identifikacijska \u0161tevilka : 3044122 OIB : 47639427219 Registrsko sodi\u0161\u010de : Gospodarsko sodi\u0161\u010de v Reki Sede\u017e : Cres (mesto Cres) Varo\u017eina 25 Pravna oblika [&hellip;]<\/p>\n","protected":false},"author":1,"featured_media":0,"parent":0,"menu_order":0,"comment_status":"closed","ping_status":"closed","template":"","meta":{"_et_pb_use_builder":"on","_et_pb_old_content":"","_et_gb_content_width":"","footnotes":""},"class_list":["post-1232","page","type-page","status-publish","hentry"],"_links":{"self":[{"href":"https:\/\/cresanka.hr\/sl\/wp-json\/wp\/v2\/pages\/1232","targetHints":{"allow":["GET"]}}],"collection":[{"href":"https:\/\/cresanka.hr\/sl\/wp-json\/wp\/v2\/pages"}],"about":[{"href":"https:\/\/cresanka.hr\/sl\/wp-json\/wp\/v2\/types\/page"}],"author":[{"embeddable":true,"href":"https:\/\/cresanka.hr\/sl\/wp-json\/wp\/v2\/users\/1"}],"replies":[{"embeddable":true,"href":"https:\/\/cresanka.hr\/sl\/wp-json\/wp\/v2\/comments?post=1232"}],"version-history":[{"count":15,"href":"https:\/\/cresanka.hr\/sl\/wp-json\/wp\/v2\/pages\/1232\/revisions"}],"predecessor-version":[{"id":2156,"href":"https:\/\/cresanka.hr\/sl\/wp-json\/wp\/v2\/pages\/1232\/revisions\/2156"}],"wp:attachment":[{"href":"https:\/\/cresanka.hr\/sl\/wp-json\/wp\/v2\/media?parent=1232"}],"curies":[{"name":"wp","href":"https:\/\/api.w.org\/{rel}","templated":true}]}}