{"id":1238,"date":"2022-08-08T15:46:01","date_gmt":"2022-08-08T15:46:01","guid":{"rendered":"https:\/\/cresanka.hr\/nastanitev\/"},"modified":"2026-02-11T17:19:30","modified_gmt":"2026-02-11T17:19:30","slug":"nastanitev","status":"publish","type":"page","link":"https:\/\/cresanka.hr\/sl\/nastanitev\/","title":{"rendered":"Nastanitev"},"content":{"rendered":"<p>[et_pb_section fb_built=&#8221;1&#8243; next_background_color=&#8221;#ffffff&#8221; admin_label=&#8221;Hero&#8221; module_class=&#8221;dh-valign-center-section&#8221; _builder_version=&#8221;4.18.0&#8243; background_color=&#8221;gcid-85037172-fba5-40c1-a92b-f6674d6e47fd&#8221; background_image=&#8221;https:\/\/cresanka.hr\/wp-content\/uploads\/2022\/08\/Hotel-Kimen-Obiteljski-hotel-na-otoku-Cres.webp&#8221; background_position=&#8221;bottom_center&#8221; height=&#8221;80vh&#8221; bottom_divider_style=&#8221;asymmetric&#8221; bottom_divider_flip=&#8221;vertical|horizontal&#8221; bottom_divider_height_tablet=&#8221;&#8221; bottom_divider_height_phone=&#8221;50px&#8221; bottom_divider_height_last_edited=&#8221;on|phone&#8221; collapsed=&#8221;on&#8221; global_colors_info=&#8221;{%22gcid-85037172-fba5-40c1-a92b-f6674d6e47fd%22:%91%22background_color%22%93}&#8221;][\/et_pb_section][et_pb_section fb_built=&#8221;1&#8243; admin_label=&#8221; Hotel Kimen&#8221; _builder_version=&#8221;4.18.0&#8243; _module_preset=&#8221;default&#8221; custom_padding=&#8221;0px||||false|false&#8221; collapsed=&#8221;on&#8221; global_colors_info=&#8221;{}&#8221;][et_pb_row column_structure=&#8221;2_3,1_3&#8243; admin_label=&#8221;Hotel Kimen &#8211; opis&#8221; _builder_version=&#8221;4.18.0&#8243; _module_preset=&#8221;default&#8221; width=&#8221;55%&#8221; width_tablet=&#8221;55%&#8221; width_phone=&#8221;80%&#8221; width_last_edited=&#8221;on|phone&#8221; border_color_bottom=&#8221;gcid-85037172-fba5-40c1-a92b-f6674d6e47fd&#8221; collapsed=&#8221;on&#8221; global_colors_info=&#8221;{%22gcid-85037172-fba5-40c1-a92b-f6674d6e47fd%22:%91%22border_color_bottom%22%93}&#8221;][et_pb_column type=&#8221;2_3&#8243; _builder_version=&#8221;4.18.0&#8243; _module_preset=&#8221;default&#8221; global_colors_info=&#8221;{}&#8221;][et_pb_image src=&#8221;https:\/\/cresanka.hr\/wp-content\/uploads\/2022\/08\/Hotel-Kimen-logo.svg&#8221; alt=&#8221;Hotel Kimen, Cres&#8221; title_text=&#8221;Hotel Kimen, Cres&#8221; url=&#8221;https:\/\/www.hotel-kimen.com&#8221; url_new_window=&#8221;on&#8221; disabled_on=&#8221;off|on|on&#8221; admin_label=&#8221;Logo Hotel Kimen&#8221; _builder_version=&#8221;4.27.5&#8243; _module_preset=&#8221;default&#8221; locked=&#8221;off&#8221; global_colors_info=&#8221;{}&#8221;][\/et_pb_image][et_pb_text admin_label=&#8221;Naslov&#8221; _builder_version=&#8221;4.27.5&#8243; text_font=&#8221;|300|||||||&#8221; text_font_size=&#8221;2em&#8221; header_font=&#8221;|300|||||||&#8221; header_font_size=&#8221;3.13em&#8221; header_letter_spacing=&#8221;1px&#8221; header_2_font=&#8221;|300|||||||&#8221; header_2_font_size=&#8221;2em&#8221; header_5_font=&#8221;|300|||||||&#8221; header_6_font=&#8221;|800|||||||&#8221; header_6_text_color=&#8221;#FFFFFF&#8221; header_6_letter_spacing=&#8221;4px&#8221; header_6_line_height=&#8221;1.4em&#8221; background_size=&#8221;initial&#8221; background_position=&#8221;top_left&#8221; background_repeat=&#8221;repeat&#8221; text_font_size_tablet=&#8221;2em&#8221; text_font_size_phone=&#8221;2em&#8221; text_font_size_last_edited=&#8221;on|phone&#8221; header_2_font_size_tablet=&#8221;2em&#8221; header_2_font_size_phone=&#8221;1.5em&#8221; header_2_font_size_last_edited=&#8221;on|phone&#8221; header_2_letter_spacing_tablet=&#8221;&#8221; header_2_letter_spacing_phone=&#8221;-1px&#8221; header_2_letter_spacing_last_edited=&#8221;on|phone&#8221; global_colors_info=&#8221;{}&#8221;]<\/p>\n<h2>Hotel Kimen<\/h2>\n<h5>\u017diveti \u010dute<\/h5>\n<p>[\/et_pb_text][et_pb_text admin_label=&#8221;Text&#8221; _builder_version=&#8221;4.27.5&#8243; _module_preset=&#8221;default&#8221; text_font=&#8221;||||||||&#8221; text_text_color=&#8221;#000000&#8243; text_letter_spacing=&#8221;1px&#8221; text_line_height=&#8221;2em&#8221; global_colors_info=&#8221;{}&#8221;]<\/p>\n<p>Hotel Kimen, ki se nahaja v edinstvenem parku sredozemske vegetacije, na sami pla\u017ei, je oaza avanture, vitalnosti in miru.<\/p>\n<p>Odkrijte prednosti na\u0161e \u0161iroke ponudbe storitev in tretmajev, ustvarjenih z namenom skrbi za telo in duha, na\u0161ega strokovnega osebja, ki bo va\u0161e bivanje z veseljem prilagodilo va\u0161im \u017eeljam, ter okolju prijaznega ambienta, ki vas bo spodbudil, da na vse, kar vas obkro\u017ea, pogledate z druga\u010dnimi o\u010dmi in svojemu \u017eivljenju dodate \u0161e eno povsem novo dimenzijo.<\/p>\n<p>[\/et_pb_text][\/et_pb_column][et_pb_column type=&#8221;1_3&#8243; _builder_version=&#8221;4.18.0&#8243; _module_preset=&#8221;default&#8221; background_enable_color=&#8221;off&#8221; global_colors_info=&#8221;{%22gcid-85037172-fba5-40c1-a92b-f6674d6e47fd%22:%91%22background_color%22%93}&#8221;][et_pb_image src=&#8221;https:\/\/cresanka.hr\/wp-content\/uploads\/2022\/08\/Hotel-Kimen-logo.svg&#8221; alt=&#8221;Hotel Kimen, Cres&#8221; title_text=&#8221;Hotel Kimen, Cres&#8221; url=&#8221;https:\/\/www.hotel-kimen.com&#8221; url_new_window=&#8221;on&#8221; align=&#8221;right&#8221; disabled_on=&#8221;on|off|off&#8221; admin_label=&#8221;Logo Hotel KImen&#8221; _builder_version=&#8221;4.27.5&#8243; _module_preset=&#8221;default&#8221; global_colors_info=&#8221;{}&#8221;][\/et_pb_image][\/et_pb_column][\/et_pb_row][et_pb_row column_structure=&#8221;1_3,1_3,1_3&#8243; use_custom_gutter=&#8221;on&#8221; gutter_width=&#8221;2&#8243; admin_label=&#8221;Smje\u0161tajne jedinice&#8221; _builder_version=&#8221;4.18.0&#8243; _module_preset=&#8221;default&#8221; width=&#8221;55%&#8221; width_tablet=&#8221;55%&#8221; width_phone=&#8221;80%&#8221; width_last_edited=&#8221;on|phone&#8221; collapsed=&#8221;on&#8221; global_colors_info=&#8221;{}&#8221;][et_pb_column type=&#8221;1_3&#8243; _builder_version=&#8221;4.18.0&#8243; _module_preset=&#8221;default&#8221; global_colors_info=&#8221;{}&#8221;][et_pb_text admin_label=&#8221;Hotel Kimen&#8221; _builder_version=&#8221;4.18.0&#8243; _module_preset=&#8221;default&#8221; text_font=&#8221;|||on|||||&#8221; text_text_color=&#8221;#000000&#8243; text_font_size=&#8221;11px&#8221; text_letter_spacing=&#8221;0.5px&#8221; header_6_font=&#8221;|800|||||||&#8221; header_6_letter_spacing=&#8221;2px&#8221; background_enable_color=&#8221;off&#8221; custom_margin=&#8221;||0px||false|false&#8221; custom_padding=&#8221;25px|25px|10px|25px|false|true&#8221; border_width_all=&#8221;1px&#8221; border_color_all=&#8221;gcid-85037172-fba5-40c1-a92b-f6674d6e47fd&#8221; global_colors_info=&#8221;{%22gcid-85037172-fba5-40c1-a92b-f6674d6e47fd%22:%91%22background_color%22,%22border_color_all%22,%22background_color%22,%22background_color%22,%22border_color_all%22%93}&#8221;]<\/p>\n<h6>HOTEL KIMEN<\/h6>\n<p>[\/et_pb_text][et_pb_image src=&#8221;https:\/\/cresanka.hr\/wp-content\/uploads\/2022\/08\/Hotel-Kimen-Cres-Cresanka-e1763733013729.webp&#8221; alt=&#8221;Hotel Kimen, Cres &#8211; Cresanka d.d.&#8221; title_text=&#8221;Hotel Kimen, Cres &#8211; Cresanka d.d.&#8221; show_bottom_space=&#8221;off&#8221; _builder_version=&#8221;4.18.0&#8243; _module_preset=&#8221;default&#8221; global_colors_info=&#8221;{}&#8221;][\/et_pb_image][et_pb_text admin_label=&#8221;Zna\u010dajke&#8221; _builder_version=&#8221;4.18.0&#8243; _module_preset=&#8221;default&#8221; text_font=&#8221;|||on|||||&#8221; text_text_color=&#8221;#000000&#8243; text_font_size=&#8221;11px&#8221; text_letter_spacing=&#8221;0.5px&#8221; header_6_font=&#8221;|800|||||||&#8221; header_6_letter_spacing=&#8221;2px&#8221; background_enable_color=&#8221;off&#8221; custom_margin=&#8221;||0px||false|false&#8221; custom_padding=&#8221;25px|25px|25px|25px|true|true&#8221; border_width_all=&#8221;1px&#8221; border_color_all=&#8221;gcid-85037172-fba5-40c1-a92b-f6674d6e47fd&#8221; global_colors_info=&#8221;{%22gcid-85037172-fba5-40c1-a92b-f6674d6e47fd%22:%91%22background_color%22,%22border_color_all%22,%22background_color%22,%22background_color%22,%22border_color_all%22%93}&#8221;]<\/p>\n<ul>\n<li>128 sob z balkonom<\/li>\n<li>6 enoposteljnih sob na morski strani<\/li>\n<li>116 dvoposteljnih sob:<br \/>delno na morski, delno na park strani<\/li>\n<li>17 z mo\u017enostjo lo\u010devanja le\u017eaja<\/li>\n<li>Vse dvoposteljne sobe imajo mo\u017enost dodatnega le\u017ei\u0161\u010da<\/li>\n<li>2 suita<\/li>\n<li>3 sobe za invalide<\/li>\n<li>7 dru\u017einskih sob<\/li>\n<\/ul>\n<p>[\/et_pb_text][et_pb_button button_url=&#8221;https:\/\/www.hotel-kimen.com\/smjestaj\/hotel-kimen\/&#8221; url_new_window=&#8221;on&#8221; button_text=&#8221;izvedi ve\u010d&#8221; _builder_version=&#8221;4.18.0&#8243; _module_preset=&#8221;4435dd2a-dbe5-467f-80b4-2130759d3057&#8243; button_text_color=&#8221;gcid-eedb5146-9596-4faa-8e53-1b8865338375&#8243; button_bg_color=&#8221;gcid-85037172-fba5-40c1-a92b-f6674d6e47fd&#8221; locked=&#8221;off&#8221; global_colors_info=&#8221;{%22gcid-85037172-fba5-40c1-a92b-f6674d6e47fd%22:%91%22button_text_color%22,%22button_text_color%22,%22button_text_color%22,%22button_bg_color%22,%22button_text_color__hover%22%93,%22gcid-eedb5146-9596-4faa-8e53-1b8865338375%22:%91%22button_bg_color%22,%22button_text_color__hover%22,%22button_bg_color%22,%22button_text_color%22,%22button_bg_color__hover%22%93}&#8221; button_text_color__hover=&#8221;#c2d1d7&#8243; button_bg_color__hover=&#8221;#0a465e&#8221; button_bg_enable_color__hover=&#8221;on&#8221;][\/et_pb_button][\/et_pb_column][et_pb_column type=&#8221;1_3&#8243; _builder_version=&#8221;4.18.0&#8243; _module_preset=&#8221;default&#8221; global_colors_info=&#8221;{}&#8221;][et_pb_text admin_label=&#8221;Depadansa&#8221; _builder_version=&#8221;4.18.0&#8243; _module_preset=&#8221;default&#8221; text_font=&#8221;|||on|||||&#8221; text_text_color=&#8221;#000000&#8243; text_font_size=&#8221;11px&#8221; text_letter_spacing=&#8221;0.5px&#8221; header_6_font=&#8221;|800|||||||&#8221; header_6_letter_spacing=&#8221;2px&#8221; background_enable_color=&#8221;off&#8221; custom_margin=&#8221;||0px||false|false&#8221; custom_padding=&#8221;25px|25px|10px|25px|false|true&#8221; border_width_all=&#8221;1px&#8221; border_color_all=&#8221;gcid-85037172-fba5-40c1-a92b-f6674d6e47fd&#8221; global_colors_info=&#8221;{%22gcid-85037172-fba5-40c1-a92b-f6674d6e47fd%22:%91%22background_color%22,%22border_color_all%22,%22background_color%22,%22background_color%22,%22background_color%22,%22border_color_all%22,%22background_color%22,%22background_color%22%93}&#8221;]<\/p>\n<h6>DEPADANSA<\/h6>\n<p>[\/et_pb_text][et_pb_image src=&#8221;https:\/\/cresanka.hr\/wp-content\/uploads\/2022\/08\/depadansa-hotel-kimen.webp&#8221; alt=&#8221;Hotel Kimen, Cres &#8211; Cresanka d.d.&#8221; title_text=&#8221;depadansa-hotel-kimen&#8221; show_bottom_space=&#8221;off&#8221; _builder_version=&#8221;4.18.0&#8243; _module_preset=&#8221;default&#8221; global_colors_info=&#8221;{}&#8221;][\/et_pb_image][et_pb_text admin_label=&#8221;Zna\u010dajke&#8221; _builder_version=&#8221;4.18.0&#8243; _module_preset=&#8221;default&#8221; text_font=&#8221;|||on|||||&#8221; text_text_color=&#8221;#000000&#8243; text_font_size=&#8221;11px&#8221; text_letter_spacing=&#8221;0.5px&#8221; header_6_font=&#8221;|800|||||||&#8221; header_6_letter_spacing=&#8221;2px&#8221; background_enable_color=&#8221;off&#8221; custom_margin=&#8221;||0px||false|false&#8221; custom_padding=&#8221;25px|25px|25px|25px|true|true&#8221; border_width_all=&#8221;1px&#8221; border_color_all=&#8221;gcid-85037172-fba5-40c1-a92b-f6674d6e47fd&#8221; global_colors_info=&#8221;{%22gcid-85037172-fba5-40c1-a92b-f6674d6e47fd%22:%91%22background_color%22,%22border_color_all%22,%22background_color%22,%22background_color%22,%22background_color%22,%22border_color_all%22,%22background_color%22,%22background_color%22%93}&#8221;]<\/p>\n<ul>\n<li>cca 70 m od glavne stavbe<\/li>\n<li>54 dvoposteljnih sob z dodatnimi le\u017ei\u0161\u010di<\/li>\n<li>18 sob z izhodom na vrt<\/li>\n<li>36 sob ima balkon<\/li>\n<li>vse sobe gledajo na morsko stran<\/li>\n<li>15 junior suit in dru\u017einskih sob v novi zasnovi, s francoskim balkonom na strani parka<\/li>\n<\/ul>\n<p>[\/et_pb_text][et_pb_button button_url=&#8221;https:\/\/www.hotel-kimen.com\/smjestaj\/depadansa\/&#8221; url_new_window=&#8221;on&#8221; button_text=&#8221;izvedi ve\u010d&#8221; _builder_version=&#8221;4.18.0&#8243; _module_preset=&#8221;4435dd2a-dbe5-467f-80b4-2130759d3057&#8243; button_text_color=&#8221;gcid-eedb5146-9596-4faa-8e53-1b8865338375&#8243; button_bg_color=&#8221;gcid-85037172-fba5-40c1-a92b-f6674d6e47fd&#8221; locked=&#8221;off&#8221; global_colors_info=&#8221;{%22gcid-85037172-fba5-40c1-a92b-f6674d6e47fd%22:%91%22button_text_color%22,%22button_bg_color__hover%22,%22button_text_color%22,%22button_text_color%22,%22button_text_color%22,%22button_bg_color%22,%22button_text_color__hover%22%93,%22gcid-eedb5146-9596-4faa-8e53-1b8865338375%22:%91%22button_bg_color%22,%22button_bg_color%22,%22button_bg_color%22,%22button_text_color%22,%22button_bg_color__hover%22%93}&#8221; button_text_color__hover=&#8221;#c2d1d7&#8243; button_bg_color__hover=&#8221;#0a465e&#8221; button_bg_enable_color__hover=&#8221;on&#8221; button_text_color__hover_enabled=&#8221;on|desktop&#8221;][\/et_pb_button][\/et_pb_column][et_pb_column type=&#8221;1_3&#8243; _builder_version=&#8221;4.18.0&#8243; _module_preset=&#8221;default&#8221; global_colors_info=&#8221;{}&#8221;][et_pb_text admin_label=&#8221;Ku\u0107a Kimen&#8221; _builder_version=&#8221;4.18.0&#8243; _module_preset=&#8221;default&#8221; text_font=&#8221;|||on|||||&#8221; text_text_color=&#8221;#000000&#8243; text_font_size=&#8221;11px&#8221; text_letter_spacing=&#8221;0.5px&#8221; header_6_font=&#8221;|800|||||||&#8221; header_6_letter_spacing=&#8221;2px&#8221; background_enable_color=&#8221;off&#8221; custom_margin=&#8221;||0px||false|false&#8221; custom_padding=&#8221;25px|25px|10px|25px|false|true&#8221; border_width_all=&#8221;1px&#8221; border_color_all=&#8221;gcid-85037172-fba5-40c1-a92b-f6674d6e47fd&#8221; global_colors_info=&#8221;{%22gcid-85037172-fba5-40c1-a92b-f6674d6e47fd%22:%91%22background_color%22,%22border_color_all%22,%22background_color%22,%22background_color%22%93}&#8221;]<\/p>\n<h6>Hi\u0161a Kimen<\/h6>\n<p>[\/et_pb_text][et_pb_image src=&#8221;https:\/\/cresanka.hr\/wp-content\/uploads\/2022\/08\/kuca-kimen-hotel-kimen.webp&#8221; alt=&#8221;Hi\u0161a Kimen &#8211; Hotel Kimen&#8221; title_text=&#8221;Hi\u0161a Kimen &#8211; Hotel Kimen&#8221; show_bottom_space=&#8221;off&#8221; _builder_version=&#8221;4.18.0&#8243; _module_preset=&#8221;default&#8221; global_colors_info=&#8221;{}&#8221;][\/et_pb_image][et_pb_text admin_label=&#8221;Zna\u010dajke&#8221; _builder_version=&#8221;4.18.0&#8243; _module_preset=&#8221;default&#8221; text_font=&#8221;|||on|||||&#8221; text_text_color=&#8221;#000000&#8243; text_font_size=&#8221;11px&#8221; text_letter_spacing=&#8221;0.5px&#8221; header_6_font=&#8221;|800|||||||&#8221; header_6_letter_spacing=&#8221;2px&#8221; background_enable_color=&#8221;off&#8221; custom_margin=&#8221;||0px||false|false&#8221; custom_padding=&#8221;25px|25px|25px|25px|true|true&#8221; border_width_all=&#8221;1px&#8221; border_color_all=&#8221;gcid-85037172-fba5-40c1-a92b-f6674d6e47fd&#8221; global_colors_info=&#8221;{%22gcid-85037172-fba5-40c1-a92b-f6674d6e47fd%22:%91%22button_text_color%22,%22button_bg_color__hover%22,%22button_text_color%22,%22button_text_color%22,%22button_text_color%22,%22button_bg_color%22,%22button_text_color__hover%22,%22background_color%22,%22border_color_all%22,%22background_color%22,%22background_color%22%93,%22gcid-eedb5146-9596-4faa-8e53-1b8865338375%22:%91%22button_bg_color%22,%22button_bg_color%22,%22button_bg_color%22,%22button_text_color%22,%22button_bg_color__hover%22%93}&#8221; button_text_color__hover=&#8221;#c2d1d7&#8243; button_text_color__hover_enabled=&#8221;on|desktop&#8221;]<\/p>\n<ul>\n<li>cca 200m od glavne stavbe, tik ob pla\u017ei<\/li>\n<li>skupna kapaciteta 10 sob<\/li>\n<li>4 dvoposteljne sobe z dodatnim le\u017ei\u0161\u010dem, pogled na morje<\/li>\n<li>1 dvoposteljna soba s pogledom na morje<\/li>\n<li>4 dvoposteljne sobe s pogledom na park<\/li>\n<li>vse sobe s SAT-TV<\/li>\n<li>vse sobe brez balkona<\/li>\n<li>mo\u017enost uporabe otro\u0161ke posteljice<\/li>\n<li>hi\u0161ni ljubljen\u010dki so dobrodo\u0161li<\/li>\n<\/ul>\n<p>[\/et_pb_text][et_pb_button button_url=&#8221;https:\/\/www.hotel-kimen.com\/smjestaj\/kuca-kimen\/&#8221; url_new_window=&#8221;on&#8221; button_text=&#8221;izvedi ve\u010d&#8221; _builder_version=&#8221;4.18.0&#8243; _module_preset=&#8221;4435dd2a-dbe5-467f-80b4-2130759d3057&#8243; button_text_color=&#8221;gcid-eedb5146-9596-4faa-8e53-1b8865338375&#8243; button_bg_color=&#8221;gcid-85037172-fba5-40c1-a92b-f6674d6e47fd&#8221; locked=&#8221;off&#8221; global_colors_info=&#8221;{%22gcid-85037172-fba5-40c1-a92b-f6674d6e47fd%22:%91%22button_text_color%22,%22button_bg_color__hover%22,%22button_text_color%22,%22button_text_color%22,%22button_text_color%22,%22button_text_color%22,%22button_bg_color%22,%22button_text_color__hover%22%93,%22gcid-eedb5146-9596-4faa-8e53-1b8865338375%22:%91%22button_bg_color%22,%22button_bg_color%22,%22button_bg_color%22,%22button_bg_color%22,%22button_text_color%22,%22button_bg_color__hover%22%93}&#8221; button_text_color__hover=&#8221;#c2d1d7&#8243; button_text_color__hover_enabled=&#8221;on|desktop&#8221; button_bg_color__hover=&#8221;#0a465e&#8221; button_bg_enable_color__hover=&#8221;on&#8221;][\/et_pb_button][\/et_pb_column][\/et_pb_row][\/et_pb_section][et_pb_section fb_built=&#8221;1&#8243; next_background_color=&#8221;#ffffff&#8221; admin_label=&#8221;Hero &#8211; Kamp Kova\u010dine&#8221; module_class=&#8221;dh-valign-center-section&#8221; _builder_version=&#8221;4.18.0&#8243; background_image=&#8221;https:\/\/cresanka.hr\/wp-content\/uploads\/2022\/08\/Kamp-Kovacine-Otok-Cres.webp&#8221; background_position=&#8221;bottom_center&#8221; height=&#8221;80vh&#8221; bottom_divider_style=&#8221;asymmetric&#8221; bottom_divider_flip=&#8221;vertical|horizontal&#8221; bottom_divider_height_tablet=&#8221;&#8221; bottom_divider_height_phone=&#8221;50px&#8221; bottom_divider_height_last_edited=&#8221;on|phone&#8221; collapsed=&#8221;on&#8221; global_colors_info=&#8221;{}&#8221;][\/et_pb_section][et_pb_section fb_built=&#8221;1&#8243; admin_label=&#8221;Kamp Kova\u010dine&#8221; _builder_version=&#8221;4.18.0&#8243; _module_preset=&#8221;default&#8221; background_size=&#8221;initial&#8221; background_position=&#8221;top_left&#8221; background_repeat=&#8221;repeat&#8221; locked=&#8221;off&#8221; collapsed=&#8221;on&#8221; global_colors_info=&#8221;{}&#8221; text_font_size_last_edited=&#8221;on|phone&#8221; header_2_font_size_tablet=&#8221;2em&#8221; header_2_font_size_phone=&#8221;1.5em&#8221; header_2_font_size_last_edited=&#8221;on|phone&#8221; header_2_letter_spacing_phone=&#8221;-1px&#8221; header_2_letter_spacing_last_edited=&#8221;on|phone&#8221; text_font_size_tablet=&#8221;2em&#8221; text_font_size_phone=&#8221;2em&#8221;][et_pb_row column_structure=&#8221;2_3,1_3&#8243; admin_label=&#8221;Kamp Kova\u010dine &#8211; Opis&#8221; _builder_version=&#8221;4.18.0&#8243; _module_preset=&#8221;default&#8221; width=&#8221;55%&#8221; width_tablet=&#8221;55%&#8221; width_phone=&#8221;80%&#8221; width_last_edited=&#8221;on|phone&#8221; border_color_bottom=&#8221;gcid-85037172-fba5-40c1-a92b-f6674d6e47fd&#8221; collapsed=&#8221;on&#8221; global_colors_info=&#8221;{%22gcid-85037172-fba5-40c1-a92b-f6674d6e47fd%22:%91%22border_color_bottom%22%93}&#8221;][et_pb_column type=&#8221;2_3&#8243; _builder_version=&#8221;4.18.0&#8243; _module_preset=&#8221;default&#8221; global_colors_info=&#8221;{}&#8221;][et_pb_image src=&#8221;https:\/\/cresanka.hr\/wp-content\/uploads\/2022\/08\/Kamp_Kovac\u030cine_Logotip_pozitiv.svg&#8221; alt=&#8221;Kamp Kovac\u030cine&#8221; title_text=&#8221;Kamp Kovac\u030cine&#8221; url=&#8221;https:\/\/www.camp-kovacine.com&#8221; url_new_window=&#8221;on&#8221; align_tablet=&#8221;&#8221; align_phone=&#8221;left&#8221; align_last_edited=&#8221;on|phone&#8221; disabled_on=&#8221;off|on|on&#8221; admin_label=&#8221;Logo&#8221; _builder_version=&#8221;4.18.0&#8243; _module_preset=&#8221;default&#8221; width=&#8221;70%&#8221; width_tablet=&#8221;70%&#8221; width_phone=&#8221;60%&#8221; width_last_edited=&#8221;on|phone&#8221; module_alignment=&#8221;right&#8221; module_alignment_tablet=&#8221;right&#8221; module_alignment_phone=&#8221;left&#8221; module_alignment_last_edited=&#8221;on|phone&#8221; locked=&#8221;off&#8221; global_colors_info=&#8221;{}&#8221;][\/et_pb_image][et_pb_text admin_label=&#8221;Naslov&#8221; _builder_version=&#8221;4.18.0&#8243; text_font=&#8221;|300|||||||&#8221; text_font_size=&#8221;2em&#8221; header_font=&#8221;|300|||||||&#8221; header_font_size=&#8221;3.13em&#8221; header_letter_spacing=&#8221;1px&#8221; header_2_font=&#8221;|300|||||||&#8221; header_2_font_size=&#8221;2em&#8221; header_5_font=&#8221;|300|||||||&#8221; header_6_font=&#8221;|800|||||||&#8221; header_6_text_color=&#8221;#FFFFFF&#8221; header_6_letter_spacing=&#8221;4px&#8221; header_6_line_height=&#8221;1.4em&#8221; background_size=&#8221;initial&#8221; background_position=&#8221;top_left&#8221; background_repeat=&#8221;repeat&#8221; text_font_size_tablet=&#8221;2em&#8221; text_font_size_phone=&#8221;2em&#8221; text_font_size_last_edited=&#8221;on|phone&#8221; header_2_font_size_tablet=&#8221;2em&#8221; header_2_font_size_phone=&#8221;1.5em&#8221; header_2_font_size_last_edited=&#8221;on|phone&#8221; header_2_letter_spacing_tablet=&#8221;&#8221; header_2_letter_spacing_phone=&#8221;-1px&#8221; header_2_letter_spacing_last_edited=&#8221;on|phone&#8221; global_colors_info=&#8221;{}&#8221;]<\/p>\n<h2>Kamp Kova\u010dine<\/h2>\n<h5>Ve\u010d od avanture<\/h5>\n<p>[\/et_pb_text][et_pb_text admin_label=&#8221;Opis&#8221; _builder_version=&#8221;4.18.0&#8243; _module_preset=&#8221;default&#8221; text_font=&#8221;||||||||&#8221; text_text_color=&#8221;#000000&#8243; text_letter_spacing=&#8221;1px&#8221; text_line_height=&#8221;2em&#8221; global_colors_info=&#8221;{}&#8221;]<\/p>\n<p>V Kampu Kova\u010dine, skriti pod kro\u0161njami borovcev in oljk ter obdani z morjem, lahko do\u017eivite vso svobodo in rustikalnost \u017eivljenja na otoku, ne da bi morali pri tem \u017ertvovati svoje udobje.<\/p>\n<p>Kamp, ki se pona\u0161a z odli\u010dnimi vsebinami za va\u0161e udobje in bogato ponudbo ter aktivnostmi, vam omogo\u010da najbolj\u0161e iz obeh svetov \u2013 prebujanje \u010dutov z izpostavljanjem naravnim silam ob pristnem dopustu in revitalizaciji prek zapomnljivih pristnih izku\u0161enj in do\u017eivetij.<\/p>\n<p>[\/et_pb_text][\/et_pb_column][et_pb_column type=&#8221;1_3&#8243; _builder_version=&#8221;4.18.0&#8243; _module_preset=&#8221;default&#8221; background_enable_color=&#8221;off&#8221; global_colors_info=&#8221;{%22gcid-85037172-fba5-40c1-a92b-f6674d6e47fd%22:%91%22background_color%22%93}&#8221;][et_pb_image src=&#8221;https:\/\/cresanka.hr\/wp-content\/uploads\/2022\/08\/Kamp_Kovac\u030cine_Logotip_pozitiv.svg&#8221; alt=&#8221;Kamp Kovac\u030cine&#8221; title_text=&#8221;Kamp Kovac\u030cine&#8221; url=&#8221;https:\/\/www.camp-kovacine.com&#8221; url_new_window=&#8221;on&#8221; disabled_on=&#8221;on|off|off&#8221; admin_label=&#8221;Logo&#8221; _builder_version=&#8221;4.18.0&#8243; _module_preset=&#8221;default&#8221; width=&#8221;70%&#8221; module_alignment=&#8221;right&#8221; global_colors_info=&#8221;{}&#8221;][\/et_pb_image][\/et_pb_column][\/et_pb_row][et_pb_row column_structure=&#8221;1_3,1_3,1_3&#8243; use_custom_gutter=&#8221;on&#8221; gutter_width=&#8221;2&#8243; admin_label=&#8221;Smje\u0161tajne jedinice&#8221; _builder_version=&#8221;4.18.0&#8243; _module_preset=&#8221;default&#8221; width=&#8221;55%&#8221; width_tablet=&#8221;55%&#8221; width_phone=&#8221;80%&#8221; width_last_edited=&#8221;on|phone&#8221; border_color_bottom=&#8221;gcid-85037172-fba5-40c1-a92b-f6674d6e47fd&#8221; collapsed=&#8221;on&#8221; global_colors_info=&#8221;{%22gcid-85037172-fba5-40c1-a92b-f6674d6e47fd%22:%91%22border_color_bottom%22%93}&#8221;][et_pb_column type=&#8221;1_3&#8243; _builder_version=&#8221;4.18.0&#8243; _module_preset=&#8221;default&#8221; global_colors_info=&#8221;{}&#8221;][et_pb_text admin_label=&#8221;Mobilne ku\u0107ice&#8221; _builder_version=&#8221;4.18.0&#8243; _module_preset=&#8221;default&#8221; text_font=&#8221;|||on|||||&#8221; text_text_color=&#8221;#000000&#8243; text_font_size=&#8221;11px&#8221; text_letter_spacing=&#8221;0.5px&#8221; header_6_font=&#8221;|800|||||||&#8221; header_6_letter_spacing=&#8221;2px&#8221; background_enable_color=&#8221;off&#8221; custom_margin=&#8221;||0px||false|false&#8221; custom_padding=&#8221;25px|25px|10px|25px|false|true&#8221; border_width_all=&#8221;1px&#8221; border_color_all=&#8221;gcid-85037172-fba5-40c1-a92b-f6674d6e47fd&#8221; global_colors_info=&#8221;{%22gcid-85037172-fba5-40c1-a92b-f6674d6e47fd%22:%91%22background_color%22,%22border_color_all%22,%22background_color%22%93}&#8221;]<\/p>\n<h6>MOBILNE HI\u0160KE<\/h6>\n<p>[\/et_pb_text][et_pb_image src=&#8221;https:\/\/cresanka.hr\/wp-content\/uploads\/2022\/08\/Mobilne-kucice-Kamp-Kovacine-Otok-Cres.webp&#8221; alt=&#8221;Mobilne hi\u0161ke &#8211; Kamp Kova\u010dine&#8221; title_text=&#8221;Mobilne hi\u0161ke &#8211; Kamp Kova\u010dine&#8221; show_bottom_space=&#8221;off&#8221; _builder_version=&#8221;4.18.0&#8243; _module_preset=&#8221;default&#8221; locked=&#8221;off&#8221; global_colors_info=&#8221;{}&#8221;][\/et_pb_image][et_pb_text _builder_version=&#8221;4.27.5&#8243; _module_preset=&#8221;default&#8221; text_font=&#8221;|||on|||||&#8221; text_text_color=&#8221;#000000&#8243; text_font_size=&#8221;11px&#8221; text_letter_spacing=&#8221;0.5px&#8221; header_6_font=&#8221;|800|||||||&#8221; header_6_letter_spacing=&#8221;2px&#8221; background_enable_color=&#8221;off&#8221; custom_margin=&#8221;||0px||false|false&#8221; custom_padding=&#8221;25px|25px|25px|25px|true|true&#8221; hover_enabled=&#8221;0&#8243; border_width_all=&#8221;1px&#8221; border_color_all=&#8221;gcid-85037172-fba5-40c1-a92b-f6674d6e47fd&#8221; global_colors_info=&#8221;{%22gcid-85037172-fba5-40c1-a92b-f6674d6e47fd%22:%91%22background_color%22,%22border_color_all%22,%22background_color%22%93}&#8221; sticky_enabled=&#8221;0&#8243;]<\/p>\n<ul>\n<li>309 mobilnih hi\u0161ic<\/li>\n<li>nahaja se v borovem gozdu, tik ob morju.<\/li>\n<li>klima<\/li>\n<li>rjuha<\/li>\n<li>kuhinjska posoda<\/li>\n<li>varno za dragocenosti<\/li>\n<li>vrtna miza in stoli (pred hi\u0161o)<\/li>\n<li>brisa\u010de niso na voljo<\/li>\n<\/ul>\n<p>[\/et_pb_text][et_pb_button button_url=&#8221;https:\/\/camp-kovacine.com\/smjestaj\/mobilne-kucice-kamp-kovacine-otok-cres\/&#8221; url_new_window=&#8221;on&#8221; button_text=&#8221;izvedi ve\u010d&#8221; _builder_version=&#8221;4.18.0&#8243; _module_preset=&#8221;4435dd2a-dbe5-467f-80b4-2130759d3057&#8243; button_text_color=&#8221;gcid-eedb5146-9596-4faa-8e53-1b8865338375&#8243; button_bg_color=&#8221;gcid-85037172-fba5-40c1-a92b-f6674d6e47fd&#8221; global_colors_info=&#8221;{%22gcid-85037172-fba5-40c1-a92b-f6674d6e47fd%22:%91%22button_text_color%22,%22button_text_color%22,%22button_text_color%22,%22button_bg_color%22,%22button_text_color__hover%22%93,%22gcid-eedb5146-9596-4faa-8e53-1b8865338375%22:%91%22button_bg_color%22,%22button_text_color__hover%22,%22button_bg_color%22,%22button_text_color%22,%22button_bg_color__hover%22%93}&#8221; button_text_color__hover=&#8221;#c2d1d7&#8243; button_bg_color__hover=&#8221;#0a465e&#8221; button_bg_enable_color__hover=&#8221;on&#8221;][\/et_pb_button][\/et_pb_column][et_pb_column type=&#8221;1_3&#8243; _builder_version=&#8221;4.18.0&#8243; _module_preset=&#8221;default&#8221; background_enable_color=&#8221;off&#8221; global_colors_info=&#8221;{%22gcid-85037172-fba5-40c1-a92b-f6674d6e47fd%22:%91%22background_color%22%93}&#8221;][et_pb_text admin_label=&#8221;Parcele&#8221; _builder_version=&#8221;4.18.0&#8243; _module_preset=&#8221;default&#8221; text_font=&#8221;|||on|||||&#8221; text_text_color=&#8221;#000000&#8243; text_font_size=&#8221;11px&#8221; text_letter_spacing=&#8221;0.5px&#8221; header_6_font=&#8221;|800|||||||&#8221; header_6_letter_spacing=&#8221;2px&#8221; background_enable_color=&#8221;off&#8221; custom_margin=&#8221;||0px||false|false&#8221; custom_padding=&#8221;25px|25px|10px|25px|false|true&#8221; border_width_all=&#8221;1px&#8221; border_color_all=&#8221;gcid-85037172-fba5-40c1-a92b-f6674d6e47fd&#8221; global_colors_info=&#8221;{%22gcid-85037172-fba5-40c1-a92b-f6674d6e47fd%22:%91%22background_color%22,%22border_color_all%22,%22background_color%22,%22background_color%22,%22border_color_all%22,%22background_color%22%93}&#8221;]<\/p>\n<h6>PARCELE<\/h6>\n<p>[\/et_pb_text][et_pb_image src=&#8221;https:\/\/cresanka.hr\/wp-content\/uploads\/2022\/08\/Parcele-autokamp-Kamp-Kovacine-Otok-Cres.webp&#8221; alt=&#8221;Parcele autokamp Kamp Kova\u010dine&#8221; title_text=&#8221;Parcele autokamp Kamp Kova\u010dine&#8221; show_bottom_space=&#8221;off&#8221; _builder_version=&#8221;4.18.0&#8243; _module_preset=&#8221;default&#8221; locked=&#8221;off&#8221; global_colors_info=&#8221;{}&#8221;][\/et_pb_image][et_pb_text _builder_version=&#8221;4.18.0&#8243; _module_preset=&#8221;default&#8221; text_font=&#8221;|||on|||||&#8221; text_text_color=&#8221;#000000&#8243; text_font_size=&#8221;11px&#8221; text_letter_spacing=&#8221;0.5px&#8221; header_6_font=&#8221;|800|||||||&#8221; header_6_letter_spacing=&#8221;2px&#8221; background_enable_color=&#8221;off&#8221; custom_margin=&#8221;||0px||false|false&#8221; custom_padding=&#8221;25px|25px|25px|25px|true|true&#8221; border_width_all=&#8221;1px&#8221; border_color_all=&#8221;gcid-85037172-fba5-40c1-a92b-f6674d6e47fd&#8221; global_colors_info=&#8221;{%22gcid-85037172-fba5-40c1-a92b-f6674d6e47fd%22:%91%22background_color%22,%22border_color_all%22,%22background_color%22,%22background_color%22,%22border_color_all%22,%22background_color%22%93}&#8221;]<\/p>\n<ul>\n<li>950+ parcel in kampov<\/li>\n<li>cca 700 parcel &gt; tekstilni del kampa<\/li>\n<li>cca 250 parcel &gt; FKK<\/li>\n<li>velikost parcele 60-120 m<sup>2<\/sup><\/li>\n<li>skupna omarica \u2013 priklju\u010dek za elektriko in 2 vodovodni pipi na 1 omarico<\/li>\n<\/ul>\n<p>[\/et_pb_text][et_pb_button button_url=&#8221;https:\/\/camp-kovacine.com\/smjestaj\/parcele-kamp-kovacine-otok-cres\/&#8221; url_new_window=&#8221;on&#8221; button_text=&#8221;izvedi ve\u010d&#8221; _builder_version=&#8221;4.18.0&#8243; _module_preset=&#8221;4435dd2a-dbe5-467f-80b4-2130759d3057&#8243; button_text_color=&#8221;gcid-eedb5146-9596-4faa-8e53-1b8865338375&#8243; button_bg_color=&#8221;gcid-85037172-fba5-40c1-a92b-f6674d6e47fd&#8221; global_colors_info=&#8221;{%22gcid-85037172-fba5-40c1-a92b-f6674d6e47fd%22:%91%22button_text_color%22,%22button_text_color%22,%22button_text_color%22,%22button_bg_color%22,%22button_text_color__hover%22%93,%22gcid-eedb5146-9596-4faa-8e53-1b8865338375%22:%91%22button_bg_color%22,%22button_text_color__hover%22,%22button_bg_color%22,%22button_text_color%22,%22button_bg_color__hover%22%93}&#8221; button_text_color__hover=&#8221;#c2d1d7&#8243; button_bg_color__hover=&#8221;#0a465e&#8221; button_bg_enable_color__hover=&#8221;on&#8221;][\/et_pb_button][\/et_pb_column][et_pb_column type=&#8221;1_3&#8243; _builder_version=&#8221;4.18.0&#8243; _module_preset=&#8221;default&#8221; background_enable_color=&#8221;off&#8221; global_colors_info=&#8221;{%22gcid-85037172-fba5-40c1-a92b-f6674d6e47fd%22:%91%22background_color%22%93}&#8221;][et_pb_text admin_label=&#8221;Ku\u0107a Tamaris&#8221; _builder_version=&#8221;4.18.0&#8243; _module_preset=&#8221;default&#8221; text_font=&#8221;|||on|||||&#8221; text_text_color=&#8221;#000000&#8243; text_font_size=&#8221;11px&#8221; text_letter_spacing=&#8221;0.5px&#8221; header_6_font=&#8221;|800|||||||&#8221; header_6_letter_spacing=&#8221;2px&#8221; background_enable_color=&#8221;off&#8221; custom_margin=&#8221;||0px||false|false&#8221; custom_padding=&#8221;25px|25px|10px|25px|false|true&#8221; border_width_all=&#8221;1px&#8221; border_color_all=&#8221;gcid-85037172-fba5-40c1-a92b-f6674d6e47fd&#8221; global_colors_info=&#8221;{%22gcid-85037172-fba5-40c1-a92b-f6674d6e47fd%22:%91%22background_color%22,%22border_color_all%22,%22background_color%22,%22background_color%22,%22border_color_all%22,%22background_color%22%93}&#8221;]<\/p>\n<h6>HI\u0160A TAMARIS<\/h6>\n<p>[\/et_pb_text][et_pb_image src=&#8221;https:\/\/cresanka.hr\/wp-content\/uploads\/2022\/08\/Kuca-Tamaris-Kamp-Kovacine-Otok-Cres.webp&#8221; alt=&#8221;Hi\u0161a Tamaris &#8211; Kamp Kova\u010dine&#8221; title_text=&#8221;Hi\u0161a Tamaris &#8211; Kamp Kova\u010dine&#8221; show_bottom_space=&#8221;off&#8221; _builder_version=&#8221;4.18.0&#8243; _module_preset=&#8221;default&#8221; locked=&#8221;off&#8221; global_colors_info=&#8221;{}&#8221;][\/et_pb_image][et_pb_text _builder_version=&#8221;4.18.0&#8243; _module_preset=&#8221;default&#8221; text_font=&#8221;|||on|||||&#8221; text_text_color=&#8221;#000000&#8243; text_font_size=&#8221;11px&#8221; text_letter_spacing=&#8221;0.5px&#8221; header_6_font=&#8221;|800|||||||&#8221; header_6_letter_spacing=&#8221;2px&#8221; background_enable_color=&#8221;off&#8221; custom_margin=&#8221;||0px||false|false&#8221; custom_padding=&#8221;25px|25px|25px|25px|true|true&#8221; border_width_all=&#8221;1px&#8221; border_color_all=&#8221;gcid-85037172-fba5-40c1-a92b-f6674d6e47fd&#8221; global_colors_info=&#8221;{%22gcid-85037172-fba5-40c1-a92b-f6674d6e47fd%22:%91%22background_color%22,%22border_color_all%22,%22background_color%22,%22background_color%22,%22border_color_all%22,%22background_color%22%93}&#8221;]<\/p>\n<ul>\n<li>13 o\u010darljivo opremljenih sob<\/li>\n<li>Restavracija v pritli\u010dju (a-la-carte)<\/li>\n<li>Trgovina<\/li>\n<li>Letna terasa tik ob morju<\/li>\n<li>Lastna kopalnica in WC<\/li>\n<li>Klima<\/li>\n<li>Minibar<\/li>\n<li>Telefon<\/li>\n<li>SAT i TV<\/li>\n<\/ul>\n<p>[\/et_pb_text][et_pb_button button_url=&#8221;https:\/\/camp-kovacine.com\/smjestaj\/kuca-tamaris-kamp-kovacine-otok-cres\/&#8221; url_new_window=&#8221;on&#8221; button_text=&#8221;izvedi ve\u010d&#8221; _builder_version=&#8221;4.18.0&#8243; _module_preset=&#8221;4435dd2a-dbe5-467f-80b4-2130759d3057&#8243; button_text_color=&#8221;gcid-eedb5146-9596-4faa-8e53-1b8865338375&#8243; button_bg_color=&#8221;gcid-85037172-fba5-40c1-a92b-f6674d6e47fd&#8221; global_colors_info=&#8221;{%22gcid-85037172-fba5-40c1-a92b-f6674d6e47fd%22:%91%22button_text_color%22,%22button_text_color%22,%22button_text_color%22,%22button_bg_color%22,%22button_text_color__hover%22%93,%22gcid-eedb5146-9596-4faa-8e53-1b8865338375%22:%91%22button_bg_color%22,%22button_text_color__hover%22,%22button_bg_color%22,%22button_text_color%22,%22button_bg_color__hover%22%93}&#8221; button_text_color__hover=&#8221;#c2d1d7&#8243; button_bg_color__hover=&#8221;#0a465e&#8221; button_bg_enable_color__hover=&#8221;on&#8221;][\/et_pb_button][\/et_pb_column][\/et_pb_row][\/et_pb_section][et_pb_section fb_built=&#8221;1&#8243; next_background_color=&#8221;#ffffff&#8221; admin_label=&#8221;Hero Kamp Zdovica&#8221; module_class=&#8221;dh-valign-center-section&#8221; _builder_version=&#8221;4.18.0&#8243; background_image=&#8221;https:\/\/cresanka.hr\/wp-content\/uploads\/2022\/08\/Kamp-Zdovica-valun-cres.webp&#8221; background_position=&#8221;bottom_center&#8221; height=&#8221;80vh&#8221; bottom_divider_style=&#8221;asymmetric&#8221; bottom_divider_flip=&#8221;vertical|horizontal&#8221; bottom_divider_height_tablet=&#8221;&#8221; bottom_divider_height_phone=&#8221;50px&#8221; bottom_divider_height_last_edited=&#8221;on|phone&#8221; locked=&#8221;off&#8221; collapsed=&#8221;on&#8221; global_colors_info=&#8221;{}&#8221;][\/et_pb_section][et_pb_section fb_built=&#8221;1&#8243; admin_label=&#8221;Kamp Zdovica&#8221; _builder_version=&#8221;4.18.0&#8243; _module_preset=&#8221;default&#8221; custom_padding=&#8221;0px||||false|false&#8221; locked=&#8221;off&#8221; collapsed=&#8221;on&#8221; global_colors_info=&#8221;{}&#8221;][et_pb_row column_structure=&#8221;2_3,1_3&#8243; admin_label=&#8221;Kamp Zdovica &#8211; Opis&#8221; _builder_version=&#8221;4.18.0&#8243; _module_preset=&#8221;default&#8221; width=&#8221;55%&#8221; width_tablet=&#8221;55%&#8221; width_phone=&#8221;80%&#8221; width_last_edited=&#8221;on|phone&#8221; border_color_bottom=&#8221;gcid-85037172-fba5-40c1-a92b-f6674d6e47fd&#8221; collapsed=&#8221;off&#8221; global_colors_info=&#8221;{%22gcid-85037172-fba5-40c1-a92b-f6674d6e47fd%22:%91%22border_color_bottom%22%93}&#8221;][et_pb_column type=&#8221;2_3&#8243; _builder_version=&#8221;4.18.0&#8243; _module_preset=&#8221;default&#8221; global_colors_info=&#8221;{}&#8221;][et_pb_image src=&#8221;https:\/\/cresanka.hr\/wp-content\/uploads\/2022\/08\/Kamp-Zdovica-otok-Cres-logo.svg&#8221; alt=&#8221;Kamp Zdovica, Cres&#8221; title_text=&#8221;Kamp Zdovica, Cres&#8221; url=&#8221;https:\/\/www.camp-zdovica.com&#8221; url_new_window=&#8221;on&#8221; align=&#8221;right&#8221; align_tablet=&#8221;right&#8221; align_phone=&#8221;left&#8221; align_last_edited=&#8221;on|phone&#8221; disabled_on=&#8221;off|on|on&#8221; admin_label=&#8221;Logo&#8221; _builder_version=&#8221;4.18.0&#8243; _module_preset=&#8221;default&#8221; height=&#8221;50px&#8221; locked=&#8221;off&#8221; global_colors_info=&#8221;{}&#8221;][\/et_pb_image][et_pb_text admin_label=&#8221;Naslov&#8221; _builder_version=&#8221;4.18.0&#8243; text_font=&#8221;|300|||||||&#8221; text_font_size=&#8221;2em&#8221; header_font=&#8221;|300|||||||&#8221; header_font_size=&#8221;3.13em&#8221; header_letter_spacing=&#8221;1px&#8221; header_2_font=&#8221;|300|||||||&#8221; header_2_font_size=&#8221;2em&#8221; header_5_font=&#8221;|300|||||||&#8221; header_6_font=&#8221;|800|||||||&#8221; header_6_text_color=&#8221;#FFFFFF&#8221; header_6_letter_spacing=&#8221;4px&#8221; header_6_line_height=&#8221;1.4em&#8221; background_size=&#8221;initial&#8221; background_position=&#8221;top_left&#8221; background_repeat=&#8221;repeat&#8221; text_font_size_tablet=&#8221;2em&#8221; text_font_size_phone=&#8221;2em&#8221; text_font_size_last_edited=&#8221;on|phone&#8221; header_2_font_size_tablet=&#8221;2em&#8221; header_2_font_size_phone=&#8221;1.5em&#8221; header_2_font_size_last_edited=&#8221;on|phone&#8221; header_2_letter_spacing_tablet=&#8221;&#8221; header_2_letter_spacing_phone=&#8221;-1px&#8221; header_2_letter_spacing_last_edited=&#8221;on|phone&#8221; header_5_line_height_tablet=&#8221;&#8221; header_5_line_height_phone=&#8221;1.2em&#8221; header_5_line_height_last_edited=&#8221;on|phone&#8221; global_colors_info=&#8221;{}&#8221;]<\/p>\n<h2>Kamp Zdovica<\/h2>\n<h5>Idila v srcu sredozemske vegetacije<\/h5>\n<p>[\/et_pb_text][et_pb_text admin_label=&#8221;Opis&#8221; _builder_version=&#8221;4.27.5&#8243; _module_preset=&#8221;default&#8221; text_font=&#8221;||||||||&#8221; text_text_color=&#8221;#000000&#8243; text_letter_spacing=&#8221;1px&#8221; text_line_height=&#8221;2em&#8221; global_colors_info=&#8221;{}&#8221;]<\/p>\n<p>Ta majhen, a povsem idili\u010den kamp se nahaja v srcu cre\u0161ke vegetacije v \u017eivopisni uvali Valun. Ti\u0161ino prekinja samo zvok valov in \u0161elestenje vej v poletnem vetri\u010du. \u010ce \u017eelite izvedeti ve\u010d o zgodovini in kulturi otoka ter njegovih \u017eivopisnih prebivalcih, pa vam ni treba dale\u010d. Kraj Valun je prava zgodovinska zakladnica in idealna za\u010detna to\u010dka za spoznavanje vseh posebnosti otoka Cres. Za vse, \u017eeljne rustikalnega oddiha, pravega odmika od urbanega okolja in obi\u010dajnega \u017eivljenja, je kamp Zdovica popolno zato\u010di\u0161\u010de na sami obali.<\/p>\n<p>[\/et_pb_text][\/et_pb_column][et_pb_column type=&#8221;1_3&#8243; _builder_version=&#8221;4.18.0&#8243; _module_preset=&#8221;default&#8221; background_enable_color=&#8221;off&#8221; global_colors_info=&#8221;{%22gcid-85037172-fba5-40c1-a92b-f6674d6e47fd%22:%91%22background_color%22%93}&#8221;][et_pb_image src=&#8221;https:\/\/cresanka.hr\/wp-content\/uploads\/2022\/08\/Kamp-Zdovica-otok-Cres-logo.svg&#8221; alt=&#8221;Kamp Zdovica, Cres&#8221; title_text=&#8221;Kamp Zdovica, Cres&#8221; url=&#8221;https:\/\/www.camp-zdovica.com&#8221; url_new_window=&#8221;on&#8221; align=&#8221;right&#8221; disabled_on=&#8221;on|off|off&#8221; admin_label=&#8221;Logo&#8221; _builder_version=&#8221;4.18.0&#8243; _module_preset=&#8221;default&#8221; height=&#8221;50px&#8221; global_colors_info=&#8221;{}&#8221;][\/et_pb_image][\/et_pb_column][\/et_pb_row][et_pb_row column_structure=&#8221;1_3,1_3,1_3&#8243; use_custom_gutter=&#8221;on&#8221; gutter_width=&#8221;2&#8243; admin_label=&#8221;Smje\u0161tajne jedinice&#8221; _builder_version=&#8221;4.18.0&#8243; _module_preset=&#8221;default&#8221; width=&#8221;55%&#8221; width_tablet=&#8221;55%&#8221; width_phone=&#8221;80%&#8221; width_last_edited=&#8221;on|phone&#8221; border_color_bottom=&#8221;gcid-85037172-fba5-40c1-a92b-f6674d6e47fd&#8221; locked=&#8221;off&#8221; collapsed=&#8221;on&#8221; global_colors_info=&#8221;{%22gcid-85037172-fba5-40c1-a92b-f6674d6e47fd%22:%91%22border_color_bottom%22%93}&#8221;][et_pb_column type=&#8221;1_3&#8243; _builder_version=&#8221;4.18.0&#8243; _module_preset=&#8221;default&#8221; global_colors_info=&#8221;{}&#8221;][et_pb_text admin_label=&#8221;Kamp mjesta&#8221; _builder_version=&#8221;4.18.0&#8243; _module_preset=&#8221;default&#8221; text_font=&#8221;|||on|||||&#8221; text_text_color=&#8221;#000000&#8243; text_font_size=&#8221;11px&#8221; text_letter_spacing=&#8221;0.5px&#8221; header_6_font=&#8221;|800|||||||&#8221; header_6_letter_spacing=&#8221;2px&#8221; background_enable_color=&#8221;off&#8221; custom_margin=&#8221;||0px||false|false&#8221; custom_padding=&#8221;25px|25px|10px|25px|false|true&#8221; border_width_all=&#8221;1px&#8221; border_color_all=&#8221;gcid-85037172-fba5-40c1-a92b-f6674d6e47fd&#8221; global_colors_info=&#8221;{%22gcid-85037172-fba5-40c1-a92b-f6674d6e47fd%22:%91%22background_color%22,%22border_color_all%22,%22background_color%22,%22background_color%22%93}&#8221;]<\/p>\n<h6>Mesta za kampiranje<\/h6>\n<p>[\/et_pb_text][et_pb_image src=&#8221;https:\/\/cresanka.hr\/wp-content\/uploads\/2022\/08\/Kamp-zdovica-cres.webp&#8221; alt=&#8221;Kamp Zdovica &#8211; Cres&#8221; title_text=&#8221;Kamp Zdovica &#8211; Cres&#8221; show_bottom_space=&#8221;off&#8221; _builder_version=&#8221;4.18.0&#8243; _module_preset=&#8221;default&#8221; locked=&#8221;off&#8221; global_colors_info=&#8221;{}&#8221;][\/et_pb_image][et_pb_text _builder_version=&#8221;4.18.0&#8243; _module_preset=&#8221;default&#8221; text_font=&#8221;|||on|||||&#8221; text_text_color=&#8221;#000000&#8243; text_font_size=&#8221;11px&#8221; text_letter_spacing=&#8221;0.5px&#8221; header_6_font=&#8221;|800|||||||&#8221; header_6_letter_spacing=&#8221;2px&#8221; background_enable_color=&#8221;off&#8221; custom_margin=&#8221;||0px||false|false&#8221; custom_padding=&#8221;25px|25px|25px|25px|true|true&#8221; border_width_all=&#8221;1px&#8221; border_color_all=&#8221;gcid-85037172-fba5-40c1-a92b-f6674d6e47fd&#8221; global_colors_info=&#8221;{%22gcid-85037172-fba5-40c1-a92b-f6674d6e47fd%22:%91%22background_color%22,%22border_color_all%22,%22background_color%22,%22background_color%22%93}&#8221;]<\/p>\n<ul>\n<li>ki se nahaja na sami pla\u017ei<\/li>\n<li>kapaciteta 250 ljudi<\/li>\n<li>Odbojka na mivki<\/li>\n<li>igri\u0161\u010de za balinanje<\/li>\n<li>ko\u0161arka\u0161ko igri\u0161\u010de<\/li>\n<li>otro\u0161ko igri\u0161\u010de<\/li>\n<\/ul>\n<p>[\/et_pb_text][et_pb_button button_url=&#8221;https:\/\/camp-zdovica.com\/kamp-mjesta\/&#8221; url_new_window=&#8221;on&#8221; button_text=&#8221;izvedi ve\u010d&#8221; _builder_version=&#8221;4.18.0&#8243; _module_preset=&#8221;4435dd2a-dbe5-467f-80b4-2130759d3057&#8243; button_text_color=&#8221;gcid-eedb5146-9596-4faa-8e53-1b8865338375&#8243; button_bg_color=&#8221;gcid-85037172-fba5-40c1-a92b-f6674d6e47fd&#8221; global_colors_info=&#8221;{%22gcid-85037172-fba5-40c1-a92b-f6674d6e47fd%22:%91%22button_text_color%22,%22button_text_color%22,%22button_text_color%22,%22button_bg_color%22,%22button_text_color__hover%22%93,%22gcid-eedb5146-9596-4faa-8e53-1b8865338375%22:%91%22button_bg_color%22,%22button_text_color__hover%22,%22button_bg_color%22,%22button_text_color%22,%22button_bg_color__hover%22%93}&#8221; button_text_color__hover=&#8221;#c2d1d7&#8243; button_bg_color__hover=&#8221;#0a465e&#8221; button_bg_enable_color__hover=&#8221;on&#8221;][\/et_pb_button][\/et_pb_column][et_pb_column type=&#8221;1_3&#8243; _builder_version=&#8221;4.18.0&#8243; _module_preset=&#8221;default&#8221; background_enable_color=&#8221;off&#8221; global_colors_info=&#8221;{%22gcid-85037172-fba5-40c1-a92b-f6674d6e47fd%22:%91%22background_color%22%93}&#8221;][\/et_pb_column][et_pb_column type=&#8221;1_3&#8243; _builder_version=&#8221;4.18.0&#8243; _module_preset=&#8221;default&#8221; background_enable_color=&#8221;off&#8221; global_colors_info=&#8221;{%22gcid-85037172-fba5-40c1-a92b-f6674d6e47fd%22:%91%22background_color%22%93}&#8221;][\/et_pb_column][\/et_pb_row][\/et_pb_section][et_pb_section fb_built=&#8221;1&#8243; next_background_color=&#8221;#ffffff&#8221; admin_label=&#8221;Hero &#8211; Apartmani i sobe&#8221; module_class=&#8221;dh-valign-center-section&#8221; _builder_version=&#8221;4.18.0&#8243; background_image=&#8221;https:\/\/cresanka.hr\/wp-content\/uploads\/2022\/08\/Apartmani-Cres.webp&#8221; background_position=&#8221;bottom_center&#8221; height=&#8221;80vh&#8221; bottom_divider_style=&#8221;asymmetric&#8221; bottom_divider_flip=&#8221;vertical|horizontal&#8221; bottom_divider_height_tablet=&#8221;&#8221; bottom_divider_height_phone=&#8221;50px&#8221; bottom_divider_height_last_edited=&#8221;on|phone&#8221; locked=&#8221;off&#8221; collapsed=&#8221;on&#8221; global_colors_info=&#8221;{}&#8221;][\/et_pb_section][et_pb_section fb_built=&#8221;1&#8243; admin_label=&#8221;Apartmani i sobe &#8211; Opis&#8221; _builder_version=&#8221;4.18.0&#8243; _module_preset=&#8221;default&#8221; custom_padding=&#8221;0px||0px||true|false&#8221; locked=&#8221;off&#8221; collapsed=&#8221;on&#8221; global_colors_info=&#8221;{}&#8221;][et_pb_row column_structure=&#8221;2_3,1_3&#8243; admin_label=&#8221;Apartmani i sobe&#8221; _builder_version=&#8221;4.18.0&#8243; _module_preset=&#8221;default&#8221; width=&#8221;55%&#8221; width_tablet=&#8221;55%&#8221; width_phone=&#8221;80%&#8221; width_last_edited=&#8221;on|phone&#8221; border_color_bottom=&#8221;gcid-85037172-fba5-40c1-a92b-f6674d6e47fd&#8221; collapsed=&#8221;on&#8221; global_colors_info=&#8221;{%22gcid-85037172-fba5-40c1-a92b-f6674d6e47fd%22:%91%22border_color_bottom%22%93}&#8221;][et_pb_column type=&#8221;2_3&#8243; _builder_version=&#8221;4.18.0&#8243; _module_preset=&#8221;default&#8221; global_colors_info=&#8221;{}&#8221;][et_pb_image src=&#8221;https:\/\/cresanka.hr\/wp-content\/uploads\/2022\/08\/Apartmani_Cres_Cresanka.svg&#8221; alt=&#8221;Apartmaji Cres&#8221; title_text=&#8221;Apartmaji Cres&#8221; url=&#8221;https:\/\/www.tbcres.com&#8221; url_new_window=&#8221;on&#8221; align=&#8221;right&#8221; align_tablet=&#8221;right&#8221; align_phone=&#8221;left&#8221; align_last_edited=&#8221;on|phone&#8221; disabled_on=&#8221;off|on|on&#8221; admin_label=&#8221;Logo&#8221; _builder_version=&#8221;4.18.0&#8243; _module_preset=&#8221;default&#8221; height=&#8221;100px&#8221; locked=&#8221;off&#8221; global_colors_info=&#8221;{}&#8221;][\/et_pb_image][et_pb_text admin_label=&#8221;Naslov&#8221; _builder_version=&#8221;4.18.0&#8243; text_font=&#8221;|300|||||||&#8221; text_font_size=&#8221;2em&#8221; header_font=&#8221;|300|||||||&#8221; header_font_size=&#8221;3.13em&#8221; header_letter_spacing=&#8221;1px&#8221; header_2_font=&#8221;|300|||||||&#8221; header_2_font_size=&#8221;2em&#8221; header_5_font=&#8221;|300|||||||&#8221; header_6_font=&#8221;|800|||||||&#8221; header_6_text_color=&#8221;#FFFFFF&#8221; header_6_letter_spacing=&#8221;4px&#8221; header_6_line_height=&#8221;1.4em&#8221; background_size=&#8221;initial&#8221; background_position=&#8221;top_left&#8221; background_repeat=&#8221;repeat&#8221; text_font_size_tablet=&#8221;2em&#8221; text_font_size_phone=&#8221;2em&#8221; text_font_size_last_edited=&#8221;on|phone&#8221; header_2_font_size_tablet=&#8221;2em&#8221; header_2_font_size_phone=&#8221;1.5em&#8221; header_2_font_size_last_edited=&#8221;on|phone&#8221; header_2_letter_spacing_tablet=&#8221;&#8221; header_2_letter_spacing_phone=&#8221;-1px&#8221; header_2_letter_spacing_last_edited=&#8221;on|phone&#8221; global_colors_info=&#8221;{}&#8221;]<\/p>\n<h2>Apartmaji in sobe Cres<\/h2>\n<h5>Oto\u0161ka izku\u0161nja po va\u0161i meri<\/h5>\n<p>[\/et_pb_text][et_pb_text admin_label=&#8221;Opis&#8221; _builder_version=&#8221;4.18.0&#8243; _module_preset=&#8221;default&#8221; text_font=&#8221;||||||||&#8221; text_text_color=&#8221;#000000&#8243; text_letter_spacing=&#8221;1px&#8221; text_line_height=&#8221;2em&#8221; global_colors_info=&#8221;{}&#8221;]<\/p>\n<p>V mestu Cres je na voljo veliko zasebnih nastanitev, da bi vam zagotovili nepozabno pristno izku\u0161njo na otoku, pa v ponudbi izpostavljamo pristno nastanitev, kjer boste ob prijaznih in sr\u010dnih gostiteljih resni\u010dno spoznali cre\u0161ko kulturo in se prek okolju prijaznega ambienta in bli\u017eine divje, neokrnjene narave nau\u010dili na svoje okolje pogledati s povsem novimi o\u010dmi.<\/p>\n<p>V na\u0161ih apartmajih in sobah zasebne nastanitve ste dobrodo\u0161li vse leto \u2013 preizkusite edinstveno kombinacijo prijetnega ambienta in pristnega cre\u0161kega \u017eivljenja.<\/p>\n<p>[\/et_pb_text][\/et_pb_column][et_pb_column type=&#8221;1_3&#8243; _builder_version=&#8221;4.18.0&#8243; _module_preset=&#8221;default&#8221; background_enable_color=&#8221;off&#8221; global_colors_info=&#8221;{%22gcid-85037172-fba5-40c1-a92b-f6674d6e47fd%22:%91%22background_color%22%93}&#8221;][et_pb_image src=&#8221;https:\/\/cresanka.hr\/wp-content\/uploads\/2022\/08\/Apartmani_Cres_Cresanka.svg&#8221; alt=&#8221;Apartmaji Cres&#8221; title_text=&#8221;Apartmaji Cres&#8221; url=&#8221;https:\/\/www.tbcres.com&#8221; url_new_window=&#8221;on&#8221; align=&#8221;right&#8221; disabled_on=&#8221;on|off|off&#8221; admin_label=&#8221;Logo&#8221; _builder_version=&#8221;4.18.0&#8243; _module_preset=&#8221;default&#8221; height=&#8221;100px&#8221; global_colors_info=&#8221;{}&#8221;][\/et_pb_image][\/et_pb_column][\/et_pb_row][et_pb_row column_structure=&#8221;1_3,1_3,1_3&#8243; use_custom_gutter=&#8221;on&#8221; gutter_width=&#8221;2&#8243; make_equal=&#8221;on&#8221; admin_label=&#8221;Smje\u0161tajne jedinice&#8221; _builder_version=&#8221;4.18.0&#8243; _module_preset=&#8221;default&#8221; width=&#8221;55%&#8221; width_tablet=&#8221;55%&#8221; width_phone=&#8221;80%&#8221; width_last_edited=&#8221;on|phone&#8221; border_color_bottom=&#8221;gcid-85037172-fba5-40c1-a92b-f6674d6e47fd&#8221; locked=&#8221;off&#8221; global_colors_info=&#8221;{%22gcid-85037172-fba5-40c1-a92b-f6674d6e47fd%22:%91%22border_color_bottom%22%93}&#8221;][et_pb_column type=&#8221;1_3&#8243; _builder_version=&#8221;4.18.0&#8243; _module_preset=&#8221;default&#8221; global_colors_info=&#8221;{}&#8221;][et_pb_text admin_label=&#8221;Apartmani&#8221; _builder_version=&#8221;4.18.0&#8243; _module_preset=&#8221;default&#8221; text_font=&#8221;|||on|||||&#8221; text_text_color=&#8221;#000000&#8243; text_font_size=&#8221;11px&#8221; text_letter_spacing=&#8221;0.5px&#8221; header_6_font=&#8221;|800|||||||&#8221; header_6_letter_spacing=&#8221;2px&#8221; background_enable_color=&#8221;off&#8221; custom_margin=&#8221;||0px||false|false&#8221; custom_padding=&#8221;25px|25px|10px|25px|false|true&#8221; border_width_all=&#8221;1px&#8221; border_color_all=&#8221;gcid-85037172-fba5-40c1-a92b-f6674d6e47fd&#8221; global_colors_info=&#8221;{%22gcid-85037172-fba5-40c1-a92b-f6674d6e47fd%22:%91%22background_color%22,%22border_color_all%22,%22background_color%22,%22background_color%22%93}&#8221;]<\/p>\n<h6>APARTMAJI<\/h6>\n<p>[\/et_pb_text][et_pb_image src=&#8221;https:\/\/cresanka.hr\/wp-content\/uploads\/2022\/08\/Apartmani-Cres-1.webp&#8221; alt=&#8221;Apartmaji Cres&#8221; title_text=&#8221;Apartmaji Cres&#8221; show_bottom_space=&#8221;off&#8221; _builder_version=&#8221;4.18.0&#8243; _module_preset=&#8221;default&#8221; locked=&#8221;off&#8221; global_colors_info=&#8221;{}&#8221;][\/et_pb_image][et_pb_text _builder_version=&#8221;4.18.0&#8243; _module_preset=&#8221;default&#8221; text_font=&#8221;|||on|||||&#8221; text_text_color=&#8221;#000000&#8243; text_font_size=&#8221;11px&#8221; text_letter_spacing=&#8221;0.5px&#8221; header_6_font=&#8221;|800|||||||&#8221; header_6_letter_spacing=&#8221;2px&#8221; background_enable_color=&#8221;off&#8221; custom_margin=&#8221;||0px||false|false&#8221; custom_padding=&#8221;25px|25px|25px|25px|true|true&#8221; border_width_all=&#8221;1px&#8221; border_color_all=&#8221;gcid-85037172-fba5-40c1-a92b-f6674d6e47fd&#8221; global_colors_info=&#8221;{%22gcid-85037172-fba5-40c1-a92b-f6674d6e47fd%22:%91%22background_color%22,%22border_color_all%22,%22background_color%22,%22background_color%22%93}&#8221;]<\/p>\n<ul>\n<li>kuhinja in jedilnica<\/li>\n<li>dve spalnici<\/li>\n<li>kopalnica in strani\u0161\u010de<\/li>\n<li>terasa ali izhod na vrt<\/li>\n<\/ul>\n<p>[\/et_pb_text][et_pb_button button_url=&#8221;https:\/\/tbcres.com\/privatni-apartmani-cres\/&#8221; url_new_window=&#8221;on&#8221; button_text=&#8221;izvedi ve\u010d&#8221; _builder_version=&#8221;4.18.0&#8243; _module_preset=&#8221;4435dd2a-dbe5-467f-80b4-2130759d3057&#8243; button_text_color=&#8221;gcid-eedb5146-9596-4faa-8e53-1b8865338375&#8243; button_bg_color=&#8221;gcid-85037172-fba5-40c1-a92b-f6674d6e47fd&#8221; global_colors_info=&#8221;{%22gcid-85037172-fba5-40c1-a92b-f6674d6e47fd%22:%91%22button_text_color%22,%22button_text_color%22,%22button_text_color%22,%22button_bg_color%22,%22button_text_color__hover%22%93,%22gcid-eedb5146-9596-4faa-8e53-1b8865338375%22:%91%22button_bg_color%22,%22button_text_color__hover%22,%22button_bg_color%22,%22button_text_color%22,%22button_bg_color__hover%22%93}&#8221; button_text_color__hover=&#8221;#c2d1d7&#8243; button_bg_color__hover=&#8221;#0a465e&#8221; button_bg_enable_color__hover=&#8221;on&#8221;][\/et_pb_button][\/et_pb_column][et_pb_column type=&#8221;1_3&#8243; _builder_version=&#8221;4.18.0&#8243; _module_preset=&#8221;default&#8221; background_enable_color=&#8221;off&#8221; global_colors_info=&#8221;{%22gcid-85037172-fba5-40c1-a92b-f6674d6e47fd%22:%91%22background_color%22%93}&#8221;][et_pb_text admin_label=&#8221;Sobe&#8221; _builder_version=&#8221;4.18.0&#8243; _module_preset=&#8221;default&#8221; text_font=&#8221;|||on|||||&#8221; text_text_color=&#8221;#000000&#8243; text_font_size=&#8221;11px&#8221; text_letter_spacing=&#8221;0.5px&#8221; header_6_font=&#8221;|800|||||||&#8221; header_6_letter_spacing=&#8221;2px&#8221; background_enable_color=&#8221;off&#8221; custom_margin=&#8221;||0px||false|false&#8221; custom_padding=&#8221;25px|25px|10px|25px|false|true&#8221; border_width_all=&#8221;1px&#8221; border_color_all=&#8221;gcid-85037172-fba5-40c1-a92b-f6674d6e47fd&#8221; global_colors_info=&#8221;{%22gcid-85037172-fba5-40c1-a92b-f6674d6e47fd%22:%91%22background_color%22,%22border_color_all%22,%22background_color%22,%22background_color%22,%22border_color_all%22,%22background_color%22,%22background_color%22%93}&#8221;]<\/p>\n<h6>SOBE<\/h6>\n<p>[\/et_pb_text][et_pb_image src=&#8221;https:\/\/cresanka.hr\/wp-content\/uploads\/2022\/08\/Privatne-sobe-cres.webp&#8221; alt=&#8221;Zasebne sobe &#8211; Cres&#8221; title_text=&#8221;Zasebne sobe &#8211; Cres&#8221; show_bottom_space=&#8221;off&#8221; _builder_version=&#8221;4.18.0&#8243; _module_preset=&#8221;default&#8221; locked=&#8221;off&#8221; global_colors_info=&#8221;{}&#8221;][\/et_pb_image][et_pb_text _builder_version=&#8221;4.18.0&#8243; _module_preset=&#8221;default&#8221; text_font=&#8221;|||on|||||&#8221; text_text_color=&#8221;#000000&#8243; text_font_size=&#8221;11px&#8221; text_letter_spacing=&#8221;0.5px&#8221; header_6_font=&#8221;|800|||||||&#8221; header_6_letter_spacing=&#8221;2px&#8221; background_enable_color=&#8221;off&#8221; custom_margin=&#8221;||0px||false|false&#8221; custom_padding=&#8221;25px|25px|25px|25px|true|true&#8221; border_width_all=&#8221;1px&#8221; border_color_all=&#8221;gcid-85037172-fba5-40c1-a92b-f6674d6e47fd&#8221; global_colors_info=&#8221;{%22gcid-85037172-fba5-40c1-a92b-f6674d6e47fd%22:%91%22background_color%22,%22border_color_all%22,%22background_color%22,%22background_color%22,%22border_color_all%22,%22background_color%22,%22background_color%22%93}&#8221;]<\/p>\n<ul>\n<li>zasebno kopalnico<\/li>\n<li>brisa\u010de<\/li>\n<li>rjuha<\/li>\n<\/ul>\n<p>[\/et_pb_text][et_pb_button button_url=&#8221;https:\/\/tbcres.com\/privatne-sobe-cres\/&#8221; url_new_window=&#8221;on&#8221; button_text=&#8221;izvedi ve\u010d&#8221; _builder_version=&#8221;4.18.0&#8243; _module_preset=&#8221;4435dd2a-dbe5-467f-80b4-2130759d3057&#8243; button_text_color=&#8221;gcid-eedb5146-9596-4faa-8e53-1b8865338375&#8243; button_bg_color=&#8221;gcid-85037172-fba5-40c1-a92b-f6674d6e47fd&#8221; locked=&#8221;off&#8221; global_colors_info=&#8221;{%22gcid-85037172-fba5-40c1-a92b-f6674d6e47fd%22:%91%22button_text_color%22,%22button_text_color%22,%22button_text_color%22,%22button_bg_color%22,%22button_text_color__hover%22%93,%22gcid-eedb5146-9596-4faa-8e53-1b8865338375%22:%91%22button_bg_color%22,%22button_text_color__hover%22,%22button_bg_color%22,%22button_text_color%22,%22button_bg_color__hover%22%93}&#8221; button_text_color__hover=&#8221;#c2d1d7&#8243; button_bg_color__hover=&#8221;#0a465e&#8221; button_bg_enable_color__hover=&#8221;on&#8221;][\/et_pb_button][\/et_pb_column][et_pb_column type=&#8221;1_3&#8243; _builder_version=&#8221;4.18.0&#8243; _module_preset=&#8221;default&#8221; background_enable_color=&#8221;off&#8221; global_colors_info=&#8221;{%22gcid-85037172-fba5-40c1-a92b-f6674d6e47fd%22:%91%22background_color%22%93}&#8221;][\/et_pb_column][\/et_pb_row][\/et_pb_section]<\/p>\n","protected":false},"excerpt":{"rendered":"<p>Hotel Kimen \u017diveti \u010duteHotel Kimen, ki se nahaja v edinstvenem parku sredozemske vegetacije, na sami pla\u017ei, je oaza avanture, vitalnosti in miru. Odkrijte prednosti na\u0161e \u0161iroke ponudbe storitev in tretmajev, ustvarjenih z namenom skrbi za telo in duha, na\u0161ega strokovnega osebja, ki bo va\u0161e bivanje z veseljem prilagodilo va\u0161im \u017eeljam, ter okolju prijaznega ambienta, ki vas bo spodbudil, da na vse, kar vas obkro\u017ea, pogledate z druga\u010dnimi o\u010dmi in svojemu \u017eivljenju dodate \u0161e eno povsem novo dimenzijo.HOTEL KIMEN 128 sob z balkonom 6 enoposteljnih sob na morski strani 116 dvoposteljnih sob:delno na morski, delno na park strani 17 z mo\u017enostjo lo\u010devanja le\u017eaja Vse dvoposteljne sobe imajo mo\u017enost dodatnega le\u017ei\u0161\u010da 2 suita 3 sobe za invalide 7 dru\u017einskih sob DEPADANSA cca 70 m od glavne stavbe 54 dvoposteljnih sob z dodatnimi le\u017ei\u0161\u010di 18 sob z izhodom na vrt 36 sob ima balkon vse sobe gledajo na morsko stran 15 junior suit in dru\u017einskih sob v novi zasnovi, s francoskim balkonom na strani parka Hi\u0161a Kimen cca 200m od glavne stavbe, tik ob pla\u017ei skupna kapaciteta 10 sob 4 dvoposteljne sobe z dodatnim le\u017ei\u0161\u010dem, pogled na morje 1 dvoposteljna soba s pogledom na morje 4 dvoposteljne sobe s pogledom na park vse [&hellip;]<\/p>\n","protected":false},"author":1,"featured_media":0,"parent":0,"menu_order":0,"comment_status":"closed","ping_status":"closed","template":"","meta":{"_et_pb_use_builder":"on","_et_pb_old_content":"","_et_gb_content_width":"","footnotes":""},"class_list":["post-1238","page","type-page","status-publish","hentry"],"_links":{"self":[{"href":"https:\/\/cresanka.hr\/sl\/wp-json\/wp\/v2\/pages\/1238","targetHints":{"allow":["GET"]}}],"collection":[{"href":"https:\/\/cresanka.hr\/sl\/wp-json\/wp\/v2\/pages"}],"about":[{"href":"https:\/\/cresanka.hr\/sl\/wp-json\/wp\/v2\/types\/page"}],"author":[{"embeddable":true,"href":"https:\/\/cresanka.hr\/sl\/wp-json\/wp\/v2\/users\/1"}],"replies":[{"embeddable":true,"href":"https:\/\/cresanka.hr\/sl\/wp-json\/wp\/v2\/comments?post=1238"}],"version-history":[{"count":17,"href":"https:\/\/cresanka.hr\/sl\/wp-json\/wp\/v2\/pages\/1238\/revisions"}],"predecessor-version":[{"id":2711,"href":"https:\/\/cresanka.hr\/sl\/wp-json\/wp\/v2\/pages\/1238\/revisions\/2711"}],"wp:attachment":[{"href":"https:\/\/cresanka.hr\/sl\/wp-json\/wp\/v2\/media?parent=1238"}],"curies":[{"name":"wp","href":"https:\/\/api.w.org\/{rel}","templated":true}]}}