{"id":1241,"date":"2022-08-08T15:53:31","date_gmt":"2022-08-08T15:53:31","guid":{"rendered":"https:\/\/cresanka.hr\/otok-cres\/"},"modified":"2026-02-19T14:44:53","modified_gmt":"2026-02-19T14:44:53","slug":"otok-cres","status":"publish","type":"page","link":"https:\/\/cresanka.hr\/sl\/otok-cres\/","title":{"rendered":"Otok Cres"},"content":{"rendered":"<p>[et_pb_section fb_built=&#8221;1&#8243; next_background_color=&#8221;#ffffff&#8221; module_class=&#8221;dh-valign-center-section&#8221; _builder_version=&#8221;4.18.0&#8243; background_image=&#8221;https:\/\/cresanka.hr\/wp-content\/uploads\/2022\/08\/Otok-Cres.webp&#8221; background_position=&#8221;bottom_center&#8221; height=&#8221;80vh&#8221; height_tablet=&#8221;80vh&#8221; height_phone=&#8221;80vh&#8221; height_last_edited=&#8221;on|phone&#8221; bottom_divider_style=&#8221;asymmetric&#8221; bottom_divider_flip=&#8221;vertical|horizontal&#8221; bottom_divider_height_tablet=&#8221;&#8221; bottom_divider_height_phone=&#8221;50px&#8221; bottom_divider_height_last_edited=&#8221;on|phone&#8221; global_colors_info=&#8221;{}&#8221; admin_label=&#8221;Hero Otok Cres&#8221; collapsed=&#8221;on&#8221;][et_pb_row _builder_version=&#8221;4.18.0&#8243; background_size=&#8221;initial&#8221; background_position=&#8221;top_left&#8221; background_repeat=&#8221;repeat&#8221; width=&#8221;55%&#8221; width_tablet=&#8221;55%&#8221; width_phone=&#8221;80%&#8221; width_last_edited=&#8221;on|phone&#8221; global_colors_info=&#8221;{}&#8221; collapsed=&#8221;on&#8221; admin_label=&#8221;Otok Cres&#8221;][et_pb_column type=&#8221;4_4&#8243; _builder_version=&#8221;4.16&#8243; custom_padding=&#8221;|||&#8221; global_colors_info=&#8221;{}&#8221; custom_padding__hover=&#8221;|||&#8221;][et_pb_text _builder_version=&#8221;4.18.0&#8243; text_text_color=&#8221;#FFFFFF&#8221; header_font=&#8221;|300|||||||&#8221; header_text_color=&#8221;#FFFFFF&#8221; header_font_size=&#8221;4em&#8221; header_letter_spacing=&#8221;1px&#8221; header_5_text_color=&#8221;#FFFFFF&#8221; header_5_letter_spacing=&#8221;1px&#8221; header_5_line_height=&#8221;1.4em&#8221; header_6_font=&#8221;|800|||||||&#8221; header_6_text_align=&#8221;center&#8221; header_6_text_color=&#8221;#FFFFFF&#8221; header_6_font_size=&#8221;1em&#8221; header_6_letter_spacing=&#8221;4px&#8221; header_6_line_height=&#8221;1.4em&#8221; background_size=&#8221;initial&#8221; background_position=&#8221;top_left&#8221; background_repeat=&#8221;repeat&#8221; header_5_font_size_tablet=&#8221;&#8221; header_5_font_size_phone=&#8221;1.2em&#8221; header_5_font_size_last_edited=&#8221;on|phone&#8221; global_colors_info=&#8221;{}&#8221;]<\/p>\n<h1>Otok Cres<\/h1>\n<h5>Ta idili\u010dni otok \u0161tevilni imenujejo romanti\u010dna lepotica ali ekolo\u0161ki kronski dragulj hrva\u0161kega primorja.<\/h5>\n<p>[\/et_pb_text][\/et_pb_column][\/et_pb_row][\/et_pb_section][et_pb_section fb_built=&#8221;1&#8243; _builder_version=&#8221;4.18.0&#8243; _module_preset=&#8221;default&#8221; custom_padding=&#8221;0px||||false|false&#8221; global_colors_info=&#8221;{}&#8221; admin_label=&#8221;Otok Cres&#8221; collapsed=&#8221;on&#8221;][et_pb_row column_structure=&#8221;1_2,1_2&#8243; _builder_version=&#8221;4.18.0&#8243; _module_preset=&#8221;default&#8221; width=&#8221;55%&#8221; width_tablet=&#8221;55%&#8221; width_phone=&#8221;80%&#8221; width_last_edited=&#8221;on|phone&#8221; border_color_bottom=&#8221;gcid-85037172-fba5-40c1-a92b-f6674d6e47fd&#8221; global_colors_info=&#8221;{%22gcid-85037172-fba5-40c1-a92b-f6674d6e47fd%22:%91%22border_color_bottom%22%93}&#8221; collapsed=&#8221;on&#8221;][et_pb_column type=&#8221;1_2&#8243; _builder_version=&#8221;4.18.0&#8243; _module_preset=&#8221;default&#8221; global_colors_info=&#8221;{}&#8221;][et_pb_text _builder_version=&#8221;4.18.0&#8243; _module_preset=&#8221;default&#8221; text_text_color=&#8221;#000000&#8243; text_letter_spacing=&#8221;0.5px&#8221; global_colors_info=&#8221;{}&#8221;]<\/p>\n<p>Cres spada v dve vegetacijski coni: subsredozemsko in sredozemsko, krasijo pa ga blago in prijetno submediteransko podnebje, obilica son\u010dnih dni in ur, toplo in kristalno \u010disto morje ter divji, nedotaknjen gozd.<\/p>\n<p>Slikovite, romanti\u010dne pla\u017ee in nekaj skritih uval so prava nagrada za vsakogar, ki se odpravi na kratko avanturo po eni od \u0161tevilnih rustikalnih poti, ki se vijejo skozi otok.<\/p>\n<p>Zadnjih 100 hrva\u0161kih dru\u017ein beloglavega jastreba je svoje zato\u010di\u0161\u010de na\u0161lo prav na tem otoku, prek otoka pa leta kar 93 vrst dnevnih metuljev \u2013 ve\u010d vrst kot na katerem koli drugem jadranskem otoku.<\/p>\n<p>[\/et_pb_text][\/et_pb_column][et_pb_column type=&#8221;1_2&#8243; _builder_version=&#8221;4.18.0&#8243; _module_preset=&#8221;default&#8221; global_colors_info=&#8221;{}&#8221;][et_pb_text _builder_version=&#8221;4.18.0&#8243; _module_preset=&#8221;default&#8221; text_text_color=&#8221;#000000&#8243; text_letter_spacing=&#8221;0.5px&#8221; global_colors_info=&#8221;{}&#8221;]<\/p>\n<p>Kultura oto\u0161kih staroselcev, ki je nastajala ve\u010d tiso\u010d let, pre\u017eema vsako poro otoka, za novo avanturo spoznavanja pristnih obi\u010dajev cre\u0161kih domorodcev pa zadostuje \u017ee, da pokukate skozi ena od \u0161tevilnih \u010dudovitih cre\u0161kih vrat.<\/p>\n<p>Ali zares \u010dutite tla pod nogami, medtem ko hodite, in vodo na prstih, medtem ko vstopate v morje?<\/p>\n<p>Dovolite, da vas po\u010dasnost otoka in spro\u0161\u010dena predvidljivost gibanja na\u0161e flore in favne spodbudita k vrnitvi k samemu sebi \u2013 vrnitvi k pravim, resni\u010dnim vrednotam.<\/p>\n<p>[\/et_pb_text][\/et_pb_column][\/et_pb_row][\/et_pb_section][et_pb_section fb_built=&#8221;1&#8243; next_background_color=&#8221;#ffffff&#8221; module_class=&#8221;dh-valign-center-section&#8221; _builder_version=&#8221;4.18.0&#8243; background_image=&#8221;https:\/\/cresanka.hr\/wp-content\/uploads\/2022\/08\/Grad-Cres-Cres.webp&#8221; background_position=&#8221;bottom_center&#8221; height=&#8221;80vh&#8221; height_tablet=&#8221;80vh&#8221; height_phone=&#8221;50vh&#8221; height_last_edited=&#8221;on|phone&#8221; bottom_divider_style=&#8221;asymmetric&#8221; bottom_divider_flip=&#8221;vertical|horizontal&#8221; bottom_divider_height_tablet=&#8221;&#8221; bottom_divider_height_phone=&#8221;50px&#8221; bottom_divider_height_last_edited=&#8221;on|phone&#8221; locked=&#8221;off&#8221; global_colors_info=&#8221;{}&#8221; admin_label=&#8221;Hero Grad Cres&#8221; collapsed=&#8221;on&#8221;][\/et_pb_section][et_pb_section fb_built=&#8221;1&#8243; _builder_version=&#8221;4.18.0&#8243; _module_preset=&#8221;default&#8221; custom_padding=&#8221;0px||||false|false&#8221; locked=&#8221;off&#8221; global_colors_info=&#8221;{}&#8221; admin_label=&#8221;Grad Cres&#8221; collapsed=&#8221;on&#8221;][et_pb_row column_structure=&#8221;1_2,1_2&#8243; _builder_version=&#8221;4.18.0&#8243; _module_preset=&#8221;default&#8221; width=&#8221;55%&#8221; width_tablet=&#8221;55%&#8221; width_phone=&#8221;80%&#8221; width_last_edited=&#8221;on|phone&#8221; border_color_bottom=&#8221;gcid-85037172-fba5-40c1-a92b-f6674d6e47fd&#8221; global_colors_info=&#8221;{%22gcid-85037172-fba5-40c1-a92b-f6674d6e47fd%22:%91%22border_color_bottom%22%93}&#8221; width__hover_enabled=&#8221;off|desktop&#8221;][et_pb_column type=&#8221;1_2&#8243; _builder_version=&#8221;4.18.0&#8243; _module_preset=&#8221;default&#8221; global_colors_info=&#8221;{}&#8221;][et_pb_text _builder_version=&#8221;4.18.0&#8243; text_text_color=&#8221;#000000&#8243; header_font=&#8221;|300|||||||&#8221; header_font_size=&#8221;4em&#8221; header_letter_spacing=&#8221;1px&#8221; header_6_font=&#8221;|800|||||||&#8221; header_6_text_align=&#8221;center&#8221; header_6_text_color=&#8221;#FFFFFF&#8221; header_6_font_size=&#8221;1em&#8221; header_6_letter_spacing=&#8221;4px&#8221; header_6_line_height=&#8221;1.4em&#8221; background_size=&#8221;initial&#8221; background_position=&#8221;top_left&#8221; background_repeat=&#8221;repeat&#8221; header_font_size_tablet=&#8221;4em&#8221; header_font_size_phone=&#8221;3em&#8221; header_font_size_last_edited=&#8221;on|phone&#8221; global_colors_info=&#8221;{}&#8221;]<\/p>\n<h1>Mesto Cres<\/h1>\n<p>[\/et_pb_text][et_pb_text _builder_version=&#8221;4.18.0&#8243; _module_preset=&#8221;default&#8221; text_text_color=&#8221;#000000&#8243; text_letter_spacing=&#8221;0.5px&#8221; global_colors_info=&#8221;{}&#8221;]<\/p>\n<p>Mesto Cres, najve\u010dji kraj na otoku Cres, se nahaja na dnu dobro za\u0161\u010ditenega zaliva na zahodni strani otoka.<\/p>\n<p>Prazgodovinske zgradbe in anti\u010dna utrdba Crepsa pri\u010dajo o dolgi in bogati zgodovini otoka. Staro mestno jedro, obkro\u017eeno z obzidjem v obliki pravokotnika s petimi stolpi in nekaj mestnimi vrati, je nastalo pred koncem bene\u0161ke vladavine in je z izjemo nekaj poznej\u0161ih nadgradenj do danes v ve\u010dji meri ohranilo svoj prvotni videz. <\/p>\n<p>Med sprehajanjem skozi mestno jedro boste tako spoznali Sredozemlje, kakr\u0161no je bilo neko\u010d, in se sprehodili po sledeh na\u0161ih prednikov, ljudi, ki so ustvarili kulturo, katere posebnosti nas navdu\u0161ujejo \u0161e danes.<\/p>\n<p>[\/et_pb_text][\/et_pb_column][et_pb_column type=&#8221;1_2&#8243; _builder_version=&#8221;4.18.0&#8243; _module_preset=&#8221;default&#8221; global_colors_info=&#8221;{}&#8221;][et_pb_text _builder_version=&#8221;4.18.0&#8243; _module_preset=&#8221;default&#8221; text_text_color=&#8221;#000000&#8243; text_letter_spacing=&#8221;0.5px&#8221; global_colors_info=&#8221;{}&#8221;]<\/p>\n<p>Najbolj\u0161i na\u010din za do\u017eivetje tega \u017eivopisnega mesta je sprehod po \u0161tevilnih ozkih uli\u010dicah in ulicah, odkrivanje okrasov na srednjeve\u0161kih zgradbah, opazovanje odseva fasad med lesenimi barkami in pohajkovanje po mestnem obalnem sprehajali\u0161\u010du, okopanem s soncem in okra\u0161enem z lokali z zunanjimi terasami.<\/p>\n<p>Svojo tradicijo in avtohtone obi\u010daje prebivalci mesta Cresa radi predstavijo tudi prek kuhanja in specialitet, ki zaradi sredozemskega vpliva temeljijo na ribah, \u0161koljkah, rakih in glavono\u017ecih \u2013 in vse sestavine sve\u017ee ulovijo cre\u0161ki ribi\u010di!<\/p>\n<p>Specialitete vklju\u010dujejo oto\u0161ko jagnjetino, testenine, okusno sredozemsko zelenjavo in sadje, za\u010dimbe, olive in olivno olje.<\/p>\n<p>[\/et_pb_text][\/et_pb_column][\/et_pb_row][\/et_pb_section][et_pb_section fb_built=&#8221;1&#8243; next_background_color=&#8221;#ffffff&#8221; _builder_version=&#8221;4.27.5&#8243; background_image=&#8221;https:\/\/cresanka.hr\/wp-content\/uploads\/2022\/08\/Lubenice-zalazak-sunca-Kamp-Kovacine-Cres.webp&#8221; background_position=&#8221;bottom_center&#8221; height=&#8221;80vh&#8221; height_tablet=&#8221;80vh&#8221; height_phone=&#8221;50vh&#8221; height_last_edited=&#8221;on|phone&#8221; custom_margin=&#8221;0px|0px|0px|0px|true|true&#8221; custom_padding=&#8221;0px|0px|0px|0px|true|true&#8221; bottom_divider_style=&#8221;asymmetric&#8221; bottom_divider_flip=&#8221;vertical|horizontal&#8221; bottom_divider_height_tablet=&#8221;&#8221; bottom_divider_height_phone=&#8221;50px&#8221; bottom_divider_height_last_edited=&#8221;on|phone&#8221; hover_enabled=&#8221;0&#8243; locked=&#8221;off&#8221; global_colors_info=&#8221;{}&#8221; height__hover_enabled=&#8221;off|desktop&#8221; sticky_enabled=&#8221;0&#8243; admin_label=&#8221;Hero Lubenice&#8221; collapsed=&#8221;on&#8221;][et_pb_row use_custom_gutter=&#8221;on&#8221; gutter_width=&#8221;1&#8243; make_equal=&#8221;on&#8221; _builder_version=&#8221;4.27.5&#8243; _module_preset=&#8221;default&#8221; width=&#8221;100%&#8221; max_width=&#8221;100%&#8221; custom_margin=&#8221;||||false|false&#8221; custom_padding=&#8221;24px|24px|24px|24px|true|true&#8221; global_colors_info=&#8221;{}&#8221;][et_pb_column type=&#8221;4_4&#8243; _builder_version=&#8221;4.27.5&#8243; _module_preset=&#8221;default&#8221; global_colors_info=&#8221;{}&#8221;][et_pb_text _builder_version=&#8221;4.27.5&#8243; _module_preset=&#8221;0ccab5bd-1f26-4a60-9f4d-e8bb2d918e4c&#8221; global_colors_info=&#8221;{}&#8221;]<\/p>\n<p>\u00a9 Avtor Walter Rekirsch, v Avstriji 2025.<\/p>\n<p>[\/et_pb_text][\/et_pb_column][\/et_pb_row][\/et_pb_section][et_pb_section fb_built=&#8221;1&#8243; _builder_version=&#8221;4.18.0&#8243; _module_preset=&#8221;default&#8221; custom_padding=&#8221;||||false|false&#8221; locked=&#8221;off&#8221; global_colors_info=&#8221;{}&#8221; admin_label=&#8221;Lubenice&#8221; collapsed=&#8221;on&#8221;][et_pb_row column_structure=&#8221;3_5,2_5&#8243; _builder_version=&#8221;4.18.0&#8243; _module_preset=&#8221;default&#8221; width=&#8221;55%&#8221; width_tablet=&#8221;55%&#8221; width_phone=&#8221;80%&#8221; width_last_edited=&#8221;on|phone&#8221; custom_padding=&#8221;0px||||false|false&#8221; border_color_bottom=&#8221;gcid-85037172-fba5-40c1-a92b-f6674d6e47fd&#8221; global_colors_info=&#8221;{%22gcid-85037172-fba5-40c1-a92b-f6674d6e47fd%22:%91%22border_color_bottom%22%93}&#8221;][et_pb_column type=&#8221;3_5&#8243; _builder_version=&#8221;4.18.0&#8243; _module_preset=&#8221;default&#8221; global_colors_info=&#8221;{}&#8221;][et_pb_text _builder_version=&#8221;4.18.0&#8243; text_text_color=&#8221;#000000&#8243; header_font=&#8221;|300|||||||&#8221; header_font_size=&#8221;4em&#8221; header_letter_spacing=&#8221;1px&#8221; header_6_font=&#8221;|800|||||||&#8221; header_6_text_align=&#8221;center&#8221; header_6_text_color=&#8221;#FFFFFF&#8221; header_6_font_size=&#8221;1em&#8221; header_6_letter_spacing=&#8221;4px&#8221; header_6_line_height=&#8221;1.4em&#8221; background_size=&#8221;initial&#8221; background_position=&#8221;top_left&#8221; background_repeat=&#8221;repeat&#8221; header_font_size_tablet=&#8221;4em&#8221; header_font_size_phone=&#8221;3em&#8221; header_font_size_last_edited=&#8221;on|phone&#8221; global_colors_info=&#8221;{}&#8221;]<\/p>\n<h1>Lubenice<\/h1>\n<p>[\/et_pb_text][et_pb_text _builder_version=&#8221;4.18.0&#8243; _module_preset=&#8221;default&#8221; text_text_color=&#8221;#000000&#8243; text_letter_spacing=&#8221;0.5px&#8221; global_colors_info=&#8221;{}&#8221;]<\/p>\n<p>Lubenice, ki se nahajajo na vrhu skale, kar 378 metrov nad morjem, je majhen kraj, ki je imel v srednjem veku izjemno velik geostrate\u0161ki pomen.<\/p>\n<p>Kaj vas lahko navdu\u0161i bolj od \u0161armantnih vijugastih uli\u010dic, \u0161tevilnih cerkvic in ostankov srednjeve\u0161kega mestnega obzidja ter mestnih vrat?<\/p>\n<p>Samo spektakularen razgled na morje, ki se ponuja s tega mesta.<\/p>\n<p>[\/et_pb_text][\/et_pb_column][et_pb_column type=&#8221;2_5&#8243; _builder_version=&#8221;4.18.0&#8243; _module_preset=&#8221;default&#8221; global_colors_info=&#8221;{}&#8221;][\/et_pb_column][\/et_pb_row][\/et_pb_section][et_pb_section fb_built=&#8221;1&#8243; next_background_color=&#8221;#ffffff&#8221; module_class=&#8221;dh-valign-center-section&#8221; _builder_version=&#8221;4.18.0&#8243; background_image=&#8221;https:\/\/cresanka.hr\/wp-content\/uploads\/2022\/08\/Valun-kao-destinacija-Kamp-Kovacine-Cres.webp&#8221; background_position=&#8221;bottom_center&#8221; height=&#8221;80vh&#8221; height_tablet=&#8221;80vh&#8221; height_phone=&#8221;50vh&#8221; height_last_edited=&#8221;on|phone&#8221; bottom_divider_style=&#8221;asymmetric&#8221; bottom_divider_flip=&#8221;vertical|horizontal&#8221; bottom_divider_height_tablet=&#8221;&#8221; bottom_divider_height_phone=&#8221;50px&#8221; bottom_divider_height_last_edited=&#8221;on|phone&#8221; locked=&#8221;off&#8221; global_colors_info=&#8221;{}&#8221; admin_label=&#8221;Hero Valun&#8221; collapsed=&#8221;on&#8221;][\/et_pb_section][et_pb_section fb_built=&#8221;1&#8243; custom_padding_last_edited=&#8221;on|phone&#8221; _builder_version=&#8221;4.18.0&#8243; _module_preset=&#8221;default&#8221; custom_padding=&#8221;0px||||false|false&#8221; custom_padding_tablet=&#8221;0px||||false|false&#8221; custom_padding_phone=&#8221;30px||||false|false&#8221; locked=&#8221;off&#8221; global_colors_info=&#8221;{}&#8221; admin_label=&#8221;Valun&#8221; collapsed=&#8221;on&#8221;][et_pb_row column_structure=&#8221;3_5,2_5&#8243; _builder_version=&#8221;4.18.0&#8243; _module_preset=&#8221;default&#8221; width=&#8221;55%&#8221; width_tablet=&#8221;55%&#8221; width_phone=&#8221;80%&#8221; width_last_edited=&#8221;on|phone&#8221; custom_padding=&#8221;0px||||false|false&#8221; border_color_bottom=&#8221;gcid-85037172-fba5-40c1-a92b-f6674d6e47fd&#8221; global_colors_info=&#8221;{%22gcid-85037172-fba5-40c1-a92b-f6674d6e47fd%22:%91%22border_color_bottom%22%93}&#8221;][et_pb_column type=&#8221;3_5&#8243; _builder_version=&#8221;4.18.0&#8243; _module_preset=&#8221;default&#8221; global_colors_info=&#8221;{}&#8221;][et_pb_text _builder_version=&#8221;4.18.0&#8243; text_text_color=&#8221;#000000&#8243; header_font=&#8221;|300|||||||&#8221; header_font_size=&#8221;4em&#8221; header_letter_spacing=&#8221;1px&#8221; header_6_font=&#8221;|800|||||||&#8221; header_6_text_align=&#8221;center&#8221; header_6_text_color=&#8221;#FFFFFF&#8221; header_6_font_size=&#8221;1em&#8221; header_6_letter_spacing=&#8221;4px&#8221; header_6_line_height=&#8221;1.4em&#8221; background_size=&#8221;initial&#8221; background_position=&#8221;top_left&#8221; background_repeat=&#8221;repeat&#8221; header_font_size_tablet=&#8221;4em&#8221; header_font_size_phone=&#8221;3em&#8221; header_font_size_last_edited=&#8221;on|phone&#8221; global_colors_info=&#8221;{}&#8221;]<\/p>\n<h1>Valun<\/h1>\n<p>[\/et_pb_text][et_pb_text _builder_version=&#8221;4.18.0&#8243; _module_preset=&#8221;default&#8221; text_text_color=&#8221;#000000&#8243; text_letter_spacing=&#8221;0.5px&#8221; global_colors_info=&#8221;{}&#8221;]<\/p>\n<p>Kraj, ki se nahaja med dvema prodnatima pla\u017eama, Valun, so gradile in naseljevale generacije ribi\u010dev in kmetov na otoku Cres.<\/p>\n<p>Ta avtohtoni kraj pripoveduje stoletja dolgo zgodbo o \u017eivljenju na morju, posebej zanimivo pa je, da je bila v cerkvi sv. Marka najdena Valunska plo\u0161\u010da \u2013 eden najstarej\u0161ih glagolja\u0161kih spomenikov, ki izvira iz daljnega XI. stoletja.  <\/p>\n<p>[\/et_pb_text][\/et_pb_column][et_pb_column type=&#8221;2_5&#8243; _builder_version=&#8221;4.18.0&#8243; _module_preset=&#8221;default&#8221; global_colors_info=&#8221;{}&#8221;][\/et_pb_column][\/et_pb_row][\/et_pb_section][et_pb_section fb_built=&#8221;1&#8243; custom_padding_last_edited=&#8221;on|phone&#8221; next_background_color=&#8221;#ffffff&#8221; module_class=&#8221;dh-valign-center-section&#8221; _builder_version=&#8221;4.18.0&#8243; background_image=&#8221;https:\/\/cresanka.hr\/wp-content\/uploads\/2022\/08\/Beli-Cres.webp&#8221; background_position=&#8221;bottom_center&#8221; height=&#8221;80vh&#8221; height_tablet=&#8221;80vh&#8221; height_phone=&#8221;50vh&#8221; height_last_edited=&#8221;on|phone&#8221; custom_padding_tablet=&#8221;&#8221; custom_padding_phone=&#8221;||||false|false&#8221; bottom_divider_style=&#8221;asymmetric&#8221; bottom_divider_flip=&#8221;vertical|horizontal&#8221; bottom_divider_height_tablet=&#8221;&#8221; bottom_divider_height_phone=&#8221;50px&#8221; bottom_divider_height_last_edited=&#8221;on|phone&#8221; locked=&#8221;off&#8221; global_colors_info=&#8221;{}&#8221; admin_label=&#8221;Hero Beli&#8221; collapsed=&#8221;on&#8221;][\/et_pb_section][et_pb_section fb_built=&#8221;1&#8243; custom_padding_last_edited=&#8221;on|phone&#8221; _builder_version=&#8221;4.18.0&#8243; _module_preset=&#8221;default&#8221; custom_padding=&#8221;0px||||false|false&#8221; custom_padding_tablet=&#8221;0px||||false|false&#8221; custom_padding_phone=&#8221;30px||||false|false&#8221; locked=&#8221;off&#8221; global_colors_info=&#8221;{}&#8221; admin_label=&#8221;Beli&#8221; collapsed=&#8221;on&#8221;][et_pb_row column_structure=&#8221;3_5,2_5&#8243; _builder_version=&#8221;4.18.0&#8243; _module_preset=&#8221;default&#8221; width=&#8221;55%&#8221; width_tablet=&#8221;55%&#8221; width_phone=&#8221;80%&#8221; width_last_edited=&#8221;on|phone&#8221; custom_padding=&#8221;0px||||false|false&#8221; border_color_bottom=&#8221;gcid-85037172-fba5-40c1-a92b-f6674d6e47fd&#8221; global_colors_info=&#8221;{%22gcid-85037172-fba5-40c1-a92b-f6674d6e47fd%22:%91%22border_color_bottom%22%93}&#8221;][et_pb_column type=&#8221;3_5&#8243; _builder_version=&#8221;4.18.0&#8243; _module_preset=&#8221;default&#8221; global_colors_info=&#8221;{}&#8221;][et_pb_text _builder_version=&#8221;4.18.0&#8243; text_text_color=&#8221;#000000&#8243; header_font=&#8221;|300|||||||&#8221; header_font_size=&#8221;4em&#8221; header_letter_spacing=&#8221;1px&#8221; header_6_font=&#8221;|800|||||||&#8221; header_6_text_align=&#8221;center&#8221; header_6_text_color=&#8221;#FFFFFF&#8221; header_6_font_size=&#8221;1em&#8221; header_6_letter_spacing=&#8221;4px&#8221; header_6_line_height=&#8221;1.4em&#8221; background_size=&#8221;initial&#8221; background_position=&#8221;top_left&#8221; background_repeat=&#8221;repeat&#8221; header_font_size_tablet=&#8221;4em&#8221; header_font_size_phone=&#8221;3em&#8221; header_font_size_last_edited=&#8221;on|phone&#8221; global_colors_info=&#8221;{}&#8221;]<\/p>\n<h1>Beli<\/h1>\n<p>[\/et_pb_text][et_pb_text _builder_version=&#8221;4.18.0&#8243; _module_preset=&#8221;default&#8221; text_text_color=&#8221;#000000&#8243; text_letter_spacing=&#8221;0.5px&#8221; global_colors_info=&#8221;{}&#8221;]<\/p>\n<p>Kako je videti oto\u0161ki kraj, ki je nastal pred 4000 leti?<\/p>\n<p>V kraju Beli kar mrgoli zgradb, ki pri\u010dajo o njegovi bogati zgodovini in najzgodnej\u0161ih znakih kulture, ki je opredelila te kraje \u2013 od ostankov prazgodovinskih gradi\u0161\u010d in debelih suhozidov pa vse do \u017eupnije, ustanovljene leta 1018. <\/p>\n<p>Kraj Beli je tudi zato\u010di\u0161\u010de veli\u010dastnih beloglavih jastrebov, obiskati pa je mogo\u010de tudi stalno razstavno postavitev, posve\u010deno biotski raznovrstnosti cre\u0161ko-lo\u0161injskega oto\u010dja.<\/p>\n<p>[\/et_pb_text][\/et_pb_column][et_pb_column type=&#8221;2_5&#8243; _builder_version=&#8221;4.18.0&#8243; _module_preset=&#8221;default&#8221; global_colors_info=&#8221;{}&#8221;][\/et_pb_column][\/et_pb_row][\/et_pb_section][et_pb_section fb_built=&#8221;1&#8243; next_background_color=&#8221;#ffffff&#8221; module_class=&#8221;dh-valign-center-section&#8221; _builder_version=&#8221;4.18.0&#8243; background_image=&#8221;https:\/\/cresanka.hr\/wp-content\/uploads\/2022\/08\/Martinscica-Cres.webp&#8221; background_position=&#8221;bottom_center&#8221; height=&#8221;80vh&#8221; height_tablet=&#8221;80vh&#8221; height_phone=&#8221;50vh&#8221; height_last_edited=&#8221;on|phone&#8221; bottom_divider_style=&#8221;asymmetric&#8221; bottom_divider_flip=&#8221;vertical|horizontal&#8221; bottom_divider_height_tablet=&#8221;&#8221; bottom_divider_height_phone=&#8221;50px&#8221; bottom_divider_height_last_edited=&#8221;on|phone&#8221; locked=&#8221;off&#8221; global_colors_info=&#8221;{}&#8221; admin_label=&#8221;Hero Martin\u0161\u0107ica&#8221; collapsed=&#8221;on&#8221;][\/et_pb_section][et_pb_section fb_built=&#8221;1&#8243; custom_padding_last_edited=&#8221;on|phone&#8221; _builder_version=&#8221;4.18.0&#8243; _module_preset=&#8221;default&#8221; custom_padding=&#8221;0px||||false|false&#8221; custom_padding_tablet=&#8221;0px||||false|false&#8221; custom_padding_phone=&#8221;30px||||false|false&#8221; locked=&#8221;off&#8221; global_colors_info=&#8221;{}&#8221; admin_label=&#8221;Martin\u0161\u0107ica&#8221; collapsed=&#8221;on&#8221;][et_pb_row column_structure=&#8221;3_5,2_5&#8243; _builder_version=&#8221;4.18.0&#8243; _module_preset=&#8221;default&#8221; width=&#8221;55%&#8221; width_tablet=&#8221;55%&#8221; width_phone=&#8221;80%&#8221; width_last_edited=&#8221;on|phone&#8221; custom_padding=&#8221;0px||||false|false&#8221; border_color_bottom=&#8221;gcid-85037172-fba5-40c1-a92b-f6674d6e47fd&#8221; global_colors_info=&#8221;{%22gcid-85037172-fba5-40c1-a92b-f6674d6e47fd%22:%91%22border_color_bottom%22%93}&#8221;][et_pb_column type=&#8221;3_5&#8243; _builder_version=&#8221;4.18.0&#8243; _module_preset=&#8221;default&#8221; global_colors_info=&#8221;{}&#8221;][et_pb_text _builder_version=&#8221;4.18.0&#8243; text_text_color=&#8221;#000000&#8243; header_font=&#8221;|300|||||||&#8221; header_font_size=&#8221;4em&#8221; header_letter_spacing=&#8221;1px&#8221; header_6_font=&#8221;|800|||||||&#8221; header_6_text_align=&#8221;center&#8221; header_6_text_color=&#8221;#FFFFFF&#8221; header_6_font_size=&#8221;1em&#8221; header_6_letter_spacing=&#8221;4px&#8221; header_6_line_height=&#8221;1.4em&#8221; background_size=&#8221;initial&#8221; background_position=&#8221;top_left&#8221; background_repeat=&#8221;repeat&#8221; header_font_size_tablet=&#8221;4em&#8221; header_font_size_phone=&#8221;3em&#8221; header_font_size_last_edited=&#8221;on|phone&#8221; global_colors_info=&#8221;{}&#8221;]<\/p>\n<h1>Martin\u0161\u0107ica<\/h1>\n<p>[\/et_pb_text][et_pb_text _builder_version=&#8221;4.18.0&#8243; _module_preset=&#8221;default&#8221; text_text_color=&#8221;#000000&#8243; text_letter_spacing=&#8221;0.5px&#8221; global_colors_info=&#8221;{}&#8221;]<\/p>\n<p>Ekolo\u0161ka dedi\u0161\u010dina otoka Cres odmeva v vsakem koti\u010dku kraja Martin\u0161\u0107ica.<\/p>\n<p>Prelepe, divje pla\u017ee, obdane z nedotaknjeno naravo, je mogo\u010de odkriti vzdol\u017e celotnega kraja, medtem ko se v ozadju vijejo hribi z ostanki prazgodovinskih zgradb in ru\u0161evinami romanske cerkve Sv. Kristofora. <\/p>\n<p>[\/et_pb_text][\/et_pb_column][et_pb_column type=&#8221;2_5&#8243; _builder_version=&#8221;4.18.0&#8243; _module_preset=&#8221;default&#8221; global_colors_info=&#8221;{}&#8221;][\/et_pb_column][\/et_pb_row][\/et_pb_section]<\/p>\n","protected":false},"excerpt":{"rendered":"<p>Otok Cres Ta idili\u010dni otok \u0161tevilni imenujejo romanti\u010dna lepotica ali ekolo\u0161ki kronski dragulj hrva\u0161kega primorja.Cres spada v dve vegetacijski coni: subsredozemsko in sredozemsko, krasijo pa ga blago in prijetno submediteransko podnebje, obilica son\u010dnih dni in ur, toplo in kristalno \u010disto morje ter divji, nedotaknjen gozd. Slikovite, romanti\u010dne pla\u017ee in nekaj skritih uval so prava nagrada za vsakogar, ki se odpravi na kratko avanturo po eni od \u0161tevilnih rustikalnih poti, ki se vijejo skozi otok. Zadnjih 100 hrva\u0161kih dru\u017ein beloglavega jastreba je svoje zato\u010di\u0161\u010de na\u0161lo prav na tem otoku, prek otoka pa leta kar 93 vrst dnevnih metuljev \u2013 ve\u010d vrst kot na katerem koli drugem jadranskem otoku.Kultura oto\u0161kih staroselcev, ki je nastajala ve\u010d tiso\u010d let, pre\u017eema vsako poro otoka, za novo avanturo spoznavanja pristnih obi\u010dajev cre\u0161kih domorodcev pa zadostuje \u017ee, da pokukate skozi ena od \u0161tevilnih \u010dudovitih cre\u0161kih vrat. Ali zares \u010dutite tla pod nogami, medtem ko hodite, in vodo na prstih, medtem ko vstopate v morje? Dovolite, da vas po\u010dasnost otoka in spro\u0161\u010dena predvidljivost gibanja na\u0161e flore in favne spodbudita k vrnitvi k samemu sebi \u2013 vrnitvi k pravim, resni\u010dnim vrednotam.Mesto CresMesto Cres, najve\u010dji kraj na otoku Cres, se nahaja na dnu dobro za\u0161\u010ditenega zaliva na zahodni strani otoka. [&hellip;]<\/p>\n","protected":false},"author":1,"featured_media":0,"parent":0,"menu_order":0,"comment_status":"closed","ping_status":"closed","template":"","meta":{"_et_pb_use_builder":"on","_et_pb_old_content":"","_et_gb_content_width":"","footnotes":""},"class_list":["post-1241","page","type-page","status-publish","hentry"],"_links":{"self":[{"href":"https:\/\/cresanka.hr\/sl\/wp-json\/wp\/v2\/pages\/1241","targetHints":{"allow":["GET"]}}],"collection":[{"href":"https:\/\/cresanka.hr\/sl\/wp-json\/wp\/v2\/pages"}],"about":[{"href":"https:\/\/cresanka.hr\/sl\/wp-json\/wp\/v2\/types\/page"}],"author":[{"embeddable":true,"href":"https:\/\/cresanka.hr\/sl\/wp-json\/wp\/v2\/users\/1"}],"replies":[{"embeddable":true,"href":"https:\/\/cresanka.hr\/sl\/wp-json\/wp\/v2\/comments?post=1241"}],"version-history":[{"count":14,"href":"https:\/\/cresanka.hr\/sl\/wp-json\/wp\/v2\/pages\/1241\/revisions"}],"predecessor-version":[{"id":2731,"href":"https:\/\/cresanka.hr\/sl\/wp-json\/wp\/v2\/pages\/1241\/revisions\/2731"}],"wp:attachment":[{"href":"https:\/\/cresanka.hr\/sl\/wp-json\/wp\/v2\/media?parent=1241"}],"curies":[{"name":"wp","href":"https:\/\/api.w.org\/{rel}","templated":true}]}}