{"id":2402,"date":"2025-10-14T11:21:32","date_gmt":"2025-10-14T11:21:32","guid":{"rendered":"https:\/\/cresanka.hr\/impressum\/"},"modified":"2025-10-14T11:57:25","modified_gmt":"2025-10-14T11:57:25","slug":"impressum","status":"publish","type":"page","link":"https:\/\/cresanka.hr\/sl\/impressum\/","title":{"rendered":"Impressum"},"content":{"rendered":"<p>[et_pb_section fb_built=&#8221;1&#8243; _builder_version=&#8221;4.27.4&#8243; _module_preset=&#8221;default&#8221; background_color=&#8221;RGBA(255,255,255,0)&#8221; global_colors_info=&#8221;{}&#8221;][et_pb_row column_structure=&#8221;1_2,1_2&#8243; _builder_version=&#8221;4.27.4&#8243; _module_preset=&#8221;default&#8221; global_colors_info=&#8221;{}&#8221;][et_pb_column type=&#8221;1_2&#8243; _builder_version=&#8221;4.27.4&#8243; _module_preset=&#8221;default&#8221; global_colors_info=&#8221;{}&#8221;][et_pb_text _builder_version=&#8221;4.27.4&#8243; _module_preset=&#8221;default&#8221; global_colors_info=&#8221;{}&#8221;]<\/p>\n<h2>Impressum<\/h2>\n<p>[\/et_pb_text][et_pb_text _builder_version=&#8221;4.27.4&#8243; _module_preset=&#8221;default&#8221; ul_letter_spacing=&#8221;0.4px&#8221; ul_line_height=&#8221;1.6em&#8221; header_6_font=&#8221;|700|||||||&#8221; header_6_font_size=&#8221;18px&#8221; header_6_line_height=&#8221;1.2em&#8221; custom_padding=&#8221;||1px|||&#8221; global_colors_info=&#8221;{}&#8221;]<\/p>\n<h6>Avtorji fotografij:<\/h6>\n<p><\/p>\n<ul>\n<li>\u00a9 Avtor Petar K\u00fcrschner, na Hrva\u0161kem 2019 \u2013 2025<\/li>\n<li>\u00a9 Avtor Walter Rekirsch, v Avstriji 2025.<\/li>\n<li>\u00a9 Avtor Style Production, na Hrva\u0161kem 2019., 2022.<\/li>\n<li>\u00a9 Avtor Robi Sabli\u0107, na Hrva\u0161kem 2024.<\/li>\n<li>\u00a9 Autor Avtokampi.si, u Sloveniji 2021.<\/li>\n<li>\u00a9 Avtor Karmela Ma\u0161i\u010d, na Hrva\u0161kem 2020.<\/li>\n<li>\u00a9 Avtor Nenad Marti\u0107, na Hrva\u0161kem 2018.<\/li>\n<li>\u00a9 Avtor Aerocam, na Hrva\u0161kem 2015.<\/li>\n<li>\u00a9 Avtor Cresanka d.d.<\/li>\n<\/ul>\n<p><\/p>\n<h6>\u00a0<\/h6>\n<p><\/p>\n<h6>Avtorji videa<\/h6>\n<p><\/p>\n<ul>\n<li>\u00a9 Avtor Style Production, na Hrva\u0161kem 2019., 2022.<\/li>\n<\/ul>\n<p><\/p>\n<h6>\u00a0<\/h6>\n<p><\/p>\n<h6>Avtorji objav:<\/h6>\n<p><\/p>\n<ul>\n<li>\u00a9 Avtor Cresanka d.d.<\/li>\n<\/ul>\n<p><\/p>\n<h6>\u00a0<\/h6>\n<p><\/p>\n<h6>Oblikovanje in razvoj spletnih strani:<\/h6>\n<p><\/p>\n<ul>\n<li>\u00a9 Autor\u00a0<a href=\"https:\/\/www.hotel-kimen.com\/sl\/impressum\/%22https:\/\/moonsafari.design\/\">Moon Safari<\/a><\/li>\n<\/ul>\n<p>[\/et_pb_text][\/et_pb_column][et_pb_column type=&#8221;1_2&#8243; _builder_version=&#8221;4.27.4&#8243; _module_preset=&#8221;default&#8221; global_colors_info=&#8221;{}&#8221;][et_pb_text _builder_version=&#8221;4.27.4&#8243; _module_preset=&#8221;default&#8221; global_colors_info=&#8221;{}&#8221;]<\/p>\n<h2>Podatki o dru\u017ebi<\/h2>\n<p>[\/et_pb_text][et_pb_text _builder_version=&#8221;4.27.4&#8243; _module_preset=&#8221;default&#8221; ul_letter_spacing=&#8221;0.4px&#8221; ul_line_height=&#8221;1.6em&#8221; header_6_font=&#8221;|700|||||||&#8221; header_6_font_size=&#8221;18px&#8221; header_6_line_height=&#8221;1.2em&#8221; custom_padding=&#8221;||1px|||&#8221; global_colors_info=&#8221;{}&#8221;]<\/p>\n<h6>Ime podjetja<\/h6>\n<p><\/p>\n<ul>\n<li>Cresanka d.d. \u2013 Cresanka dioni\u010dko dru\u0161tvo za ugostiteljstvo, turizam i trgovinu<\/li>\n<\/ul>\n<p><\/p>\n<h6>\u00a0<\/h6>\n<p><\/p>\n<h6>Mati\u010dna \u0161tevilka:<\/h6>\n<p><\/p>\n<ul>\n<li>3044122<\/li>\n<\/ul>\n<p><\/p>\n<h6>\u00a0<\/h6>\n<p><\/p>\n<h6>OIB (osebna identifikacijska \u0161tevilka):<\/h6>\n<p><\/p>\n<ul>\n<li>47639427219<\/li>\n<\/ul>\n<p><\/p>\n<h6>\u00a0<\/h6>\n<p><\/p>\n<h6>Registrsko sodi\u0161\u010de:<\/h6>\n<p><\/p>\n<ul>\n<li>Gospodarsko sodi\u0161\u010de v Reki<\/li>\n<\/ul>\n<p><\/p>\n<h6>\u00a0<\/h6>\n<p><\/p>\n<h6>Sede\u017e:<\/h6>\n<p><\/p>\n<ul>\n<li>Cres (Grad Cres), Varozina 25<\/li>\n<\/ul>\n<p><\/p>\n<h6>\u00a0<\/h6>\n<p><\/p>\n<h6>Pravnoorganizacijska oblika:<\/h6>\n<p><\/p>\n<ul>\n<li>Dioni\u010dko dru\u0161tvo<\/li>\n<\/ul>\n<p><\/p>\n<h6>\u00a0<\/h6>\n<p><\/p>\n<h6>Osnovni kapital:<\/h6>\n<p><\/p>\n<ul>\n<li>Osnovni kapital zna\u0161a 10.316.168,00 evrov in je v celoti vpla\u010dan; izdanih je 28.978 navadnih delnic, vsaka z nominalno vrednostjo 356,00 evrov.<\/li>\n<\/ul>\n<p><\/p>\n<h6>\u00a0<\/h6>\n<p><\/p>\n<h6>\u017diro-ra\u010dun \u2013 IBAN:<\/h6>\n<p><\/p>\n<ul>\n<li>HR0824020061100386896 Erste Steierm\u00e4rkische bank d.d.<\/li>\n<\/ul>\n<p><\/p>\n<h6>\u00a0<\/h6>\n<p><\/p>\n<h6>Predsednik nadzornega odbora<\/h6>\n<p><\/p>\n<ul>\n<li>Lino Sin\u010di\u0107<\/li>\n<\/ul>\n<p><\/p>\n<h6>\u00a0<\/h6>\n<p><\/p>\n<h6>\u010clani nadzornega odbora:<\/h6>\n<p><\/p>\n<ul>\n<li>Andretta Mario, Andretta Marco, Marchesan Francesco, Andretta Massimiliano<\/li>\n<\/ul>\n<p><\/p>\n<h6>\u00a0<\/h6>\n<p><\/p>\n<h6>Oseba, poobla\u0161\u010dena za zastopanje:<\/h6>\n<p><\/p>\n<ul>\n<li>Stevo Filini\u0107<\/li>\n<\/ul>\n<p>[\/et_pb_text][\/et_pb_column][\/et_pb_row][\/et_pb_section]<\/p>\n","protected":false},"excerpt":{"rendered":"<p>ImpressumAvtorji fotografij: \u00a9 Avtor Petar K\u00fcrschner, na Hrva\u0161kem 2019 \u2013 2025 \u00a9 Avtor Walter Rekirsch, v Avstriji 2025. \u00a9 Avtor Style Production, na Hrva\u0161kem 2019., 2022. \u00a9 Avtor Robi Sabli\u0107, na Hrva\u0161kem 2024. \u00a9 Autor Avtokampi.si, u Sloveniji 2021. \u00a9 Avtor Karmela Ma\u0161i\u010d, na Hrva\u0161kem 2020. \u00a9 Avtor Nenad Marti\u0107, na Hrva\u0161kem 2018. \u00a9 Avtor Aerocam, na Hrva\u0161kem 2015. \u00a9 Avtor Cresanka d.d. \u00a0Avtorji videa \u00a9 Avtor Style Production, na Hrva\u0161kem 2019., 2022. \u00a0Avtorji objav: \u00a9 Avtor Cresanka d.d. \u00a0Oblikovanje in razvoj spletnih strani: \u00a9 Autor\u00a0Moon Safari Podatki o dru\u017ebiIme podjetja Cresanka d.d. \u2013 Cresanka dioni\u010dko dru\u0161tvo za ugostiteljstvo, turizam i trgovinu \u00a0Mati\u010dna \u0161tevilka: 3044122 \u00a0OIB (osebna identifikacijska \u0161tevilka): 47639427219 \u00a0Registrsko sodi\u0161\u010de: Gospodarsko sodi\u0161\u010de v Reki \u00a0Sede\u017e: Cres (Grad Cres), Varozina 25 \u00a0Pravnoorganizacijska oblika: Dioni\u010dko dru\u0161tvo \u00a0Osnovni kapital: Osnovni kapital zna\u0161a 10.316.168,00 evrov in je v celoti vpla\u010dan; izdanih je 28.978 navadnih delnic, vsaka z nominalno vrednostjo 356,00 evrov. \u00a0\u017diro-ra\u010dun \u2013 IBAN: HR0824020061100386896 Erste Steierm\u00e4rkische bank d.d. \u00a0Predsednik nadzornega odbora Lino Sin\u010di\u0107 \u00a0\u010clani nadzornega odbora: Andretta Mario, Andretta Marco, Marchesan Francesco, Andretta Massimiliano \u00a0Oseba, poobla\u0161\u010dena za zastopanje: Stevo Filini\u0107<\/p>\n","protected":false},"author":1,"featured_media":0,"parent":0,"menu_order":0,"comment_status":"closed","ping_status":"closed","template":"","meta":{"_et_pb_use_builder":"on","_et_pb_old_content":"","_et_gb_content_width":"","footnotes":""},"class_list":["post-2402","page","type-page","status-publish","hentry"],"_links":{"self":[{"href":"https:\/\/cresanka.hr\/sl\/wp-json\/wp\/v2\/pages\/2402","targetHints":{"allow":["GET"]}}],"collection":[{"href":"https:\/\/cresanka.hr\/sl\/wp-json\/wp\/v2\/pages"}],"about":[{"href":"https:\/\/cresanka.hr\/sl\/wp-json\/wp\/v2\/types\/page"}],"author":[{"embeddable":true,"href":"https:\/\/cresanka.hr\/sl\/wp-json\/wp\/v2\/users\/1"}],"replies":[{"embeddable":true,"href":"https:\/\/cresanka.hr\/sl\/wp-json\/wp\/v2\/comments?post=2402"}],"version-history":[{"count":2,"href":"https:\/\/cresanka.hr\/sl\/wp-json\/wp\/v2\/pages\/2402\/revisions"}],"predecessor-version":[{"id":2404,"href":"https:\/\/cresanka.hr\/sl\/wp-json\/wp\/v2\/pages\/2402\/revisions\/2404"}],"wp:attachment":[{"href":"https:\/\/cresanka.hr\/sl\/wp-json\/wp\/v2\/media?parent=2402"}],"curies":[{"name":"wp","href":"https:\/\/api.w.org\/{rel}","templated":true}]}}